{"id":8051,"date":"2021-09-09T16:28:44","date_gmt":"2021-09-09T14:28:44","guid":{"rendered":"http:\/\/musique-equilibre.com\/me\/index.php\/2020-2021-copy\/"},"modified":"2022-05-03T19:12:00","modified_gmt":"2022-05-03T17:12:00","slug":"revue-de-presse-2021-22","status":"publish","type":"page","link":"https:\/\/musique-equilibre.com\/me\/index.php\/revue-de-presse-2021-22\/","title":{"rendered":"<span style=\"font-family: coves;\">2021-2022"},"content":{"rendered":"\n<p><span style=\"font-family: nexa rust sans;\"><\/span><\/p>\n\n\n\n<span style=\"font-family: nexa rust sans;\"><font size=\"5\"><font color=\"e25417\">Musique et \u00c9quilibre<\/font><\/font>\n\n\n<\/span><p><\/p><p><span style=\"font-family: nexa rust sans;\">WEB RADIO <span style=\"font-family: coves;\">\/ <span style=\"font-family: nexa rust sans;\">RADIO WEB PASSION <span style=\"font-family: coves;\"><span style=\"font-family: nexa rust sans;\"> <span style=\"font-family: coves;\">&#8211;<span style=\"font-family: nexa rust sans;\"> <a href=\"https:\/\/soundcloud.com\/dans-les-coulisses\/itw-musique-et-equilibre\">6 Septembre 2021<\/a><\/span>\n<br>\n<\/span><\/span><\/span><\/span><\/span><\/span><\/p><p><span style=\"font-family: nexa rust sans;\">PRESSE <span style=\"font-family: coves;\">\/ <span style=\"font-family: nexa rust sans;\">ORLEANS MAG <span style=\"font-family: coves;\"><span style=\"font-family: nexa rust sans;\"> <span style=\"font-family: coves;\">&#8211;<span style=\"font-family: nexa rust sans;\"> <a href=\"https:\/\/musique-equilibre.com\/me\/wp-content\/uploads\/2022\/03\/On-sort-Orleans-Mag-Mars22.jpg\">Mars 2022<\/a>\n<br>\n<\/span><\/span><\/span><\/span><\/span><\/span><\/span><\/p><p><span style=\"font-family: nexa rust sans;\">PRESSE <span style=\"font-family: coves;\">\/ <span style=\"font-family: nexa rust sans;\">SORTIR <span style=\"font-family: coves;\"><span style=\"font-family: nexa rust sans;\"> <span style=\"font-family: coves;\">&#8211;<span style=\"font-family: nexa rust sans;\"> <a href=\"https:\/\/musique-equilibre.com\/me\/wp-content\/uploads\/2022\/04\/Sortir-Avril-22-modif.jpg\">Mars 2022<\/a>\n<br><\/span><\/span><\/span><\/span><\/span><\/span><\/span><\/p>\n<p><\/p><p><span style=\"font-family: nexa rust sans;\">RADIO <span style=\"font-family: coves;\">\/ <span style=\"font-family: nexa rust sans;\">RADIO CAMPUS ORLEANS <span style=\"font-family: coves;\"><span style=\"font-family: nexa rust sans;\"> <span style=\"font-family: coves;\">&#8211;<span style=\"font-family: nexa rust sans;\"> <a href=\"https:\/\/orleans.radiocampus.org\/podcast\/ecoute-ta-fac-158\/?fbclid=IwAR3HayDiPFIuUNy0gHwR8Vtp1CLj9QeM6tmQ-Yw_q6P0RToYtUYM85lYcIk\">Avril 2022<\/a>\n<br><\/p>\n<p><\/p><p><span style=\"font-family: nexa rust sans;\">PRESSE <span style=\"font-family: coves;\">\/ <span style=\"font-family: nexa rust sans;\">ORLEANS MAG <span style=\"font-family: coves;\"><span style=\"font-family: nexa rust sans;\"> <span style=\"font-family: coves;\">&#8211;<span style=\"font-family: nexa rust sans;\"> <a href=\"https:\/\/fr.calameo.com\/read\/000113938e88cd7e94036\">Mai 2022<\/a>\n\n\n\n<hr class=\"wp-block-separator\"\/>\n\n\n\n<span style=\"font-family: nexa rust sans;\"><font size=\"5\"><font color=\"e25417\">Celtik raic<\/font><\/font>\n<br>\n<\/span><p><\/p><p><span style=\"font-family: nexa rust sans;\">PRESSE <span style=\"font-family: coves;\">\/ <span style=\"font-family: nexa rust sans;\">A2S <span style=\"font-family: coves;\"><span style=\"font-family: nexa rust sans;\"> <span style=\"font-family: coves;\">&#8211;<span style=\"font-family: nexa rust sans;\"> <a href=\"https:\/\/musique-equilibre.com\/me\/wp-content\/uploads\/2022\/02\/Tout-en-craik-A2S.pdf\"> Fevrier 2022<\/a>\n<br>\n<span style=\"font-family: nexa rust sans;\">WEB <span style=\"font-family: coves;\">\/ <span style=\"font-family: nexa rust sans;\">CADERNO POP <span style=\"font-family: coves;\"><span style=\"font-family: nexa rust sans;\"> <span style=\"font-family: coves;\">&#8211;<span style=\"font-family: nexa rust sans;\"> <a href=\"https:\/\/cadernopop.com.br\/conheca-as-apostas-musicais-de-janeiro-no-caderno-pop\/?fbclid=IwAR2EN4EuxoXxbAkzdvoRXPuzdM9IIsSAEe_ysz-Sg-4_CvcC0ISXE6vuS7M\"> Fevrier 2022 <\/a>\n<br>\n<span style=\"font-family: nexa rust sans;\">WEB <span style=\"font-family: coves;\">\/ <span style=\"font-family: nexa rust sans;\">FRACA MA <span style=\"font-family: coves;\"><span style=\"font-family: nexa rust sans;\"> <span style=\"font-family: coves;\">&#8211;<span style=\"font-family: nexa rust sans;\"> <a href=\"https:\/\/fracama.org\/actualite\/view\/5401\/celtikraic-devoile-un-nouveau-clip-et-annonce-la-sortie-dun-album?fbclid=IwAR1LwVKsA3crGtPOCBsEKlUW1RhCuYOkC_rwjfDLZm2KRfQOp8kJz2yiKwI\"> Fevrier 2022 <\/a>\n<br>\n<span style=\"font-family: nexa rust sans;\">WEB <span style=\"font-family: coves;\">\/ <span style=\"font-family: nexa rust sans;\">DIVERTIR <span style=\"font-family: coves;\"><span style=\"font-family: nexa rust sans;\"> <span style=\"font-family: coves;\">&#8211;<span style=\"font-family: nexa rust sans;\"> <a href=\"https:\/\/www.divertir.eu\/videos\/musique-et-clips\/le-reel-des-craiks-by-celtik-raic-official-video.html?fbclid=IwAR14JB3_Wfa3KmmTEHVP7hSOUyrHbA8GSBF3YrF7XDxKA0rHZiOdChQPbh8\"> Fevrier 2022<\/a><\/span>\n<br>\n<span style=\"font-family: nexa rust sans;\">RADIO <span style=\"font-family: coves;\">\/ <span style=\"font-family: nexa rust sans;\">FOLK A LIER <span style=\"font-family: coves;\"><span style=\"font-family: nexa rust sans;\"> <span style=\"font-family: coves;\">&#8211;<span style=\"font-family: nexa rust sans;\"> <a href=\"https:\/\/musique-equilibre.com\/me\/wp-content\/uploads\/2022\/03\/Folk-a-lier-27-03-22-coupe.mp3\"> Mars 2022<\/a><\/span>\n<br>\n<span style=\"font-family: nexa rust sans;\">WEB <span style=\"font-family: coves;\">\/ <span style=\"font-family: nexa rust sans;\">Festival de Sully et du Loiret <span style=\"font-family: coves;\"><span style=\"font-family: nexa rust sans;\"> <span style=\"font-family: coves;\">&#8211;<span style=\"font-family: nexa rust sans;\"> <a href=\"https:\/\/musique-equilibre.com\/me\/wp-content\/uploads\/2022\/04\/Web-Facebook-Festival-Sully2.png3\"> 28 Mars 2022<\/a><\/span>\n<br>\n<span style=\"font-family: nexa rust sans;\">WEB <span style=\"font-family: coves;\">\/ <span style=\"font-family: nexa rust sans;\">Festival de Sully et du Loiret <span style=\"font-family: coves;\"><span style=\"font-family: nexa rust sans;\"> <span style=\"font-family: coves;\">&#8211;<span style=\"font-family: nexa rust sans;\"> <a href=\"https:\/\/musique-equilibre.com\/me\/wp-content\/uploads\/2022\/04\/Web-Facebook-Festival-Sully2.png3\"> 31 Mars 2022<\/a><\/span>\n<br>\n<span style=\"font-family: nexa rust sans;\">PRESSE <span style=\"font-family: coves;\">\/ <span style=\"font-family: nexa rust sans;\">Orl\u00e9ans Mag <span style=\"font-family: coves;\"><span style=\"font-family: nexa rust sans;\"> <span style=\"font-family: coves;\">&#8211;<span style=\"font-family: nexa rust sans;\"> <a href=\"https:\/\/musique-equilibre.com\/me\/wp-content\/uploads\/2022\/04\/mag197-13.pdf\"> Avril 2022<\/a><\/span><\/p>\n\n\n\n<hr class=\"wp-block-separator\"\/>\n\n\n\n<span style=\"font-family: nexa rust sans;\"><font size=\"5\"><font color=\"e25417\">Dettmar Quartet<\/font><\/font>\n<br>\n<br>\n<span style=\"font-family: nexa rust sans;\">PRESSE <span style=\"font-family: coves;\">\/ <span style=\"font-family: nexa rust sans;\">A2S <span style=\"font-family: coves;\"><span style=\"font-family: nexa rust sans;\"> <span style=\"font-family: coves;\">&#8211;<span style=\"font-family: nexa rust sans;\"><a href=\"https:\/\/musique-equilibre.com\/me\/wp-content\/uploads\/2022\/02\/Escales-A2S.pdf\"> <span style=\"font-family: nexa rust sans;\">Fevrier 2022 <span style=\"font-family: coves;\"><\/span><\/span><\/a><\/span><\/span><\/span><\/span><\/span><\/span><\/span><p><\/p>\n<span style=\"font-family: nexa rust sans;\">PRESSE <span style=\"font-family: coves;\">\/ <span style=\"font-family: nexa rust sans;\">T\u00c9L\u00c9RAMA <span style=\"font-family: coves;\"><span style=\"font-family: nexa rust sans;\"> <span style=\"font-family: coves;\">&#8211;<span style=\"font-family: nexa rust sans;\"><a href=\"https:\/\/musique-equilibre.com\/me\/wp-content\/uploads\/2022\/02\/274483721_10159747550452512_6341353084856516641_n-scaled.jpg\"> <span style=\"font-family: nexa rust sans;\">Fevrier 2022 <span style=\"font-family: coves;\"><\/span><p><\/p><\/a>\n\n<span style=\"font-family: nexa rust sans;\">WEB <span style=\"font-family: coves;\">\/ <span style=\"font-family: nexa rust sans;\">MAG CENTRE <span style=\"font-family: coves;\"><span style=\"font-family: nexa rust sans;\"> <span style=\"font-family: coves;\">&#8211;<span style=\"font-family: nexa rust sans;\"><a href=\"https:\/\/musique-equilibre.com\/me\/wp-content\/uploads\/2022\/04\/mag-centre-12-avril-22.pdf\"> <span style=\"font-family: nexa rust sans;\">Avril 2022 <span style=\"font-family: coves;\"><\/span>\n\n\n\n<p><\/p>\n","protected":false},"excerpt":{"rendered":"<p>Musique et \u00c9quilibre WEB RADIO \/ RADIO WEB PASSION &#8211; 6 Septembre 2021 PRESSE \/ ORLEANS MAG &#8211; Mars 2022 PRESSE \/ SORTIR &#8211; Mars 2022 RADIO \/ RADIO CAMPUS ORLEANS &#8211; Avril 2022 PRESSE \/ ORLEANS MAG &#8211; Mai 2022 Celtik raic PRESSE \/ A2S &#8211; Fevrier 2022 WEB \/ CADERNO POP &#8211; Fevrier [&hellip;]<\/p>\n","protected":false},"author":1,"featured_media":0,"parent":0,"menu_order":0,"comment_status":"closed","ping_status":"closed","template":"","meta":{"footnotes":""},"class_list":["post-8051","page","type-page","status-publish","czr-hentry"],"yoast_head":"<!-- This site is optimized with the Yoast SEO plugin v26.8 - https:\/\/yoast.com\/product\/yoast-seo-wordpress\/ -->\n<title>2021-2022 - Musique et Equilibre<\/title>\n<meta name=\"description\" content=\"Revue de presse sur Musique et \u00c9quilibre, ses \u00e9v\u00e8nements, les artistes de son label... de l&#039;ann\u00e9e 2021-2022\" \/>\n<meta name=\"robots\" content=\"index, follow, max-snippet:-1, max-image-preview:large, max-video-preview:-1\" \/>\n<link rel=\"canonical\" href=\"https:\/\/musique-equilibre.com\/me\/index.php\/revue-de-presse-2021-22\/\" \/>\n<meta property=\"og:locale\" content=\"fr_FR\" \/>\n<meta property=\"og:type\" content=\"article\" \/>\n<meta property=\"og:title\" content=\"2021-2022 - Musique et Equilibre\" \/>\n<meta property=\"og:description\" content=\"Revue de presse sur Musique et \u00c9quilibre, ses \u00e9v\u00e8nements, les artistes de son label... de l&#039;ann\u00e9e 2021-2022\" \/>\n<meta property=\"og:url\" content=\"https:\/\/musique-equilibre.com\/me\/index.php\/revue-de-presse-2021-22\/\" \/>\n<meta property=\"og:site_name\" content=\"Musique et Equilibre\" \/>\n<meta property=\"article:publisher\" content=\"https:\/\/www.facebook.com\/MusiqueetEquilibre45\" \/>\n<meta property=\"article:modified_time\" content=\"2022-05-03T17:12:00+00:00\" \/>\n<meta name=\"twitter:card\" content=\"summary_large_image\" \/>\n<meta name=\"twitter:site\" content=\"@Musiquequilibre\" \/>\n<meta name=\"twitter:label1\" content=\"Dur\u00e9e de lecture estim\u00e9e\" \/>\n\t<meta name=\"twitter:data1\" content=\"1 minute\" \/>\n<script type=\"application\/ld+json\" class=\"yoast-schema-graph\">{\"@context\":\"https:\/\/schema.org\",\"@graph\":[{\"@type\":\"WebPage\",\"@id\":\"https:\/\/musique-equilibre.com\/me\/index.php\/revue-de-presse-2021-22\/\",\"url\":\"https:\/\/musique-equilibre.com\/me\/index.php\/revue-de-presse-2021-22\/\",\"name\":\"2021-2022 - Musique et Equilibre\",\"isPartOf\":{\"@id\":\"https:\/\/musique-equilibre.com\/me\/#website\"},\"datePublished\":\"2021-09-09T14:28:44+00:00\",\"dateModified\":\"2022-05-03T17:12:00+00:00\",\"description\":\"Revue de presse sur Musique et \u00c9quilibre, ses \u00e9v\u00e8nements, les artistes de son label... de l'ann\u00e9e 2021-2022\",\"breadcrumb\":{\"@id\":\"https:\/\/musique-equilibre.com\/me\/index.php\/revue-de-presse-2021-22\/#breadcrumb\"},\"inLanguage\":\"fr-FR\",\"potentialAction\":[{\"@type\":\"ReadAction\",\"target\":[\"https:\/\/musique-equilibre.com\/me\/index.php\/revue-de-presse-2021-22\/\"]}]},{\"@type\":\"BreadcrumbList\",\"@id\":\"https:\/\/musique-equilibre.com\/me\/index.php\/revue-de-presse-2021-22\/#breadcrumb\",\"itemListElement\":[{\"@type\":\"ListItem\",\"position\":1,\"name\":\"Accueil\",\"item\":\"https:\/\/musique-equilibre.com\/me\/\"},{\"@type\":\"ListItem\",\"position\":2,\"name\":\"2021-2022\"}]},{\"@type\":\"WebSite\",\"@id\":\"https:\/\/musique-equilibre.com\/me\/#website\",\"url\":\"https:\/\/musique-equilibre.com\/me\/\",\"name\":\"Musique et Equilibre\",\"description\":\"\",\"publisher\":{\"@id\":\"https:\/\/musique-equilibre.com\/me\/#organization\"},\"potentialAction\":[{\"@type\":\"SearchAction\",\"target\":{\"@type\":\"EntryPoint\",\"urlTemplate\":\"https:\/\/musique-equilibre.com\/me\/?s={search_term_string}\"},\"query-input\":{\"@type\":\"PropertyValueSpecification\",\"valueRequired\":true,\"valueName\":\"search_term_string\"}}],\"inLanguage\":\"fr-FR\"},{\"@type\":\"Organization\",\"@id\":\"https:\/\/musique-equilibre.com\/me\/#organization\",\"name\":\"Musique et Equilibre\",\"alternateName\":\"\u00c9cole de musique et salle de concert \u00e0 Orl\u00e9ans\",\"url\":\"https:\/\/musique-equilibre.com\/me\/\",\"logo\":{\"@type\":\"ImageObject\",\"inLanguage\":\"fr-FR\",\"@id\":\"https:\/\/musique-equilibre.com\/me\/#\/schema\/logo\/image\/\",\"url\":\"https:\/\/musique-equilibre.com\/me\/wp-content\/uploads\/2022\/11\/cropped-Logo_orange_texture-1.png\",\"contentUrl\":\"https:\/\/musique-equilibre.com\/me\/wp-content\/uploads\/2022\/11\/cropped-Logo_orange_texture-1.png\",\"width\":512,\"height\":512,\"caption\":\"Musique et Equilibre\"},\"image\":{\"@id\":\"https:\/\/musique-equilibre.com\/me\/#\/schema\/logo\/image\/\"},\"sameAs\":[\"https:\/\/www.facebook.com\/MusiqueetEquilibre45\",\"https:\/\/x.com\/Musiquequilibre\",\"https:\/\/www.instagram.com\/musique_et_equilibre_\/\",\"https:\/\/www.linkedin.com\/company\/musique-&amp;-equilibre\/\",\"https:\/\/www.youtube.com\/c\/MusiqueEquilibreOrleans\/\"]}]}<\/script>\n<!-- \/ Yoast SEO plugin. -->","yoast_head_json":{"title":"2021-2022 - Musique et Equilibre","description":"Revue de presse sur Musique et \u00c9quilibre, ses \u00e9v\u00e8nements, les artistes de son label... de l'ann\u00e9e 2021-2022","robots":{"index":"index","follow":"follow","max-snippet":"max-snippet:-1","max-image-preview":"max-image-preview:large","max-video-preview":"max-video-preview:-1"},"canonical":"https:\/\/musique-equilibre.com\/me\/index.php\/revue-de-presse-2021-22\/","og_locale":"fr_FR","og_type":"article","og_title":"2021-2022 - Musique et Equilibre","og_description":"Revue de presse sur Musique et \u00c9quilibre, ses \u00e9v\u00e8nements, les artistes de son label... de l'ann\u00e9e 2021-2022","og_url":"https:\/\/musique-equilibre.com\/me\/index.php\/revue-de-presse-2021-22\/","og_site_name":"Musique et Equilibre","article_publisher":"https:\/\/www.facebook.com\/MusiqueetEquilibre45","article_modified_time":"2022-05-03T17:12:00+00:00","twitter_card":"summary_large_image","twitter_site":"@Musiquequilibre","twitter_misc":{"Dur\u00e9e de lecture estim\u00e9e":"1 minute"},"schema":{"@context":"https:\/\/schema.org","@graph":[{"@type":"WebPage","@id":"https:\/\/musique-equilibre.com\/me\/index.php\/revue-de-presse-2021-22\/","url":"https:\/\/musique-equilibre.com\/me\/index.php\/revue-de-presse-2021-22\/","name":"2021-2022 - Musique et Equilibre","isPartOf":{"@id":"https:\/\/musique-equilibre.com\/me\/#website"},"datePublished":"2021-09-09T14:28:44+00:00","dateModified":"2022-05-03T17:12:00+00:00","description":"Revue de presse sur Musique et \u00c9quilibre, ses \u00e9v\u00e8nements, les artistes de son label... de l'ann\u00e9e 2021-2022","breadcrumb":{"@id":"https:\/\/musique-equilibre.com\/me\/index.php\/revue-de-presse-2021-22\/#breadcrumb"},"inLanguage":"fr-FR","potentialAction":[{"@type":"ReadAction","target":["https:\/\/musique-equilibre.com\/me\/index.php\/revue-de-presse-2021-22\/"]}]},{"@type":"BreadcrumbList","@id":"https:\/\/musique-equilibre.com\/me\/index.php\/revue-de-presse-2021-22\/#breadcrumb","itemListElement":[{"@type":"ListItem","position":1,"name":"Accueil","item":"https:\/\/musique-equilibre.com\/me\/"},{"@type":"ListItem","position":2,"name":"2021-2022"}]},{"@type":"WebSite","@id":"https:\/\/musique-equilibre.com\/me\/#website","url":"https:\/\/musique-equilibre.com\/me\/","name":"Musique et Equilibre","description":"","publisher":{"@id":"https:\/\/musique-equilibre.com\/me\/#organization"},"potentialAction":[{"@type":"SearchAction","target":{"@type":"EntryPoint","urlTemplate":"https:\/\/musique-equilibre.com\/me\/?s={search_term_string}"},"query-input":{"@type":"PropertyValueSpecification","valueRequired":true,"valueName":"search_term_string"}}],"inLanguage":"fr-FR"},{"@type":"Organization","@id":"https:\/\/musique-equilibre.com\/me\/#organization","name":"Musique et Equilibre","alternateName":"\u00c9cole de musique et salle de concert \u00e0 Orl\u00e9ans","url":"https:\/\/musique-equilibre.com\/me\/","logo":{"@type":"ImageObject","inLanguage":"fr-FR","@id":"https:\/\/musique-equilibre.com\/me\/#\/schema\/logo\/image\/","url":"https:\/\/musique-equilibre.com\/me\/wp-content\/uploads\/2022\/11\/cropped-Logo_orange_texture-1.png","contentUrl":"https:\/\/musique-equilibre.com\/me\/wp-content\/uploads\/2022\/11\/cropped-Logo_orange_texture-1.png","width":512,"height":512,"caption":"Musique et Equilibre"},"image":{"@id":"https:\/\/musique-equilibre.com\/me\/#\/schema\/logo\/image\/"},"sameAs":["https:\/\/www.facebook.com\/MusiqueetEquilibre45","https:\/\/x.com\/Musiquequilibre","https:\/\/www.instagram.com\/musique_et_equilibre_\/","https:\/\/www.linkedin.com\/company\/musique-&amp;-equilibre\/","https:\/\/www.youtube.com\/c\/MusiqueEquilibreOrleans\/"]}]}},"_links":{"self":[{"href":"https:\/\/musique-equilibre.com\/me\/index.php\/wp-json\/wp\/v2\/pages\/8051","targetHints":{"allow":["GET"]}}],"collection":[{"href":"https:\/\/musique-equilibre.com\/me\/index.php\/wp-json\/wp\/v2\/pages"}],"about":[{"href":"https:\/\/musique-equilibre.com\/me\/index.php\/wp-json\/wp\/v2\/types\/page"}],"author":[{"embeddable":true,"href":"https:\/\/musique-equilibre.com\/me\/index.php\/wp-json\/wp\/v2\/users\/1"}],"replies":[{"embeddable":true,"href":"https:\/\/musique-equilibre.com\/me\/index.php\/wp-json\/wp\/v2\/comments?post=8051"}],"version-history":[{"count":24,"href":"https:\/\/musique-equilibre.com\/me\/index.php\/wp-json\/wp\/v2\/pages\/8051\/revisions"}],"predecessor-version":[{"id":9169,"href":"https:\/\/musique-equilibre.com\/me\/index.php\/wp-json\/wp\/v2\/pages\/8051\/revisions\/9169"}],"wp:attachment":[{"href":"https:\/\/musique-equilibre.com\/me\/index.php\/wp-json\/wp\/v2\/media?parent=8051"}],"curies":[{"name":"wp","href":"https:\/\/api.w.org\/{rel}","templated":true}]}}