{"id":7100,"date":"2020-11-26T11:37:07","date_gmt":"2020-11-26T10:37:07","guid":{"rendered":"http:\/\/musique-equilibre.com\/me\/?page_id=7100"},"modified":"2025-11-05T16:56:20","modified_gmt":"2025-11-05T15:56:20","slug":"soutenir-la-formation","status":"publish","type":"page","link":"https:\/\/musique-equilibre.com\/me\/index.php\/soutenir-la-formation\/","title":{"rendered":"Soutenir la formation"},"content":{"rendered":"\n<figure class=\"wp-block-image size-full\"><img fetchpriority=\"high\" decoding=\"async\" width=\"1366\" height=\"336\" src=\"https:\/\/musique-equilibre.com\/me\/wp-content\/uploads\/2023\/01\/Soutenir-la-formation.jpg\" alt=\"m\u00e9c\u00e9nat musique et \u00e9quilibre orl\u00e9ans orleans loiret formation cr\u00e9ation don m\u00e9c\u00e9ne\" class=\"wp-image-11354\" srcset=\"https:\/\/musique-equilibre.com\/me\/wp-content\/uploads\/2023\/01\/Soutenir-la-formation.jpg 1366w, https:\/\/musique-equilibre.com\/me\/wp-content\/uploads\/2023\/01\/Soutenir-la-formation-300x74.jpg 300w, https:\/\/musique-equilibre.com\/me\/wp-content\/uploads\/2023\/01\/Soutenir-la-formation-1024x252.jpg 1024w, https:\/\/musique-equilibre.com\/me\/wp-content\/uploads\/2023\/01\/Soutenir-la-formation-150x37.jpg 150w, https:\/\/musique-equilibre.com\/me\/wp-content\/uploads\/2023\/01\/Soutenir-la-formation-768x189.jpg 768w\" sizes=\"(max-width: 1366px) 100vw, 1366px\" \/><\/figure>\n\n\n\n<h2 class=\"wp-block-heading has-text-align-center has-background\" style=\"background-color:#e25417\">Soutenir la formation<\/h2>\n\n\n<p><span style=\"font-family: coves;\">Notre <a href=\"https:\/\/musique-equilibre.com\/me\/index.php\/cursus-loisir-cours-musique-orleans\/\" target=\"_blank\" rel=\"noopener\">cursus loisir<\/a>\u00a0est d\u00e9di\u00e9 \u00e0 ceux qui n\u2019ont jamais os\u00e9 se lancer ou qui souhaitent am\u00e9liorer leur pratique. Pour ceux et celles qui veulent juste monter un projet ou ceux qui veulent jouer avec d\u2019autres. Notre \u00e9quipe de musicien\u00b7nes\/enseignant\u00b7es propose divers instruments et ateliers. Des styles \u00e9clectiques, des projets vari\u00e9s, une p\u00e9dagogie innovante : c\u2019est la base de l\u2019enseignement \u00e0 Musique et Equilibre.<\/span><\/p>\n<p><span style=\"font-family: coves;\"><br \/>Les <a href=\"https:\/\/musique-equilibre.com\/me\/index.php\/actions-de-formations-en-musiques-actuelles\/\" target=\"_blank\" rel=\"noopener\">actions de formation professionnelle<\/a> s\u2019adresse davantage aux musicien\u00b7nes qui veulent se perfectionner et\/ou faire de la musique son m\u00e9tier. Avec un panel de disciplines enseign\u00e9es (instrument, th\u00e9orie, pratique collective, MAO, environnement social, etc\u2026), elles permettent au\u00b7\u00e0 la musicien\u00b7ne en Musiques Actuelles de poss\u00e9der un certain nombre de comp\u00e9tences lui permettant de r\u00e9agir rapidement dans un contexte professionnel.<\/span><\/p>\n<p><span style=\"font-family: coves;\">Avec Musique et Equilibre, venez Soutenir la formation !<\/span><\/p>\n<p style=\"text-align: center;\"><span style=\"font-family: coves; font-size: 14pt; color: #e25417;\">Soutenir Musique et \u00c9quilibre via\u00a0<a style=\"color: #e25417;\" href=\"https:\/\/www.helloasso.com\/associations\/musique-et-equilibre-orleans\/formulaires\/1\/widget\">Helloasso<\/a><\/span><\/p>\n\n<div class=\"wp-block-image\">\n<figure class=\"aligncenter size-large is-resized\"><img decoding=\"async\" width=\"1024\" height=\"205\" src=\"https:\/\/musique-equilibre.com\/me\/wp-content\/uploads\/2022\/11\/Helloasso-logo-1024x205.png\" alt=\"helloasso don musique et \u00e9quilibre\" class=\"wp-image-10543\" style=\"width:256px;height:51px\" srcset=\"https:\/\/musique-equilibre.com\/me\/wp-content\/uploads\/2022\/11\/Helloasso-logo-1024x205.png 1024w, https:\/\/musique-equilibre.com\/me\/wp-content\/uploads\/2022\/11\/Helloasso-logo-300x60.png 300w, https:\/\/musique-equilibre.com\/me\/wp-content\/uploads\/2022\/11\/Helloasso-logo-150x30.png 150w, https:\/\/musique-equilibre.com\/me\/wp-content\/uploads\/2022\/11\/Helloasso-logo-768x154.png 768w, https:\/\/musique-equilibre.com\/me\/wp-content\/uploads\/2022\/11\/Helloasso-logo.png 1080w\" sizes=\"(max-width: 1024px) 100vw, 1024px\" \/><\/figure><\/div>","protected":false},"excerpt":{"rendered":"<p>Soutenir la formation Notre cursus loisir\u00a0est d\u00e9di\u00e9 \u00e0 ceux qui n\u2019ont jamais os\u00e9 se lancer ou qui souhaitent am\u00e9liorer leur pratique. Pour ceux et celles qui veulent juste monter un projet ou ceux qui veulent jouer avec d\u2019autres. Notre \u00e9quipe de musicien\u00b7nes\/enseignant\u00b7es propose divers instruments et ateliers. Des styles \u00e9clectiques, des projets vari\u00e9s, une p\u00e9dagogie [&hellip;]<\/p>\n","protected":false},"author":1,"featured_media":0,"parent":0,"menu_order":0,"comment_status":"closed","ping_status":"closed","template":"","meta":{"footnotes":""},"class_list":["post-7100","page","type-page","status-publish","czr-hentry"],"yoast_head":"<!-- This site is optimized with the Yoast SEO plugin v26.8 - https:\/\/yoast.com\/product\/yoast-seo-wordpress\/ -->\n<title>Soutenir la formation - Musique et Equilibre<\/title>\n<meta name=\"description\" content=\"Devenez m\u00e9c\u00e8ne de Musique et Equilibre ! Venez soutenir le projet formation, qui s&#039;adresse aux amateur-e-s et aux professionnel-le-s.\" \/>\n<meta name=\"robots\" content=\"index, follow, max-snippet:-1, max-image-preview:large, max-video-preview:-1\" \/>\n<link rel=\"canonical\" href=\"https:\/\/musique-equilibre.com\/me\/index.php\/soutenir-la-formation\/\" \/>\n<meta property=\"og:locale\" content=\"fr_FR\" \/>\n<meta property=\"og:type\" content=\"article\" \/>\n<meta property=\"og:title\" content=\"Soutenir la formation - Musique et Equilibre\" \/>\n<meta property=\"og:description\" content=\"Devenez m\u00e9c\u00e8ne de Musique et Equilibre ! Venez soutenir le projet formation, qui s&#039;adresse aux amateur-e-s et aux professionnel-le-s.\" \/>\n<meta property=\"og:url\" content=\"https:\/\/musique-equilibre.com\/me\/index.php\/soutenir-la-formation\/\" \/>\n<meta property=\"og:site_name\" content=\"Musique et Equilibre\" \/>\n<meta property=\"article:publisher\" content=\"https:\/\/www.facebook.com\/MusiqueetEquilibre45\" \/>\n<meta property=\"article:modified_time\" content=\"2025-11-05T15:56:20+00:00\" \/>\n<meta property=\"og:image\" content=\"https:\/\/musique-equilibre.com\/me\/wp-content\/uploads\/2023\/01\/Soutenir-la-formation.jpg\" \/>\n\t<meta property=\"og:image:width\" content=\"1366\" \/>\n\t<meta property=\"og:image:height\" content=\"336\" \/>\n\t<meta property=\"og:image:type\" content=\"image\/jpeg\" \/>\n<meta name=\"twitter:card\" content=\"summary_large_image\" \/>\n<meta name=\"twitter:site\" content=\"@Musiquequilibre\" \/>\n<meta name=\"twitter:label1\" content=\"Dur\u00e9e de lecture estim\u00e9e\" \/>\n\t<meta name=\"twitter:data1\" content=\"2 minutes\" \/>\n<script type=\"application\/ld+json\" class=\"yoast-schema-graph\">{\"@context\":\"https:\/\/schema.org\",\"@graph\":[{\"@type\":\"WebPage\",\"@id\":\"https:\/\/musique-equilibre.com\/me\/index.php\/soutenir-la-formation\/\",\"url\":\"https:\/\/musique-equilibre.com\/me\/index.php\/soutenir-la-formation\/\",\"name\":\"Soutenir la formation - Musique et Equilibre\",\"isPartOf\":{\"@id\":\"https:\/\/musique-equilibre.com\/me\/#website\"},\"primaryImageOfPage\":{\"@id\":\"https:\/\/musique-equilibre.com\/me\/index.php\/soutenir-la-formation\/#primaryimage\"},\"image\":{\"@id\":\"https:\/\/musique-equilibre.com\/me\/index.php\/soutenir-la-formation\/#primaryimage\"},\"thumbnailUrl\":\"https:\/\/musique-equilibre.com\/me\/wp-content\/uploads\/2023\/01\/Soutenir-la-formation.jpg\",\"datePublished\":\"2020-11-26T10:37:07+00:00\",\"dateModified\":\"2025-11-05T15:56:20+00:00\",\"description\":\"Devenez m\u00e9c\u00e8ne de Musique et Equilibre ! Venez soutenir le projet formation, qui s'adresse aux amateur-e-s et aux professionnel-le-s.\",\"breadcrumb\":{\"@id\":\"https:\/\/musique-equilibre.com\/me\/index.php\/soutenir-la-formation\/#breadcrumb\"},\"inLanguage\":\"fr-FR\",\"potentialAction\":[{\"@type\":\"ReadAction\",\"target\":[\"https:\/\/musique-equilibre.com\/me\/index.php\/soutenir-la-formation\/\"]}]},{\"@type\":\"ImageObject\",\"inLanguage\":\"fr-FR\",\"@id\":\"https:\/\/musique-equilibre.com\/me\/index.php\/soutenir-la-formation\/#primaryimage\",\"url\":\"https:\/\/musique-equilibre.com\/me\/wp-content\/uploads\/2023\/01\/Soutenir-la-formation.jpg\",\"contentUrl\":\"https:\/\/musique-equilibre.com\/me\/wp-content\/uploads\/2023\/01\/Soutenir-la-formation.jpg\",\"width\":1366,\"height\":336,\"caption\":\"m\u00e9c\u00e9nat musique et \u00e9quilibre orl\u00e9ans orleans loiret formation cr\u00e9ation don m\u00e9c\u00e9ne\"},{\"@type\":\"BreadcrumbList\",\"@id\":\"https:\/\/musique-equilibre.com\/me\/index.php\/soutenir-la-formation\/#breadcrumb\",\"itemListElement\":[{\"@type\":\"ListItem\",\"position\":1,\"name\":\"Accueil\",\"item\":\"https:\/\/musique-equilibre.com\/me\/\"},{\"@type\":\"ListItem\",\"position\":2,\"name\":\"Soutenir la formation\"}]},{\"@type\":\"WebSite\",\"@id\":\"https:\/\/musique-equilibre.com\/me\/#website\",\"url\":\"https:\/\/musique-equilibre.com\/me\/\",\"name\":\"Musique et Equilibre\",\"description\":\"\",\"publisher\":{\"@id\":\"https:\/\/musique-equilibre.com\/me\/#organization\"},\"potentialAction\":[{\"@type\":\"SearchAction\",\"target\":{\"@type\":\"EntryPoint\",\"urlTemplate\":\"https:\/\/musique-equilibre.com\/me\/?s={search_term_string}\"},\"query-input\":{\"@type\":\"PropertyValueSpecification\",\"valueRequired\":true,\"valueName\":\"search_term_string\"}}],\"inLanguage\":\"fr-FR\"},{\"@type\":\"Organization\",\"@id\":\"https:\/\/musique-equilibre.com\/me\/#organization\",\"name\":\"Musique et Equilibre\",\"alternateName\":\"\u00c9cole de musique et salle de concert \u00e0 Orl\u00e9ans\",\"url\":\"https:\/\/musique-equilibre.com\/me\/\",\"logo\":{\"@type\":\"ImageObject\",\"inLanguage\":\"fr-FR\",\"@id\":\"https:\/\/musique-equilibre.com\/me\/#\/schema\/logo\/image\/\",\"url\":\"https:\/\/musique-equilibre.com\/me\/wp-content\/uploads\/2022\/11\/cropped-Logo_orange_texture-1.png\",\"contentUrl\":\"https:\/\/musique-equilibre.com\/me\/wp-content\/uploads\/2022\/11\/cropped-Logo_orange_texture-1.png\",\"width\":512,\"height\":512,\"caption\":\"Musique et Equilibre\"},\"image\":{\"@id\":\"https:\/\/musique-equilibre.com\/me\/#\/schema\/logo\/image\/\"},\"sameAs\":[\"https:\/\/www.facebook.com\/MusiqueetEquilibre45\",\"https:\/\/x.com\/Musiquequilibre\",\"https:\/\/www.instagram.com\/musique_et_equilibre_\/\",\"https:\/\/www.linkedin.com\/company\/musique-&amp;-equilibre\/\",\"https:\/\/www.youtube.com\/c\/MusiqueEquilibreOrleans\/\"]}]}<\/script>\n<!-- \/ Yoast SEO plugin. -->","yoast_head_json":{"title":"Soutenir la formation - Musique et Equilibre","description":"Devenez m\u00e9c\u00e8ne de Musique et Equilibre ! Venez soutenir le projet formation, qui s'adresse aux amateur-e-s et aux professionnel-le-s.","robots":{"index":"index","follow":"follow","max-snippet":"max-snippet:-1","max-image-preview":"max-image-preview:large","max-video-preview":"max-video-preview:-1"},"canonical":"https:\/\/musique-equilibre.com\/me\/index.php\/soutenir-la-formation\/","og_locale":"fr_FR","og_type":"article","og_title":"Soutenir la formation - Musique et Equilibre","og_description":"Devenez m\u00e9c\u00e8ne de Musique et Equilibre ! Venez soutenir le projet formation, qui s'adresse aux amateur-e-s et aux professionnel-le-s.","og_url":"https:\/\/musique-equilibre.com\/me\/index.php\/soutenir-la-formation\/","og_site_name":"Musique et Equilibre","article_publisher":"https:\/\/www.facebook.com\/MusiqueetEquilibre45","article_modified_time":"2025-11-05T15:56:20+00:00","og_image":[{"width":1366,"height":336,"url":"https:\/\/musique-equilibre.com\/me\/wp-content\/uploads\/2023\/01\/Soutenir-la-formation.jpg","type":"image\/jpeg"}],"twitter_card":"summary_large_image","twitter_site":"@Musiquequilibre","twitter_misc":{"Dur\u00e9e de lecture estim\u00e9e":"2 minutes"},"schema":{"@context":"https:\/\/schema.org","@graph":[{"@type":"WebPage","@id":"https:\/\/musique-equilibre.com\/me\/index.php\/soutenir-la-formation\/","url":"https:\/\/musique-equilibre.com\/me\/index.php\/soutenir-la-formation\/","name":"Soutenir la formation - Musique et Equilibre","isPartOf":{"@id":"https:\/\/musique-equilibre.com\/me\/#website"},"primaryImageOfPage":{"@id":"https:\/\/musique-equilibre.com\/me\/index.php\/soutenir-la-formation\/#primaryimage"},"image":{"@id":"https:\/\/musique-equilibre.com\/me\/index.php\/soutenir-la-formation\/#primaryimage"},"thumbnailUrl":"https:\/\/musique-equilibre.com\/me\/wp-content\/uploads\/2023\/01\/Soutenir-la-formation.jpg","datePublished":"2020-11-26T10:37:07+00:00","dateModified":"2025-11-05T15:56:20+00:00","description":"Devenez m\u00e9c\u00e8ne de Musique et Equilibre ! Venez soutenir le projet formation, qui s'adresse aux amateur-e-s et aux professionnel-le-s.","breadcrumb":{"@id":"https:\/\/musique-equilibre.com\/me\/index.php\/soutenir-la-formation\/#breadcrumb"},"inLanguage":"fr-FR","potentialAction":[{"@type":"ReadAction","target":["https:\/\/musique-equilibre.com\/me\/index.php\/soutenir-la-formation\/"]}]},{"@type":"ImageObject","inLanguage":"fr-FR","@id":"https:\/\/musique-equilibre.com\/me\/index.php\/soutenir-la-formation\/#primaryimage","url":"https:\/\/musique-equilibre.com\/me\/wp-content\/uploads\/2023\/01\/Soutenir-la-formation.jpg","contentUrl":"https:\/\/musique-equilibre.com\/me\/wp-content\/uploads\/2023\/01\/Soutenir-la-formation.jpg","width":1366,"height":336,"caption":"m\u00e9c\u00e9nat musique et \u00e9quilibre orl\u00e9ans orleans loiret formation cr\u00e9ation don m\u00e9c\u00e9ne"},{"@type":"BreadcrumbList","@id":"https:\/\/musique-equilibre.com\/me\/index.php\/soutenir-la-formation\/#breadcrumb","itemListElement":[{"@type":"ListItem","position":1,"name":"Accueil","item":"https:\/\/musique-equilibre.com\/me\/"},{"@type":"ListItem","position":2,"name":"Soutenir la formation"}]},{"@type":"WebSite","@id":"https:\/\/musique-equilibre.com\/me\/#website","url":"https:\/\/musique-equilibre.com\/me\/","name":"Musique et Equilibre","description":"","publisher":{"@id":"https:\/\/musique-equilibre.com\/me\/#organization"},"potentialAction":[{"@type":"SearchAction","target":{"@type":"EntryPoint","urlTemplate":"https:\/\/musique-equilibre.com\/me\/?s={search_term_string}"},"query-input":{"@type":"PropertyValueSpecification","valueRequired":true,"valueName":"search_term_string"}}],"inLanguage":"fr-FR"},{"@type":"Organization","@id":"https:\/\/musique-equilibre.com\/me\/#organization","name":"Musique et Equilibre","alternateName":"\u00c9cole de musique et salle de concert \u00e0 Orl\u00e9ans","url":"https:\/\/musique-equilibre.com\/me\/","logo":{"@type":"ImageObject","inLanguage":"fr-FR","@id":"https:\/\/musique-equilibre.com\/me\/#\/schema\/logo\/image\/","url":"https:\/\/musique-equilibre.com\/me\/wp-content\/uploads\/2022\/11\/cropped-Logo_orange_texture-1.png","contentUrl":"https:\/\/musique-equilibre.com\/me\/wp-content\/uploads\/2022\/11\/cropped-Logo_orange_texture-1.png","width":512,"height":512,"caption":"Musique et Equilibre"},"image":{"@id":"https:\/\/musique-equilibre.com\/me\/#\/schema\/logo\/image\/"},"sameAs":["https:\/\/www.facebook.com\/MusiqueetEquilibre45","https:\/\/x.com\/Musiquequilibre","https:\/\/www.instagram.com\/musique_et_equilibre_\/","https:\/\/www.linkedin.com\/company\/musique-&amp;-equilibre\/","https:\/\/www.youtube.com\/c\/MusiqueEquilibreOrleans\/"]}]}},"_links":{"self":[{"href":"https:\/\/musique-equilibre.com\/me\/index.php\/wp-json\/wp\/v2\/pages\/7100","targetHints":{"allow":["GET"]}}],"collection":[{"href":"https:\/\/musique-equilibre.com\/me\/index.php\/wp-json\/wp\/v2\/pages"}],"about":[{"href":"https:\/\/musique-equilibre.com\/me\/index.php\/wp-json\/wp\/v2\/types\/page"}],"author":[{"embeddable":true,"href":"https:\/\/musique-equilibre.com\/me\/index.php\/wp-json\/wp\/v2\/users\/1"}],"replies":[{"embeddable":true,"href":"https:\/\/musique-equilibre.com\/me\/index.php\/wp-json\/wp\/v2\/comments?post=7100"}],"version-history":[{"count":24,"href":"https:\/\/musique-equilibre.com\/me\/index.php\/wp-json\/wp\/v2\/pages\/7100\/revisions"}],"predecessor-version":[{"id":18041,"href":"https:\/\/musique-equilibre.com\/me\/index.php\/wp-json\/wp\/v2\/pages\/7100\/revisions\/18041"}],"wp:attachment":[{"href":"https:\/\/musique-equilibre.com\/me\/index.php\/wp-json\/wp\/v2\/media?parent=7100"}],"curies":[{"name":"wp","href":"https:\/\/api.w.org\/{rel}","templated":true}]}}