{"id":7003,"date":"2020-11-24T15:48:29","date_gmt":"2020-11-24T14:48:29","guid":{"rendered":"http:\/\/musique-equilibre.com\/me\/?page_id=7003"},"modified":"2025-11-05T16:55:07","modified_gmt":"2025-11-05T15:55:07","slug":"label","status":"publish","type":"page","link":"https:\/\/musique-equilibre.com\/me\/index.php\/label\/","title":{"rendered":"<span style=\"font-family: coves;\">LABEL"},"content":{"rendered":"<h2><span style=\"font-family: coves; color: #e25417;\">Le label<\/span><\/h2>\n<p><span style=\"font-family: coves;\">Le label Musique et \u00c9quilibre permet de valoriser les musicien\u00b7ne\u00b7s enseignant\u00b7e\u00b7s de <a href=\"https:\/\/musique-equilibre.com\/me\/index.php\/ecole-de-musique-associative-orleans\/\">Musique et \u00c9quilibre<\/a> qui portent un projet de cr\u00e9ation et\/ou de composition original.\u00a0<\/span><\/p>\n<p><span style=\"font-family: coves;\">Nous consulter pour les conditions.<\/span><\/p>\n\n\n<hr class=\"wp-block-separator has-alpha-channel-opacity\"\/>\n\n\n<p><span style=\"font-family: coves; color: #e25417;\"><strong>Pr\u00e9c\u00e9dents albums sortis sur le label :<\/strong><\/span><\/p>\n<p><span style=\"font-family: coves;\">2023 : Halocline &#8211; Bulle<br \/>2022 : Tout en craick &#8211; Celtik raic \/ Escales &#8211; Dettmar Quartet<br \/>2021 : Illusion of times \u2013 K-ubik<br \/>2018 : S\u00e9isme \u2013 Jishin<\/span><\/p>\n<p><span style=\"font-family: coves;\">Les albums du label <a href=\"https:\/\/musique-equilibre.com\/me\/index.php\/ecole-de-musique-associative-orleans\/\">Musique et \u00c9quilibre<\/a> sont en vente \u00e0 notre accueil au 108 rue de Bourgogne. Vous avez la possibilit\u00e9 de nous contacter pour passer commande d&rsquo;un ou plusieurs album\/EP du label : accueil@musique-equilibre.com \/ 02.38.54.81.31<\/span><\/p>\n<h2><span style=\"font-family: coves; color: #e25417;\">Les albums<\/span><\/h2>\n\n\n<div class=\"wp-block-media-text alignwide is-stacked-on-mobile\" style=\"grid-template-columns:40% auto\"><figure class=\"wp-block-media-text__media\"><img fetchpriority=\"high\" decoding=\"async\" width=\"1024\" height=\"1024\" src=\"https:\/\/musique-equilibre.com\/me\/wp-content\/uploads\/2023\/08\/Halocline-1024x1024.jpg\" alt=\"\" class=\"wp-image-12395 size-full\" srcset=\"https:\/\/musique-equilibre.com\/me\/wp-content\/uploads\/2023\/08\/Halocline-1024x1024.jpg 1024w, https:\/\/musique-equilibre.com\/me\/wp-content\/uploads\/2023\/08\/Halocline-300x300.jpg 300w, https:\/\/musique-equilibre.com\/me\/wp-content\/uploads\/2023\/08\/Halocline-150x150.jpg 150w, https:\/\/musique-equilibre.com\/me\/wp-content\/uploads\/2023\/08\/Halocline-768x768.jpg 768w, https:\/\/musique-equilibre.com\/me\/wp-content\/uploads\/2023\/08\/Halocline-510x510.jpg 510w, https:\/\/musique-equilibre.com\/me\/wp-content\/uploads\/2023\/08\/Halocline.jpg 1506w\" sizes=\"(max-width: 1024px) 100vw, 1024px\" \/><\/figure><div class=\"wp-block-media-text__content\">\n<h3 class=\"wp-block-heading has-text-align-center has-white-color has-text-color has-background\" style=\"background-color:#183e58\">HALOCLINE<\/h3>\n\n\n\n<p style=\"text-align: center;\"><span style=\"font-family: coves;\"><a href=\"https:\/\/duobullehalocline.wordpress.com\/\" target=\"_blank\" rel=\"noopener\"><span style=\"font-size: 18pt;\">Bulle<\/span><\/a><a href=\"https:\/\/www.youtube.com\/watch?v=-tiJVP6QSGc&amp;t=3s\"><em><br \/>D\u00e9couvrir le groupe<\/em><\/a><\/span><br \/><span style=\"font-family: coves;\"><strong>[MUSIQUE DU MONDE]<\/strong><\/span><br \/><span style=\"font-family: coves;\">Disponible en <a href=\"https:\/\/bfan.link\/halocline\">streaming<\/a><\/span><br \/><span style=\"font-family: coves;\">Album en vente \u00e0 l\u2019accueil de Musique et \u00c9quilibre (5\u20ac)<\/span><br \/><span style=\"font-family: coves;\">ou<\/span><br \/><span style=\"font-family: coves;\">sur la boutique Musique et \u00c9quilibre <a href=\"https:\/\/musique-equilibre.com\/me\/index.php\/boutique-2\/\">en ligne<\/a> :<\/span><br \/><span style=\"font-family: coves;\">10\u20ac + 2\u20ac\/frais de port<\/span><br \/><span style=\"font-family: coves;\">et aupr\u00e8s de votre disquaire.<\/span><br \/><span style=\"font-family: coves;\"><a href=\"https:\/\/www.fnac.com\/SearchResult\/ResultList.aspx?Search=bulle+halocline&amp;sft=1&amp;sa=0\">Fnac<\/a> \/ <a href=\"https:\/\/www.cultura.com\/p-halocline-3760347747293.html\">Cultura<\/a> \/ <a href=\"https:\/\/www.amazon.fr\/HALOCLINE-BULLE\/dp\/B0BZDWZMBJ\/ref=sr_1_2?__mk_fr_FR=%C3%85M%C3%85%C5%BD%C3%95%C3%91&amp;crid=3C069TFIGRV1P&amp;keywords=halocline+bulle&amp;qid=1685442504&amp;s=music&amp;sprefix=halocline+bulle%2Cpopular%2C93&amp;sr=1-2\">Amazon<\/a><br \/>Distributeur : <a href=\"https:\/\/www.paniermusique.fr\/\" target=\"_blank\" rel=\"noopener\">Inouie Distribution<\/a><\/span><\/p>\n<\/div><\/div>\n\n\n\n<div class=\"wp-block-buttons is-layout-flex wp-block-buttons-is-layout-flex\">\n<div class=\"wp-block-button has-custom-width wp-block-button__width-50 aligncenter\"><a class=\"wp-block-button__link has-white-color has-text-color has-background wp-element-button\" href=\"https:\/\/www.helloasso.com\/associations\/musique-et-equilibre-orleans\/paiements\/halocline-envoi-postal\" style=\"background-color:#183e58\" target=\"_blank\" rel=\"noreferrer noopener\">ACHETEZ l&rsquo;album sur la boutique en ligne <\/a><\/div>\n<\/div>\n\n\n<p><span style=\"color: #ffffff;\">_<\/span><\/p>\n\n\n<div class=\"wp-block-media-text alignwide is-stacked-on-mobile\" style=\"grid-template-columns:40% auto\"><figure class=\"wp-block-media-text__media\"><img decoding=\"async\" width=\"741\" height=\"741\" src=\"https:\/\/musique-equilibre.com\/me\/wp-content\/uploads\/2022\/11\/Tout-en-craik-pochette.jpg\" alt=\"Boutique Label Tout en craik Celtik raic Aude Prieur\" class=\"wp-image-10655 size-full\" srcset=\"https:\/\/musique-equilibre.com\/me\/wp-content\/uploads\/2022\/11\/Tout-en-craik-pochette.jpg 741w, https:\/\/musique-equilibre.com\/me\/wp-content\/uploads\/2022\/11\/Tout-en-craik-pochette-300x300.jpg 300w, https:\/\/musique-equilibre.com\/me\/wp-content\/uploads\/2022\/11\/Tout-en-craik-pochette-150x150.jpg 150w, https:\/\/musique-equilibre.com\/me\/wp-content\/uploads\/2022\/11\/Tout-en-craik-pochette-510x510.jpg 510w\" sizes=\"(max-width: 741px) 100vw, 741px\" \/><\/figure><div class=\"wp-block-media-text__content\">\n<h3 class=\"wp-block-heading has-text-align-center has-white-color has-text-color has-background\" style=\"background-color:#cd4932\">TOUT EN CRAIK<\/h3>\n\n\n\n<p style=\"text-align: center;\"><span style=\"font-family: coves;\"><span style=\"font-size: 18pt;\">Celtik\u2019raic<\/span><br \/><em><a href=\"https:\/\/www.youtube.com\/watch?v=_-uT3IxuOgs\">D\u00e9couvrir le groupe<\/a><\/em><br \/>[NEW TRAD]<br \/>Disponible en <a href=\"https:\/\/bfan.link\/tout-en-craik\">streaming<\/a><br \/>Album en vente \u00e0 l\u2019accueil de Musique et \u00c9quilibre (10\u20ac)<br \/>ou<br \/>sur la boutique Musique et \u00c9quilibre <a href=\"https:\/\/musique-equilibre.com\/me\/index.php\/boutique-2\/\">en ligne<\/a> :<br \/>10\u20ac + 2\u20ac\/frais de port<br \/>et aupr\u00e8s de votre disquaire.<br \/><a href=\"https:\/\/www.fnac.com\/a16627349\/Celtik-Raic-Tout-en-craik-CD-album#omnsearchpos=1\">Fnac<\/a>\u00a0\/\u00a0<a href=\"https:\/\/www.cultura.com\/p-tout-en-craik-3760301219200.html\">Cultura<\/a>\u00a0\/\u00a0<a href=\"https:\/\/www.amazon.fr\/TOUT-EN-CRAIK-CELTIKRAIC\/dp\/B09R29LJ6B\/ref=sr_1_1?__mk_fr_FR=%C3%85M%C3%85%C5%BD%C3%95%C3%91&amp;crid=167JBVOPSU5CI&amp;keywords=tout+en+craik&amp;qid=1647870138&amp;sprefix=cetout+en+craik%2Caps%2C706&amp;sr=8-1\">Amazon<\/a><br \/><a href=\"https:\/\/www.youtube.com\/watch?v=ajAAkGznKkc\">[CLIP]<\/a><br \/>Distributeur :\u00a0<a href=\"https:\/\/www.paniermusique.fr\/\">Inouie Distribution<\/a><\/span><\/p>\n<\/div><\/div>\n\n\n\n<div class=\"wp-block-buttons is-layout-flex wp-block-buttons-is-layout-flex\">\n<div class=\"wp-block-button has-custom-width wp-block-button__width-50 aligncenter\"><a class=\"wp-block-button__link has-white-color has-text-color has-background wp-element-button\" href=\"https:\/\/www.helloasso.com\/associations\/musique-et-equilibre-orleans\/paiements\/tout-en-craik\" style=\"background-color:#cd4932\" target=\"_blank\" rel=\"noreferrer noopener\">ACHETEZ l&rsquo;album sur la boutique en ligne<\/a><\/div>\n<\/div>\n\n\n<p><span style=\"color: #ffffff;\">___<\/span><\/p>\n\n\n<div class=\"wp-block-media-text alignwide is-stacked-on-mobile\" style=\"grid-template-columns:40% auto\"><figure class=\"wp-block-media-text__media\"><img decoding=\"async\" width=\"922\" height=\"922\" src=\"https:\/\/musique-equilibre.com\/me\/wp-content\/uploads\/2022\/11\/pochette-k-ubik-1024x922-1.jpg\" alt=\"Boutique Label K ubik Illusion of times Jazz Arthur Pierre\" class=\"wp-image-10657 size-full\" srcset=\"https:\/\/musique-equilibre.com\/me\/wp-content\/uploads\/2022\/11\/pochette-k-ubik-1024x922-1.jpg 922w, https:\/\/musique-equilibre.com\/me\/wp-content\/uploads\/2022\/11\/pochette-k-ubik-1024x922-1-300x300.jpg 300w, https:\/\/musique-equilibre.com\/me\/wp-content\/uploads\/2022\/11\/pochette-k-ubik-1024x922-1-150x150.jpg 150w, https:\/\/musique-equilibre.com\/me\/wp-content\/uploads\/2022\/11\/pochette-k-ubik-1024x922-1-768x768.jpg 768w, https:\/\/musique-equilibre.com\/me\/wp-content\/uploads\/2022\/11\/pochette-k-ubik-1024x922-1-510x510.jpg 510w\" sizes=\"(max-width: 922px) 100vw, 922px\" \/><\/figure><div class=\"wp-block-media-text__content\">\n<h3 class=\"wp-block-heading has-text-align-center has-white-color has-text-color has-background\" style=\"background-color:#581722\">ILLUSION OF TIMES<\/h3>\n\n\n\n<p style=\"text-align: center;\"><span style=\"font-family: coves;\"><span style=\"font-size: 18pt;\">K-ubik<\/span><br \/><em><a href=\"https:\/\/www.youtube.com\/watch?v=4F1HzEPoljo\">D\u00e9couvrir le groupe<\/a><\/em><br \/>[JAZZ FUSION]<br \/>Disponible en <a href=\"https:\/\/bfan.link\/illusion-of-times\">streaming<\/a><br \/>Album en vente \u00e0 l\u2019accueil de Musique et \u00c9quilibre (10\u20ac)<br \/>ou<br \/>sur la boutique Musique et \u00c9quilibre <a href=\"https:\/\/musique-equilibre.com\/me\/index.php\/boutique-2\/\">en ligne<\/a> :<br \/>10\u20ac + 2\u20ac\/frais de port<br \/>et aupr\u00e8s de votre disquaire.<br \/><a href=\"https:\/\/www.fnac.com\/a16471958\/K-Ubik-Illusion-Of-Times-CD-album\">Fnac<\/a>\u00a0\/\u00a0<a href=\"https:\/\/www.cultura.com\/illusion-of-times-3760347740027.html\">Cultura<\/a>\u00a0\/\u00a0<a href=\"https:\/\/www.amazon.fr\/Illusion-Times-K-UBIK\/dp\/B09P6CD48Y\/ref=sr_1_11?crid=1C6P8BEDD57LP&amp;keywords=illusion+of+time&amp;qid=1641915958&amp;sprefix=illusion+of+tim%2Caps%2C120&amp;sr=8-11\">Amazon<\/a><br \/><a href=\"https:\/\/www.youtube.com\/watch?v=Bg_p5g-gadk\">[CLIP]<\/a><br \/>Distributeur :\u00a0<a href=\"https:\/\/www.paniermusique.fr\/\">Inouie Distribution<\/a><\/span><\/p>\n<\/div><\/div>\n\n\n\n<div class=\"wp-block-buttons is-layout-flex wp-block-buttons-is-layout-flex\">\n<div class=\"wp-block-button has-custom-width wp-block-button__width-25 aligncenter\"><a class=\"wp-block-button__link has-white-color has-text-color has-background wp-element-button\" href=\"https:\/\/www.helloasso.com\/associations\/musique-et-equilibre-orleans\/paiements\/illusion-of-times-envoi-postal\" style=\"background-color:#581722\" target=\"_blank\" rel=\"noreferrer noopener\">ACHETEZ l&rsquo;album sur la boutique en ligne<\/a><\/div>\n<\/div>\n\n\n\n<p><\/p>\n\n\n\n<div class=\"wp-block-media-text alignwide is-stacked-on-mobile\" style=\"grid-template-columns:40% auto\"><figure class=\"wp-block-media-text__media\"><img loading=\"lazy\" decoding=\"async\" width=\"1024\" height=\"1024\" src=\"https:\/\/musique-equilibre.com\/me\/wp-content\/uploads\/2022\/11\/cover-1024x1024-1-1024x1024.jpg\" alt=\"Boutique Label Jishin S\u00e9isme David Sevestre\" class=\"wp-image-10660 size-full\" srcset=\"https:\/\/musique-equilibre.com\/me\/wp-content\/uploads\/2022\/11\/cover-1024x1024-1.jpg 1024w, https:\/\/musique-equilibre.com\/me\/wp-content\/uploads\/2022\/11\/cover-1024x1024-1-300x300.jpg 300w, https:\/\/musique-equilibre.com\/me\/wp-content\/uploads\/2022\/11\/cover-1024x1024-1-150x150.jpg 150w, https:\/\/musique-equilibre.com\/me\/wp-content\/uploads\/2022\/11\/cover-1024x1024-1-768x768.jpg 768w, https:\/\/musique-equilibre.com\/me\/wp-content\/uploads\/2022\/11\/cover-1024x1024-1-510x510.jpg 510w\" sizes=\"(max-width: 1024px) 100vw, 1024px\" \/><\/figure><div class=\"wp-block-media-text__content\">\n<h3 class=\"wp-block-heading has-text-align-center has-background\" style=\"background-color:#e70101\">JISHIN<\/h3>\n\n\n\n<p class=\"has-text-align-center\" style=\"text-align: center;\"><span style=\"font-family: coves; font-size: 18pt;\">S\u00e9isme<\/span><br \/><span style=\"font-family: coves;\">[JAZZ]<\/span><br \/><span style=\"font-family: coves;\">Disponible en <a href=\"https:\/\/music.imusician.pro\/a\/dyg88F8P\/?utm_source=cio_transactional&amp;utm_medium=email&amp;utm_campaign=artisthub&amp;utm_content=fr\" target=\"_blank\" rel=\"noopener\">streaming<\/a><\/span><br \/><span style=\"font-family: coves;\">Album en vente \u00e0 l\u2019accueil de Musique et \u00c9quilibre (10\u20ac)<\/span><br \/><span style=\"font-family: coves;\">ou<\/span><br \/><span style=\"font-family: coves;\">sur la boutique Musique et \u00c9quilibre en ligne :<\/span><br \/><span style=\"font-family: coves;\">10\u20ac + 2\u20ac\/frais de port<\/span><br \/><span style=\"font-family: coves;\"><a href=\"https:\/\/www.youtube.com\/watch?v=RWhpNw0z53s&amp;list=PLLkcbEnDnwwS1WX7YnqeeX119Sd-G1X5Q&amp;index=3\" target=\"_blank\" rel=\"noopener\">[EXTRAIT]<\/a><\/span><\/p>\n<\/div><\/div>\n\n\n\n<p><\/p>\n\n\n\n<div class=\"wp-block-buttons is-layout-flex wp-block-buttons-is-layout-flex\">\n<div class=\"wp-block-button has-custom-width wp-block-button__width-50 aligncenter\"><a class=\"wp-block-button__link has-background wp-element-button\" href=\"https:\/\/www.helloasso.com\/associations\/musique-et-equilibre-orleans\/paiements\/jishin-envoi-postal\" style=\"background-color:#e70101\" target=\"_blank\" rel=\"noreferrer noopener\">ACHETER L&rsquo;ALBUM sur la boutique en ligne<\/a><\/div>\n<\/div>\n\n\n\n<p><\/p>\n","protected":false},"excerpt":{"rendered":"<p>Le label Le label Musique et \u00c9quilibre permet de valoriser les musicien\u00b7ne\u00b7s enseignant\u00b7e\u00b7s de Musique et \u00c9quilibre qui portent un projet de cr\u00e9ation et\/ou de composition original.\u00a0 Nous consulter pour les conditions. Pr\u00e9c\u00e9dents albums sortis sur le label : 2023 : Halocline &#8211; Bulle2022 : Tout en craick &#8211; Celtik raic \/ Escales &#8211; Dettmar [&hellip;]<\/p>\n","protected":false},"author":1,"featured_media":0,"parent":0,"menu_order":0,"comment_status":"closed","ping_status":"closed","template":"","meta":{"footnotes":""},"class_list":["post-7003","page","type-page","status-publish","czr-hentry"],"yoast_head":"<!-- This site is optimized with the Yoast SEO plugin v26.8 - https:\/\/yoast.com\/product\/yoast-seo-wordpress\/ -->\n<title>LABEL - Musique et Equilibre<\/title>\n<meta name=\"description\" content=\"Le label Musique et \u00c9quilibre permet de valoriser les projets de production soutenus qui sortent un disque.\" \/>\n<meta name=\"robots\" content=\"index, follow, max-snippet:-1, max-image-preview:large, max-video-preview:-1\" \/>\n<link rel=\"canonical\" href=\"https:\/\/musique-equilibre.com\/me\/index.php\/label\/\" \/>\n<meta property=\"og:locale\" content=\"fr_FR\" \/>\n<meta property=\"og:type\" content=\"article\" \/>\n<meta property=\"og:title\" content=\"LABEL - Musique et Equilibre\" \/>\n<meta property=\"og:description\" content=\"Le label Musique et \u00c9quilibre permet de valoriser les projets de production soutenus qui sortent un disque.\" \/>\n<meta property=\"og:url\" content=\"https:\/\/musique-equilibre.com\/me\/index.php\/label\/\" \/>\n<meta property=\"og:site_name\" content=\"Musique et Equilibre\" \/>\n<meta property=\"article:publisher\" content=\"https:\/\/www.facebook.com\/MusiqueetEquilibre45\" \/>\n<meta property=\"article:modified_time\" content=\"2025-11-05T15:55:07+00:00\" \/>\n<meta property=\"og:image\" content=\"https:\/\/musique-equilibre.com\/me\/wp-content\/uploads\/2023\/08\/Halocline-1024x1024.jpg\" \/>\n\t<meta property=\"og:image:width\" content=\"1024\" \/>\n\t<meta property=\"og:image:height\" content=\"1024\" \/>\n\t<meta property=\"og:image:type\" content=\"image\/jpeg\" \/>\n<meta name=\"twitter:card\" content=\"summary_large_image\" \/>\n<meta name=\"twitter:site\" content=\"@Musiquequilibre\" \/>\n<meta name=\"twitter:label1\" content=\"Dur\u00e9e de lecture estim\u00e9e\" \/>\n\t<meta name=\"twitter:data1\" content=\"3 minutes\" \/>\n<script type=\"application\/ld+json\" class=\"yoast-schema-graph\">{\"@context\":\"https:\/\/schema.org\",\"@graph\":[{\"@type\":\"WebPage\",\"@id\":\"https:\/\/musique-equilibre.com\/me\/index.php\/label\/\",\"url\":\"https:\/\/musique-equilibre.com\/me\/index.php\/label\/\",\"name\":\"LABEL - Musique et Equilibre\",\"isPartOf\":{\"@id\":\"https:\/\/musique-equilibre.com\/me\/#website\"},\"primaryImageOfPage\":{\"@id\":\"https:\/\/musique-equilibre.com\/me\/index.php\/label\/#primaryimage\"},\"image\":{\"@id\":\"https:\/\/musique-equilibre.com\/me\/index.php\/label\/#primaryimage\"},\"thumbnailUrl\":\"https:\/\/musique-equilibre.com\/me\/wp-content\/uploads\/2023\/08\/Halocline-1024x1024.jpg\",\"datePublished\":\"2020-11-24T14:48:29+00:00\",\"dateModified\":\"2025-11-05T15:55:07+00:00\",\"description\":\"Le label Musique et \u00c9quilibre permet de valoriser les projets de production soutenus qui sortent un disque.\",\"breadcrumb\":{\"@id\":\"https:\/\/musique-equilibre.com\/me\/index.php\/label\/#breadcrumb\"},\"inLanguage\":\"fr-FR\",\"potentialAction\":[{\"@type\":\"ReadAction\",\"target\":[\"https:\/\/musique-equilibre.com\/me\/index.php\/label\/\"]}]},{\"@type\":\"ImageObject\",\"inLanguage\":\"fr-FR\",\"@id\":\"https:\/\/musique-equilibre.com\/me\/index.php\/label\/#primaryimage\",\"url\":\"https:\/\/musique-equilibre.com\/me\/wp-content\/uploads\/2023\/08\/Halocline.jpg\",\"contentUrl\":\"https:\/\/musique-equilibre.com\/me\/wp-content\/uploads\/2023\/08\/Halocline.jpg\",\"width\":1506,\"height\":1506},{\"@type\":\"BreadcrumbList\",\"@id\":\"https:\/\/musique-equilibre.com\/me\/index.php\/label\/#breadcrumb\",\"itemListElement\":[{\"@type\":\"ListItem\",\"position\":1,\"name\":\"Accueil\",\"item\":\"https:\/\/musique-equilibre.com\/me\/\"},{\"@type\":\"ListItem\",\"position\":2,\"name\":\"LABEL\"}]},{\"@type\":\"WebSite\",\"@id\":\"https:\/\/musique-equilibre.com\/me\/#website\",\"url\":\"https:\/\/musique-equilibre.com\/me\/\",\"name\":\"Musique et Equilibre\",\"description\":\"\",\"publisher\":{\"@id\":\"https:\/\/musique-equilibre.com\/me\/#organization\"},\"potentialAction\":[{\"@type\":\"SearchAction\",\"target\":{\"@type\":\"EntryPoint\",\"urlTemplate\":\"https:\/\/musique-equilibre.com\/me\/?s={search_term_string}\"},\"query-input\":{\"@type\":\"PropertyValueSpecification\",\"valueRequired\":true,\"valueName\":\"search_term_string\"}}],\"inLanguage\":\"fr-FR\"},{\"@type\":\"Organization\",\"@id\":\"https:\/\/musique-equilibre.com\/me\/#organization\",\"name\":\"Musique et Equilibre\",\"alternateName\":\"\u00c9cole de musique et salle de concert \u00e0 Orl\u00e9ans\",\"url\":\"https:\/\/musique-equilibre.com\/me\/\",\"logo\":{\"@type\":\"ImageObject\",\"inLanguage\":\"fr-FR\",\"@id\":\"https:\/\/musique-equilibre.com\/me\/#\/schema\/logo\/image\/\",\"url\":\"https:\/\/musique-equilibre.com\/me\/wp-content\/uploads\/2022\/11\/cropped-Logo_orange_texture-1.png\",\"contentUrl\":\"https:\/\/musique-equilibre.com\/me\/wp-content\/uploads\/2022\/11\/cropped-Logo_orange_texture-1.png\",\"width\":512,\"height\":512,\"caption\":\"Musique et Equilibre\"},\"image\":{\"@id\":\"https:\/\/musique-equilibre.com\/me\/#\/schema\/logo\/image\/\"},\"sameAs\":[\"https:\/\/www.facebook.com\/MusiqueetEquilibre45\",\"https:\/\/x.com\/Musiquequilibre\",\"https:\/\/www.instagram.com\/musique_et_equilibre_\/\",\"https:\/\/www.linkedin.com\/company\/musique-&amp;-equilibre\/\",\"https:\/\/www.youtube.com\/c\/MusiqueEquilibreOrleans\/\"]}]}<\/script>\n<!-- \/ Yoast SEO plugin. -->","yoast_head_json":{"title":"LABEL - Musique et Equilibre","description":"Le label Musique et \u00c9quilibre permet de valoriser les projets de production soutenus qui sortent un disque.","robots":{"index":"index","follow":"follow","max-snippet":"max-snippet:-1","max-image-preview":"max-image-preview:large","max-video-preview":"max-video-preview:-1"},"canonical":"https:\/\/musique-equilibre.com\/me\/index.php\/label\/","og_locale":"fr_FR","og_type":"article","og_title":"LABEL - Musique et Equilibre","og_description":"Le label Musique et \u00c9quilibre permet de valoriser les projets de production soutenus qui sortent un disque.","og_url":"https:\/\/musique-equilibre.com\/me\/index.php\/label\/","og_site_name":"Musique et Equilibre","article_publisher":"https:\/\/www.facebook.com\/MusiqueetEquilibre45","article_modified_time":"2025-11-05T15:55:07+00:00","og_image":[{"width":1024,"height":1024,"url":"https:\/\/musique-equilibre.com\/me\/wp-content\/uploads\/2023\/08\/Halocline-1024x1024.jpg","type":"image\/jpeg"}],"twitter_card":"summary_large_image","twitter_site":"@Musiquequilibre","twitter_misc":{"Dur\u00e9e de lecture estim\u00e9e":"3 minutes"},"schema":{"@context":"https:\/\/schema.org","@graph":[{"@type":"WebPage","@id":"https:\/\/musique-equilibre.com\/me\/index.php\/label\/","url":"https:\/\/musique-equilibre.com\/me\/index.php\/label\/","name":"LABEL - Musique et Equilibre","isPartOf":{"@id":"https:\/\/musique-equilibre.com\/me\/#website"},"primaryImageOfPage":{"@id":"https:\/\/musique-equilibre.com\/me\/index.php\/label\/#primaryimage"},"image":{"@id":"https:\/\/musique-equilibre.com\/me\/index.php\/label\/#primaryimage"},"thumbnailUrl":"https:\/\/musique-equilibre.com\/me\/wp-content\/uploads\/2023\/08\/Halocline-1024x1024.jpg","datePublished":"2020-11-24T14:48:29+00:00","dateModified":"2025-11-05T15:55:07+00:00","description":"Le label Musique et \u00c9quilibre permet de valoriser les projets de production soutenus qui sortent un disque.","breadcrumb":{"@id":"https:\/\/musique-equilibre.com\/me\/index.php\/label\/#breadcrumb"},"inLanguage":"fr-FR","potentialAction":[{"@type":"ReadAction","target":["https:\/\/musique-equilibre.com\/me\/index.php\/label\/"]}]},{"@type":"ImageObject","inLanguage":"fr-FR","@id":"https:\/\/musique-equilibre.com\/me\/index.php\/label\/#primaryimage","url":"https:\/\/musique-equilibre.com\/me\/wp-content\/uploads\/2023\/08\/Halocline.jpg","contentUrl":"https:\/\/musique-equilibre.com\/me\/wp-content\/uploads\/2023\/08\/Halocline.jpg","width":1506,"height":1506},{"@type":"BreadcrumbList","@id":"https:\/\/musique-equilibre.com\/me\/index.php\/label\/#breadcrumb","itemListElement":[{"@type":"ListItem","position":1,"name":"Accueil","item":"https:\/\/musique-equilibre.com\/me\/"},{"@type":"ListItem","position":2,"name":"LABEL"}]},{"@type":"WebSite","@id":"https:\/\/musique-equilibre.com\/me\/#website","url":"https:\/\/musique-equilibre.com\/me\/","name":"Musique et Equilibre","description":"","publisher":{"@id":"https:\/\/musique-equilibre.com\/me\/#organization"},"potentialAction":[{"@type":"SearchAction","target":{"@type":"EntryPoint","urlTemplate":"https:\/\/musique-equilibre.com\/me\/?s={search_term_string}"},"query-input":{"@type":"PropertyValueSpecification","valueRequired":true,"valueName":"search_term_string"}}],"inLanguage":"fr-FR"},{"@type":"Organization","@id":"https:\/\/musique-equilibre.com\/me\/#organization","name":"Musique et Equilibre","alternateName":"\u00c9cole de musique et salle de concert \u00e0 Orl\u00e9ans","url":"https:\/\/musique-equilibre.com\/me\/","logo":{"@type":"ImageObject","inLanguage":"fr-FR","@id":"https:\/\/musique-equilibre.com\/me\/#\/schema\/logo\/image\/","url":"https:\/\/musique-equilibre.com\/me\/wp-content\/uploads\/2022\/11\/cropped-Logo_orange_texture-1.png","contentUrl":"https:\/\/musique-equilibre.com\/me\/wp-content\/uploads\/2022\/11\/cropped-Logo_orange_texture-1.png","width":512,"height":512,"caption":"Musique et Equilibre"},"image":{"@id":"https:\/\/musique-equilibre.com\/me\/#\/schema\/logo\/image\/"},"sameAs":["https:\/\/www.facebook.com\/MusiqueetEquilibre45","https:\/\/x.com\/Musiquequilibre","https:\/\/www.instagram.com\/musique_et_equilibre_\/","https:\/\/www.linkedin.com\/company\/musique-&amp;-equilibre\/","https:\/\/www.youtube.com\/c\/MusiqueEquilibreOrleans\/"]}]}},"_links":{"self":[{"href":"https:\/\/musique-equilibre.com\/me\/index.php\/wp-json\/wp\/v2\/pages\/7003","targetHints":{"allow":["GET"]}}],"collection":[{"href":"https:\/\/musique-equilibre.com\/me\/index.php\/wp-json\/wp\/v2\/pages"}],"about":[{"href":"https:\/\/musique-equilibre.com\/me\/index.php\/wp-json\/wp\/v2\/types\/page"}],"author":[{"embeddable":true,"href":"https:\/\/musique-equilibre.com\/me\/index.php\/wp-json\/wp\/v2\/users\/1"}],"replies":[{"embeddable":true,"href":"https:\/\/musique-equilibre.com\/me\/index.php\/wp-json\/wp\/v2\/comments?post=7003"}],"version-history":[{"count":112,"href":"https:\/\/musique-equilibre.com\/me\/index.php\/wp-json\/wp\/v2\/pages\/7003\/revisions"}],"predecessor-version":[{"id":18039,"href":"https:\/\/musique-equilibre.com\/me\/index.php\/wp-json\/wp\/v2\/pages\/7003\/revisions\/18039"}],"wp:attachment":[{"href":"https:\/\/musique-equilibre.com\/me\/index.php\/wp-json\/wp\/v2\/media?parent=7003"}],"curies":[{"name":"wp","href":"https:\/\/api.w.org\/{rel}","templated":true}]}}