{"id":6520,"date":"2020-08-20T11:32:14","date_gmt":"2020-08-20T09:32:14","guid":{"rendered":"http:\/\/musique-equilibre.com\/me\/?page_id=6520"},"modified":"2021-05-03T17:54:19","modified_gmt":"2021-05-03T15:54:19","slug":"2020-2021","status":"publish","type":"page","link":"https:\/\/musique-equilibre.com\/me\/index.php\/2020-2021\/","title":{"rendered":"<span style=\"font-family: coves;\">2020-2021"},"content":{"rendered":"\n<p><span style=\"font-family: nexa rust sans;\"><\/span><\/p>\n\n\n\n<div class=\"wp-block-image\"><figure class=\"aligncenter size-large is-resized\"><img fetchpriority=\"high\" decoding=\"async\" src=\"https:\/\/musique-equilibre.com\/me\/wp-content\/uploads\/2020\/12\/127081378_2516213365170297_6416958846634281469_o-1024x484.jpg\" alt=\"\" class=\"wp-image-7383\" width=\"561\" height=\"265\" srcset=\"https:\/\/musique-equilibre.com\/me\/wp-content\/uploads\/2020\/12\/127081378_2516213365170297_6416958846634281469_o-1024x484.jpg 1024w, https:\/\/musique-equilibre.com\/me\/wp-content\/uploads\/2020\/12\/127081378_2516213365170297_6416958846634281469_o-300x142.jpg 300w, https:\/\/musique-equilibre.com\/me\/wp-content\/uploads\/2020\/12\/127081378_2516213365170297_6416958846634281469_o-150x71.jpg 150w, https:\/\/musique-equilibre.com\/me\/wp-content\/uploads\/2020\/12\/127081378_2516213365170297_6416958846634281469_o-768x363.jpg 768w, https:\/\/musique-equilibre.com\/me\/wp-content\/uploads\/2020\/12\/127081378_2516213365170297_6416958846634281469_o-1536x725.jpg 1536w, https:\/\/musique-equilibre.com\/me\/wp-content\/uploads\/2020\/12\/127081378_2516213365170297_6416958846634281469_o-2048x967.jpg 2048w\" sizes=\"(max-width: 561px) 100vw, 561px\" \/><\/figure><\/div>\n\n\n\n<p><span style=\"font-family: nexa rust sans;\"> <font color=\"#0953b2\">CONSTANTINE<\/font> <span style=\"font-family: coves;\">\/ d&rsquo;apr\u00e8s des compositions de Serge Ceccaldi et jou\u00e9 par Th\u00e9o et Valentin Ceccaldi ainsi que d&rsquo;autres grands noms du Jazz.<\/span><\/span><\/p>\n\n\n\n<p><span style=\"font-family: nexa rust sans;\"><font color=\"#ee963c\">WEB<\/font> <span style=\"font-family: coves;\">\/ <span style=\"font-family: nexa rust sans;\">Pour Infos A Orl\u00e9ans <span style=\"font-family: coves;\"><span style=\"font-family: nexa rust sans;\"> <span style=\"font-family: coves;\">&#8211;<span style=\"font-family: nexa rust sans;\"> F\u00e9vrier 2021 <span style=\"font-family: coves;\"> <a href=\"https:\/\/piao.fr\/2021\/02\/lalbum-hommage-des-fils-pour-leur-pere-serge-ceccaldi\/?fbclid=IwAR32ImMoxLZxTVrxGRq8NmFXCqnITJtwtbKCEVDcXW5UmfFyJYKdr0UQZv0\">ICI<\/a><\/span><\/span><\/span><\/span><\/span><\/span><\/span><\/span><\/p>\n\n\n\n<p><span style=\"font-family: nexa rust sans;\"><font color=\"#ee963c\">PRESSE<\/font> <span style=\"font-family: coves;\">\/ <span style=\"font-family: nexa rust sans;\">Orl\u00e9ans Mag <span style=\"font-family: coves;\"><span style=\"font-family: nexa rust sans;\"> <span style=\"font-family: coves;\">&#8211;<span style=\"font-family: nexa rust sans;\"> F\u00e9vrier 2021 <span style=\"font-family: coves;\"> <a href=\"https:\/\/fr.calameo.com\/read\/000113938f9822e52d8a4\">ICI<\/a><\/span><\/span><\/span><\/span><\/span><\/span><\/span><\/span><\/p>\n\n\n\n<p><span style=\"font-family: nexa rust sans;\"><font color=\"#ee963c\">PRESSE<\/font> <span style=\"font-family: coves;\">\/ <span style=\"font-family: nexa rust sans;\">La Rep <span style=\"font-family: coves;\"><span style=\"font-family: nexa rust sans;\"> <span style=\"font-family: coves;\">&#8211;<span style=\"font-family: nexa rust sans;\"> 18 D\u00e9cembre 2020 <span style=\"font-family: coves;\"> <a href=\"https:\/\/musique-equilibre.com\/me\/wp-content\/uploads\/2020\/12\/La-Rep-181220.jpg\">ICI<\/a><\/span><\/span><\/span><\/span><\/span><\/span><\/span><\/span><\/p>\n\n\n\n<p><span style=\"font-family: nexa rust sans;\"><font color=\"#ee963c\">PRESSE<\/font> <span style=\"font-family: coves;\">\/ <span style=\"font-family: nexa rust sans;\">Le Monde <span style=\"font-family: coves;\"><span style=\"font-family: nexa rust sans;\"> <span style=\"font-family: coves;\">&#8211;<span style=\"font-family: nexa rust sans;\"> 18 D\u00e9cembre 2020 <span style=\"font-family: coves;\"> <a href=\"https:\/\/musique-equilibre.com\/me\/wp-content\/uploads\/2020\/12\/131466899_2572889979502635_2834546936143452486_n.jpg\">ICI<\/a><\/span><\/span><\/span><\/span><\/span><\/span><\/span><\/span><\/p>\n\n\n\n<p><span style=\"font-family: nexa rust sans;\"><font color=\"#ee963c\">WEB<\/font> <span style=\"font-family: coves;\">\/ <span style=\"font-family: nexa rust sans;\">M\u00e9diapart <span style=\"font-family: coves;\"><span style=\"font-family: nexa rust sans;\"> <span style=\"font-family: coves;\">&#8211;<span style=\"font-family: nexa rust sans;\"> 17 D\u00e9cembre 2020 <span style=\"font-family: coves;\"><a href=\"https:\/\/musique-equilibre.com\/me\/wp-content\/uploads\/2020\/12\/Mediapart17122020.pdf\">ICI<\/a><\/span><\/span><\/span><\/span><\/span><\/span><\/span><\/span><\/p>\n\n\n\n<p><span style=\"font-family: nexa rust sans;\"><FONT color=\"#ee963c\">WEB<\/FONT> <span style=\"font-family: coves;\">\/ <span style=\"font-family: nexa rust sans;\">FIP <span style=\"font-family: coves;\"><span style=\"font-family: nexa rust sans;\"> <span style=\"font-family: coves;\">&#8211;<span style=\"font-family: nexa rust sans;\"> 16 D\u00e9cembre 2020 <span style=\"font-family: coves;\"><a href=\"https:\/\/musique-equilibre.com\/me\/wp-content\/uploads\/2020\/12\/fip161220.pdf\">ICI<\/a>\n\n\n\n<p><span style=\"font-family: nexa rust sans;\"><FONT color=\"#ee963c\">WEB<\/FONT> <span style=\"font-family: coves;\">\/ <span style=\"font-family: nexa rust sans;\">Latins de jazz<span style=\"font-family: coves;\">&#8230;<span style=\"font-family: nexa rust sans;\">&#038; cie <span style=\"font-family: coves;\">&#8211;<span style=\"font-family: nexa rust sans;\"> 15 D\u00e9cembre 2020 <span style=\"font-family: coves;\">  <a href=\"https:\/\/musique-equilibre.com\/me\/wp-content\/uploads\/2020\/12\/Latinsdejazz15122020.pdff\">ICI<\/a>\n\n\n\n<p><span style=\"font-family: nexa rust sans;\"><FONT color=\"#ee963c\">RADIO<\/FONT> <span style=\"font-family: coves;\">\/ <span style=\"font-family: nexa rust sans;\">Open Jazz <span style=\"font-family: coves;\"><span style=\"font-family: nexa rust sans;\"> <span style=\"font-family: coves;\">&#8211;<span style=\"font-family: nexa rust sans;\"> D\u00e9cembre 2020 <span style=\"font-family: coves;\"> <a href=\"https:\/\/podcasts.apple.com\/fr\/podcast\/valentin-th%C3%A9o-ceccaldi-sous-les-ponts-de-constantine\/id504513627?i=1000501973187\">ICI<\/a>\n\n\n\n<p><span style=\"font-family: nexa rust sans;\"><FONT color=\"#ee963c\">PRESSE<\/FONT> <span style=\"font-family: coves;\">\/ <span style=\"font-family: nexa rust sans;\">Jazz Magazine <span style=\"font-family: coves;\">&#8211;<span style=\"font-family: nexa rust sans;\"> D\u00e9cembre 2020 <span style=\"font-family: coves;\"> <a href=\"https:\/\/musique-equilibre.com\/me\/wp-content\/uploads\/2020\/12\/Jazzmagdecembre2020.pdf\">ICI<\/a> et <a href=\"https:\/\/musique-equilibre.com\/me\/wp-content\/uploads\/2020\/12\/Jazzmag2decembre2020.pdf\">ICI<\/a>\n\n\n\n<p><span style=\"font-family: nexa rust sans;\"><FONT color=\"#ee963c\">WEB<\/FONT> <span style=\"font-family: coves;\">\/ <span style=\"font-family: nexa rust sans;\">Sabotjazz<span style=\"font-family: coves;\">&#8211;<span style=\"font-family: nexa rust sans;\"> 26 Novembre 2020 <span style=\"font-family: coves;\"> <a href=\"https:\/\/musique-equilibre.com\/me\/wp-content\/uploads\/2020\/12\/sabotjazz26112020.pdff\">ICI<\/a>\n\n\n\n<p><span style=\"font-family: nexa rust sans;\"><FONT color=\"#ee963c\">WEB<\/FONT> <span style=\"font-family: coves;\">\/ <span style=\"font-family: nexa rust sans;\">L atelier du plateau <span style=\"font-family: coves;\">&#8211;<span style=\"font-family: nexa rust sans;\"><span style=\"font-family: coves;\"> <a href=\"https:\/\/musique-equilibre.com\/me\/wp-content\/uploads\/2020\/12\/atelierduplateau.pdf\">ICI<\/a>\n\n\n\n<hr class=\"wp-block-separator has-text-color has-background has-luminous-vivid-orange-background-color has-luminous-vivid-orange-color\"\/>\n\n\n\n<p><span style=\"font-family: nexa rust sans;\">PRESSE <span style=\"font-family: coves;\">\/ <span style=\"font-family: nexa rust sans;\"><span style=\"font-family: nexa rust sans;\"> Orl\u00e9ans Mag <span style=\"font-family: coves;\">&#8211;<span style=\"font-family: nexa rust sans;\"> Mai 2021 <\/span><a href=\"https:\/\/musique-equilibre.com\/me\/wp-content\/uploads\/2021\/05\/Orleans-Mag-Mai-2021_p-32.pdf\">ICI<\/a><\/span><\/span><\/span><\/span><\/span><\/p>\n\n\n\n<p><span style=\"font-family: nexa rust sans;\">RADIO <span style=\"font-family: coves;\">\/ <span style=\"font-family: nexa rust sans;\"><span style=\"font-family: nexa rust sans;\"> France Bleu Orl\u00e9ans <span style=\"font-family: coves;\">&#8211;<span style=\"font-family: nexa rust sans;\"> Avril 2021 <\/span><a href=\"https:\/\/musique-equilibre.com\/me\/wp-content\/uploads\/2021\/04\/SI_ON_SORTAIT-LILA_TAMAZIT_TRIO-NET_27b00d36-e484-4517-9ce7-38b8da5e189f_R45A.wav\">ICI<\/a> <span style=\"font-family: coves;\"> et <a href=\"https:\/\/musique-equilibre.com\/me\/wp-content\/uploads\/2021\/05\/SI_ON_SORTAIT-3_15_SH_Angeline_Chut_-NET_7fd9f5fe-7405-406c-a82d-a5fcfe0221b6_R45A.mp3\">ICI<\/a><\/span><\/span><\/span><\/span><\/span><\/span><\/p>\n\n\n\n<p><span style=\"font-family: nexa rust sans;\">PRESSE <span style=\"font-family: coves;\">\/ <span style=\"font-family: nexa rust sans;\"><span style=\"font-family: nexa rust sans;\"> Orl\u00e9ans Mag <span style=\"font-family: coves;\">&#8211;<span style=\"font-family: nexa rust sans;\"> Avril 2021 <\/span><a href=\"https:\/\/musique-equilibre.com\/me\/wp-content\/uploads\/2021\/04\/orleans-mag187-36.pdf\">ICI<\/a><\/span><\/span><\/span><\/span><\/span><\/p>\n\n\n\n<p><span style=\"font-family: nexa rust sans;\">PRESSE <span style=\"font-family: coves;\">\/ <span style=\"font-family: nexa rust sans;\">On sort <span style=\"font-family: coves;\">&#8211;<span style=\"font-family: nexa rust sans;\"> Orl\u00e9ans Mag <span style=\"font-family: coves;\">&#8211;<span style=\"font-family: nexa rust sans;\"> D\u00e9cembre 2020 Janvier 2021<br><\/span><\/span><\/span><\/span><\/span><\/span><\/span><\/p>\n\n\n\n<span style=\"font-family: coves;\">Musique et \u00c9quilibre et les cours \u00e0 distance sont dans le dernier On sort <a href=\"https:\/\/musique-equilibre.com\/me\/wp-content\/uploads\/2020\/12\/On-sort-Mag-Centre-Dec-Jan21.png\">ICI<\/a><\/span>\n\n\n\n<p><span style=\"font-family: nexa rust sans;\">PRESSE <span style=\"font-family: coves;\">\/ <span style=\"font-family: nexa rust sans;\">Mag Centre <span style=\"font-family: coves;\">&#8211;<span style=\"font-family: nexa rust sans;\"> Juillet 2020<br> <span style=\"font-family: coves;\"> Musique et Equilibre et le d\u00e9part de son directeur embl\u00e9matique ! <a href=\"https:\/\/musique-equilibre.com\/me\/wp-content\/uploads\/2020\/09\/Mag-centre-juillet-2020.png\">ICI<\/a>\n\n\n\n<p><span style=\"font-family: nexa rust sans;\">WEB <span style=\"font-family: coves;\">\/ <span style=\"font-family: nexa rust sans;\">Fraca ma <span style=\"font-family: coves;\">&#8211; <span style=\"font-family: cove;\"><span style=\"font-family: nexa rust sans;\"> Juillet 2020<br> <span style=\"font-family: coves;\">Aude Prieur \u00e9tait en interview avec la Fraca-ma. On y parle de projets et de la prochaine rentr\u00e9e de Musique et \u00c9quilibre !<br> \n<a href=\"https:\/\/musique-equilibre.com\/me\/wp-content\/uploads\/2020\/09\/Interview-Aude-Fracama-29.07.20.pdf\">ICI<\/a>\n\n\n\n<p><span style=\"font-family: nexa rust sans;\">PRESSE <span style=\"font-family: coves;\">\/ <span style=\"font-family: nexa rust sans;\">Orl\u00e9ans Mag <span style=\"font-family: coves;\">&#8211;<span style=\"font-family: nexa rust sans;\"> Septembre 2020<br> <span style=\"font-family: coves;\"> Musique et Equilibre, sa rentr\u00e9e et son prochain concert sont dans le Orl\u00e9ans Mag de septembre ! <a href=\"https:\/\/musique-equilibre.com\/me\/wp-content\/uploads\/2020\/09\/Orl\u00e9ans-Mag-Septembre-2020.jpg\">ICI<\/a>\n\n\n\n<p><span style=\"font-family: nexa rust sans;\">PRESSE <span style=\"font-family: coves;\">\/ <span style=\"font-family: nexa rust sans;\">Mag Centre <span style=\"font-family: coves;\">&#8211;<span style=\"font-family: nexa rust sans;\"> Septembre 2020<br> <span style=\"font-family: coves;\"> Le Jazz \u00e0 la Sc\u00e8ne Nationale avec Guillaume Dettmar Quartet et le projet Escales, un projet produit par Musique et Equilibre ! <a href=\"https:\/\/musique-equilibre.com\/me\/wp-content\/uploads\/2020\/09\/Mag-centre-23-septembre-2020-1.pdf\">ICI<\/a>\n\n\n\n<p><span style=\"font-family: nexa rust sans;\">WEB <span style=\"font-family: coves;\">\/ <span style=\"font-family: nexa rust sans;\">Mag Centre <span style=\"font-family: coves;\">&#8211;<span style=\"font-family: nexa rust sans;\"> Octobre 2020<br> <span style=\"font-family: coves;\"> Le Guillaume Dettmar Quartet dans Mag Centre <a href=\"https:\/\/musique-equilibre.com\/me\/wp-content\/uploads\/2020\/10\/Magcentreoctobre2020GD.pdf\">ICI<\/a>\n\n\n\n<p><span style=\"font-family: nexa rust sans;\">WEB <span style=\"font-family: coves;\">\/ <span style=\"font-family: nexa rust sans;\">Mag Centre <span style=\"font-family: coves;\">&#8211;<span style=\"font-family: nexa rust sans;\"> Octobre 2020<br> <span style=\"font-family: coves;\"> Interview vid\u00e9o de Guillaume Dettmar pour son projet Escales <a href=\"https:\/\/musique-equilibre.com\/me\/wp-content\/uploads\/2020\/10\/MagcentreGDoctobre20.pdf\">ICI<\/a> et <a href=\"https:\/\/musique-equilibre.com\/me\/wp-content\/uploads\/2020\/10\/Interview-Mag-Centre-Guillaume-Dettmar-4tet.mp4\">ICI<\/a>\n\n\n\n<p><span style=\"font-family: nexa rust sans;\">WEB <span style=\"font-family: coves;\">\/ <span style=\"font-family: nexa rust sans;\">PIAO <span style=\"font-family: coves;\">&#8211;<span style=\"font-family: nexa rust sans;\"> Octobre 2020<br> <span style=\"font-family: coves;\"> Pour Infos A Orl\u00e9ans \u00e9tait \u00e0 la Sc\u00e8ne Nationale pour le concert du Guillaume Dettmar Quartet <a href=\"https:\/\/musique-equilibre.com\/me\/wp-content\/uploads\/2020\/10\/PIAO-octobre-GD.png\">ICI<\/a>\n","protected":false},"excerpt":{"rendered":"<p>CONSTANTINE \/ d&rsquo;apr\u00e8s des compositions de Serge Ceccaldi et jou\u00e9 par Th\u00e9o et Valentin Ceccaldi ainsi que d&rsquo;autres grands noms du Jazz. WEB \/ Pour Infos A Orl\u00e9ans &#8211; F\u00e9vrier 2021 ICI PRESSE \/ Orl\u00e9ans Mag &#8211; F\u00e9vrier 2021 ICI PRESSE \/ La Rep &#8211; 18 D\u00e9cembre 2020 ICI PRESSE \/ Le Monde &#8211; 18 [&hellip;]<\/p>\n","protected":false},"author":1,"featured_media":0,"parent":0,"menu_order":0,"comment_status":"closed","ping_status":"closed","template":"","meta":{"footnotes":""},"class_list":["post-6520","page","type-page","status-publish","czr-hentry"],"yoast_head":"<!-- This site is optimized with the Yoast SEO plugin v26.8 - https:\/\/yoast.com\/product\/yoast-seo-wordpress\/ -->\n<title>2020-2021 - Musique et Equilibre<\/title>\n<meta name=\"robots\" content=\"index, follow, max-snippet:-1, max-image-preview:large, max-video-preview:-1\" \/>\n<link rel=\"canonical\" href=\"https:\/\/musique-equilibre.com\/me\/index.php\/2020-2021\/\" \/>\n<meta property=\"og:locale\" content=\"fr_FR\" \/>\n<meta property=\"og:type\" content=\"article\" \/>\n<meta property=\"og:title\" content=\"2020-2021 - Musique et Equilibre\" \/>\n<meta property=\"og:description\" content=\"CONSTANTINE \/ d&rsquo;apr\u00e8s des compositions de Serge Ceccaldi et jou\u00e9 par Th\u00e9o et Valentin Ceccaldi ainsi que d&rsquo;autres grands noms du Jazz. WEB \/ Pour Infos A Orl\u00e9ans &#8211; F\u00e9vrier 2021 ICI PRESSE \/ Orl\u00e9ans Mag &#8211; F\u00e9vrier 2021 ICI PRESSE \/ La Rep &#8211; 18 D\u00e9cembre 2020 ICI PRESSE \/ Le Monde &#8211; 18 [&hellip;]\" \/>\n<meta property=\"og:url\" content=\"https:\/\/musique-equilibre.com\/me\/index.php\/2020-2021\/\" \/>\n<meta property=\"og:site_name\" content=\"Musique et Equilibre\" \/>\n<meta property=\"article:publisher\" content=\"https:\/\/www.facebook.com\/MusiqueetEquilibre45\" \/>\n<meta property=\"article:modified_time\" content=\"2021-05-03T15:54:19+00:00\" \/>\n<meta property=\"og:image\" content=\"http:\/\/musique-equilibre.com\/me\/wp-content\/uploads\/2020\/12\/127081378_2516213365170297_6416958846634281469_o-1024x484.jpg\" \/>\n<meta name=\"twitter:card\" content=\"summary_large_image\" \/>\n<meta name=\"twitter:site\" content=\"@Musiquequilibre\" \/>\n<meta name=\"twitter:label1\" content=\"Dur\u00e9e de lecture estim\u00e9e\" \/>\n\t<meta name=\"twitter:data1\" content=\"2 minutes\" \/>\n<script type=\"application\/ld+json\" class=\"yoast-schema-graph\">{\"@context\":\"https:\/\/schema.org\",\"@graph\":[{\"@type\":\"WebPage\",\"@id\":\"https:\/\/musique-equilibre.com\/me\/index.php\/2020-2021\/\",\"url\":\"https:\/\/musique-equilibre.com\/me\/index.php\/2020-2021\/\",\"name\":\"2020-2021 - Musique et Equilibre\",\"isPartOf\":{\"@id\":\"https:\/\/musique-equilibre.com\/me\/#website\"},\"primaryImageOfPage\":{\"@id\":\"https:\/\/musique-equilibre.com\/me\/index.php\/2020-2021\/#primaryimage\"},\"image\":{\"@id\":\"https:\/\/musique-equilibre.com\/me\/index.php\/2020-2021\/#primaryimage\"},\"thumbnailUrl\":\"http:\/\/musique-equilibre.com\/me\/wp-content\/uploads\/2020\/12\/127081378_2516213365170297_6416958846634281469_o-1024x484.jpg\",\"datePublished\":\"2020-08-20T09:32:14+00:00\",\"dateModified\":\"2021-05-03T15:54:19+00:00\",\"breadcrumb\":{\"@id\":\"https:\/\/musique-equilibre.com\/me\/index.php\/2020-2021\/#breadcrumb\"},\"inLanguage\":\"fr-FR\",\"potentialAction\":[{\"@type\":\"ReadAction\",\"target\":[\"https:\/\/musique-equilibre.com\/me\/index.php\/2020-2021\/\"]}]},{\"@type\":\"ImageObject\",\"inLanguage\":\"fr-FR\",\"@id\":\"https:\/\/musique-equilibre.com\/me\/index.php\/2020-2021\/#primaryimage\",\"url\":\"http:\/\/musique-equilibre.com\/me\/wp-content\/uploads\/2020\/12\/127081378_2516213365170297_6416958846634281469_o-1024x484.jpg\",\"contentUrl\":\"http:\/\/musique-equilibre.com\/me\/wp-content\/uploads\/2020\/12\/127081378_2516213365170297_6416958846634281469_o-1024x484.jpg\"},{\"@type\":\"BreadcrumbList\",\"@id\":\"https:\/\/musique-equilibre.com\/me\/index.php\/2020-2021\/#breadcrumb\",\"itemListElement\":[{\"@type\":\"ListItem\",\"position\":1,\"name\":\"Accueil\",\"item\":\"https:\/\/musique-equilibre.com\/me\/\"},{\"@type\":\"ListItem\",\"position\":2,\"name\":\"2020-2021\"}]},{\"@type\":\"WebSite\",\"@id\":\"https:\/\/musique-equilibre.com\/me\/#website\",\"url\":\"https:\/\/musique-equilibre.com\/me\/\",\"name\":\"Musique et Equilibre\",\"description\":\"\",\"publisher\":{\"@id\":\"https:\/\/musique-equilibre.com\/me\/#organization\"},\"potentialAction\":[{\"@type\":\"SearchAction\",\"target\":{\"@type\":\"EntryPoint\",\"urlTemplate\":\"https:\/\/musique-equilibre.com\/me\/?s={search_term_string}\"},\"query-input\":{\"@type\":\"PropertyValueSpecification\",\"valueRequired\":true,\"valueName\":\"search_term_string\"}}],\"inLanguage\":\"fr-FR\"},{\"@type\":\"Organization\",\"@id\":\"https:\/\/musique-equilibre.com\/me\/#organization\",\"name\":\"Musique et Equilibre\",\"alternateName\":\"\u00c9cole de musique et salle de concert \u00e0 Orl\u00e9ans\",\"url\":\"https:\/\/musique-equilibre.com\/me\/\",\"logo\":{\"@type\":\"ImageObject\",\"inLanguage\":\"fr-FR\",\"@id\":\"https:\/\/musique-equilibre.com\/me\/#\/schema\/logo\/image\/\",\"url\":\"https:\/\/musique-equilibre.com\/me\/wp-content\/uploads\/2022\/11\/cropped-Logo_orange_texture-1.png\",\"contentUrl\":\"https:\/\/musique-equilibre.com\/me\/wp-content\/uploads\/2022\/11\/cropped-Logo_orange_texture-1.png\",\"width\":512,\"height\":512,\"caption\":\"Musique et Equilibre\"},\"image\":{\"@id\":\"https:\/\/musique-equilibre.com\/me\/#\/schema\/logo\/image\/\"},\"sameAs\":[\"https:\/\/www.facebook.com\/MusiqueetEquilibre45\",\"https:\/\/x.com\/Musiquequilibre\",\"https:\/\/www.instagram.com\/musique_et_equilibre_\/\",\"https:\/\/www.linkedin.com\/company\/musique-&amp;-equilibre\/\",\"https:\/\/www.youtube.com\/c\/MusiqueEquilibreOrleans\/\"]}]}<\/script>\n<!-- \/ Yoast SEO plugin. -->","yoast_head_json":{"title":"2020-2021 - Musique et Equilibre","robots":{"index":"index","follow":"follow","max-snippet":"max-snippet:-1","max-image-preview":"max-image-preview:large","max-video-preview":"max-video-preview:-1"},"canonical":"https:\/\/musique-equilibre.com\/me\/index.php\/2020-2021\/","og_locale":"fr_FR","og_type":"article","og_title":"2020-2021 - Musique et Equilibre","og_description":"CONSTANTINE \/ d&rsquo;apr\u00e8s des compositions de Serge Ceccaldi et jou\u00e9 par Th\u00e9o et Valentin Ceccaldi ainsi que d&rsquo;autres grands noms du Jazz. WEB \/ Pour Infos A Orl\u00e9ans &#8211; F\u00e9vrier 2021 ICI PRESSE \/ Orl\u00e9ans Mag &#8211; F\u00e9vrier 2021 ICI PRESSE \/ La Rep &#8211; 18 D\u00e9cembre 2020 ICI PRESSE \/ Le Monde &#8211; 18 [&hellip;]","og_url":"https:\/\/musique-equilibre.com\/me\/index.php\/2020-2021\/","og_site_name":"Musique et Equilibre","article_publisher":"https:\/\/www.facebook.com\/MusiqueetEquilibre45","article_modified_time":"2021-05-03T15:54:19+00:00","og_image":[{"url":"http:\/\/musique-equilibre.com\/me\/wp-content\/uploads\/2020\/12\/127081378_2516213365170297_6416958846634281469_o-1024x484.jpg","type":"","width":"","height":""}],"twitter_card":"summary_large_image","twitter_site":"@Musiquequilibre","twitter_misc":{"Dur\u00e9e de lecture estim\u00e9e":"2 minutes"},"schema":{"@context":"https:\/\/schema.org","@graph":[{"@type":"WebPage","@id":"https:\/\/musique-equilibre.com\/me\/index.php\/2020-2021\/","url":"https:\/\/musique-equilibre.com\/me\/index.php\/2020-2021\/","name":"2020-2021 - Musique et Equilibre","isPartOf":{"@id":"https:\/\/musique-equilibre.com\/me\/#website"},"primaryImageOfPage":{"@id":"https:\/\/musique-equilibre.com\/me\/index.php\/2020-2021\/#primaryimage"},"image":{"@id":"https:\/\/musique-equilibre.com\/me\/index.php\/2020-2021\/#primaryimage"},"thumbnailUrl":"http:\/\/musique-equilibre.com\/me\/wp-content\/uploads\/2020\/12\/127081378_2516213365170297_6416958846634281469_o-1024x484.jpg","datePublished":"2020-08-20T09:32:14+00:00","dateModified":"2021-05-03T15:54:19+00:00","breadcrumb":{"@id":"https:\/\/musique-equilibre.com\/me\/index.php\/2020-2021\/#breadcrumb"},"inLanguage":"fr-FR","potentialAction":[{"@type":"ReadAction","target":["https:\/\/musique-equilibre.com\/me\/index.php\/2020-2021\/"]}]},{"@type":"ImageObject","inLanguage":"fr-FR","@id":"https:\/\/musique-equilibre.com\/me\/index.php\/2020-2021\/#primaryimage","url":"http:\/\/musique-equilibre.com\/me\/wp-content\/uploads\/2020\/12\/127081378_2516213365170297_6416958846634281469_o-1024x484.jpg","contentUrl":"http:\/\/musique-equilibre.com\/me\/wp-content\/uploads\/2020\/12\/127081378_2516213365170297_6416958846634281469_o-1024x484.jpg"},{"@type":"BreadcrumbList","@id":"https:\/\/musique-equilibre.com\/me\/index.php\/2020-2021\/#breadcrumb","itemListElement":[{"@type":"ListItem","position":1,"name":"Accueil","item":"https:\/\/musique-equilibre.com\/me\/"},{"@type":"ListItem","position":2,"name":"2020-2021"}]},{"@type":"WebSite","@id":"https:\/\/musique-equilibre.com\/me\/#website","url":"https:\/\/musique-equilibre.com\/me\/","name":"Musique et Equilibre","description":"","publisher":{"@id":"https:\/\/musique-equilibre.com\/me\/#organization"},"potentialAction":[{"@type":"SearchAction","target":{"@type":"EntryPoint","urlTemplate":"https:\/\/musique-equilibre.com\/me\/?s={search_term_string}"},"query-input":{"@type":"PropertyValueSpecification","valueRequired":true,"valueName":"search_term_string"}}],"inLanguage":"fr-FR"},{"@type":"Organization","@id":"https:\/\/musique-equilibre.com\/me\/#organization","name":"Musique et Equilibre","alternateName":"\u00c9cole de musique et salle de concert \u00e0 Orl\u00e9ans","url":"https:\/\/musique-equilibre.com\/me\/","logo":{"@type":"ImageObject","inLanguage":"fr-FR","@id":"https:\/\/musique-equilibre.com\/me\/#\/schema\/logo\/image\/","url":"https:\/\/musique-equilibre.com\/me\/wp-content\/uploads\/2022\/11\/cropped-Logo_orange_texture-1.png","contentUrl":"https:\/\/musique-equilibre.com\/me\/wp-content\/uploads\/2022\/11\/cropped-Logo_orange_texture-1.png","width":512,"height":512,"caption":"Musique et Equilibre"},"image":{"@id":"https:\/\/musique-equilibre.com\/me\/#\/schema\/logo\/image\/"},"sameAs":["https:\/\/www.facebook.com\/MusiqueetEquilibre45","https:\/\/x.com\/Musiquequilibre","https:\/\/www.instagram.com\/musique_et_equilibre_\/","https:\/\/www.linkedin.com\/company\/musique-&amp;-equilibre\/","https:\/\/www.youtube.com\/c\/MusiqueEquilibreOrleans\/"]}]}},"_links":{"self":[{"href":"https:\/\/musique-equilibre.com\/me\/index.php\/wp-json\/wp\/v2\/pages\/6520","targetHints":{"allow":["GET"]}}],"collection":[{"href":"https:\/\/musique-equilibre.com\/me\/index.php\/wp-json\/wp\/v2\/pages"}],"about":[{"href":"https:\/\/musique-equilibre.com\/me\/index.php\/wp-json\/wp\/v2\/types\/page"}],"author":[{"embeddable":true,"href":"https:\/\/musique-equilibre.com\/me\/index.php\/wp-json\/wp\/v2\/users\/1"}],"replies":[{"embeddable":true,"href":"https:\/\/musique-equilibre.com\/me\/index.php\/wp-json\/wp\/v2\/comments?post=6520"}],"version-history":[{"count":49,"href":"https:\/\/musique-equilibre.com\/me\/index.php\/wp-json\/wp\/v2\/pages\/6520\/revisions"}],"predecessor-version":[{"id":7720,"href":"https:\/\/musique-equilibre.com\/me\/index.php\/wp-json\/wp\/v2\/pages\/6520\/revisions\/7720"}],"wp:attachment":[{"href":"https:\/\/musique-equilibre.com\/me\/index.php\/wp-json\/wp\/v2\/media?parent=6520"}],"curies":[{"name":"wp","href":"https:\/\/api.w.org\/{rel}","templated":true}]}}