{"id":6278,"date":"2020-05-08T17:01:36","date_gmt":"2020-05-08T15:01:36","guid":{"rendered":"http:\/\/musique-equilibre.com\/me\/?page_id=6278"},"modified":"2020-06-23T13:39:51","modified_gmt":"2020-06-23T11:39:51","slug":"agenda-2019-2020","status":"publish","type":"page","link":"https:\/\/musique-equilibre.com\/me\/index.php\/agenda-2019-2020\/","title":{"rendered":"<span style=\"font-family: coves;\"><span style=\"text-align: center; color: #f15d20;\">Agenda 2019 2020"},"content":{"rendered":"\n<div class=\"wp-block-themeisle-blocks-advanced-columns has-1-columns has-desktop-equal-layout has-tablet-equal-layout has-mobile-equal-layout has-default-gap has-vertical-unset\" id=\"wp-block-themeisle-blocks-advanced-columns-b86028a5\" style=\"border-width:0px;border-style:solid;border-color:#000000;border-radius:0px;justify-content:unset\"><div class=\"wp-themeisle-block-overlay\" style=\"opacity:0.5;mix-blend-mode:normal\"><\/div><div class=\"innerblocks-wrap\">\n<div class=\"wp-block-themeisle-blocks-advanced-column\" id=\"wp-block-themeisle-blocks-advanced-column-0a3d1617\" style=\"border-width:0px;border-style:solid;border-color:#000000;border-radius:0px\">\n\n\n<table style=\"height: 374px;\" width=\"615;\" cellspacing=\"20;\" cellpadding=\"2;\" align=\"center\">\n<tbody>\n<tr>\n<td style=\"font-family: nexa rust sans; text-align: center;\" bgcolor=\" #cd5629\">\n<div id=\"20juin\"><span style=\"color: #ffffff;\"><strong>juin <\/strong><em>crazy week<\/em><strong><br><\/strong><\/span><\/div>\n<\/td>\n<\/tr>\n<tr>\n<td style=\"font-family: coves;\" bgcolor=\" #302E2E\"><span style=\"color: #ffffff;\"><strong><b>CARTE BLANCHE &#8211; Autour de la composition<\/b><\/strong><\/span><span style=\"color: #ffffff;\"><br><span style=\"color: #a39696;\"><strong>Avec Vincent Viala&nbsp;<\/strong><\/span><br>En visioconf\u00e9rence&nbsp;<\/span><br><span style=\"color: #f15d20;\">04.06.2020 \u00e0 19h00<br><\/span><\/td>\n<\/tr>\n<tr>\n<td style=\"font-family: coves;\" bgcolor=\" #302E2E\"><span style=\"color: #ffffff;\"><strong><b>CARTE BLANCHE &#8211; Autour de la composition<\/b><\/strong><\/span><span style=\"color: #ffffff;\"><br><span style=\"color: #a39696;\"><strong>Avec Vincent Viala&nbsp;<\/strong><\/span><br>En visioconf\u00e9rence&nbsp;<\/span><br><span style=\"color: #f15d20;\">10.06.2020 \u00e0 19h00<br><\/span><\/td>\n<\/tr>\n<tr>\n<td style=\"font-family: coves;\" bgcolor=\" #302E2E\"><span style=\"color: #ffffff;\"><strong><b>REPORT\u00c9 LE 16 NOVEMBRE <\/b><\/strong><\/span><del><span style=\"color: #ffffff;\"><strong>LIVE <span style=\"color: #f15d20;\">#23<\/span><\/strong><\/span><span style=\"color: #ffffff;\"><br><span style=\"color: #a39696;\"><strong>H\u00e9l\u00e8ne Le Corre \/ Thierry Brossard \/ Vincent Viala<\/strong><br><\/span>Argonaute<\/span><\/del><br><del><span style=\"color: #f15d20;\">22.06.2020 \u00e0 19h30<\/span><\/del><\/td>\n<\/tr>\n<tr>\n<td style=\"font-family: coves;\" bgcolor=\" #302E2E\"><span style=\"color: #ffffff;\"><strong><b>REPORT\u00c9 LE 17 NOVEMBRE&nbsp; <\/b><\/strong><\/span><del><span style=\"color: #ffffff;\"><strong>JAM <span style=\"color: #f15d20;\">#16<\/span><\/strong><\/span><\/del><br><del><span style=\"color: #ffffff;\"><span style=\"color: #a39696;\"><strong>Coordinateur : Philippe Capelle<br><span style=\"color: #ffffff;\">Argonaute<\/span><\/strong><\/span><\/span><\/del><br><del><span style=\"color: #f15d20;\">23.06.2020 \u00e0 20h00<br><\/span><\/del><\/td>\n<\/tr>\n<tr>\n<td style=\"font-family: coves;\" bgcolor=\" #302E2E\"><span style=\"color: #ffffff;\"><strong><b>REPORT\u00c9 LE 18 NOVEMBRE&nbsp; <\/b><\/strong><\/span><del><span style=\"color: #ffffff;\"><strong>ATELIER <span style=\"color: #f15d20;\">#12<\/span><\/strong><\/span><span style=\"color: #ffffff;\"><br><span style=\"color: #a39696;\"><strong>Blues \/ Ensemble Guitare <\/strong><\/span><br>Argonaute<\/span><\/del><br><del><span style=\"color: #f15d20;\">24.06.2020 \u00e0 19h30<br><\/span><\/del><\/td>\n<\/tr>\n<tr>\n<td style=\"font-family: coves;\" bgcolor=\" #302E2E\"><span style=\"color: #ffffff;\"><strong>ANNUL<\/strong><\/span><span style=\"color: #ffffff;\"><strong><b>\u00c9 <\/b><\/strong><\/span><del><span style=\"color: #ffffff;\"><strong>2TIMES <span style=\"color: #f15d20;\">#25<br><span style=\"color: #a39696;\">Bal au bon (projet UCM)<br><\/span><\/span><\/strong>Argonaute<\/span><\/del><br><del><span style=\"color: #f15d20;\">26.06.2020 \u00e0 20h00<br><\/span><\/del><\/td>\n<\/tr>\n<tr>\n<td style=\"font-family: coves;\" bgcolor=\" #302E2E\"><span style=\"color: #ffffff;\"><strong>ANNUL<\/strong><\/span><span style=\"color: #ffffff;\"><strong><b>\u00c9 <\/b><\/strong><\/span><del><span style=\"color: #ffffff;\"><strong>Petit Bazar<span style=\"color: #f15d20;\"><br><span style=\"color: #a39696;\">Tous les ateliers Petite enfance<br><\/span><\/span>Argonaute<\/strong><\/span><\/del><br><del><span style=\"color: #f15d20;\">27.06.2020<br><\/span><\/del><\/td>\n<\/tr>\n<tr>\n<td style=\"font-family: coves;\" bgcolor=\" #302E2E\"><span style=\"color: #ffffff;\"><strong>ANNUL<\/strong><\/span><span style=\"color: #ffffff;\"><strong><b>\u00c9 <\/b><\/strong><\/span><del><span style=\"color: #ffffff;\"><strong>Grand Bazar <span style=\"color: #f15d20;\"><br><span style=\"color: #a39696;\">Tous les ateliers M&amp;E<br><\/span><\/span>Argonaute<\/strong><\/span><\/del><br><span style=\"color: #f15d20;\"><del>28.06.2020<\/del><br><\/span><\/td>\n<\/tr>\n<\/tbody>\n<\/table>\n\n\n\n\n\n\n\n\n<table style=\"height: 374px;\" width=\"615;\" cellspacing=\"20;\" cellpadding=\"2;\" align=\"center\">\n<tbody>\n<tr>\n<td style=\"font-family: nexa rust sans; text-align: center;\" bgcolor=\" #cd5629\">\n<div id=\"20juin\"><span style=\"color: #ffffff;\"><strong>MAI<\/strong><strong><br><\/strong><\/span><\/div>\n<\/td>\n<\/tr>\n<tr>\n<td style=\"font-family: coves;\" bgcolor=\" #302E2E\"><span style=\"color: #ffffff;\"><strong><b>ANNUL\u00c9 <\/b><\/strong><\/span><del><span style=\"color: #ffffff;\"><strong>Caf\u00e9 Conf <span style=\"color: #f15d20;\">#<span style=\"color: #ff6600;\">14<\/span><\/span><\/strong><br><span style=\"color: #a39696;\"><strong>Musiques concr\u00e8tes et \u00e9lectro-acoustiques avec Edgar Nicouleau<\/strong><br><\/span>La Ruche En Sc\u00e8ne<\/span><\/del><br><del><span style=\"color: #f15d20;\">02.05.2020 \u00e0 10h00<\/span><\/del><\/td>\n<\/tr>\n<tr>\n<td style=\"font-family: coves;\" bgcolor=\" #302E2E\"><span style=\"color: #f15d20;\"><span style=\"color: #ffffff;\"><strong><b>ANNUL\u00c9 <\/b><\/strong><\/span><del><span style=\"color: #ffffff;\"><strong>Caf\u00e9 Conf<span style=\"color: #ff6600;\"> #14<\/span><\/strong><br><span style=\"color: #a39696;\"><strong>Musiques \u00e9lectroniques avec Benjamin Cadon<\/strong><br><\/span>Artizanes<\/span><\/del><br><del>09.05.2020 \u00e0 10h00<\/del><br><\/span><\/td>\n<\/tr>\n<tr>\n<td style=\"font-family: coves;\" bgcolor=\" #302E2E\"><span style=\"color: #ffffff;\"><strong><b>CARTE BLANCHE &#8211; Autour de la composition<\/b><\/strong><\/span><span style=\"color: #ffffff;\"><br><span style=\"color: #a39696;\"><strong>Avec Vincent Viala&nbsp;<\/strong><\/span><br>En visioconf\u00e9rence&nbsp;<\/span><br><span style=\"color: #f15d20;\">12.05.2020 \u00e0 19h00<br><\/span><\/td>\n<\/tr>\n<tr>\n<td style=\"font-family: coves;\" bgcolor=\" #302E2E\"><span style=\"color: #ffffff;\"><strong><b>REPORT\u00c9 EN 2021 <\/b><\/strong><\/span><del><span style=\"color: #ffffff;\"><strong>FESTIVAL LES MOSA\u00cfQUES <span style=\"color: #f15d20;\">#6<\/span><\/strong><\/span><span style=\"color: #ffffff;\"><br><span style=\"color: #a39696;\"><strong>Soir\u00e9e Jeux Vid\u00e9o&nbsp;<\/strong><\/span><br>Th\u00e9\u00e2tre G\u00e9rard Philippe&nbsp;<\/span><\/del><br><del><span style=\"color: #f15d20;\">14.05.2020 \u00e0 20h00<br><\/span><\/del><\/td>\n<\/tr>\n<tr>\n<td style=\"font-family: coves;\" bgcolor=\" #302E2E\"><span style=\"color: #ffffff;\"><strong><span style=\"color: #f15d20;\"><span style=\"color: #ffffff;\"><b>REPORT\u00c9 <\/b><\/span><\/span><\/strong><\/span><del><span style=\"color: #ffffff;\"><strong><span style=\"color: #f15d20;\"><span style=\"color: #ffffff;\">FESTIVAL LES MOSA\u00cfQUES<\/span> #6<br><span style=\"color: #a39696;\">Bach To Africa<br><\/span><\/span><\/strong><\/span><span style=\"color: #ffffff;\">Th\u00e9\u00e2tre G\u00e9rard Philippe&nbsp;<\/span><\/del><br><del><span style=\"color: #f15d20;\">15.05.2020 \u00e0 20h00<br><\/span><\/del><\/td>\n<\/tr>\n<tr>\n<td style=\"font-family: coves;\" bgcolor=\" #302E2E\"><span style=\"color: #ffffff;\"><strong><span style=\"color: #f15d20;\"><span style=\"color: #ffffff;\"><b>REPORT\u00c9 EN 2021 <\/b><\/span><\/span><\/strong><\/span><del><span style=\"color: #ffffff;\"><strong><span style=\"color: #f15d20;\"><span style=\"color: #ffffff;\">FESTIVAL LES MOSA\u00cfQUES<\/span> #6<br><span style=\"color: #a39696;\">Bal Au Bond<br><\/span><\/span><\/strong><\/span><span style=\"color: #ffffff;\">Th\u00e9\u00e2tre G\u00e9rard Philippe&nbsp;<\/span><\/del><br><span style=\"color: #f15d20;\"><del>16.05.2020 \u00e0 20h00<\/del><br><\/span><\/td>\n<\/tr>\n<\/tbody>\n<\/table>\n\n\n\n\n\n\n\n<table style=\"height: 374px;\" width=\"615;\" cellspacing=\"20;\" cellpadding=\"2;\" align=\"center\">\n<tbody>\n<tr>\n<td style=\"font-family: nexa rust sans; text-align: center;\" bgcolor=\" #cd5629\">\n<div id=\"20avril\"><span style=\"color: #ffffff;\"><strong><b>report\u00e9 <\/b><del>avril<\/del><\/strong><\/span><\/div>\n<\/td>\n<\/tr>\n<tr>\n<td style=\"font-family: coves;\" bgcolor=\" #302E2E\"><span style=\"color: #ffffff;\"><strong>Caf\u00e9 Conf <span style=\"color: #f15d20;\">#12<br><span style=\"color: #a39696;\">Chanson avec Karl Verdot<br><del><span style=\"color: #ffffff;\">La Ruche En Sc\u00e8ne<\/span><\/del><\/span><\/span><\/strong><\/span><br><span style=\"color: #f15d20;\">04.04.2020 \u00e0 10h00<del><br><\/del><strong><span style=\"color: #ffffff;\">EN VISIOCONFERENCE<\/span><\/strong> <a href=\"https:\/\/us04web.zoom.us\/j\/5305604763\"><strong>ICI<\/strong><\/a><\/span><\/td>\n<\/tr>\n<tr>\n<td style=\"font-family: coves;\" bgcolor=\" #302E2E\"><span style=\"color: #ffffff;\"><strong><b>REPORT\u00c9 LE 12 OCTOBRE <\/b><del>LIVE <span style=\"color: #f15d20;\">#22<\/span><\/del><\/strong><\/span><del><span style=\"color: #ffffff;\"><br><span style=\"color: #a39696;\"><strong>Matthias Boudeau \/ Romain Cl\u00e9ment \/ Philippe Capelle \/ <\/strong>&nbsp;<\/span><br>Argonaute<\/span><\/del><br><del><span style=\"color: #f15d20;\">06.04.2020 \u00e0 19h30<\/span><\/del><\/td>\n<\/tr>\n<tr>\n<td style=\"font-family: coves;\" bgcolor=\" #302E2E\"><span style=\"color: #ffffff;\"><strong><b>REPORT\u00c9 LE 13 OCTOBRE <\/b><del>JAM <span style=\"color: #f15d20;\">#15<\/span><\/del><\/strong><\/span><br><del><span style=\"color: #ffffff;\"><span style=\"color: #a39696;\"><strong>Coordinateur : Romain Cl\u00e9ment<br><\/strong><span style=\"color: #ffffff;\">Argonaute<\/span><\/span><\/span><\/del><br><span style=\"color: #f15d20;\"><del>07.03.2020 \u00e0 20h00<\/del><br><\/span><\/td>\n<\/tr>\n<tr>\n<td style=\"font-family: coves;\" bgcolor=\" #302E2E\"><span style=\"color: #ffffff;\"><strong><b>REPORT\u00c9 LE 14 OCTOBRE <\/b><del>ATELIER <span style=\"color: #f15d20;\">#1 1<\/span><\/del><\/strong><\/span><del><span style=\"color: #ffffff;\"><br><strong><span style=\"color: #a39696;\">Rock \/ improvisation libre<\/span><\/strong><br>Argonaute<\/span><\/del><br><span style=\"color: #f15d20;\"><del>08.04.2020 \u00e0 19h30<\/del><br><\/span><\/td>\n<\/tr>\n<tr>\n<td style=\"font-family: coves;\" bgcolor=\" #302E2E\"><span style=\"color: #ffffff;\"><strong><b>REPORT\u00c9 AU 25 SEPTEMBRE <\/b><del>2TIMES <span style=\"color: #f15d20;\">#24<br><span style=\"color: #a39696;\">Nil&rsquo;s Experience \/ Desmurs &#8211; Verly &#8211; Davies<br><\/span><\/span><\/del><\/strong><del>Argonaute<\/del><\/span><br><span style=\"color: #f15d20;\"><del>10.04.2020 \u00e0 20h00<\/del><br><\/span><\/td>\n<\/tr>\n<tr>\n<td style=\"font-family: coves;\" bgcolor=\" #302E2E\"><span style=\"color: #ffffff;\"><strong><b>ANNUL\u00c9 <\/b><\/strong><\/span><del><span style=\"color: #ffffff;\"><strong>Caf\u00e9 Conf <span style=\"color: #f15d20;\">#13<br><span style=\"color: #a39696;\">Les Musiques du Monde, part. 2 avec Adrien Chennebault<br><span style=\"color: #ffffff;\">La Ruche En Sc\u00e8ne<\/span><\/span><\/span><\/strong><\/span><\/del><br><span style=\"color: #f15d20;\"><del>25.04.2020 \u00e0 10h00<\/del><br><\/span><\/td>\n<\/tr>\n<\/tbody>\n<\/table>\n<table style=\"height: 374px;\" width=\"615;\" cellspacing=\"20;\" cellpadding=\"2;\" align=\"center\">\n<tbody>\n<tr>\n<td style=\"font-family: nexa rust sans; text-align: center;\" bgcolor=\" #cd5629\">\n<div id=\"20mars\"><span style=\"color: #ffffff;\"><strong>mars<\/strong><\/span><\/div>\n<\/td>\n<\/tr>\n<tr>\n<td style=\"font-family: coves;\" bgcolor=\" #302E2E\"><span style=\"color: #ffffff;\"><strong><span style=\"color: #f15d20;\"><span style=\"color: #ffffff;\">Carte Blanche \u00ab\u00a0Ecrire Une Chanson\u00a0\u00bb<\/span><br><span style=\"color: #a39696;\">par R\u00e9gis Savigny<br><span style=\"color: #ffffff;\">108<\/span><\/span><\/span><\/strong><\/span><br><span style=\"color: #f15d20;\">05.03.2020<br><\/span><\/td>\n<\/tr>\n<tr>\n<td style=\"font-family: coves;\" bgcolor=\" #302E2E\"><span style=\"color: #ffffff;\"><strong>Caf\u00e9 Conf <span style=\"color: #f15d20;\">#11<br><span style=\"color: #a39696;\">Les Musiques du Monde avec Adrien Chennebault<br><span style=\"color: #ffffff;\">La Ruche En Sc\u00e8ne<\/span><\/span><\/span><\/strong><\/span><br><span style=\"color: #f15d20;\">07.03.2020 \u00e0 10h00<br><\/span><\/td>\n<\/tr>\n<tr>\n<td style=\"font-family: coves;\" bgcolor=\" #302E2E\"><span style=\"color: #ffffff;\"><strong>LIVE <span style=\"color: #f15d20;\">#21<\/span><\/strong><\/span><span style=\"color: #ffffff;\"><br><strong><span style=\"color: #a39696;\">Muriel Raynaud \/ Agn\u00e8s Orsingher \/ Laurent Desmurs<\/span><\/strong><br>Argonaute<\/span><br><span style=\"color: #f15d20;\">09.03.2020 \u00e0 19h30<br><\/span><\/td>\n<\/tr>\n<tr>\n<td style=\"font-family: coves;\" bgcolor=\" #302E2E\"><span style=\"color: #ffffff;\"><strong>JAM <span style=\"color: #f15d20;\">#14<\/span><\/strong><\/span><br><span style=\"color: #ffffff;\"><span style=\"color: #a39696;\"><strong>Coordinateur : R\u00e9gis Savigny<br><\/strong><span style=\"color: #ffffff;\">Argonaute<\/span><\/span><\/span><br><span style=\"color: #f15d20;\">10.03.2020 \u00e0 20h00<br><\/span><\/td>\n<\/tr>\n<tr>\n<td style=\"font-family: coves;\" bgcolor=\" #302E2E\"><span style=\"color: #ffffff;\"><strong>ATELIER <span style=\"color: #f15d20;\">#10<\/span><\/strong><\/span><span style=\"color: #ffffff;\"><br><span style=\"color: #a39696;\"><strong>Pop Rock \/ El\u00e8ves de Sebastien Janjou de l\u00a0\u00bb\u00e9cole de musique de Baule&nbsp;<\/strong><\/span><br>Argonaute<\/span><br><span style=\"color: #f15d20;\">11.03.2020 \u00e0 19h30<br><\/span><\/td>\n<\/tr>\n<tr>\n<td style=\"font-family: coves;\" bgcolor=\" #302E2E\"><span style=\"color: #ffffff;\"><strong>2TIMES <span style=\"color: #f15d20;\">#23<br><span style=\"color: #a39696;\">The Substellar \/ Ballsinhead<br><\/span><\/span>Argonaute<\/strong><\/span><br><span style=\"color: #f15d20;\">13.03.2020 \u00e0 20h00<br><\/span><\/td>\n<\/tr>\n<\/tbody>\n<\/table>\n<table style=\"height: 374px;\" width=\"615;\" cellspacing=\"20;\" cellpadding=\"2;\" align=\"center\">\n<tbody>\n<tr>\n<td style=\"font-family: nexa rust sans; text-align: center;\" bgcolor=\" #cd5629\">\n<div id=\"20fevrier\"><span style=\"color: #ffffff;\"><strong>f\u00e9vrier<\/strong><\/span><\/div>\n<\/td>\n<\/tr>\n<tr>\n<td style=\"font-family: coves;\" bgcolor=\" #302E2E\"><span style=\"color: #ffffff;\"><strong>LIVE <span style=\"color: #f15d20;\">#20<\/span><\/strong><\/span><span style=\"color: #ffffff;\"><br><span style=\"color: #a39696;\"><strong>Agn\u00e8s Orsingher \/ Victor Palma \/ Thomas Duval \/ Aude Prieur<\/strong> <strong>\/ David Sevestre \/ Bertrand Hurault<\/strong><br><\/span>Argonaute<\/span><br><span style=\"color: #f15d20;\">03.02.2020 \u00e0 19h30<br><\/span><\/td>\n<\/tr>\n<tr>\n<td style=\"font-family: coves;\" bgcolor=\" #302E2E\"><span style=\"color: #ffffff;\"><strong>JAM <span style=\"color: #f15d20;\">#13<\/span><\/strong><\/span><br><span style=\"color: #ffffff;\"><span style=\"color: #a39696;\"><strong>Coordinateur : Laurent Desmur<br><span style=\"color: #ffffff;\">Argonaute<\/span><\/strong><\/span><\/span><br><span style=\"color: #f15d20;\">04.02.2020 \u00e0 20h00<br><\/span><\/td>\n<\/tr>\n<tr>\n<td style=\"font-family: coves;\" bgcolor=\" #302E2E\"><span style=\"color: #ffffff;\"><strong>ATELIER <span style=\"color: #f15d20;\">#9<\/span><\/strong><\/span><span style=\"color: #ffffff;\"><br><span style=\"color: #a39696;\"><strong>Tradition Orale \/ Celtique <\/strong><\/span><br>Argonaute<\/span><br><span style=\"color: #f15d20;\">05.02.2020\u00e0 19h30<br><\/span><\/td>\n<\/tr>\n<tr>\n<td style=\"font-family: coves;\" bgcolor=\" #302E2E\"><span style=\"color: #ffffff;\"><strong>2TIMES <span style=\"color: #f15d20;\">#22<br><span style=\"color: #a39696;\">Zaghreb trio \/ Mario Canonge et Michel Zenino<br><\/span><\/span>Argonaute<\/strong><\/span><br><span style=\"color: #f15d20;\">07.02.2020 \u00e0 20h00<br><\/span><\/td>\n<\/tr>\n<\/tbody>\n<\/table>\n<table style=\"height: 374px;\" width=\"615;\" cellspacing=\"20;\" cellpadding=\"2;\" align=\"center\">\n<tbody>\n<tr>\n<td style=\"font-family: nexa rust sans; text-align: center;\" bgcolor=\" #cd5629\">\n<div id=\"20janvier\"><span style=\"color: #ffffff;\"><strong>janvier<\/strong><\/span><\/div>\n<\/td>\n<\/tr>\n<tr>\n<td style=\"font-family: coves;\" bgcolor=\" #302E2E\"><span style=\"color: #ffffff;\"><strong>CAF\u00c9 CONF&nbsp;<span style=\"color: #f15d20;\">#7<\/span><\/strong><\/span><span style=\"color: #ffffff;\"><span style=\"color: #ffffff;\"><br><span style=\"color: #a39696;\"><strong>L&rsquo;histoire du Jazz par Karl Verdot<\/strong><br><\/span>Bar \u00ab\u00a0A la Page\u00a0\u00bb,&nbsp;<\/span><\/span><span style=\"color: #ffffff;\">215, rue de Bourgogne, Orl\u00e9ans<\/span><br><span style=\"color: #f15d20;\">11.01.2020 \u00e0 10h00<br><\/span><\/td>\n<\/tr>\n<tr>\n<td style=\"font-family: coves;\" bgcolor=\" #302E2E\"><span style=\"color: #ffffff;\"><strong>LIVE <span style=\"color: #f15d20;\">#19<\/span><\/strong><\/span><span style=\"color: #ffffff;\"><br><span style=\"color: #a39696;\"><strong>Nathalie Joda \/ H\u00e9l\u00e8ne Le Corre \/ Vincent Viala \/ Eric L&rsquo;heud\u00e9<\/strong><br><\/span>Argonaute<\/span><br><span style=\"color: #f15d20;\">13.01.2020 \u00e0 19h30<br><\/span><\/td>\n<\/tr>\n<tr>\n<td style=\"font-family: coves;\" bgcolor=\" #302E2E\"><span style=\"color: #ffffff;\"><strong>JAM <span style=\"color: #f15d20;\">#12<\/span><\/strong><\/span><br><span style=\"color: #ffffff;\"><span style=\"color: #a39696;\"><strong>Coordinateur : Franck Sall\u00e9<br><\/strong>Argonaute<\/span><\/span><br><span style=\"color: #f15d20;\">14.01.2020 \u00e0 20h00<br><\/span><\/td>\n<\/tr>\n<tr>\n<td style=\"font-family: coves;\" bgcolor=\" #302E2E\"><span style=\"color: #ffffff;\"><strong>ATELIER <span style=\"color: #f15d20;\">#8<\/span><\/strong><\/span><span style=\"color: #ffffff;\"><br><span style=\"color: #a39696;\"><strong>Jazz Fusion \/ Ensemble vocal MA<\/strong><\/span><br>Argonaute<\/span><br><span style=\"color: #f15d20;\">15.01.2020 \u00e0 19h30<br><\/span><\/td>\n<\/tr>\n<tr>\n<td style=\"font-family: coves;\" bgcolor=\" #302E2E\"><span style=\"color: #ffffff;\"><strong>2TIMES <span style=\"color: #f15d20;\">#21<br><span style=\"color: #a39696;\">K-ubiK \/ Constanza<br><\/span><\/span>Argonaute<\/strong><\/span><br><span style=\"color: #f15d20;\">17.01.2020 \u00e0 20h00<br><\/span><\/td>\n<\/tr>\n<tr>\n<td style=\"font-family: coves;\" bgcolor=\" #302E2E\"><span style=\"color: #ffffff;\"><strong>CAF\u00c9 CONF&nbsp;<span style=\"color: #f15d20;\">#8<\/span><\/strong><\/span><span style=\"color: #ffffff;\"><span style=\"color: #ffffff;\"><span style=\"color: #ffffff;\"><br><span style=\"color: #a39696;\"><strong>Rock\/Soul\/Pop de 1954 \u00e0 1976&nbsp; par Charles&nbsp;<\/strong><\/span><\/span><\/span><\/span><span style=\"color: #ffffff;\"><span style=\"color: #ffffff;\"><span style=\"color: #a39696;\"><strong>Tobermann<\/strong><br><\/span>Bar \u00ab\u00a0A la Page\u00a0\u00bb,&nbsp;<\/span><\/span><span style=\"color: #ffffff;\">215, rue de Bourgogne, Orl\u00e9ans<\/span><br><span style=\"color: #f15d20;\">18.01.2020 \u00e0 10h00<br><\/span><\/td>\n<\/tr>\n<\/tbody>\n<\/table>\n<table style=\"height: 374px;\" width=\"615;\" cellspacing=\"20;\" cellpadding=\"2;\" align=\"center\">\n<tbody>\n<tr>\n<td style=\"font-family: nexa rust sans; text-align: center;\" bgcolor=\" #cd5629\">\n<div id=\"19decembre\"><span style=\"color: #ffffff;\"><strong>d\u00c9cembre<\/strong><\/span><\/div>\n<\/td>\n<\/tr>\n<tr>\n<td style=\"font-family: coves;\" bgcolor=\" #302E2E\"><span style=\"color: #ffffff;\"><strong>LIVE <span style=\"color: #f15d20;\">#18<\/span><\/strong><\/span><span style=\"color: #ffffff;\"><br><span style=\"color: #a39696;\"><strong>Thomas Duval \/ Muriel Raynaud \/ Nathalie Jola \/ Franck Sall\u00e9<\/strong><br><\/span>Argonaute<\/span><br><span style=\"color: #f15d20;\">09.12.2019 \u00e0 19h30<br><\/span><\/td>\n<\/tr>\n<tr>\n<td style=\"font-family: coves;\" bgcolor=\" #302E2E\"><span style=\"color: #ffffff;\"><strong>JAM <span style=\"color: #f15d20;\">#11<\/span><\/strong><\/span><br><span style=\"color: #ffffff;\"><span style=\"color: #a39696;\"><strong>Coordinateur : Vincent Viala<br><\/strong>Argonaute<\/span><\/span><br><span style=\"color: #f15d20;\">10.12.2019 \u00e0 20h00<br><\/span><\/td>\n<\/tr>\n<tr>\n<td style=\"font-family: coves;\" bgcolor=\" #302E2E\"><span style=\"color: #ffffff;\"><strong>ATELIER <span style=\"color: #f15d20;\">#7<\/span><\/strong><\/span><span style=\"color: #ffffff;\"><br><strong><span style=\"color: #a39696;\">Standards de jazz \/ Atelier Chant \/ Chantons en Famille avec l&rsquo;Ecole Claude Lewy<\/span><\/strong><br>Argonaute<\/span><br><span style=\"color: #f15d20;\">11.12.2019 \u00e0 19h30<br><\/span><\/td>\n<\/tr>\n<tr>\n<td style=\"font-family: coves;\" bgcolor=\" #302E2E\"><span style=\"color: #ffffff;\"><strong>2TIMES <span style=\"color: #f15d20;\">#20<br><span style=\"color: #a39696;\">Zanskar \/ Basthom<\/span> <\/span><\/strong><\/span><br><span style=\"color: #f15d20;\">13.12.2019 \u00e0 20h00<br><\/span><\/td>\n<\/tr>\n<\/tbody>\n<\/table>\n<table style=\"height: 374px;\" width=\"615;\" cellspacing=\"20;\" cellpadding=\"2;\" align=\"center\">\n<tbody>\n<tr>\n<td style=\"font-family: nexa rust sans; text-align: center;\" bgcolor=\" #cd5629\">\n<div id=\"19novembre\"><span style=\"color: #ffffff;\"><strong>novembre<\/strong><\/span><\/div>\n<\/td>\n<\/tr>\n<tr>\n<td style=\"font-family: coves;\" bgcolor=\" #302E2E\"><span style=\"color: #ffffff;\"><strong>LIVE <span style=\"color: #f15d20;\">#17<\/span><\/strong><\/span><span style=\"color: #ffffff;\"><br><strong><span style=\"color: #a39696;\">Thierry Brossard \/ Thierry Leu \/ Franck Sall\u00e9 \/ Nathalie Joda<\/span><\/strong><br>Argonaute<\/span><br><span style=\"color: #f15d20;\">18.11.2019 \u00e0 19h30<br><\/span><\/td>\n<\/tr>\n<tr>\n<td style=\"font-family: coves;\" bgcolor=\" #302E2E\"><span style=\"color: #ffffff;\"><strong>JAM <span style=\"color: #f15d20;\">#10<\/span><\/strong><\/span><br><span style=\"color: #ffffff;\"><span style=\"color: #a39696;\"><strong>Coordinateur : Jean-Christophe Briant<br><\/strong><\/span><\/span><span style=\"color: #ffffff;\"><span style=\"color: #a39696;\">L*Argonaute<\/span><\/span><br><span style=\"color: #f15d20;\">19.11.2019 \u00e0 20h00<br><\/span><\/td>\n<\/tr>\n<tr>\n<td style=\"font-family: coves;\" bgcolor=\" #302E2E\"><span style=\"color: #ffffff;\"><strong>ATELIER <span style=\"color: #f15d20;\">#6<\/span><\/strong><\/span><span style=\"color: #ffffff;\"><br><span style=\"color: #a39696;\"><strong>Blues<\/strong><\/span><br>Argonaute<\/span><br><span style=\"color: #f15d20;\">20.11.2019 \u00e0 19h30<br><\/span><\/td>\n<\/tr>\n<tr>\n<td style=\"font-family: coves;\" bgcolor=\" #302E2E\"><span style=\"color: #ffffff;\"><strong>3TIMES <span style=\"color: #f15d20;\">#19<br><span style=\"color: #a39696;\">Nogus \/ Redshift \/ Orpheum Black<\/span><\/span><\/strong><\/span><br><span style=\"color: #f15d20;\">22.11.2019 \u00e0 20h00<br><\/span><\/td>\n<\/tr>\n<\/tbody>\n<\/table>\n<table style=\"height: 374px;\" width=\"615;\" cellspacing=\"20;\" cellpadding=\"2;\" align=\"center\">\n<tbody>\n<tr>\n<td style=\"font-family: nexa rust sans; text-align: center;\" bgcolor=\" #cd5629\">\n<div id=\"19octobre\"><span style=\"color: #ffffff;\"><strong>octobre<\/strong><\/span><\/div>\n<\/td>\n<\/tr>\n<tr>\n<td style=\"font-family: coves;\" bgcolor=\" #302E2E\"><span style=\"color: #ffffff;\"><strong>LIVE <span style=\"color: #f15d20;\">#16<\/span><\/strong><\/span><span style=\"color: #ffffff;\"><br><span style=\"color: #a39696;\"><strong>\u00c9l\u00e8ves de saxophone \/ David Sevestre<\/strong><\/span><br>Argonaute<\/span><br><span style=\"color: #f15d20;\">30.09.2019 \u00e0 19h30<br><\/span><\/td>\n<\/tr>\n<tr>\n<td style=\"font-family: coves;\" bgcolor=\" #302E2E\"><span style=\"color: #ffffff;\"><strong>JAM <span style=\"color: #f15d20;\">#9<\/span><\/strong><\/span><br><span style=\"color: #ffffff;\"><span style=\"color: #a39696;\"><strong>Coordinateur : Thierry Brossard<br><\/strong>Argonaute<\/span><\/span><br><span style=\"color: #f15d20;\">01.10.2019 \u00e0 20h00<br><\/span><\/td>\n<\/tr>\n<tr>\n<td style=\"font-family: coves;\" bgcolor=\" #302E2E\"><span style=\"color: #ffffff;\"><strong>ATELIER <span style=\"color: #f15d20;\">#5<\/span><\/strong><\/span><span style=\"color: #ffffff;\"><br><strong><span style=\"color: #a39696;\">groupe vocal Serge Ceccaldi<\/span><\/strong><br>Argonaute<\/span><br><span style=\"color: #f15d20;\">03.10.2019 \u00e0 19h30<br><\/span><\/td>\n<\/tr>\n<tr>\n<td style=\"font-family: coves;\" bgcolor=\" #302E2E\"><span style=\"color: #ffffff;\"><strong>2TIMES <span style=\"color: #a39696;\"><span style=\"color: #e9511f;\">#18<\/span><br>TIM \/ L\u00c9O Acoustique <\/span><\/strong><\/span><br><span style=\"color: #f15d20;\">04.10.2019 \u00e0 20h00<br><\/span><\/td>\n<\/tr>\n<\/tbody>\n<\/table>\n<\/div>\n<\/div><\/div>\n","protected":false},"excerpt":{"rendered":"","protected":false},"author":1,"featured_media":0,"parent":0,"menu_order":0,"comment_status":"closed","ping_status":"closed","template":"","meta":{"footnotes":""},"class_list":["post-6278","page","type-page","status-publish","czr-hentry"],"yoast_head":"<!-- This site is optimized with the Yoast SEO plugin v26.8 - https:\/\/yoast.com\/product\/yoast-seo-wordpress\/ -->\n<title>Agenda 2019 2020 - Musique et Equilibre<\/title>\n<meta name=\"robots\" content=\"index, follow, max-snippet:-1, max-image-preview:large, max-video-preview:-1\" \/>\n<link rel=\"canonical\" href=\"https:\/\/musique-equilibre.com\/me\/index.php\/agenda-2019-2020\/\" \/>\n<meta property=\"og:locale\" content=\"fr_FR\" \/>\n<meta property=\"og:type\" content=\"article\" \/>\n<meta property=\"og:title\" content=\"Agenda 2019 2020 - Musique et Equilibre\" \/>\n<meta property=\"og:url\" content=\"https:\/\/musique-equilibre.com\/me\/index.php\/agenda-2019-2020\/\" \/>\n<meta property=\"og:site_name\" content=\"Musique et Equilibre\" \/>\n<meta property=\"article:publisher\" content=\"https:\/\/www.facebook.com\/MusiqueetEquilibre45\" \/>\n<meta property=\"article:modified_time\" content=\"2020-06-23T11:39:51+00:00\" \/>\n<meta name=\"twitter:card\" content=\"summary_large_image\" \/>\n<meta name=\"twitter:site\" content=\"@Musiquequilibre\" \/>\n<meta name=\"twitter:label1\" content=\"Dur\u00e9e de lecture estim\u00e9e\" \/>\n\t<meta name=\"twitter:data1\" content=\"3 minutes\" \/>\n<script type=\"application\/ld+json\" class=\"yoast-schema-graph\">{\"@context\":\"https:\/\/schema.org\",\"@graph\":[{\"@type\":\"WebPage\",\"@id\":\"https:\/\/musique-equilibre.com\/me\/index.php\/agenda-2019-2020\/\",\"url\":\"https:\/\/musique-equilibre.com\/me\/index.php\/agenda-2019-2020\/\",\"name\":\"Agenda 2019 2020 - Musique et Equilibre\",\"isPartOf\":{\"@id\":\"https:\/\/musique-equilibre.com\/me\/#website\"},\"datePublished\":\"2020-05-08T15:01:36+00:00\",\"dateModified\":\"2020-06-23T11:39:51+00:00\",\"breadcrumb\":{\"@id\":\"https:\/\/musique-equilibre.com\/me\/index.php\/agenda-2019-2020\/#breadcrumb\"},\"inLanguage\":\"fr-FR\",\"potentialAction\":[{\"@type\":\"ReadAction\",\"target\":[\"https:\/\/musique-equilibre.com\/me\/index.php\/agenda-2019-2020\/\"]}]},{\"@type\":\"BreadcrumbList\",\"@id\":\"https:\/\/musique-equilibre.com\/me\/index.php\/agenda-2019-2020\/#breadcrumb\",\"itemListElement\":[{\"@type\":\"ListItem\",\"position\":1,\"name\":\"Accueil\",\"item\":\"https:\/\/musique-equilibre.com\/me\/\"},{\"@type\":\"ListItem\",\"position\":2,\"name\":\"Agenda 2019 2020\"}]},{\"@type\":\"WebSite\",\"@id\":\"https:\/\/musique-equilibre.com\/me\/#website\",\"url\":\"https:\/\/musique-equilibre.com\/me\/\",\"name\":\"Musique et Equilibre\",\"description\":\"\",\"publisher\":{\"@id\":\"https:\/\/musique-equilibre.com\/me\/#organization\"},\"potentialAction\":[{\"@type\":\"SearchAction\",\"target\":{\"@type\":\"EntryPoint\",\"urlTemplate\":\"https:\/\/musique-equilibre.com\/me\/?s={search_term_string}\"},\"query-input\":{\"@type\":\"PropertyValueSpecification\",\"valueRequired\":true,\"valueName\":\"search_term_string\"}}],\"inLanguage\":\"fr-FR\"},{\"@type\":\"Organization\",\"@id\":\"https:\/\/musique-equilibre.com\/me\/#organization\",\"name\":\"Musique et Equilibre\",\"alternateName\":\"\u00c9cole de musique et salle de concert \u00e0 Orl\u00e9ans\",\"url\":\"https:\/\/musique-equilibre.com\/me\/\",\"logo\":{\"@type\":\"ImageObject\",\"inLanguage\":\"fr-FR\",\"@id\":\"https:\/\/musique-equilibre.com\/me\/#\/schema\/logo\/image\/\",\"url\":\"https:\/\/musique-equilibre.com\/me\/wp-content\/uploads\/2022\/11\/cropped-Logo_orange_texture-1.png\",\"contentUrl\":\"https:\/\/musique-equilibre.com\/me\/wp-content\/uploads\/2022\/11\/cropped-Logo_orange_texture-1.png\",\"width\":512,\"height\":512,\"caption\":\"Musique et Equilibre\"},\"image\":{\"@id\":\"https:\/\/musique-equilibre.com\/me\/#\/schema\/logo\/image\/\"},\"sameAs\":[\"https:\/\/www.facebook.com\/MusiqueetEquilibre45\",\"https:\/\/x.com\/Musiquequilibre\",\"https:\/\/www.instagram.com\/musique_et_equilibre_\/\",\"https:\/\/www.linkedin.com\/company\/musique-&amp;-equilibre\/\",\"https:\/\/www.youtube.com\/c\/MusiqueEquilibreOrleans\/\"]}]}<\/script>\n<!-- \/ Yoast SEO plugin. -->","yoast_head_json":{"title":"Agenda 2019 2020 - Musique et Equilibre","robots":{"index":"index","follow":"follow","max-snippet":"max-snippet:-1","max-image-preview":"max-image-preview:large","max-video-preview":"max-video-preview:-1"},"canonical":"https:\/\/musique-equilibre.com\/me\/index.php\/agenda-2019-2020\/","og_locale":"fr_FR","og_type":"article","og_title":"Agenda 2019 2020 - Musique et Equilibre","og_url":"https:\/\/musique-equilibre.com\/me\/index.php\/agenda-2019-2020\/","og_site_name":"Musique et Equilibre","article_publisher":"https:\/\/www.facebook.com\/MusiqueetEquilibre45","article_modified_time":"2020-06-23T11:39:51+00:00","twitter_card":"summary_large_image","twitter_site":"@Musiquequilibre","twitter_misc":{"Dur\u00e9e de lecture estim\u00e9e":"3 minutes"},"schema":{"@context":"https:\/\/schema.org","@graph":[{"@type":"WebPage","@id":"https:\/\/musique-equilibre.com\/me\/index.php\/agenda-2019-2020\/","url":"https:\/\/musique-equilibre.com\/me\/index.php\/agenda-2019-2020\/","name":"Agenda 2019 2020 - Musique et Equilibre","isPartOf":{"@id":"https:\/\/musique-equilibre.com\/me\/#website"},"datePublished":"2020-05-08T15:01:36+00:00","dateModified":"2020-06-23T11:39:51+00:00","breadcrumb":{"@id":"https:\/\/musique-equilibre.com\/me\/index.php\/agenda-2019-2020\/#breadcrumb"},"inLanguage":"fr-FR","potentialAction":[{"@type":"ReadAction","target":["https:\/\/musique-equilibre.com\/me\/index.php\/agenda-2019-2020\/"]}]},{"@type":"BreadcrumbList","@id":"https:\/\/musique-equilibre.com\/me\/index.php\/agenda-2019-2020\/#breadcrumb","itemListElement":[{"@type":"ListItem","position":1,"name":"Accueil","item":"https:\/\/musique-equilibre.com\/me\/"},{"@type":"ListItem","position":2,"name":"Agenda 2019 2020"}]},{"@type":"WebSite","@id":"https:\/\/musique-equilibre.com\/me\/#website","url":"https:\/\/musique-equilibre.com\/me\/","name":"Musique et Equilibre","description":"","publisher":{"@id":"https:\/\/musique-equilibre.com\/me\/#organization"},"potentialAction":[{"@type":"SearchAction","target":{"@type":"EntryPoint","urlTemplate":"https:\/\/musique-equilibre.com\/me\/?s={search_term_string}"},"query-input":{"@type":"PropertyValueSpecification","valueRequired":true,"valueName":"search_term_string"}}],"inLanguage":"fr-FR"},{"@type":"Organization","@id":"https:\/\/musique-equilibre.com\/me\/#organization","name":"Musique et Equilibre","alternateName":"\u00c9cole de musique et salle de concert \u00e0 Orl\u00e9ans","url":"https:\/\/musique-equilibre.com\/me\/","logo":{"@type":"ImageObject","inLanguage":"fr-FR","@id":"https:\/\/musique-equilibre.com\/me\/#\/schema\/logo\/image\/","url":"https:\/\/musique-equilibre.com\/me\/wp-content\/uploads\/2022\/11\/cropped-Logo_orange_texture-1.png","contentUrl":"https:\/\/musique-equilibre.com\/me\/wp-content\/uploads\/2022\/11\/cropped-Logo_orange_texture-1.png","width":512,"height":512,"caption":"Musique et Equilibre"},"image":{"@id":"https:\/\/musique-equilibre.com\/me\/#\/schema\/logo\/image\/"},"sameAs":["https:\/\/www.facebook.com\/MusiqueetEquilibre45","https:\/\/x.com\/Musiquequilibre","https:\/\/www.instagram.com\/musique_et_equilibre_\/","https:\/\/www.linkedin.com\/company\/musique-&amp;-equilibre\/","https:\/\/www.youtube.com\/c\/MusiqueEquilibreOrleans\/"]}]}},"_links":{"self":[{"href":"https:\/\/musique-equilibre.com\/me\/index.php\/wp-json\/wp\/v2\/pages\/6278","targetHints":{"allow":["GET"]}}],"collection":[{"href":"https:\/\/musique-equilibre.com\/me\/index.php\/wp-json\/wp\/v2\/pages"}],"about":[{"href":"https:\/\/musique-equilibre.com\/me\/index.php\/wp-json\/wp\/v2\/types\/page"}],"author":[{"embeddable":true,"href":"https:\/\/musique-equilibre.com\/me\/index.php\/wp-json\/wp\/v2\/users\/1"}],"replies":[{"embeddable":true,"href":"https:\/\/musique-equilibre.com\/me\/index.php\/wp-json\/wp\/v2\/comments?post=6278"}],"version-history":[{"count":5,"href":"https:\/\/musique-equilibre.com\/me\/index.php\/wp-json\/wp\/v2\/pages\/6278\/revisions"}],"predecessor-version":[{"id":6417,"href":"https:\/\/musique-equilibre.com\/me\/index.php\/wp-json\/wp\/v2\/pages\/6278\/revisions\/6417"}],"wp:attachment":[{"href":"https:\/\/musique-equilibre.com\/me\/index.php\/wp-json\/wp\/v2\/media?parent=6278"}],"curies":[{"name":"wp","href":"https:\/\/api.w.org\/{rel}","templated":true}]}}