{"id":2831,"date":"2019-01-08T17:42:15","date_gmt":"2019-01-08T16:42:15","guid":{"rendered":"http:\/\/musique-equilibre.com\/me\/?page_id=2831"},"modified":"2025-08-18T12:18:21","modified_gmt":"2025-08-18T10:18:21","slug":"cours-de-guitare","status":"publish","type":"page","link":"https:\/\/musique-equilibre.com\/me\/index.php\/cours-de-guitare\/","title":{"rendered":"<span style=\"font-family: coves;\">Cours de guitare"},"content":{"rendered":"\n<p class=\"has-white-color has-text-color\">Cours de guitare<\/p>\n\n\n<h5 style=\"text-align: center;\"><span style=\"background: #f15d20; font-family: coves;\"><span style=\"color: #ffffff;\">Cours de guitare avec Thierry Brossard<br \/><\/span><\/span><\/h5>\n<p><span style=\"font-family: coves;\"><img decoding=\"async\" class=\"aligncenter wp-image-10429 size-thumbnail\" src=\"https:\/\/musique-equilibre.com\/me\/wp-content\/uploads\/2019\/09\/Thierry-Brossard_guitare-150x150.png\" alt=\"thierry brossard guitare cours de musique \u00e9cole de musique blues orl\u00e9ans loiret Cours de guitare\" width=\"150\" height=\"150\" srcset=\"https:\/\/musique-equilibre.com\/me\/wp-content\/uploads\/2019\/09\/Thierry-Brossard_guitare-150x150.png 150w, https:\/\/musique-equilibre.com\/me\/wp-content\/uploads\/2019\/09\/Thierry-Brossard_guitare-300x300.png 300w, https:\/\/musique-equilibre.com\/me\/wp-content\/uploads\/2019\/09\/Thierry-Brossard_guitare-1024x1024.png 1024w, https:\/\/musique-equilibre.com\/me\/wp-content\/uploads\/2019\/09\/Thierry-Brossard_guitare-768x768.png 768w, https:\/\/musique-equilibre.com\/me\/wp-content\/uploads\/2019\/09\/Thierry-Brossard_guitare-510x510.png 510w, https:\/\/musique-equilibre.com\/me\/wp-content\/uploads\/2019\/09\/Thierry-Brossard_guitare.png 1080w\" sizes=\"(max-width: 150px) 100vw, 150px\" \/><\/span><\/p>\n<p><span style=\"font-family: coves;\"><img decoding=\"async\" class=\"aligncenter wp-image-10597\" src=\"https:\/\/musique-equilibre.com\/me\/wp-content\/uploads\/2022\/11\/172566_down_arrow_icon-300x300.png\" alt=\"cours de musique \u00e9cole de musique orl\u00e9ans loiret \" width=\"58\" height=\"58\" srcset=\"https:\/\/musique-equilibre.com\/me\/wp-content\/uploads\/2022\/11\/172566_down_arrow_icon-300x300.png 300w, https:\/\/musique-equilibre.com\/me\/wp-content\/uploads\/2022\/11\/172566_down_arrow_icon-150x150.png 150w, https:\/\/musique-equilibre.com\/me\/wp-content\/uploads\/2022\/11\/172566_down_arrow_icon-510x510.png 510w, https:\/\/musique-equilibre.com\/me\/wp-content\/uploads\/2022\/11\/172566_down_arrow_icon.png 512w\" sizes=\"(max-width: 58px) 100vw, 58px\" \/><\/span><\/p>\n<p style=\"text-align: center;\"><span style=\"font-family: coves;\"><strong>30 \/ 45 min<\/strong><br \/>MERCREDI et SAMEDI<br \/><a href=\"https:\/\/www.orleans-metropole.fr\/sport\/etablissements-et-lieux-de-pratique\/largonaute\" target=\"_blank\" rel=\"noopener\">Argonaute<\/a><br \/><a href=\"https:\/\/musique-equilibre.com\/me\/index.php\/2019\/09\/16\/bio-thierry-brossard\/\">en savoir plus sur Thierry Brossard<\/a><\/span><\/p>\n<h5 style=\"text-align: center;\"><span style=\"background: #f15d20; font-family: coves;\"><span style=\"color: #ffffff;\">Cours avec Serge Fourneret<\/span><\/span><\/h5>\n<p style=\"text-align: center;\"><span style=\"font-family: coves;\"><img decoding=\"async\" class=\"aligncenter wp-image-10451 size-thumbnail\" src=\"https:\/\/musique-equilibre.com\/me\/wp-content\/uploads\/2022\/11\/Serge-Fourneret-150x150.png\" alt=\"serge fourneret guitare kids band cours de musique orl\u00e9ans loiret Cours de guitare\" width=\"150\" height=\"150\" srcset=\"https:\/\/musique-equilibre.com\/me\/wp-content\/uploads\/2022\/11\/Serge-Fourneret-150x150.png 150w, https:\/\/musique-equilibre.com\/me\/wp-content\/uploads\/2022\/11\/Serge-Fourneret-300x300.png 300w, https:\/\/musique-equilibre.com\/me\/wp-content\/uploads\/2022\/11\/Serge-Fourneret-1024x1024.png 1024w, https:\/\/musique-equilibre.com\/me\/wp-content\/uploads\/2022\/11\/Serge-Fourneret-768x768.png 768w, https:\/\/musique-equilibre.com\/me\/wp-content\/uploads\/2022\/11\/Serge-Fourneret-510x510.png 510w, https:\/\/musique-equilibre.com\/me\/wp-content\/uploads\/2022\/11\/Serge-Fourneret.png 1080w\" sizes=\"(max-width: 150px) 100vw, 150px\" \/><img decoding=\"async\" class=\"aligncenter wp-image-10597\" src=\"https:\/\/musique-equilibre.com\/me\/wp-content\/uploads\/2022\/11\/172566_down_arrow_icon-300x300.png\" alt=\"cours de musique \u00e9cole de musique orl\u00e9ans loiret \" width=\"58\" height=\"58\" srcset=\"https:\/\/musique-equilibre.com\/me\/wp-content\/uploads\/2022\/11\/172566_down_arrow_icon-300x300.png 300w, https:\/\/musique-equilibre.com\/me\/wp-content\/uploads\/2022\/11\/172566_down_arrow_icon-150x150.png 150w, https:\/\/musique-equilibre.com\/me\/wp-content\/uploads\/2022\/11\/172566_down_arrow_icon-510x510.png 510w, https:\/\/musique-equilibre.com\/me\/wp-content\/uploads\/2022\/11\/172566_down_arrow_icon.png 512w\" sizes=\"(max-width: 58px) 100vw, 58px\" \/><strong>30 \/ 45 min<\/strong><br \/>MERCREDI, JEUDI<br \/><span style=\"color: #f15d20;\"><a href=\"https:\/\/le108.org\/\" target=\"_blank\" rel=\"noopener\">108<\/a> <span style=\"color: #333333;\">et<\/span> <a href=\"https:\/\/www.orleans-metropole.fr\/sport\/etablissements-et-lieux-de-pratique\/largonaute\" target=\"_blank\" rel=\"noopener\">Argonaute<\/a><br \/><\/span><a href=\"https:\/\/musique-equilibre.com\/me\/index.php\/2020\/07\/09\/bio-serge-fourneret\/\">en savoir plus sur Serge Fourneret<\/a><\/span><\/p>\n<h5 style=\"text-align: center;\"><span style=\"background: #f15d20; font-family: coves;\"><span style=\"color: #ffffff;\">Cours avec Romain Cl\u00e9ment<br \/><\/span><\/span><\/h5>\n<p><span style=\"font-family: coves;\"><img loading=\"lazy\" decoding=\"async\" class=\"aligncenter wp-image-10437 size-thumbnail\" src=\"https:\/\/musique-equilibre.com\/me\/wp-content\/uploads\/2019\/11\/Romain-Clement-guitare-150x150.png\" alt=\"romain cl\u00e9ment cours de guitare professeurs musiques actuelles musique et \u00e9quilibre orl\u00e9ans loiret rock\" width=\"150\" height=\"150\" srcset=\"https:\/\/musique-equilibre.com\/me\/wp-content\/uploads\/2019\/11\/Romain-Clement-guitare-150x150.png 150w, https:\/\/musique-equilibre.com\/me\/wp-content\/uploads\/2019\/11\/Romain-Clement-guitare-300x300.png 300w, https:\/\/musique-equilibre.com\/me\/wp-content\/uploads\/2019\/11\/Romain-Clement-guitare-1024x1024.png 1024w, https:\/\/musique-equilibre.com\/me\/wp-content\/uploads\/2019\/11\/Romain-Clement-guitare-768x768.png 768w, https:\/\/musique-equilibre.com\/me\/wp-content\/uploads\/2019\/11\/Romain-Clement-guitare-510x510.png 510w, https:\/\/musique-equilibre.com\/me\/wp-content\/uploads\/2019\/11\/Romain-Clement-guitare.png 1080w\" sizes=\"(max-width: 150px) 100vw, 150px\" \/><\/span><\/p>\n<p><span style=\"font-family: coves;\"><img decoding=\"async\" class=\"aligncenter wp-image-10597\" src=\"https:\/\/musique-equilibre.com\/me\/wp-content\/uploads\/2022\/11\/172566_down_arrow_icon-300x300.png\" alt=\"cours de musique \u00e9cole de musique orl\u00e9ans loiret \" width=\"58\" height=\"58\" srcset=\"https:\/\/musique-equilibre.com\/me\/wp-content\/uploads\/2022\/11\/172566_down_arrow_icon-300x300.png 300w, https:\/\/musique-equilibre.com\/me\/wp-content\/uploads\/2022\/11\/172566_down_arrow_icon-150x150.png 150w, https:\/\/musique-equilibre.com\/me\/wp-content\/uploads\/2022\/11\/172566_down_arrow_icon-510x510.png 510w, https:\/\/musique-equilibre.com\/me\/wp-content\/uploads\/2022\/11\/172566_down_arrow_icon.png 512w\" sizes=\"(max-width: 58px) 100vw, 58px\" \/><\/span><\/p>\n<p style=\"text-align: center;\"><span style=\"font-family: coves;\"><strong>30 \/ 45 min<\/strong><br \/>MERCREDI et JEUDI<br \/><span style=\"color: #f15d20;\"><a href=\"https:\/\/le108.org\/\" target=\"_blank\" rel=\"noopener\">108<\/a><br \/><\/span><a href=\"https:\/\/musique-equilibre.com\/me\/index.php\/2019\/11\/06\/bio-romain-clement\/\">en savoir plus sur Romain Cl\u00e9ment<\/a><\/span><\/p>\n<h5 style=\"text-align: center;\"><span style=\"background: #f15d20; font-family: coves;\"><span style=\"color: #ffffff;\">Cours avec Regis Savigny<br \/><\/span><\/span><\/h5>\n<p><span style=\"font-family: coves;\"><img loading=\"lazy\" decoding=\"async\" class=\"aligncenter wp-image-5265\" src=\"https:\/\/musique-equilibre.com\/me\/wp-content\/uploads\/2019\/09\/Regis_guitare-300x300.png\" alt=\"R\u00e9gis Savigny guitare Cours de guitare\" width=\"150\" height=\"150\" \/><\/span><\/p>\n<p><span style=\"font-family: coves;\"><img loading=\"lazy\" decoding=\"async\" class=\"aligncenter wp-image-10597\" src=\"https:\/\/musique-equilibre.com\/me\/wp-content\/uploads\/2022\/11\/172566_down_arrow_icon-300x300.png\" alt=\"\" width=\"58\" height=\"58\" srcset=\"https:\/\/musique-equilibre.com\/me\/wp-content\/uploads\/2022\/11\/172566_down_arrow_icon-300x300.png 300w, https:\/\/musique-equilibre.com\/me\/wp-content\/uploads\/2022\/11\/172566_down_arrow_icon-150x150.png 150w, https:\/\/musique-equilibre.com\/me\/wp-content\/uploads\/2022\/11\/172566_down_arrow_icon-510x510.png 510w, https:\/\/musique-equilibre.com\/me\/wp-content\/uploads\/2022\/11\/172566_down_arrow_icon.png 512w\" sizes=\"(max-width: 58px) 100vw, 58px\" \/><\/span><\/p>\n<p style=\"text-align: center;\"><span style=\"font-family: coves;\"><strong>30 min \/ 45 min<\/strong><br \/>LUNDI<br \/><span style=\"color: #f15d20;\"><a href=\"https:\/\/www.orleans-metropole.fr\/sport\/etablissements-et-lieux-de-pratique\/largonaute\" target=\"_blank\" rel=\"noopener\">Argonaute<\/a><br \/><\/span><a href=\"https:\/\/musique-equilibre.com\/me\/index.php\/2019\/09\/02\/bio-regis-savigny\/\">en savoir plus sur R\u00e9gis Savigny<\/a><\/span><\/p>\n<h5 style=\"text-align: center;\"><span style=\"background: #f15d20; font-family: coves;\"><span style=\"color: #ffffff;\">Cours avec Sergio Moreira<br \/><\/span><\/span><\/h5>\n<p><span style=\"font-family: coves;\"><img loading=\"lazy\" decoding=\"async\" class=\"aligncenter wp-image-10481 size-thumbnail\" src=\"https:\/\/musique-equilibre.com\/me\/wp-content\/uploads\/2022\/11\/Sergio-moreira-150x150.png\" alt=\"sergio moreira guitare \u00e9cole de musique cours de musique musique et \u00e9quilibre orl\u00e9ans loiret Cours de guitare\" width=\"150\" height=\"150\" srcset=\"https:\/\/musique-equilibre.com\/me\/wp-content\/uploads\/2022\/11\/Sergio-moreira-150x150.png 150w, https:\/\/musique-equilibre.com\/me\/wp-content\/uploads\/2022\/11\/Sergio-moreira-300x300.png 300w, https:\/\/musique-equilibre.com\/me\/wp-content\/uploads\/2022\/11\/Sergio-moreira-510x510.png 510w, https:\/\/musique-equilibre.com\/me\/wp-content\/uploads\/2022\/11\/Sergio-moreira.png 600w\" sizes=\"(max-width: 150px) 100vw, 150px\" \/><\/span><\/p>\n<p><span style=\"font-family: coves;\"><img loading=\"lazy\" decoding=\"async\" class=\"aligncenter wp-image-10597\" src=\"https:\/\/musique-equilibre.com\/me\/wp-content\/uploads\/2022\/11\/172566_down_arrow_icon-300x300.png\" alt=\"\" width=\"58\" height=\"58\" srcset=\"https:\/\/musique-equilibre.com\/me\/wp-content\/uploads\/2022\/11\/172566_down_arrow_icon-300x300.png 300w, https:\/\/musique-equilibre.com\/me\/wp-content\/uploads\/2022\/11\/172566_down_arrow_icon-150x150.png 150w, https:\/\/musique-equilibre.com\/me\/wp-content\/uploads\/2022\/11\/172566_down_arrow_icon-510x510.png 510w, https:\/\/musique-equilibre.com\/me\/wp-content\/uploads\/2022\/11\/172566_down_arrow_icon.png 512w\" sizes=\"(max-width: 58px) 100vw, 58px\" \/><\/span><\/p>\n<p style=\"text-align: center;\"><span style=\"font-family: coves;\"><strong>30 min \/ 45 min<\/strong><br \/>MARDI, JEUDI<br \/><span style=\"color: #f15d20;\"><a href=\"https:\/\/www.orleans-metropole.fr\/sport\/etablissements-et-lieux-de-pratique\/largonaute\" target=\"_blank\" rel=\"noopener\">Argonaute<\/a><br \/><\/span><a href=\"https:\/\/musique-equilibre.com\/me\/index.php\/2021\/09\/14\/bio-sergio-moreira\/\" target=\"_blank\" rel=\"noopener\">en savoir plus sur Sergio Moreira<\/a><\/span><\/p>\n<h5 style=\"text-align: center;\"><span style=\"background: #f15d20; font-family: coves;\"><span style=\"color: #ffffff;\">Cours avec Agn\u00e8s Orsingher<br \/><\/span><\/span><\/h5>\n<p><span style=\"font-family: coves;\"><img loading=\"lazy\" decoding=\"async\" class=\"aligncenter wp-image-10639 size-thumbnail\" src=\"https:\/\/musique-equilibre.com\/me\/wp-content\/uploads\/2019\/09\/Agnes-site-150x150.png\" alt=\"bio agn\u00e8s orsingher chant guitare cours de musique orl\u00e9ans\" width=\"150\" height=\"150\" srcset=\"https:\/\/musique-equilibre.com\/me\/wp-content\/uploads\/2019\/09\/Agnes-site-150x150.png 150w, https:\/\/musique-equilibre.com\/me\/wp-content\/uploads\/2019\/09\/Agnes-site-300x300.png 300w, https:\/\/musique-equilibre.com\/me\/wp-content\/uploads\/2019\/09\/Agnes-site-510x510.png 510w, https:\/\/musique-equilibre.com\/me\/wp-content\/uploads\/2019\/09\/Agnes-site.png 600w\" sizes=\"(max-width: 150px) 100vw, 150px\" \/><\/span><\/p>\n<p><span style=\"font-family: coves;\"><img loading=\"lazy\" decoding=\"async\" class=\"aligncenter wp-image-10597\" src=\"https:\/\/musique-equilibre.com\/me\/wp-content\/uploads\/2022\/11\/172566_down_arrow_icon-300x300.png\" alt=\"\" width=\"58\" height=\"58\" srcset=\"https:\/\/musique-equilibre.com\/me\/wp-content\/uploads\/2022\/11\/172566_down_arrow_icon-300x300.png 300w, https:\/\/musique-equilibre.com\/me\/wp-content\/uploads\/2022\/11\/172566_down_arrow_icon-150x150.png 150w, https:\/\/musique-equilibre.com\/me\/wp-content\/uploads\/2022\/11\/172566_down_arrow_icon-510x510.png 510w, https:\/\/musique-equilibre.com\/me\/wp-content\/uploads\/2022\/11\/172566_down_arrow_icon.png 512w\" sizes=\"(max-width: 58px) 100vw, 58px\" \/><\/span><\/p>\n<p style=\"text-align: center;\"><span style=\"font-family: coves;\"><strong>30 min \/ 45 min<\/strong><br \/>LUNDI<br \/><span style=\"color: #f15d20;\"><a href=\"https:\/\/www.orleans-metropole.fr\/sport\/etablissements-et-lieux-de-pratique\/largonaute\" target=\"_blank\" rel=\"noopener\">Argonaute<\/a><br \/><\/span><a href=\"https:\/\/musique-equilibre.com\/me\/index.php\/2019\/09\/12\/agnes-orsingher-coursmusiqueorleans\/\">en savoir plus sur Agn\u00e8s Orsingher<\/a><\/span><\/p>\n<h5 style=\"text-align: center;\"><span style=\"background: #f15d20; font-family: coves;\"><span style=\"color: #ffffff;\">Cours avec Raffi Nordiguian<\/span><\/span><\/h5>\n<h5 style=\"text-align: center;\"><span style=\"font-family: coves;\">\u00a0<\/span><\/h5>\n<h5 style=\"text-align: center;\"><span style=\"background: #f15d20; font-family: coves;\"><span style=\"color: #ffffff;\"><img loading=\"lazy\" decoding=\"async\" class=\"aligncenter wp-image-10597\" src=\"https:\/\/musique-equilibre.com\/me\/wp-content\/uploads\/2022\/11\/172566_down_arrow_icon-300x300.png\" alt=\"cours de musique \u00e9cole de musique orl\u00e9ans loiret\" width=\"58\" height=\"58\" srcset=\"https:\/\/musique-equilibre.com\/me\/wp-content\/uploads\/2022\/11\/172566_down_arrow_icon-300x300.png 300w, https:\/\/musique-equilibre.com\/me\/wp-content\/uploads\/2022\/11\/172566_down_arrow_icon-150x150.png 150w, https:\/\/musique-equilibre.com\/me\/wp-content\/uploads\/2022\/11\/172566_down_arrow_icon-510x510.png 510w, https:\/\/musique-equilibre.com\/me\/wp-content\/uploads\/2022\/11\/172566_down_arrow_icon.png 512w\" sizes=\"(max-width: 58px) 100vw, 58px\" \/><\/span><\/span><\/h5>\n<p style=\"text-align: center;\"><span style=\"font-family: coves;\"><strong>30 min \/ 45 min<\/strong><br \/>MARDI, MERCREDI, VENDREDI<br \/><span style=\"color: #f15d20;\"><a href=\"https:\/\/le108.org\/\" target=\"_blank\" rel=\"noopener\">108<\/a><br \/><\/span><a href=\"https:\/\/musique-equilibre.com\/me\/index.php\/2025\/08\/18\/raffi-nordiguian-coursmusiqueorleans\/\" target=\"_blank\" rel=\"noopener\">en savoir plus sur Raffi Nordiguian<\/a><\/span><\/p>","protected":false},"excerpt":{"rendered":"<p>Cours de guitare Cours de guitare avec Thierry Brossard 30 \/ 45 minMERCREDI et SAMEDIArgonauteen savoir plus sur Thierry Brossard Cours avec Serge Fourneret 30 \/ 45 minMERCREDI, JEUDI108 et Argonauteen savoir plus sur Serge Fourneret Cours avec Romain Cl\u00e9ment 30 \/ 45 minMERCREDI et JEUDI108en savoir plus sur Romain Cl\u00e9ment Cours avec Regis Savigny [&hellip;]<\/p>\n","protected":false},"author":1,"featured_media":0,"parent":0,"menu_order":0,"comment_status":"closed","ping_status":"closed","template":"","meta":{"footnotes":""},"class_list":["post-2831","page","type-page","status-publish","czr-hentry"],"yoast_head":"<!-- This site is optimized with the Yoast SEO plugin v26.8 - https:\/\/yoast.com\/product\/yoast-seo-wordpress\/ -->\n<title>Cours de guitare - Musique et Equilibre<\/title>\n<meta name=\"description\" content=\"Cours de guitare au sein de Musique et \u00c9quilibre, \u00e0 Orl\u00e9ans. Plusieurs professeurs disponibles pour des cours individuels ou collectifs.\" \/>\n<meta name=\"robots\" content=\"index, follow, max-snippet:-1, max-image-preview:large, max-video-preview:-1\" \/>\n<link rel=\"canonical\" href=\"https:\/\/musique-equilibre.com\/me\/index.php\/cours-de-guitare\/\" \/>\n<meta property=\"og:locale\" content=\"fr_FR\" \/>\n<meta property=\"og:type\" content=\"article\" \/>\n<meta property=\"og:title\" content=\"Cours de guitare - Musique et Equilibre\" \/>\n<meta property=\"og:description\" content=\"Cours de guitare au sein de Musique et \u00c9quilibre, \u00e0 Orl\u00e9ans. Plusieurs professeurs disponibles pour des cours individuels ou collectifs.\" \/>\n<meta property=\"og:url\" content=\"https:\/\/musique-equilibre.com\/me\/index.php\/cours-de-guitare\/\" \/>\n<meta property=\"og:site_name\" content=\"Musique et Equilibre\" \/>\n<meta property=\"article:publisher\" content=\"https:\/\/www.facebook.com\/MusiqueetEquilibre45\" \/>\n<meta property=\"article:modified_time\" content=\"2025-08-18T10:18:21+00:00\" \/>\n<meta property=\"og:image\" content=\"http:\/\/musique-equilibre.com\/me\/wp-content\/uploads\/2019\/09\/Thierry-Brossard_guitare-150x150.png\" \/>\n<meta name=\"twitter:card\" content=\"summary_large_image\" \/>\n<meta name=\"twitter:site\" content=\"@Musiquequilibre\" \/>\n<meta name=\"twitter:label1\" content=\"Dur\u00e9e de lecture estim\u00e9e\" \/>\n\t<meta name=\"twitter:data1\" content=\"4 minutes\" \/>\n<script type=\"application\/ld+json\" class=\"yoast-schema-graph\">{\"@context\":\"https:\/\/schema.org\",\"@graph\":[{\"@type\":\"WebPage\",\"@id\":\"https:\/\/musique-equilibre.com\/me\/index.php\/cours-de-guitare\/\",\"url\":\"https:\/\/musique-equilibre.com\/me\/index.php\/cours-de-guitare\/\",\"name\":\"Cours de guitare - Musique et Equilibre\",\"isPartOf\":{\"@id\":\"https:\/\/musique-equilibre.com\/me\/#website\"},\"primaryImageOfPage\":{\"@id\":\"https:\/\/musique-equilibre.com\/me\/index.php\/cours-de-guitare\/#primaryimage\"},\"image\":{\"@id\":\"https:\/\/musique-equilibre.com\/me\/index.php\/cours-de-guitare\/#primaryimage\"},\"thumbnailUrl\":\"http:\/\/musique-equilibre.com\/me\/wp-content\/uploads\/2019\/09\/Thierry-Brossard_guitare-150x150.png\",\"datePublished\":\"2019-01-08T16:42:15+00:00\",\"dateModified\":\"2025-08-18T10:18:21+00:00\",\"description\":\"Cours de guitare au sein de Musique et \u00c9quilibre, \u00e0 Orl\u00e9ans. Plusieurs professeurs disponibles pour des cours individuels ou collectifs.\",\"breadcrumb\":{\"@id\":\"https:\/\/musique-equilibre.com\/me\/index.php\/cours-de-guitare\/#breadcrumb\"},\"inLanguage\":\"fr-FR\",\"potentialAction\":[{\"@type\":\"ReadAction\",\"target\":[\"https:\/\/musique-equilibre.com\/me\/index.php\/cours-de-guitare\/\"]}]},{\"@type\":\"ImageObject\",\"inLanguage\":\"fr-FR\",\"@id\":\"https:\/\/musique-equilibre.com\/me\/index.php\/cours-de-guitare\/#primaryimage\",\"url\":\"http:\/\/musique-equilibre.com\/me\/wp-content\/uploads\/2019\/09\/Thierry-Brossard_guitare-150x150.png\",\"contentUrl\":\"http:\/\/musique-equilibre.com\/me\/wp-content\/uploads\/2019\/09\/Thierry-Brossard_guitare-150x150.png\"},{\"@type\":\"BreadcrumbList\",\"@id\":\"https:\/\/musique-equilibre.com\/me\/index.php\/cours-de-guitare\/#breadcrumb\",\"itemListElement\":[{\"@type\":\"ListItem\",\"position\":1,\"name\":\"Accueil\",\"item\":\"https:\/\/musique-equilibre.com\/me\/\"},{\"@type\":\"ListItem\",\"position\":2,\"name\":\"Cours de guitare\"}]},{\"@type\":\"WebSite\",\"@id\":\"https:\/\/musique-equilibre.com\/me\/#website\",\"url\":\"https:\/\/musique-equilibre.com\/me\/\",\"name\":\"Musique et Equilibre\",\"description\":\"\",\"publisher\":{\"@id\":\"https:\/\/musique-equilibre.com\/me\/#organization\"},\"potentialAction\":[{\"@type\":\"SearchAction\",\"target\":{\"@type\":\"EntryPoint\",\"urlTemplate\":\"https:\/\/musique-equilibre.com\/me\/?s={search_term_string}\"},\"query-input\":{\"@type\":\"PropertyValueSpecification\",\"valueRequired\":true,\"valueName\":\"search_term_string\"}}],\"inLanguage\":\"fr-FR\"},{\"@type\":\"Organization\",\"@id\":\"https:\/\/musique-equilibre.com\/me\/#organization\",\"name\":\"Musique et Equilibre\",\"alternateName\":\"\u00c9cole de musique et salle de concert \u00e0 Orl\u00e9ans\",\"url\":\"https:\/\/musique-equilibre.com\/me\/\",\"logo\":{\"@type\":\"ImageObject\",\"inLanguage\":\"fr-FR\",\"@id\":\"https:\/\/musique-equilibre.com\/me\/#\/schema\/logo\/image\/\",\"url\":\"https:\/\/musique-equilibre.com\/me\/wp-content\/uploads\/2022\/11\/cropped-Logo_orange_texture-1.png\",\"contentUrl\":\"https:\/\/musique-equilibre.com\/me\/wp-content\/uploads\/2022\/11\/cropped-Logo_orange_texture-1.png\",\"width\":512,\"height\":512,\"caption\":\"Musique et Equilibre\"},\"image\":{\"@id\":\"https:\/\/musique-equilibre.com\/me\/#\/schema\/logo\/image\/\"},\"sameAs\":[\"https:\/\/www.facebook.com\/MusiqueetEquilibre45\",\"https:\/\/x.com\/Musiquequilibre\",\"https:\/\/www.instagram.com\/musique_et_equilibre_\/\",\"https:\/\/www.linkedin.com\/company\/musique-&amp;-equilibre\/\",\"https:\/\/www.youtube.com\/c\/MusiqueEquilibreOrleans\/\"]}]}<\/script>\n<!-- \/ Yoast SEO plugin. -->","yoast_head_json":{"title":"Cours de guitare - Musique et Equilibre","description":"Cours de guitare au sein de Musique et \u00c9quilibre, \u00e0 Orl\u00e9ans. Plusieurs professeurs disponibles pour des cours individuels ou collectifs.","robots":{"index":"index","follow":"follow","max-snippet":"max-snippet:-1","max-image-preview":"max-image-preview:large","max-video-preview":"max-video-preview:-1"},"canonical":"https:\/\/musique-equilibre.com\/me\/index.php\/cours-de-guitare\/","og_locale":"fr_FR","og_type":"article","og_title":"Cours de guitare - Musique et Equilibre","og_description":"Cours de guitare au sein de Musique et \u00c9quilibre, \u00e0 Orl\u00e9ans. Plusieurs professeurs disponibles pour des cours individuels ou collectifs.","og_url":"https:\/\/musique-equilibre.com\/me\/index.php\/cours-de-guitare\/","og_site_name":"Musique et Equilibre","article_publisher":"https:\/\/www.facebook.com\/MusiqueetEquilibre45","article_modified_time":"2025-08-18T10:18:21+00:00","og_image":[{"url":"http:\/\/musique-equilibre.com\/me\/wp-content\/uploads\/2019\/09\/Thierry-Brossard_guitare-150x150.png","type":"","width":"","height":""}],"twitter_card":"summary_large_image","twitter_site":"@Musiquequilibre","twitter_misc":{"Dur\u00e9e de lecture estim\u00e9e":"4 minutes"},"schema":{"@context":"https:\/\/schema.org","@graph":[{"@type":"WebPage","@id":"https:\/\/musique-equilibre.com\/me\/index.php\/cours-de-guitare\/","url":"https:\/\/musique-equilibre.com\/me\/index.php\/cours-de-guitare\/","name":"Cours de guitare - Musique et Equilibre","isPartOf":{"@id":"https:\/\/musique-equilibre.com\/me\/#website"},"primaryImageOfPage":{"@id":"https:\/\/musique-equilibre.com\/me\/index.php\/cours-de-guitare\/#primaryimage"},"image":{"@id":"https:\/\/musique-equilibre.com\/me\/index.php\/cours-de-guitare\/#primaryimage"},"thumbnailUrl":"http:\/\/musique-equilibre.com\/me\/wp-content\/uploads\/2019\/09\/Thierry-Brossard_guitare-150x150.png","datePublished":"2019-01-08T16:42:15+00:00","dateModified":"2025-08-18T10:18:21+00:00","description":"Cours de guitare au sein de Musique et \u00c9quilibre, \u00e0 Orl\u00e9ans. Plusieurs professeurs disponibles pour des cours individuels ou collectifs.","breadcrumb":{"@id":"https:\/\/musique-equilibre.com\/me\/index.php\/cours-de-guitare\/#breadcrumb"},"inLanguage":"fr-FR","potentialAction":[{"@type":"ReadAction","target":["https:\/\/musique-equilibre.com\/me\/index.php\/cours-de-guitare\/"]}]},{"@type":"ImageObject","inLanguage":"fr-FR","@id":"https:\/\/musique-equilibre.com\/me\/index.php\/cours-de-guitare\/#primaryimage","url":"http:\/\/musique-equilibre.com\/me\/wp-content\/uploads\/2019\/09\/Thierry-Brossard_guitare-150x150.png","contentUrl":"http:\/\/musique-equilibre.com\/me\/wp-content\/uploads\/2019\/09\/Thierry-Brossard_guitare-150x150.png"},{"@type":"BreadcrumbList","@id":"https:\/\/musique-equilibre.com\/me\/index.php\/cours-de-guitare\/#breadcrumb","itemListElement":[{"@type":"ListItem","position":1,"name":"Accueil","item":"https:\/\/musique-equilibre.com\/me\/"},{"@type":"ListItem","position":2,"name":"Cours de guitare"}]},{"@type":"WebSite","@id":"https:\/\/musique-equilibre.com\/me\/#website","url":"https:\/\/musique-equilibre.com\/me\/","name":"Musique et Equilibre","description":"","publisher":{"@id":"https:\/\/musique-equilibre.com\/me\/#organization"},"potentialAction":[{"@type":"SearchAction","target":{"@type":"EntryPoint","urlTemplate":"https:\/\/musique-equilibre.com\/me\/?s={search_term_string}"},"query-input":{"@type":"PropertyValueSpecification","valueRequired":true,"valueName":"search_term_string"}}],"inLanguage":"fr-FR"},{"@type":"Organization","@id":"https:\/\/musique-equilibre.com\/me\/#organization","name":"Musique et Equilibre","alternateName":"\u00c9cole de musique et salle de concert \u00e0 Orl\u00e9ans","url":"https:\/\/musique-equilibre.com\/me\/","logo":{"@type":"ImageObject","inLanguage":"fr-FR","@id":"https:\/\/musique-equilibre.com\/me\/#\/schema\/logo\/image\/","url":"https:\/\/musique-equilibre.com\/me\/wp-content\/uploads\/2022\/11\/cropped-Logo_orange_texture-1.png","contentUrl":"https:\/\/musique-equilibre.com\/me\/wp-content\/uploads\/2022\/11\/cropped-Logo_orange_texture-1.png","width":512,"height":512,"caption":"Musique et Equilibre"},"image":{"@id":"https:\/\/musique-equilibre.com\/me\/#\/schema\/logo\/image\/"},"sameAs":["https:\/\/www.facebook.com\/MusiqueetEquilibre45","https:\/\/x.com\/Musiquequilibre","https:\/\/www.instagram.com\/musique_et_equilibre_\/","https:\/\/www.linkedin.com\/company\/musique-&amp;-equilibre\/","https:\/\/www.youtube.com\/c\/MusiqueEquilibreOrleans\/"]}]}},"_links":{"self":[{"href":"https:\/\/musique-equilibre.com\/me\/index.php\/wp-json\/wp\/v2\/pages\/2831","targetHints":{"allow":["GET"]}}],"collection":[{"href":"https:\/\/musique-equilibre.com\/me\/index.php\/wp-json\/wp\/v2\/pages"}],"about":[{"href":"https:\/\/musique-equilibre.com\/me\/index.php\/wp-json\/wp\/v2\/types\/page"}],"author":[{"embeddable":true,"href":"https:\/\/musique-equilibre.com\/me\/index.php\/wp-json\/wp\/v2\/users\/1"}],"replies":[{"embeddable":true,"href":"https:\/\/musique-equilibre.com\/me\/index.php\/wp-json\/wp\/v2\/comments?post=2831"}],"version-history":[{"count":45,"href":"https:\/\/musique-equilibre.com\/me\/index.php\/wp-json\/wp\/v2\/pages\/2831\/revisions"}],"predecessor-version":[{"id":17673,"href":"https:\/\/musique-equilibre.com\/me\/index.php\/wp-json\/wp\/v2\/pages\/2831\/revisions\/17673"}],"wp:attachment":[{"href":"https:\/\/musique-equilibre.com\/me\/index.php\/wp-json\/wp\/v2\/media?parent=2831"}],"curies":[{"name":"wp","href":"https:\/\/api.w.org\/{rel}","templated":true}]}}