{"id":2815,"date":"2019-01-08T17:12:57","date_gmt":"2019-01-08T16:12:57","guid":{"rendered":"http:\/\/musique-equilibre.com\/me\/?page_id=2815"},"modified":"2025-10-03T12:53:37","modified_gmt":"2025-10-03T10:53:37","slug":"cours-de-chant-orleans","status":"publish","type":"page","link":"https:\/\/musique-equilibre.com\/me\/index.php\/cours-de-chant-orleans\/","title":{"rendered":"<span style=\"font-family: coves;\">Cours de chant"},"content":{"rendered":"<h5 style=\"text-align: center;\"><span style=\"background: #f15d20; font-family: coves;\"><span style=\"color: #ffffff;\">Cours de chant avec Franck Sall\u00e9<br \/>\n<em>(ados \u00e0 partir de 15ans, adultes)<\/em><\/span><\/span><\/h5>\n<p><img decoding=\"async\" class=\" wp-image-10720 aligncenter\" src=\"https:\/\/musique-equilibre.com\/me\/wp-content\/uploads\/2022\/11\/Franck-300x300.jpg\" alt=\"franck sall\u00e9 musique chant orl\u00e9ans loiret\" width=\"150\" height=\"150\" srcset=\"https:\/\/musique-equilibre.com\/me\/wp-content\/uploads\/2022\/11\/Franck-300x300.jpg 300w, https:\/\/musique-equilibre.com\/me\/wp-content\/uploads\/2022\/11\/Franck-1024x1024.jpg 1024w, https:\/\/musique-equilibre.com\/me\/wp-content\/uploads\/2022\/11\/Franck-150x150.jpg 150w, https:\/\/musique-equilibre.com\/me\/wp-content\/uploads\/2022\/11\/Franck-768x768.jpg 768w, https:\/\/musique-equilibre.com\/me\/wp-content\/uploads\/2022\/11\/Franck-510x510.jpg 510w, https:\/\/musique-equilibre.com\/me\/wp-content\/uploads\/2022\/11\/Franck.jpg 1080w\" sizes=\"(max-width: 150px) 100vw, 150px\" \/><\/p>\n<p><img decoding=\"async\" class=\"aligncenter wp-image-10597\" src=\"https:\/\/musique-equilibre.com\/me\/wp-content\/uploads\/2022\/11\/172566_down_arrow_icon-300x300.png\" alt=\"cours de musique \u00e9cole de musique orl\u00e9ans loiret\" width=\"58\" height=\"58\" srcset=\"https:\/\/musique-equilibre.com\/me\/wp-content\/uploads\/2022\/11\/172566_down_arrow_icon-300x300.png 300w, https:\/\/musique-equilibre.com\/me\/wp-content\/uploads\/2022\/11\/172566_down_arrow_icon-150x150.png 150w, https:\/\/musique-equilibre.com\/me\/wp-content\/uploads\/2022\/11\/172566_down_arrow_icon-510x510.png 510w, https:\/\/musique-equilibre.com\/me\/wp-content\/uploads\/2022\/11\/172566_down_arrow_icon.png 512w\" sizes=\"(max-width: 58px) 100vw, 58px\" \/><\/p>\n<p style=\"text-align: center;\"><span style=\"font-family: coves;\"><strong>30 min \/ 45 min<br \/>\n<\/strong>LUNDI, MARDI, VENDREDI et SAMEDI<br \/>\n<span style=\"color: #f15d20;\"><a href=\"https:\/\/le108.org\/\" target=\"_blank\" rel=\"noopener\">108<\/a> et <a href=\"https:\/\/www.orleans-metropole.fr\/sport\/etablissements-et-lieux-de-pratique\/largonaute\" target=\"_blank\" rel=\"noopener\">Argonaute<\/a><br \/>\n<\/span><a href=\"https:\/\/musique-equilibre.com\/me\/index.php\/2019\/09\/03\/franck-salle-coursmusiqueorleans\/\" target=\"_blank\" rel=\"noopener\">en savoir plus sur Franck Sall\u00e9<\/a><\/span><\/p>\n<h5 style=\"text-align: center;\"><span style=\"background: #f15d20; font-family: coves;\"><span style=\"color: #ffffff;\">Cours de chant avec Diane Borderieux<br \/>\n<em>(enfant, pr\u00e9-ados, adulte)<\/em><\/span><\/span><\/h5>\n<p><img decoding=\"async\" class=\"aligncenter wp-image-10432 size-thumbnail\" src=\"https:\/\/musique-equilibre.com\/me\/wp-content\/uploads\/2022\/11\/Bio-site-Diane-150x143.png\" alt=\"Diane borderieux chant cours de musique orl\u00e9ans loiret\" width=\"150\" height=\"143\" srcset=\"https:\/\/musique-equilibre.com\/me\/wp-content\/uploads\/2022\/11\/Bio-site-Diane-150x143.png 150w, https:\/\/musique-equilibre.com\/me\/wp-content\/uploads\/2022\/11\/Bio-site-Diane-300x286.png 300w, https:\/\/musique-equilibre.com\/me\/wp-content\/uploads\/2022\/11\/Bio-site-Diane-1024x975.png 1024w, https:\/\/musique-equilibre.com\/me\/wp-content\/uploads\/2022\/11\/Bio-site-Diane-768x732.png 768w, https:\/\/musique-equilibre.com\/me\/wp-content\/uploads\/2022\/11\/Bio-site-Diane-1536x1463.png 1536w, https:\/\/musique-equilibre.com\/me\/wp-content\/uploads\/2022\/11\/Bio-site-Diane-2048x1951.png 2048w\" sizes=\"(max-width: 150px) 100vw, 150px\" \/><\/p>\n<p><img loading=\"lazy\" decoding=\"async\" class=\"wp-image-10597 aligncenter\" src=\"https:\/\/musique-equilibre.com\/me\/wp-content\/uploads\/2022\/11\/172566_down_arrow_icon-300x300.png\" alt=\"cours de musique \u00e9cole de musique orl\u00e9ans loiret\" width=\"58\" height=\"58\" srcset=\"https:\/\/musique-equilibre.com\/me\/wp-content\/uploads\/2022\/11\/172566_down_arrow_icon-300x300.png 300w, https:\/\/musique-equilibre.com\/me\/wp-content\/uploads\/2022\/11\/172566_down_arrow_icon-150x150.png 150w, https:\/\/musique-equilibre.com\/me\/wp-content\/uploads\/2022\/11\/172566_down_arrow_icon-510x510.png 510w, https:\/\/musique-equilibre.com\/me\/wp-content\/uploads\/2022\/11\/172566_down_arrow_icon.png 512w\" sizes=\"(max-width: 58px) 100vw, 58px\" \/><\/p>\n<p style=\"text-align: center;\"><span style=\"font-family: coves;\"><strong>30 min \/ 45 min<br \/>\n<\/strong>LUNDI, MARDI, MERCREDI<strong><br \/>\n<\/strong><span style=\"color: #f15d20;\"><a href=\"https:\/\/le108.org\/\" target=\"_blank\" rel=\"noopener\">108<\/a><br \/>\n<\/span><a href=\"https:\/\/musique-equilibre.com\/me\/index.php\/2019\/09\/10\/bio-diane-borderieux\/\" target=\"_blank\" rel=\"noopener\">en savoir plus sur Diane Borderieux<\/a><\/span><\/p>\n<h5 style=\"text-align: center;\"><span style=\"background: #f15d20; font-family: coves;\"><span style=\"color: #ffffff;\">Cours de chant avec Anita Farmine<\/p>\n<p><\/span><\/span><\/h5>\n<p><img loading=\"lazy\" decoding=\"async\" class=\"aligncenter wp-image-14967 size-thumbnail\" src=\"https:\/\/musique-equilibre.com\/me\/wp-content\/uploads\/2024\/09\/Anita-Farmine-site-150x150.png\" alt=\"anita farmine cours de chant orl\u00e9ans\" width=\"150\" height=\"150\" srcset=\"https:\/\/musique-equilibre.com\/me\/wp-content\/uploads\/2024\/09\/Anita-Farmine-site-150x150.png 150w, https:\/\/musique-equilibre.com\/me\/wp-content\/uploads\/2024\/09\/Anita-Farmine-site-300x300.png 300w, https:\/\/musique-equilibre.com\/me\/wp-content\/uploads\/2024\/09\/Anita-Farmine-site-1024x1024.png 1024w, https:\/\/musique-equilibre.com\/me\/wp-content\/uploads\/2024\/09\/Anita-Farmine-site-768x768.png 768w, https:\/\/musique-equilibre.com\/me\/wp-content\/uploads\/2024\/09\/Anita-Farmine-site-510x510.png 510w, https:\/\/musique-equilibre.com\/me\/wp-content\/uploads\/2024\/09\/Anita-Farmine-site.png 1080w\" sizes=\"(max-width: 150px) 100vw, 150px\" \/><\/p>\n<p><img loading=\"lazy\" decoding=\"async\" class=\"wp-image-10597 aligncenter\" src=\"https:\/\/musique-equilibre.com\/me\/wp-content\/uploads\/2022\/11\/172566_down_arrow_icon-300x300.png\" alt=\"cours de musique \u00e9cole de musique orl\u00e9ans loiret\" width=\"58\" height=\"58\" srcset=\"https:\/\/musique-equilibre.com\/me\/wp-content\/uploads\/2022\/11\/172566_down_arrow_icon-300x300.png 300w, https:\/\/musique-equilibre.com\/me\/wp-content\/uploads\/2022\/11\/172566_down_arrow_icon-150x150.png 150w, https:\/\/musique-equilibre.com\/me\/wp-content\/uploads\/2022\/11\/172566_down_arrow_icon-510x510.png 510w, https:\/\/musique-equilibre.com\/me\/wp-content\/uploads\/2022\/11\/172566_down_arrow_icon.png 512w\" sizes=\"(max-width: 58px) 100vw, 58px\" \/><\/p>\n<p style=\"text-align: center;\"><span style=\"font-family: coves;\"><strong>30 min \/ 45 min<br \/>\n<\/strong>LUNDI, MERCREDI<strong><br \/>\n<\/strong><span style=\"color: #f15d20;\"><a href=\"https:\/\/www.orleans-metropole.fr\/sport\/etablissements-et-lieux-de-pratique\/largonaute\" target=\"_blank\" rel=\"noopener\">Argonaute<\/a><br \/>\n<\/span><a href=\"https:\/\/musique-equilibre.com\/me\/index.php\/2024\/09\/02\/anita-farmine-coursmusiqueorleans\/\" target=\"_blank\" rel=\"noopener\">en savoir plus sur Anita Farmine<\/a><\/span><\/p>\n<h5 style=\"text-align: center;\"><span style=\"background: #f15d20; font-family: coves;\"><span style=\"color: #ffffff;\">Cours de chant satur\u00e9e avec Julien Robillard<\/span><\/span><\/h5>\n<p><img loading=\"lazy\" decoding=\"async\" class=\"aligncenter wp-image-10488 size-thumbnail\" src=\"https:\/\/musique-equilibre.com\/me\/wp-content\/uploads\/2022\/11\/Julien-Robillard-150x150.png\" alt=\"juline robillard basse chant satur\u00e9 cours de musique orl\u00e9ans loiret Cours de basse \/ contrebasse\" width=\"150\" height=\"150\" srcset=\"https:\/\/musique-equilibre.com\/me\/wp-content\/uploads\/2022\/11\/Julien-Robillard-150x150.png 150w, https:\/\/musique-equilibre.com\/me\/wp-content\/uploads\/2022\/11\/Julien-Robillard-300x300.png 300w, https:\/\/musique-equilibre.com\/me\/wp-content\/uploads\/2022\/11\/Julien-Robillard-1024x1024.png 1024w, https:\/\/musique-equilibre.com\/me\/wp-content\/uploads\/2022\/11\/Julien-Robillard-768x768.png 768w, https:\/\/musique-equilibre.com\/me\/wp-content\/uploads\/2022\/11\/Julien-Robillard-510x510.png 510w, https:\/\/musique-equilibre.com\/me\/wp-content\/uploads\/2022\/11\/Julien-Robillard.png 1080w\" sizes=\"(max-width: 150px) 100vw, 150px\" \/><\/p>\n<p><img loading=\"lazy\" decoding=\"async\" class=\"aligncenter wp-image-10597\" src=\"https:\/\/musique-equilibre.com\/me\/wp-content\/uploads\/2022\/11\/172566_down_arrow_icon-300x300.png\" alt=\"\" width=\"58\" height=\"58\" srcset=\"https:\/\/musique-equilibre.com\/me\/wp-content\/uploads\/2022\/11\/172566_down_arrow_icon-300x300.png 300w, https:\/\/musique-equilibre.com\/me\/wp-content\/uploads\/2022\/11\/172566_down_arrow_icon-150x150.png 150w, https:\/\/musique-equilibre.com\/me\/wp-content\/uploads\/2022\/11\/172566_down_arrow_icon-510x510.png 510w, https:\/\/musique-equilibre.com\/me\/wp-content\/uploads\/2022\/11\/172566_down_arrow_icon.png 512w\" sizes=\"(max-width: 58px) 100vw, 58px\" \/><\/p>\n<p style=\"text-align: center;\"><span style=\"font-family: coves;\"><strong>30 min \/ 45 min<br \/>\n<\/strong>LUNDI, MARDI, MERCREDI, JEUDI, VENDREDI<br \/>\n<span style=\"color: #f15d20;\"><a href=\"https:\/\/le108.org\/\" target=\"_blank\" rel=\"noopener\">108<\/a><br \/>\n<\/span><a href=\"https:\/\/musique-equilibre.com\/me\/index.php\/2022\/05\/18\/bio-julien-robillard\/\" target=\"_blank\" rel=\"noopener\">en savoir plus sur Julien Robillard<\/a><\/span><\/p>\n","protected":false},"excerpt":{"rendered":"<p>Cours de chant avec Franck Sall\u00e9 (ados \u00e0 partir de 15ans, adultes) 30 min \/ 45 min LUNDI, MARDI, VENDREDI et SAMEDI 108 et Argonaute en savoir plus sur Franck Sall\u00e9 Cours de chant avec Diane Borderieux (enfant, pr\u00e9-ados, adulte) 30 min \/ 45 min LUNDI, MARDI, MERCREDI 108 en savoir plus sur Diane Borderieux [&hellip;]<\/p>\n","protected":false},"author":1,"featured_media":10410,"parent":0,"menu_order":0,"comment_status":"closed","ping_status":"closed","template":"","meta":{"footnotes":""},"class_list":["post-2815","page","type-page","status-publish","has-post-thumbnail","czr-hentry"],"yoast_head":"<!-- This site is optimized with the Yoast SEO plugin v26.8 - https:\/\/yoast.com\/product\/yoast-seo-wordpress\/ -->\n<title>Cours de chant - Musique et Equilibre<\/title>\n<meta name=\"description\" content=\"Cours de chant au sein de Musique et \u00c9quilibre, \u00e0 Orl\u00e9ans. Plusieurs professeurs disponibles pour des cours individuels ou collectifs.\" \/>\n<meta name=\"robots\" content=\"index, follow, max-snippet:-1, max-image-preview:large, max-video-preview:-1\" \/>\n<link rel=\"canonical\" href=\"https:\/\/musique-equilibre.com\/me\/index.php\/cours-de-chant-orleans\/\" \/>\n<meta property=\"og:locale\" content=\"fr_FR\" \/>\n<meta property=\"og:type\" content=\"article\" \/>\n<meta property=\"og:title\" content=\"Cours de chant - Musique et Equilibre\" \/>\n<meta property=\"og:description\" content=\"Cours de chant au sein de Musique et \u00c9quilibre, \u00e0 Orl\u00e9ans. Plusieurs professeurs disponibles pour des cours individuels ou collectifs.\" \/>\n<meta property=\"og:url\" content=\"https:\/\/musique-equilibre.com\/me\/index.php\/cours-de-chant-orleans\/\" \/>\n<meta property=\"og:site_name\" content=\"Musique et Equilibre\" \/>\n<meta property=\"article:publisher\" content=\"https:\/\/www.facebook.com\/MusiqueetEquilibre45\" \/>\n<meta property=\"article:modified_time\" content=\"2025-10-03T10:53:37+00:00\" \/>\n<meta property=\"og:image\" content=\"https:\/\/musique-equilibre.com\/me\/wp-content\/uploads\/2022\/11\/DSC01697-scaled.jpg\" \/>\n\t<meta property=\"og:image:width\" content=\"2560\" \/>\n\t<meta property=\"og:image:height\" content=\"1707\" \/>\n\t<meta property=\"og:image:type\" content=\"image\/jpeg\" \/>\n<meta name=\"twitter:card\" content=\"summary_large_image\" \/>\n<meta name=\"twitter:site\" content=\"@Musiquequilibre\" \/>\n<meta name=\"twitter:label1\" content=\"Dur\u00e9e de lecture estim\u00e9e\" \/>\n\t<meta name=\"twitter:data1\" content=\"3 minutes\" \/>\n<script type=\"application\/ld+json\" class=\"yoast-schema-graph\">{\"@context\":\"https:\/\/schema.org\",\"@graph\":[{\"@type\":\"WebPage\",\"@id\":\"https:\/\/musique-equilibre.com\/me\/index.php\/cours-de-chant-orleans\/\",\"url\":\"https:\/\/musique-equilibre.com\/me\/index.php\/cours-de-chant-orleans\/\",\"name\":\"Cours de chant - Musique et Equilibre\",\"isPartOf\":{\"@id\":\"https:\/\/musique-equilibre.com\/me\/#website\"},\"primaryImageOfPage\":{\"@id\":\"https:\/\/musique-equilibre.com\/me\/index.php\/cours-de-chant-orleans\/#primaryimage\"},\"image\":{\"@id\":\"https:\/\/musique-equilibre.com\/me\/index.php\/cours-de-chant-orleans\/#primaryimage\"},\"thumbnailUrl\":\"https:\/\/musique-equilibre.com\/me\/wp-content\/uploads\/2022\/11\/DSC01697-scaled.jpg\",\"datePublished\":\"2019-01-08T16:12:57+00:00\",\"dateModified\":\"2025-10-03T10:53:37+00:00\",\"description\":\"Cours de chant au sein de Musique et \u00c9quilibre, \u00e0 Orl\u00e9ans. Plusieurs professeurs disponibles pour des cours individuels ou collectifs.\",\"breadcrumb\":{\"@id\":\"https:\/\/musique-equilibre.com\/me\/index.php\/cours-de-chant-orleans\/#breadcrumb\"},\"inLanguage\":\"fr-FR\",\"potentialAction\":[{\"@type\":\"ReadAction\",\"target\":[\"https:\/\/musique-equilibre.com\/me\/index.php\/cours-de-chant-orleans\/\"]}]},{\"@type\":\"ImageObject\",\"inLanguage\":\"fr-FR\",\"@id\":\"https:\/\/musique-equilibre.com\/me\/index.php\/cours-de-chant-orleans\/#primaryimage\",\"url\":\"https:\/\/musique-equilibre.com\/me\/wp-content\/uploads\/2022\/11\/DSC01697-scaled.jpg\",\"contentUrl\":\"https:\/\/musique-equilibre.com\/me\/wp-content\/uploads\/2022\/11\/DSC01697-scaled.jpg\",\"width\":2560,\"height\":1707,\"caption\":\"Argonaute salle de concerts orl\u00e9ans loiret argonne musique et \u00e9quilibre \u00e9cole de musique musiques actuelles AGENDA concerts et \u00e9v\u00e8nements\"},{\"@type\":\"BreadcrumbList\",\"@id\":\"https:\/\/musique-equilibre.com\/me\/index.php\/cours-de-chant-orleans\/#breadcrumb\",\"itemListElement\":[{\"@type\":\"ListItem\",\"position\":1,\"name\":\"Accueil\",\"item\":\"https:\/\/musique-equilibre.com\/me\/\"},{\"@type\":\"ListItem\",\"position\":2,\"name\":\"Cours de chant\"}]},{\"@type\":\"WebSite\",\"@id\":\"https:\/\/musique-equilibre.com\/me\/#website\",\"url\":\"https:\/\/musique-equilibre.com\/me\/\",\"name\":\"Musique et Equilibre\",\"description\":\"\",\"publisher\":{\"@id\":\"https:\/\/musique-equilibre.com\/me\/#organization\"},\"potentialAction\":[{\"@type\":\"SearchAction\",\"target\":{\"@type\":\"EntryPoint\",\"urlTemplate\":\"https:\/\/musique-equilibre.com\/me\/?s={search_term_string}\"},\"query-input\":{\"@type\":\"PropertyValueSpecification\",\"valueRequired\":true,\"valueName\":\"search_term_string\"}}],\"inLanguage\":\"fr-FR\"},{\"@type\":\"Organization\",\"@id\":\"https:\/\/musique-equilibre.com\/me\/#organization\",\"name\":\"Musique et Equilibre\",\"alternateName\":\"\u00c9cole de musique et salle de concert \u00e0 Orl\u00e9ans\",\"url\":\"https:\/\/musique-equilibre.com\/me\/\",\"logo\":{\"@type\":\"ImageObject\",\"inLanguage\":\"fr-FR\",\"@id\":\"https:\/\/musique-equilibre.com\/me\/#\/schema\/logo\/image\/\",\"url\":\"https:\/\/musique-equilibre.com\/me\/wp-content\/uploads\/2022\/11\/cropped-Logo_orange_texture-1.png\",\"contentUrl\":\"https:\/\/musique-equilibre.com\/me\/wp-content\/uploads\/2022\/11\/cropped-Logo_orange_texture-1.png\",\"width\":512,\"height\":512,\"caption\":\"Musique et Equilibre\"},\"image\":{\"@id\":\"https:\/\/musique-equilibre.com\/me\/#\/schema\/logo\/image\/\"},\"sameAs\":[\"https:\/\/www.facebook.com\/MusiqueetEquilibre45\",\"https:\/\/x.com\/Musiquequilibre\",\"https:\/\/www.instagram.com\/musique_et_equilibre_\/\",\"https:\/\/www.linkedin.com\/company\/musique-&amp;-equilibre\/\",\"https:\/\/www.youtube.com\/c\/MusiqueEquilibreOrleans\/\"]}]}<\/script>\n<!-- \/ Yoast SEO plugin. -->","yoast_head_json":{"title":"Cours de chant - Musique et Equilibre","description":"Cours de chant au sein de Musique et \u00c9quilibre, \u00e0 Orl\u00e9ans. Plusieurs professeurs disponibles pour des cours individuels ou collectifs.","robots":{"index":"index","follow":"follow","max-snippet":"max-snippet:-1","max-image-preview":"max-image-preview:large","max-video-preview":"max-video-preview:-1"},"canonical":"https:\/\/musique-equilibre.com\/me\/index.php\/cours-de-chant-orleans\/","og_locale":"fr_FR","og_type":"article","og_title":"Cours de chant - Musique et Equilibre","og_description":"Cours de chant au sein de Musique et \u00c9quilibre, \u00e0 Orl\u00e9ans. Plusieurs professeurs disponibles pour des cours individuels ou collectifs.","og_url":"https:\/\/musique-equilibre.com\/me\/index.php\/cours-de-chant-orleans\/","og_site_name":"Musique et Equilibre","article_publisher":"https:\/\/www.facebook.com\/MusiqueetEquilibre45","article_modified_time":"2025-10-03T10:53:37+00:00","og_image":[{"width":2560,"height":1707,"url":"https:\/\/musique-equilibre.com\/me\/wp-content\/uploads\/2022\/11\/DSC01697-scaled.jpg","type":"image\/jpeg"}],"twitter_card":"summary_large_image","twitter_site":"@Musiquequilibre","twitter_misc":{"Dur\u00e9e de lecture estim\u00e9e":"3 minutes"},"schema":{"@context":"https:\/\/schema.org","@graph":[{"@type":"WebPage","@id":"https:\/\/musique-equilibre.com\/me\/index.php\/cours-de-chant-orleans\/","url":"https:\/\/musique-equilibre.com\/me\/index.php\/cours-de-chant-orleans\/","name":"Cours de chant - Musique et Equilibre","isPartOf":{"@id":"https:\/\/musique-equilibre.com\/me\/#website"},"primaryImageOfPage":{"@id":"https:\/\/musique-equilibre.com\/me\/index.php\/cours-de-chant-orleans\/#primaryimage"},"image":{"@id":"https:\/\/musique-equilibre.com\/me\/index.php\/cours-de-chant-orleans\/#primaryimage"},"thumbnailUrl":"https:\/\/musique-equilibre.com\/me\/wp-content\/uploads\/2022\/11\/DSC01697-scaled.jpg","datePublished":"2019-01-08T16:12:57+00:00","dateModified":"2025-10-03T10:53:37+00:00","description":"Cours de chant au sein de Musique et \u00c9quilibre, \u00e0 Orl\u00e9ans. Plusieurs professeurs disponibles pour des cours individuels ou collectifs.","breadcrumb":{"@id":"https:\/\/musique-equilibre.com\/me\/index.php\/cours-de-chant-orleans\/#breadcrumb"},"inLanguage":"fr-FR","potentialAction":[{"@type":"ReadAction","target":["https:\/\/musique-equilibre.com\/me\/index.php\/cours-de-chant-orleans\/"]}]},{"@type":"ImageObject","inLanguage":"fr-FR","@id":"https:\/\/musique-equilibre.com\/me\/index.php\/cours-de-chant-orleans\/#primaryimage","url":"https:\/\/musique-equilibre.com\/me\/wp-content\/uploads\/2022\/11\/DSC01697-scaled.jpg","contentUrl":"https:\/\/musique-equilibre.com\/me\/wp-content\/uploads\/2022\/11\/DSC01697-scaled.jpg","width":2560,"height":1707,"caption":"Argonaute salle de concerts orl\u00e9ans loiret argonne musique et \u00e9quilibre \u00e9cole de musique musiques actuelles AGENDA concerts et \u00e9v\u00e8nements"},{"@type":"BreadcrumbList","@id":"https:\/\/musique-equilibre.com\/me\/index.php\/cours-de-chant-orleans\/#breadcrumb","itemListElement":[{"@type":"ListItem","position":1,"name":"Accueil","item":"https:\/\/musique-equilibre.com\/me\/"},{"@type":"ListItem","position":2,"name":"Cours de chant"}]},{"@type":"WebSite","@id":"https:\/\/musique-equilibre.com\/me\/#website","url":"https:\/\/musique-equilibre.com\/me\/","name":"Musique et Equilibre","description":"","publisher":{"@id":"https:\/\/musique-equilibre.com\/me\/#organization"},"potentialAction":[{"@type":"SearchAction","target":{"@type":"EntryPoint","urlTemplate":"https:\/\/musique-equilibre.com\/me\/?s={search_term_string}"},"query-input":{"@type":"PropertyValueSpecification","valueRequired":true,"valueName":"search_term_string"}}],"inLanguage":"fr-FR"},{"@type":"Organization","@id":"https:\/\/musique-equilibre.com\/me\/#organization","name":"Musique et Equilibre","alternateName":"\u00c9cole de musique et salle de concert \u00e0 Orl\u00e9ans","url":"https:\/\/musique-equilibre.com\/me\/","logo":{"@type":"ImageObject","inLanguage":"fr-FR","@id":"https:\/\/musique-equilibre.com\/me\/#\/schema\/logo\/image\/","url":"https:\/\/musique-equilibre.com\/me\/wp-content\/uploads\/2022\/11\/cropped-Logo_orange_texture-1.png","contentUrl":"https:\/\/musique-equilibre.com\/me\/wp-content\/uploads\/2022\/11\/cropped-Logo_orange_texture-1.png","width":512,"height":512,"caption":"Musique et Equilibre"},"image":{"@id":"https:\/\/musique-equilibre.com\/me\/#\/schema\/logo\/image\/"},"sameAs":["https:\/\/www.facebook.com\/MusiqueetEquilibre45","https:\/\/x.com\/Musiquequilibre","https:\/\/www.instagram.com\/musique_et_equilibre_\/","https:\/\/www.linkedin.com\/company\/musique-&amp;-equilibre\/","https:\/\/www.youtube.com\/c\/MusiqueEquilibreOrleans\/"]}]}},"_links":{"self":[{"href":"https:\/\/musique-equilibre.com\/me\/index.php\/wp-json\/wp\/v2\/pages\/2815","targetHints":{"allow":["GET"]}}],"collection":[{"href":"https:\/\/musique-equilibre.com\/me\/index.php\/wp-json\/wp\/v2\/pages"}],"about":[{"href":"https:\/\/musique-equilibre.com\/me\/index.php\/wp-json\/wp\/v2\/types\/page"}],"author":[{"embeddable":true,"href":"https:\/\/musique-equilibre.com\/me\/index.php\/wp-json\/wp\/v2\/users\/1"}],"replies":[{"embeddable":true,"href":"https:\/\/musique-equilibre.com\/me\/index.php\/wp-json\/wp\/v2\/comments?post=2815"}],"version-history":[{"count":44,"href":"https:\/\/musique-equilibre.com\/me\/index.php\/wp-json\/wp\/v2\/pages\/2815\/revisions"}],"predecessor-version":[{"id":17878,"href":"https:\/\/musique-equilibre.com\/me\/index.php\/wp-json\/wp\/v2\/pages\/2815\/revisions\/17878"}],"wp:featuredmedia":[{"embeddable":true,"href":"https:\/\/musique-equilibre.com\/me\/index.php\/wp-json\/wp\/v2\/media\/10410"}],"wp:attachment":[{"href":"https:\/\/musique-equilibre.com\/me\/index.php\/wp-json\/wp\/v2\/media?parent=2815"}],"curies":[{"name":"wp","href":"https:\/\/api.w.org\/{rel}","templated":true}]}}