{"id":1887,"date":"2018-10-18T14:37:08","date_gmt":"2018-10-18T12:37:08","guid":{"rendered":"http:\/\/musique-equilibre.com\/me\/?page_id=1887"},"modified":"2025-10-13T14:34:34","modified_gmt":"2025-10-13T12:34:34","slug":"ecole-de-musique-associative-orleans","status":"publish","type":"page","link":"https:\/\/musique-equilibre.com\/me\/index.php\/ecole-de-musique-associative-orleans\/","title":{"rendered":"<span style=\"font-family: coves;\">Ecole de musique"},"content":{"rendered":"<p style=\"text-align: center;\"><span style=\"font-family: coves;\"><a href=\"#\u00e9cole\">L&rsquo;\u00e9cole<\/a> &#8211; <a href=\"#o\u00f9-nous-trouver\">O\u00f9 nous trouver<\/a> &#8211; <a href=\"#vos-avis\">Vos avis<\/a> &#8211; <a href=\"#\u00e9quipe\">\u00c9quipe<\/a> &#8211; <a href=\"#conseil-d'administration\">Conseil d&rsquo;Administration<\/a><br \/><\/span><a href=\"https:\/\/www.calameo.com\/read\/0063425014534c301b16f\" target=\"_blank\" rel=\"noopener\"><span style=\"font-family: coves;\">Lire notre plaquette<\/span><\/a><\/p>\n\n\n<h2 class=\"wp-block-heading has-background\" id=\"\u00e9cole\" style=\"background-color:#e25417\">Ecole de musique associative \u00e0 Orl\u00e9ans<\/h2>\n\n\n\n<p><span style=\"font-family: coves;\">\u00c9cole de musique associative depuis 1986, Musique et \u00c9quilibre s\u2019est d\u00e9velopp\u00e9e \u00e0 Orl\u00e9ans avec, pour objectifs, l\u2019accessibilit\u00e9 \u00e0 la musique pour tous et la cr\u00e9ation de projets innovants et\/ou pluridisciplinaire. Musique et \u00c9quilibre, c&rsquo;est une \u00e9quipe de <strong>quatre passionn\u00e9\u00b7e\u00b7s,<\/strong> entour\u00e9\u00b7e\u00b7s d&rsquo;<strong>enseignant\u00b7e\u00b7s<\/strong> et de <strong>b\u00e9n\u00e9voles<\/strong> qui \u0153uvrent au quotidien pour la bonne marche de l&rsquo;\u00e9cole.&nbsp;<br><\/span><\/p>\n\n\n\n<p><span style=\"font-family: coves;\">Organisme de formation depuis 2008, Musique et \u00c9quilibre propose des <strong>formations en Musiques Actuelles<\/strong>, des stages sur mesure pour les artistes financ\u00e9s par l&rsquo;<strong>AFDAS<\/strong> ainsi qu\u2019une offre aux<strong> entreprises<\/strong> pour leurs salari\u00e9\u00b7es dans le cadre du <strong>plan de d\u00e9veloppement des comp\u00e9tences<\/strong> et notamment le bien-\u00eatre au travail par la musique. Musique et Equilibre est un organisme de formation <strong>certifi\u00e9 Qualiopi<\/strong>.<\/span><\/p>\n\n\n\n<p><span style=\"font-family: coves;\">La formation des&nbsp;<strong>amateurs\u00b7trices<\/strong> et des&nbsp;<strong>professionnels\u00b7les<\/strong>&nbsp;est l\u2019un des piliers de Musique et \u00c9quilibre, avec une \u00e9quipe d\u2019artistes enseignant\u00b7e\u00b7s permanent\u00b7e\u00b7s et des intervenant\u00b7e\u00b7s ponctuel\u00b7le\u00b7s pour des stages et des masterclass. L\u2019association valorise \u00e9galement les artistes dans la branche cr\u00e9ation en&nbsp;<strong>programmant<\/strong>,&nbsp;<strong>diffusant<\/strong>&nbsp;ou&nbsp;<strong>produisant<\/strong>&nbsp;leur travail par des concerts qu\u2019elle organise, des ventes de cession sur des sc\u00e8nes conventionn\u00e9es, ou encore de la production d\u00e9l\u00e9gu\u00e9e de projets de cr\u00e9ation innovants.<br>Depuis 2018, Musique et \u00c9quilibre dispose en plus de ses locaux au 108 (8 salle de cours + bureaux administratifs), de&nbsp;<strong>4 salles de cours<\/strong>&nbsp;et&nbsp;<strong>1 salle de concert<\/strong>&nbsp;au sein de l\u2019<a href=\"https:\/\/www.orleans-metropole.fr\/sport\/etablissements-et-lieux-de-pratique\/largonaute\" target=\"_blank\" rel=\"noreferrer noopener\">Argonaute<\/a>.<\/span><\/p>\n\n\n\n<p><span style=\"font-family: coves;\">Des&nbsp;<strong>concerts<\/strong>&nbsp;ont lieu tous les mois avec une&nbsp;<strong>programmation \u00e9clectique<\/strong>&nbsp;m\u00eale artistes professionnel\u00b7le\u00b7s et \u00e9l\u00e8ves de notre \u00e9cole.<\/span><br><span style=\"font-family: coves;\">Pour d\u00e9couvrir l\u2019ensemble de notre programmation, consultez notre&nbsp;<a href=\"https:\/\/musique-equilibre.com\/me\/index.php\/agenda-concerts-evenements-2023-2024\/\" target=\"_blank\" rel=\"noreferrer noopener\">Agenda<\/a>.<\/span><\/p>\n\n\n\n<p>&nbsp;<\/p>\n\n\n\n<h2 class=\"wp-block-heading has-text-align-center\" id=\"o\u00f9-nous-trouver\"><span style=\"font-family: coves; color: #e25417;\">O\u00f9 nous trouver ?<\/span><\/h2>\n\n\n\n<p class=\"has-text-align-center\"><span style=\"font-family: coves; color: #e25417;\">Musique et \u00c9quilibre \/ 108<\/span><\/p>\n\n\n\n<center>\n<iframe src=\"https:\/\/www.google.com\/maps\/embed?pb=!1m18!1m12!1m3!1d2674.851329654149!2d1.9111366767679887!3d47.90056276763146!2m3!1f0!2f0!3f0!3m2!1i1024!2i768!4f13.1!3m3!1m2!1s0x47e4e4cea2fb88a7%3A0x8f7197383b9e8647!2sMusique%20et%20%C3%89quilibre%20%2F%20%C3%89cole%20de%20Musiques%20Actuelles%20pour%20amateurs-trices%20et%20professionnels-les!5e0!3m2!1sfr!2sfr!4v1695116274265!5m2!1sfr!2sfr\" width=\"600\" height=\"450\" style=\"border:0;\" allowfullscreen=\"\" loading=\"lazy\" referrerpolicy=\"no-referrer-when-downgrade\"><\/iframe>\n\n\n<p style=\"text-align: center;\"><span style=\"font-family: coves; color: #e25417;\">Musique et \u00c9quilibre \/ Argonaute<\/span><\/p>\n\n\n<center>\n<iframe src=\"https:\/\/www.google.com\/maps\/embed?pb=!1m18!1m12!1m3!1d2674.2907789522774!2d1.92894417676844!3d47.91141086687893!2m3!1f0!2f0!3f0!3m2!1i1024!2i768!4f13.1!3m3!1m2!1s0x47e4fb5477223d6f%3A0x19b1c30ceccfa6a9!2sMusique%20Et%20%C3%89quilibre%20%2F%20%C3%89cole%20de%20Musiques%20Actuelles%20et%20salle%20de%20concerts!5e0!3m2!1sfr!2sfr!4v1695116468542!5m2!1sfr!2sfr\" width=\"600\" height=\"450\" style=\"border:0;\" allowfullscreen=\"\" loading=\"lazy\" referrerpolicy=\"no-referrer-when-downgrade\"><\/iframe>\n\n\n\n<h2 class=\"wp-block-heading has-text-align-center\" id=\"vos-avis\"><span style=\"font-family: coves; color: #e25417;\">Vos avis :<\/span><\/h2>\n\n\n\n<div class=\"wp-block-columns is-layout-flex wp-container-core-columns-is-layout-9d6595d7 wp-block-columns-is-layout-flex\">\n<div class=\"wp-block-column is-layout-flow wp-block-column-is-layout-flow\">\n<blockquote class=\"wp-block-quote is-layout-flow wp-block-quote-is-layout-flow\">\n<p>Ravie d\u2019\u00eatre \u00e9l\u00e8ve \u00e0 Musique et \u00e9quilibre depuis 2019.<br>L\u2019\u00e9quipe est super et bienveillante, les enseignements sont de qualit\u00e9.<br>Je recommande.<br><em>La\u00ebtitia, \u00e9l\u00e8ve en piano et atelier<\/em><\/p>\n<\/blockquote>\n<\/div>\n\n\n\n<div class=\"wp-block-column is-layout-flow wp-block-column-is-layout-flow\">\n<blockquote class=\"wp-block-quote is-layout-flow wp-block-quote-is-layout-flow\">\n<p>Encadrement bienveillant, bonne ambiance, les enfants ont envie d\u2019y aller.<br><em>Parent d&rsquo;un \u00e9l\u00e8ve en stage musique enfants<\/em><\/p>\n<\/blockquote>\n<\/div>\n\n\n\n<div class=\"wp-block-column is-layout-flow wp-block-column-is-layout-flow\">\n<blockquote class=\"wp-block-quote is-layout-flow wp-block-quote-is-layout-flow\">\n<p>Ambiance bienveillante et positive pour les apprentissages de la musique et l\u2019\u00e9veil musical. Professeurs tr\u00e8s agr\u00e9ables.<br><em>Marie, maman d&rsquo;un \u00e9l\u00e8ve en petite enfance<\/em><\/p>\n<\/blockquote>\n<\/div>\n<\/div>\n\n\n\n<div class=\"wp-block-columns is-layout-flex wp-container-core-columns-is-layout-9d6595d7 wp-block-columns-is-layout-flex\">\n<div class=\"wp-block-column is-layout-flow wp-block-column-is-layout-flow\">\n<figure class=\"wp-block-embed is-type-video is-provider-youtube wp-block-embed-youtube wp-embed-aspect-16-9 wp-has-aspect-ratio\"><div class=\"wp-block-embed__wrapper\">\n<iframe title=\"Un lieu de PARTAGE et d&#039;enrichissement MUSICAL - Ils nous parlent de Musique et \u00c9quilibre\" width=\"1140\" height=\"641\" src=\"https:\/\/www.youtube.com\/embed\/a43KNy8Abbs?feature=oembed\" frameborder=\"0\" allow=\"accelerometer; autoplay; clipboard-write; encrypted-media; gyroscope; picture-in-picture; web-share\" referrerpolicy=\"strict-origin-when-cross-origin\" allowfullscreen><\/iframe>\n<\/div><\/figure>\n<\/div>\n\n\n\n<div class=\"wp-block-column is-layout-flow wp-block-column-is-layout-flow\">\n<figure class=\"wp-block-embed is-type-video is-provider-youtube wp-block-embed-youtube wp-embed-aspect-16-9 wp-has-aspect-ratio\"><div class=\"wp-block-embed__wrapper\">\n<iframe title=\"Des cours avec des PROFS qui sont aussi musiciens - Ils nous parlent de Musique et \u00c9quilibre\" width=\"1140\" height=\"641\" src=\"https:\/\/www.youtube.com\/embed\/NYcjJFXXMdA?feature=oembed\" frameborder=\"0\" allow=\"accelerometer; autoplay; clipboard-write; encrypted-media; gyroscope; picture-in-picture; web-share\" referrerpolicy=\"strict-origin-when-cross-origin\" allowfullscreen><\/iframe>\n<\/div><\/figure>\n<\/div>\n\n\n\n<div class=\"wp-block-column is-layout-flow wp-block-column-is-layout-flow\">\n<figure class=\"wp-block-embed is-type-video is-provider-youtube wp-block-embed-youtube wp-embed-aspect-16-9 wp-has-aspect-ratio\"><div class=\"wp-block-embed__wrapper\">\n<iframe title=\"On aime le c\u00f4t\u00e9 ASSOCIATIF + conditions de PRO - Merlin et Julien parlent de Musique et \u00c9quilibre\" width=\"1140\" height=\"641\" src=\"https:\/\/www.youtube.com\/embed\/37dufF8sAYw?feature=oembed\" frameborder=\"0\" allow=\"accelerometer; autoplay; clipboard-write; encrypted-media; gyroscope; picture-in-picture; web-share\" referrerpolicy=\"strict-origin-when-cross-origin\" allowfullscreen><\/iframe>\n<\/div><\/figure>\n<\/div>\n<\/div>\n\n\n\n<div class=\"wp-block-columns is-layout-flex wp-container-core-columns-is-layout-9d6595d7 wp-block-columns-is-layout-flex\">\n<div class=\"wp-block-column is-layout-flow wp-block-column-is-layout-flow\">\n<figure class=\"wp-block-embed is-type-video is-provider-youtube wp-block-embed-youtube wp-embed-aspect-16-9 wp-has-aspect-ratio\"><div class=\"wp-block-embed__wrapper\">\n<iframe title=\"Un lieu d&#039;\u00c9MULATION et de CR\u00c9ATION - Audrey parle de Musique et \u00c9quilibre\" width=\"1140\" height=\"641\" src=\"https:\/\/www.youtube.com\/embed\/DwPJ6pLG7vk?feature=oembed\" frameborder=\"0\" allow=\"accelerometer; autoplay; clipboard-write; encrypted-media; gyroscope; picture-in-picture; web-share\" referrerpolicy=\"strict-origin-when-cross-origin\" allowfullscreen><\/iframe>\n<\/div><\/figure>\n<\/div>\n\n\n\n<div class=\"wp-block-column is-layout-flow wp-block-column-is-layout-flow\">\n<figure class=\"wp-block-embed is-type-video is-provider-youtube wp-block-embed-youtube wp-embed-aspect-16-9 wp-has-aspect-ratio\"><div class=\"wp-block-embed__wrapper\">\n<iframe title=\"Une salle de CONCERT d&#039;excellente qualit\u00e9 - J\u00e9r\u00f4me parle de Musique et \u00c9quilibre\" width=\"1140\" height=\"641\" src=\"https:\/\/www.youtube.com\/embed\/FF6iRv74Tag?feature=oembed\" frameborder=\"0\" allow=\"accelerometer; autoplay; clipboard-write; encrypted-media; gyroscope; picture-in-picture; web-share\" referrerpolicy=\"strict-origin-when-cross-origin\" allowfullscreen><\/iframe>\n<\/div><\/figure>\n<\/div>\n<\/div>\n\n\n\n<h4 class=\"wp-block-heading has-text-align-left has-background\" id=\"\u00e9quipe\" style=\"background-color:#e25417\">\u00c9quipe<\/h4>\n\n\n<p style=\"text-align: left;\"><span style=\"font-family: coves;\">Directrice :\u00a0<a href=\"https:\/\/musique-equilibre.com\/me\/index.php\/2023\/08\/23\/aude-prieur-directrice\/\" target=\"_blank\" rel=\"noreferrer noopener\">Aude Prieur<\/a><\/span><br \/><span style=\"font-family: coves;\">Responsable p\u00e9dagogique :\u00a0<a href=\"https:\/\/musique-equilibre.com\/me\/index.php\/2023\/09\/12\/julien-robillard-charge-de-mecenat\/\" target=\"_blank\" rel=\"noreferrer noopener\">Julien Robillard<\/a><\/span><br \/><span style=\"font-family: coves;\">R\u00e9gisseur :\u00a0<a href=\"https:\/\/musique-equilibre.com\/me\/index.php\/2024\/01\/19\/romain-clement-regisseur\/\" target=\"_blank\" rel=\"noreferrer noopener\">Romain Cl\u00e9ment<\/a><\/span><br \/><span style=\"font-family: coves;\">Administratrice, charg\u00e9e de communication et action culturelle :\u00a0<a href=\"https:\/\/musique-equilibre.com\/me\/index.php\/2022\/09\/01\/bio-alice-nau\/\" target=\"_blank\" rel=\"noreferrer noopener\">Alice Nau<\/a><\/span><\/p>\n<p style=\"text-align: left;\"><span style=\"color: #000000; font-family: coves;\">Fondateur : Serge Ceccaldi<\/span><\/p>\n\n<div class=\"wp-block-image\">\n<figure class=\"aligncenter size-large is-resized\"><img fetchpriority=\"high\" decoding=\"async\" width=\"1024\" height=\"768\" src=\"https:\/\/musique-equilibre.com\/me\/wp-content\/uploads\/2025\/08\/2350788-2-watermark-1024x768.jpg\" alt=\"musique et \u00e9quilibre orl\u00e9ans \u00e9cole de musiques actuelles orl\u00e9ans loiret alice nau romain cl\u00e9ment aude prieur julien robillard\" class=\"wp-image-17725\" style=\"width:784px;height:auto\" srcset=\"https:\/\/musique-equilibre.com\/me\/wp-content\/uploads\/2025\/08\/2350788-2-watermark-1024x768.jpg 1024w, https:\/\/musique-equilibre.com\/me\/wp-content\/uploads\/2025\/08\/2350788-2-watermark-300x225.jpg 300w, https:\/\/musique-equilibre.com\/me\/wp-content\/uploads\/2025\/08\/2350788-2-watermark-150x113.jpg 150w, https:\/\/musique-equilibre.com\/me\/wp-content\/uploads\/2025\/08\/2350788-2-watermark-768x576.jpg 768w, https:\/\/musique-equilibre.com\/me\/wp-content\/uploads\/2025\/08\/2350788-2-watermark-1536x1152.jpg 1536w, https:\/\/musique-equilibre.com\/me\/wp-content\/uploads\/2025\/08\/2350788-2-watermark-2048x1536.jpg 2048w\" sizes=\"(max-width: 1024px) 100vw, 1024px\" \/><figcaption class=\"wp-element-caption\">De gauche \u00e0 droite : Alice Nau, Romain Cl\u00e9ment, Aude Prieur, Julien Robillard<\/figcaption><\/figure><\/div>\n\n\n<h4 class=\"wp-block-heading has-black-color has-text-color has-background\" id=\"conseil-d'administration\" style=\"background-color:#e25417\">Conseil d administration<\/h4>\n\n\n<p style=\"text-align: left;\"><span style=\"font-family: coves;\"><span style=\"color: #e25417;\">Pr\u00e9sidence :<\/span> Gr\u00e9goire Rist<br \/><span style=\"color: #e25417;\">Vice-pr\u00e9sidente :<\/span> Fran\u00e7oise Morin<\/span><br \/><span style=\"font-family: coves;\"><span style=\"color: #e25417;\">Tr\u00e9sorier :<\/span>\u00a0Christophe Donadieu<\/span><br \/><span style=\"font-family: coves;\"><span style=\"color: #e25417;\">Secr\u00e9taire :<\/span>\u00a0V\u00e9ronique Leclerc<\/span><br \/><span style=\"font-family: coves;\"><span style=\"color: #e25417;\">Secr\u00e9taire adjointe :\u00a0<\/span>Marielle Chandon<\/span><br \/><span style=\"font-family: coves;\"><span style=\"color: #e25417;\">Membres :<\/span> Pierre Chapuis &#8211; Claudine Gerbaud &#8211; Audrey Luder-Pescheux &#8211; Pauline Sizaret &#8211; Nicolas Tavernier<\/span><\/p>\n\n<div class=\"wp-block-image\">\n<figure class=\"aligncenter size-large is-resized\"><img decoding=\"async\" width=\"1024\" height=\"614\" src=\"https:\/\/musique-equilibre.com\/me\/wp-content\/uploads\/2025\/10\/Conseil-dAdministration-1024x614.jpg\" alt=\"conseil d'administration musique et \u00e9quilibre association b\u00e9n\u00e9vole\" class=\"wp-image-17898\" style=\"width:784px\" srcset=\"https:\/\/musique-equilibre.com\/me\/wp-content\/uploads\/2025\/10\/Conseil-dAdministration-1024x614.jpg 1024w, https:\/\/musique-equilibre.com\/me\/wp-content\/uploads\/2025\/10\/Conseil-dAdministration-300x180.jpg 300w, https:\/\/musique-equilibre.com\/me\/wp-content\/uploads\/2025\/10\/Conseil-dAdministration-150x90.jpg 150w, https:\/\/musique-equilibre.com\/me\/wp-content\/uploads\/2025\/10\/Conseil-dAdministration-768x460.jpg 768w, https:\/\/musique-equilibre.com\/me\/wp-content\/uploads\/2025\/10\/Conseil-dAdministration-1536x920.jpg 1536w, https:\/\/musique-equilibre.com\/me\/wp-content\/uploads\/2025\/10\/Conseil-dAdministration-2048x1227.jpg 2048w\" sizes=\"(max-width: 1024px) 100vw, 1024px\" \/><figcaption class=\"wp-element-caption\">De gauche \u00e0 droite : Christophe Donadieu, Claudine Gerbaud, Marielle Chanson, Pauline Sizaret, Audrey Luder Pescheux, Gr\u00e9goire Rist, Fran\u00e7oise Morin<\/figcaption><\/figure><\/div>\n\n\n<p class=\"has-white-color has-text-color\">vide<\/p>\n\n\n\n<p class=\"has-white-color has-text-color\">vide<\/p>\n\n\n<div class=\"wp-block-image\">\n<figure class=\"aligncenter size-full is-resized\"><img decoding=\"async\" width=\"512\" height=\"512\" src=\"https:\/\/musique-equilibre.com\/me\/wp-content\/uploads\/2022\/11\/warning-icon.png\" alt=\"violence\" class=\"wp-image-10581\" style=\"width:62px;height:auto\" srcset=\"https:\/\/musique-equilibre.com\/me\/wp-content\/uploads\/2022\/11\/warning-icon.png 512w, https:\/\/musique-equilibre.com\/me\/wp-content\/uploads\/2022\/11\/warning-icon-300x300.png 300w, https:\/\/musique-equilibre.com\/me\/wp-content\/uploads\/2022\/11\/warning-icon-150x150.png 150w, https:\/\/musique-equilibre.com\/me\/wp-content\/uploads\/2022\/11\/warning-icon-510x510.png 510w\" sizes=\"(max-width: 512px) 100vw, 512px\" \/><\/figure><\/div>\n\n<p style=\"text-align: center;\"><span style=\"font-family: coves;\">Vous \u00eates\/avez \u00e9t\u00e9 victime de violences sexuelles ou sexistes dans nos locaux ou dans le milieu des Musiques Actuelles ?<\/span><br \/><span style=\"font-family: coves;\">Merci de consulter ce <a href=\"https:\/\/musique-equilibre.com\/me\/wp-content\/uploads\/2023\/12\/Doc-affichage-VHSS-MAJ.pdf\" target=\"_blank\" rel=\"noreferrer noopener\">document<\/a><\/span><\/p>","protected":false},"excerpt":{"rendered":"<p>L&rsquo;\u00e9cole &#8211; O\u00f9 nous trouver &#8211; Vos avis &#8211; \u00c9quipe &#8211; Conseil d&rsquo;AdministrationLire notre plaquette Ecole de musique associative \u00e0 Orl\u00e9ans \u00c9cole de musique associative depuis 1986, Musique et \u00c9quilibre s\u2019est d\u00e9velopp\u00e9e \u00e0 Orl\u00e9ans avec, pour objectifs, l\u2019accessibilit\u00e9 \u00e0 la musique pour tous et la cr\u00e9ation de projets innovants et\/ou pluridisciplinaire. Musique et \u00c9quilibre, c&rsquo;est [&hellip;]<\/p>\n","protected":false},"author":1,"featured_media":0,"parent":0,"menu_order":0,"comment_status":"closed","ping_status":"closed","template":"","meta":{"footnotes":""},"class_list":["post-1887","page","type-page","status-publish","czr-hentry"],"yoast_head":"<!-- This site is optimized with the Yoast SEO plugin v26.8 - https:\/\/yoast.com\/product\/yoast-seo-wordpress\/ -->\n<title>Ecole de musique - Musique et Equilibre<\/title>\n<meta name=\"description\" content=\"D\u00e9couvrez l&#039;histoire de Musique et Equilibre, \u00e9cole de musique associative \u00e0 Orl\u00e9ans depuis 1986, fond\u00e9e par Serge Ceccaldi.\" \/>\n<meta name=\"robots\" content=\"index, follow, max-snippet:-1, max-image-preview:large, max-video-preview:-1\" \/>\n<link rel=\"canonical\" href=\"https:\/\/musique-equilibre.com\/me\/index.php\/ecole-de-musique-associative-orleans\/\" \/>\n<meta property=\"og:locale\" content=\"fr_FR\" \/>\n<meta property=\"og:type\" content=\"article\" \/>\n<meta property=\"og:title\" content=\"Ecole de musique - Musique et Equilibre\" \/>\n<meta property=\"og:description\" content=\"D\u00e9couvrez l&#039;histoire de Musique et Equilibre, \u00e9cole de musique associative \u00e0 Orl\u00e9ans depuis 1986, fond\u00e9e par Serge Ceccaldi.\" \/>\n<meta property=\"og:url\" content=\"https:\/\/musique-equilibre.com\/me\/index.php\/ecole-de-musique-associative-orleans\/\" \/>\n<meta property=\"og:site_name\" content=\"Musique et Equilibre\" \/>\n<meta property=\"article:publisher\" content=\"https:\/\/www.facebook.com\/MusiqueetEquilibre45\" \/>\n<meta property=\"article:modified_time\" content=\"2025-10-13T12:34:34+00:00\" \/>\n<meta property=\"og:image\" content=\"https:\/\/musique-equilibre.com\/me\/wp-content\/uploads\/2025\/08\/2350788-2-watermark-scaled.jpg\" \/>\n\t<meta property=\"og:image:width\" content=\"2560\" \/>\n\t<meta property=\"og:image:height\" content=\"1920\" \/>\n\t<meta property=\"og:image:type\" content=\"image\/jpeg\" \/>\n<meta name=\"twitter:card\" content=\"summary_large_image\" \/>\n<meta name=\"twitter:site\" content=\"@Musiquequilibre\" \/>\n<meta name=\"twitter:label1\" content=\"Dur\u00e9e de lecture estim\u00e9e\" \/>\n\t<meta name=\"twitter:data1\" content=\"3 minutes\" \/>\n<script type=\"application\/ld+json\" class=\"yoast-schema-graph\">{\"@context\":\"https:\/\/schema.org\",\"@graph\":[{\"@type\":\"WebPage\",\"@id\":\"https:\/\/musique-equilibre.com\/me\/index.php\/ecole-de-musique-associative-orleans\/\",\"url\":\"https:\/\/musique-equilibre.com\/me\/index.php\/ecole-de-musique-associative-orleans\/\",\"name\":\"Ecole de musique - Musique et Equilibre\",\"isPartOf\":{\"@id\":\"https:\/\/musique-equilibre.com\/me\/#website\"},\"primaryImageOfPage\":{\"@id\":\"https:\/\/musique-equilibre.com\/me\/index.php\/ecole-de-musique-associative-orleans\/#primaryimage\"},\"image\":{\"@id\":\"https:\/\/musique-equilibre.com\/me\/index.php\/ecole-de-musique-associative-orleans\/#primaryimage\"},\"thumbnailUrl\":\"https:\/\/musique-equilibre.com\/me\/wp-content\/uploads\/2025\/08\/2350788-2-watermark-1024x768.jpg\",\"datePublished\":\"2018-10-18T12:37:08+00:00\",\"dateModified\":\"2025-10-13T12:34:34+00:00\",\"description\":\"D\u00e9couvrez l'histoire de Musique et Equilibre, \u00e9cole de musique associative \u00e0 Orl\u00e9ans depuis 1986, fond\u00e9e par Serge Ceccaldi.\",\"breadcrumb\":{\"@id\":\"https:\/\/musique-equilibre.com\/me\/index.php\/ecole-de-musique-associative-orleans\/#breadcrumb\"},\"inLanguage\":\"fr-FR\",\"potentialAction\":[{\"@type\":\"ReadAction\",\"target\":[\"https:\/\/musique-equilibre.com\/me\/index.php\/ecole-de-musique-associative-orleans\/\"]}]},{\"@type\":\"ImageObject\",\"inLanguage\":\"fr-FR\",\"@id\":\"https:\/\/musique-equilibre.com\/me\/index.php\/ecole-de-musique-associative-orleans\/#primaryimage\",\"url\":\"https:\/\/musique-equilibre.com\/me\/wp-content\/uploads\/2025\/08\/2350788-2-watermark-scaled.jpg\",\"contentUrl\":\"https:\/\/musique-equilibre.com\/me\/wp-content\/uploads\/2025\/08\/2350788-2-watermark-scaled.jpg\",\"width\":2560,\"height\":1920,\"caption\":\"musique et \u00e9quilibre orl\u00e9ans \u00e9cole de musiques actuelles orl\u00e9ans loiret alice nau romain cl\u00e9ment aude prieur julien robillard\"},{\"@type\":\"BreadcrumbList\",\"@id\":\"https:\/\/musique-equilibre.com\/me\/index.php\/ecole-de-musique-associative-orleans\/#breadcrumb\",\"itemListElement\":[{\"@type\":\"ListItem\",\"position\":1,\"name\":\"Accueil\",\"item\":\"https:\/\/musique-equilibre.com\/me\/\"},{\"@type\":\"ListItem\",\"position\":2,\"name\":\"Ecole de musique\"}]},{\"@type\":\"WebSite\",\"@id\":\"https:\/\/musique-equilibre.com\/me\/#website\",\"url\":\"https:\/\/musique-equilibre.com\/me\/\",\"name\":\"Musique et Equilibre\",\"description\":\"\",\"publisher\":{\"@id\":\"https:\/\/musique-equilibre.com\/me\/#organization\"},\"potentialAction\":[{\"@type\":\"SearchAction\",\"target\":{\"@type\":\"EntryPoint\",\"urlTemplate\":\"https:\/\/musique-equilibre.com\/me\/?s={search_term_string}\"},\"query-input\":{\"@type\":\"PropertyValueSpecification\",\"valueRequired\":true,\"valueName\":\"search_term_string\"}}],\"inLanguage\":\"fr-FR\"},{\"@type\":\"Organization\",\"@id\":\"https:\/\/musique-equilibre.com\/me\/#organization\",\"name\":\"Musique et Equilibre\",\"alternateName\":\"\u00c9cole de musique et salle de concert \u00e0 Orl\u00e9ans\",\"url\":\"https:\/\/musique-equilibre.com\/me\/\",\"logo\":{\"@type\":\"ImageObject\",\"inLanguage\":\"fr-FR\",\"@id\":\"https:\/\/musique-equilibre.com\/me\/#\/schema\/logo\/image\/\",\"url\":\"https:\/\/musique-equilibre.com\/me\/wp-content\/uploads\/2022\/11\/cropped-Logo_orange_texture-1.png\",\"contentUrl\":\"https:\/\/musique-equilibre.com\/me\/wp-content\/uploads\/2022\/11\/cropped-Logo_orange_texture-1.png\",\"width\":512,\"height\":512,\"caption\":\"Musique et Equilibre\"},\"image\":{\"@id\":\"https:\/\/musique-equilibre.com\/me\/#\/schema\/logo\/image\/\"},\"sameAs\":[\"https:\/\/www.facebook.com\/MusiqueetEquilibre45\",\"https:\/\/x.com\/Musiquequilibre\",\"https:\/\/www.instagram.com\/musique_et_equilibre_\/\",\"https:\/\/www.linkedin.com\/company\/musique-&amp;-equilibre\/\",\"https:\/\/www.youtube.com\/c\/MusiqueEquilibreOrleans\/\"]}]}<\/script>\n<!-- \/ Yoast SEO plugin. -->","yoast_head_json":{"title":"Ecole de musique - Musique et Equilibre","description":"D\u00e9couvrez l'histoire de Musique et Equilibre, \u00e9cole de musique associative \u00e0 Orl\u00e9ans depuis 1986, fond\u00e9e par Serge Ceccaldi.","robots":{"index":"index","follow":"follow","max-snippet":"max-snippet:-1","max-image-preview":"max-image-preview:large","max-video-preview":"max-video-preview:-1"},"canonical":"https:\/\/musique-equilibre.com\/me\/index.php\/ecole-de-musique-associative-orleans\/","og_locale":"fr_FR","og_type":"article","og_title":"Ecole de musique - Musique et Equilibre","og_description":"D\u00e9couvrez l'histoire de Musique et Equilibre, \u00e9cole de musique associative \u00e0 Orl\u00e9ans depuis 1986, fond\u00e9e par Serge Ceccaldi.","og_url":"https:\/\/musique-equilibre.com\/me\/index.php\/ecole-de-musique-associative-orleans\/","og_site_name":"Musique et Equilibre","article_publisher":"https:\/\/www.facebook.com\/MusiqueetEquilibre45","article_modified_time":"2025-10-13T12:34:34+00:00","og_image":[{"width":2560,"height":1920,"url":"https:\/\/musique-equilibre.com\/me\/wp-content\/uploads\/2025\/08\/2350788-2-watermark-scaled.jpg","type":"image\/jpeg"}],"twitter_card":"summary_large_image","twitter_site":"@Musiquequilibre","twitter_misc":{"Dur\u00e9e de lecture estim\u00e9e":"3 minutes"},"schema":{"@context":"https:\/\/schema.org","@graph":[{"@type":"WebPage","@id":"https:\/\/musique-equilibre.com\/me\/index.php\/ecole-de-musique-associative-orleans\/","url":"https:\/\/musique-equilibre.com\/me\/index.php\/ecole-de-musique-associative-orleans\/","name":"Ecole de musique - Musique et Equilibre","isPartOf":{"@id":"https:\/\/musique-equilibre.com\/me\/#website"},"primaryImageOfPage":{"@id":"https:\/\/musique-equilibre.com\/me\/index.php\/ecole-de-musique-associative-orleans\/#primaryimage"},"image":{"@id":"https:\/\/musique-equilibre.com\/me\/index.php\/ecole-de-musique-associative-orleans\/#primaryimage"},"thumbnailUrl":"https:\/\/musique-equilibre.com\/me\/wp-content\/uploads\/2025\/08\/2350788-2-watermark-1024x768.jpg","datePublished":"2018-10-18T12:37:08+00:00","dateModified":"2025-10-13T12:34:34+00:00","description":"D\u00e9couvrez l'histoire de Musique et Equilibre, \u00e9cole de musique associative \u00e0 Orl\u00e9ans depuis 1986, fond\u00e9e par Serge Ceccaldi.","breadcrumb":{"@id":"https:\/\/musique-equilibre.com\/me\/index.php\/ecole-de-musique-associative-orleans\/#breadcrumb"},"inLanguage":"fr-FR","potentialAction":[{"@type":"ReadAction","target":["https:\/\/musique-equilibre.com\/me\/index.php\/ecole-de-musique-associative-orleans\/"]}]},{"@type":"ImageObject","inLanguage":"fr-FR","@id":"https:\/\/musique-equilibre.com\/me\/index.php\/ecole-de-musique-associative-orleans\/#primaryimage","url":"https:\/\/musique-equilibre.com\/me\/wp-content\/uploads\/2025\/08\/2350788-2-watermark-scaled.jpg","contentUrl":"https:\/\/musique-equilibre.com\/me\/wp-content\/uploads\/2025\/08\/2350788-2-watermark-scaled.jpg","width":2560,"height":1920,"caption":"musique et \u00e9quilibre orl\u00e9ans \u00e9cole de musiques actuelles orl\u00e9ans loiret alice nau romain cl\u00e9ment aude prieur julien robillard"},{"@type":"BreadcrumbList","@id":"https:\/\/musique-equilibre.com\/me\/index.php\/ecole-de-musique-associative-orleans\/#breadcrumb","itemListElement":[{"@type":"ListItem","position":1,"name":"Accueil","item":"https:\/\/musique-equilibre.com\/me\/"},{"@type":"ListItem","position":2,"name":"Ecole de musique"}]},{"@type":"WebSite","@id":"https:\/\/musique-equilibre.com\/me\/#website","url":"https:\/\/musique-equilibre.com\/me\/","name":"Musique et Equilibre","description":"","publisher":{"@id":"https:\/\/musique-equilibre.com\/me\/#organization"},"potentialAction":[{"@type":"SearchAction","target":{"@type":"EntryPoint","urlTemplate":"https:\/\/musique-equilibre.com\/me\/?s={search_term_string}"},"query-input":{"@type":"PropertyValueSpecification","valueRequired":true,"valueName":"search_term_string"}}],"inLanguage":"fr-FR"},{"@type":"Organization","@id":"https:\/\/musique-equilibre.com\/me\/#organization","name":"Musique et Equilibre","alternateName":"\u00c9cole de musique et salle de concert \u00e0 Orl\u00e9ans","url":"https:\/\/musique-equilibre.com\/me\/","logo":{"@type":"ImageObject","inLanguage":"fr-FR","@id":"https:\/\/musique-equilibre.com\/me\/#\/schema\/logo\/image\/","url":"https:\/\/musique-equilibre.com\/me\/wp-content\/uploads\/2022\/11\/cropped-Logo_orange_texture-1.png","contentUrl":"https:\/\/musique-equilibre.com\/me\/wp-content\/uploads\/2022\/11\/cropped-Logo_orange_texture-1.png","width":512,"height":512,"caption":"Musique et Equilibre"},"image":{"@id":"https:\/\/musique-equilibre.com\/me\/#\/schema\/logo\/image\/"},"sameAs":["https:\/\/www.facebook.com\/MusiqueetEquilibre45","https:\/\/x.com\/Musiquequilibre","https:\/\/www.instagram.com\/musique_et_equilibre_\/","https:\/\/www.linkedin.com\/company\/musique-&amp;-equilibre\/","https:\/\/www.youtube.com\/c\/MusiqueEquilibreOrleans\/"]}]}},"_links":{"self":[{"href":"https:\/\/musique-equilibre.com\/me\/index.php\/wp-json\/wp\/v2\/pages\/1887","targetHints":{"allow":["GET"]}}],"collection":[{"href":"https:\/\/musique-equilibre.com\/me\/index.php\/wp-json\/wp\/v2\/pages"}],"about":[{"href":"https:\/\/musique-equilibre.com\/me\/index.php\/wp-json\/wp\/v2\/types\/page"}],"author":[{"embeddable":true,"href":"https:\/\/musique-equilibre.com\/me\/index.php\/wp-json\/wp\/v2\/users\/1"}],"replies":[{"embeddable":true,"href":"https:\/\/musique-equilibre.com\/me\/index.php\/wp-json\/wp\/v2\/comments?post=1887"}],"version-history":[{"count":86,"href":"https:\/\/musique-equilibre.com\/me\/index.php\/wp-json\/wp\/v2\/pages\/1887\/revisions"}],"predecessor-version":[{"id":17900,"href":"https:\/\/musique-equilibre.com\/me\/index.php\/wp-json\/wp\/v2\/pages\/1887\/revisions\/17900"}],"wp:attachment":[{"href":"https:\/\/musique-equilibre.com\/me\/index.php\/wp-json\/wp\/v2\/media?parent=1887"}],"curies":[{"name":"wp","href":"https:\/\/api.w.org\/{rel}","templated":true}]}}