{"id":14022,"date":"2024-02-27T13:34:19","date_gmt":"2024-02-27T12:34:19","guid":{"rendered":"https:\/\/musique-equilibre.com\/me\/?page_id=14022"},"modified":"2024-05-07T14:52:48","modified_gmt":"2024-05-07T12:52:48","slug":"festival-les-mosaiques-7","status":"publish","type":"page","link":"https:\/\/musique-equilibre.com\/me\/index.php\/festival-les-mosaiques-7\/","title":{"rendered":"Festival Les Mosa\u00efques #7"},"content":{"rendered":"<div class=\"wp-block-image\">\n<figure class=\"aligncenter size-large is-resized\"><img fetchpriority=\"high\" decoding=\"async\" src=\"https:\/\/musique-equilibre.com\/me\/wp-content\/uploads\/2024\/03\/Affiche-1-724x1024.png\" alt=\"festival les mosa\u00efques 7 orl\u00e9ans musiques actuelles concert orl\u00e9ans loiret\" class=\"wp-image-14104\" width=\"543\" height=\"768\" srcset=\"https:\/\/musique-equilibre.com\/me\/wp-content\/uploads\/2024\/03\/Affiche-1-724x1024.png 724w, https:\/\/musique-equilibre.com\/me\/wp-content\/uploads\/2024\/03\/Affiche-1-212x300.png 212w, https:\/\/musique-equilibre.com\/me\/wp-content\/uploads\/2024\/03\/Affiche-1-106x150.png 106w, https:\/\/musique-equilibre.com\/me\/wp-content\/uploads\/2024\/03\/Affiche-1-768x1086.png 768w, https:\/\/musique-equilibre.com\/me\/wp-content\/uploads\/2024\/03\/Affiche-1-1086x1536.png 1086w, https:\/\/musique-equilibre.com\/me\/wp-content\/uploads\/2024\/03\/Affiche-1-1448x2048.png 1448w\" sizes=\"(max-width: 543px) 100vw, 543px\" \/><\/figure><\/div>\n\n\n<div class=\"wp-block-buttons is-layout-flex wp-block-buttons-is-layout-flex\">\n<div class=\"wp-block-button has-custom-width wp-block-button__width-100\"><a class=\"wp-block-button__link has-background wp-element-button\" href=\"https:\/\/www.helloasso.com\/associations\/musique-et-equilibre-orleans\/evenements\/les-mosaiques-2\" style=\"background-color:#ff577f\" target=\"_blank\" rel=\"noreferrer noopener\">JE R\u00c9SERVE MA PLACE<\/a><\/div>\n<\/div>\n\n\n\n<p class=\"has-white-color has-text-color has-small-font-size\">festival les mosa\u00efques 7<\/p>\n\n\n<h3><span style=\"font-family: coves-light; color: #ff884b;\">VENDREDI 31 MAI \/ 20H<\/span><\/h3>\n<p><span style=\"font-family: coves-light;\">En premi\u00e8re partie, le groupe&nbsp;<a href=\"https:\/\/www.facebook.com\/coffeesandcigarettesband\"><em>Coffees &amp; Cigarettes<\/em><\/a>&nbsp;(hop\u2019n roll) est accompagn\u00e9 d\u2019un ch\u0153ur d\u2019adultes, un ch\u0153ur d\u2019enfants et d\u2019\u00e9l\u00e8ves instrumentistes (violon, piano, fl\u00fbte, guitare\u2026) de Musique et \u00c9quilibre. Cette formation hors du commun nous interpr\u00e8te quelques titres phares du groupe qui poss\u00e8de le subtil secret d\u2019allier \u00e0 la perfection chanson fran\u00e7aise, rock et hip hop.<\/span><br><span style=\"font-family: coves-light;\"><em>Coffees &amp; Cigarettes<\/em> nous propose ensuite une deuxi\u00e8me partie enflamm\u00e9e&nbsp;! Cette fois-ci dans leur version originale, Renaud Druel (auteur compositeur interpr\u00e8te) et ses comparses Quentin Gendrot (violoncelle) et Anna Swieton (violon) nous embarquent dans leur univers singulier dont les textes et la musique rendent hommage \u00e0 la pop culture, au cin\u00e9ma et \u00e0 la litt\u00e9rature.<\/span><\/p>\n<h3><span style=\"font-family: coves-light; color: #ff884b;\">SAMEDI 1ER JUIN \/ 20H<\/span><\/h3>\n<p><span style=\"font-family: coves-light;\">Pour cette deuxi\u00e8me soir\u00e9e de festival, l\u2019univers rock (blues, pop-rock et m\u00e9tal) est \u00e0 l\u2019honneur.<\/span><br><span style=\"font-family: coves-light;\">Venez d\u00e9couvrir des tubes ind\u00e9modables de ces univers r\u00e9interpr\u00e9t\u00e9s par les \u00e9l\u00e8ves des ateliers de Musique et \u00c9quilibre sous la houlette de leurs enseignants-musiciens issus du milieu rock Loir\u00e9tain (Philippe Capelle &#8211; <a href=\"https:\/\/www.facebook.com\/CAPELLEmusicien\">Capelle<\/a>&nbsp;\/ Romain Cl\u00e9ment&nbsp;&#8211; <a href=\"https:\/\/www.facebook.com\/OrpheumBlack\">Orpheum Black<\/a>&nbsp;\/ Julien Robillard&nbsp;&#8211; <a href=\"https:\/\/www.facebook.com\/speedjesus\">Speed Jesus<\/a>&nbsp;\/ Thierry Brossard \u2013 Tout simplement guitare).<\/span><br><span style=\"font-family: coves-light;\">\u00ab&nbsp;Back in Black&nbsp;\u00bb de <em>AC\/DC<\/em>&nbsp; , \u00ab&nbsp;We will rock you&nbsp;\u00bb de <em>Queen<\/em> ou encore \u00ab&nbsp;Sing Sing&nbsp;\u00bb de <em>Claude Nougaro<\/em> sont au programme du r\u00e9pertoire travaill\u00e9 par les \u00e9l\u00e8ves de Musique et \u00c9quilibre et des orchestres 1<sup>er<\/sup> cycle (direction Christian Gruson) et 2<sup>e<\/sup> cycle (direction Bruno Denis) de l\u2019\u00e9cole AML de Saint-Jean-de-Braye.<\/span><\/p>\n\n\n<p class=\"has-text-align-right has-background\" style=\"background:linear-gradient(81deg,rgb(255,87,127) 0%,rgb(255,136,75) 33%,rgb(255,199,100) 67%,rgb(205,255,252) 99%)\">Lieu :<\/p>\n\n\n<p style=\"text-align: right;\"><span style=\"font-family: coves-light;\">Th\u00e9\u00e2tre G\u00e9rard Philipe, Place Saint Beuve 45000 Orl\u00e9ans<\/span><\/p>\n\n\n<p class=\"has-text-align-right has-background\" style=\"background:linear-gradient(81deg,rgb(255,87,127) 0%,rgb(255,136,75) 33%,rgb(255,199,100) 67%,rgb(205,255,252) 99%)\">Horaires :<\/p>\n\n\n<p style=\"text-align: right;\"><span style=\"font-family: coves-light;\">Ouverture des portes : 19h00 \/ Concert : 20h<\/span><br><span style=\"font-family: coves-light;\">Ouverture du bar : 19h00 et lors de l&rsquo;entracte<\/span><\/p>\n\n\n<p class=\"has-text-align-right has-background\" style=\"background:linear-gradient(81deg,rgb(255,87,127) 0%,rgb(255,136,75) 33%,rgb(255,199,100) 67%,rgb(205,255,252) 99%)\">Tarifs :<\/p>\n\n\n<p style=\"text-align: right;\"><span style=\"font-family: coves-light;\"><br \/>Adulte pr\u00e9vente : 10\u20ac<br \/>Adulte sur place : 12\u20ac<br \/><br \/>Tarif r\u00e9duit et enfants de moins de 14 ans : 8\u20ac (pr\u00e9vente et sur place)<br \/><br \/>Pass : 20\u20ac (uniquement en pr\u00e9vente)<br \/><br \/>Gratuit : moins de 6 ans<\/span><br \/><span style=\"font-family: coves-light;\">Tarif r\u00e9duit (sur justificatif) : \u00e9tudiants, demandeurs d\u2019emploi, personnes en situation de handicap<\/span><\/p>\n\n\n<p class=\"has-text-align-right has-background\" style=\"background:linear-gradient(81deg,rgb(255,87,127) 0%,rgb(255,136,75) 33%,rgb(255,199,100) 67%,rgb(205,255,252) 99%)\">Billetterie :<\/p>\n\n\n<p style=\"text-align: right;\"><span style=\"font-family: coves-light;\">Pass disponibles uniquement en pr\u00e9vente du 13 avril au 24 mai \u00e0 l\u2019<a href=\"https:\/\/musique-equilibre.com\/me\/index.php\/contacts\/\" target=\"_blank\" rel=\"noopener\">accueil<\/a> de Musique et \u00c9quilibre ou <a href=\"https:\/\/www.helloasso.com\/associations\/musique-et-equilibre-orleans\/evenements\/les-mosaiques-2\" target=\"_blank\" rel=\"noopener\">en ligne<\/a>.<\/span><br><span style=\"font-family: coves-light;\">Billets disponibles en pr\u00e9vente (tarif pr\u00e9f\u00e9rentiel) ou sur place lors du festival (dans la limite des stocks disponibles) \u00e0 l\u2019<a href=\"https:\/\/musique-equilibre.com\/me\/index.php\/contacts\/\" target=\"_blank\" rel=\"noopener\">accueil<\/a> de Musique et \u00c9quilibre au 108, rue de Bourgogne ou <a href=\"https:\/\/www.helloasso.com\/associations\/musique-et-equilibre-orleans\/evenements\/les-mosaiques-2\" target=\"_blank\" rel=\"noopener\">en ligne<\/a>.<\/span><\/p>\n\n\n<p class=\"has-text-align-right has-background\" style=\"background:linear-gradient(81deg,rgb(255,87,127) 0%,rgb(255,136,75) 33%,rgb(255,199,100) 67%,rgb(205,255,252) 99%)\">Bar :<\/p>\n\n\n<p style=\"text-align: right;\"><span style=\"font-family: coves-light;\">Musique et \u00c9quilibre et ses b\u00e9n\u00e9voles tiendront un bar pendant toute la dur\u00e9e du festival.&nbsp;<br>Le bar sera ouvert \u00e0 partir de 19h.&nbsp;<br><\/span><span style=\"font-family: coves-light;\">Il sera possible de consommer lors de l&rsquo;entracte (pas de consommation dans la salle).<\/span><\/p>\n<p><img decoding=\"async\" class=\"alignleft wp-image-12639\" src=\"https:\/\/musique-equilibre.com\/me\/wp-content\/uploads\/2023\/09\/3017860_beer_drink_mug_icon-black-300x300.png\" alt=\"bar associatif musique et \u00e9quilibre orl\u00e9ans salle de concert argonaute la brasserie des \u00e9cluses\" width=\"50\" height=\"50\" srcset=\"https:\/\/musique-equilibre.com\/me\/wp-content\/uploads\/2023\/09\/3017860_beer_drink_mug_icon-black-300x300.png 300w, https:\/\/musique-equilibre.com\/me\/wp-content\/uploads\/2023\/09\/3017860_beer_drink_mug_icon-black-150x150.png 150w, https:\/\/musique-equilibre.com\/me\/wp-content\/uploads\/2023\/09\/3017860_beer_drink_mug_icon-black-510x510.png 510w, https:\/\/musique-equilibre.com\/me\/wp-content\/uploads\/2023\/09\/3017860_beer_drink_mug_icon-black.png 512w\" sizes=\"(max-width: 50px) 100vw, 50px\" \/><\/p>\n<p><\/p>\n<p style=\"text-align: left;\"><span style=\"font-family: coves-light;\">Consommations et snacks disponibles :<br><\/span><span style=\"font-family: coves-light;\">Bi\u00e8res locales <a href=\"https:\/\/labrasseriedesecluses.fr\/\" target=\"_blank\" rel=\"noopener\">La Brasserie des \u00c9cluses<\/a><br>Vin rouge<br>Soft (th\u00e9 glac\u00e9, coca&#8230;)<br>Caf\u00e9<br>Cr\u00eapes (nature, au sucre, au chocolat) disponibles en version vegan et sans gluten<\/span><\/p>\n<p><span style=\"font-family: coves-light;\"><strong>R\u00e8glement en ch\u00e8que ou esp\u00e8ces uniquement.<\/strong><\/span><\/p>\n<p style=\"text-align: left;\"><span style=\"font-family: coves-light;\">&nbsp;<\/span><\/p>\n\n\n<p class=\"has-white-color has-white-background-color has-text-color has-background\">bloc<\/p>\n\n\n\n<div class=\"wp-block-columns is-layout-flex wp-container-core-columns-is-layout-9d6595d7 wp-block-columns-is-layout-flex\">\n<div class=\"wp-block-column is-layout-flow wp-block-column-is-layout-flow\">\n<figure class=\"wp-block-image size-large is-resized\"><img decoding=\"async\" src=\"https:\/\/musique-equilibre.com\/me\/wp-content\/uploads\/2024\/02\/Logo-TGP-002-1024x696.png\" alt=\"festival les mosa\u00efques 7 th\u00e9\u00e2tre g\u00e9rard philipe\" class=\"wp-image-14026\" width=\"256\" height=\"174\" srcset=\"https:\/\/musique-equilibre.com\/me\/wp-content\/uploads\/2024\/02\/Logo-TGP-002-1024x696.png 1024w, https:\/\/musique-equilibre.com\/me\/wp-content\/uploads\/2024\/02\/Logo-TGP-002-300x204.png 300w, https:\/\/musique-equilibre.com\/me\/wp-content\/uploads\/2024\/02\/Logo-TGP-002-150x102.png 150w, https:\/\/musique-equilibre.com\/me\/wp-content\/uploads\/2024\/02\/Logo-TGP-002-768x522.png 768w, https:\/\/musique-equilibre.com\/me\/wp-content\/uploads\/2024\/02\/Logo-TGP-002.png 1075w\" sizes=\"(max-width: 256px) 100vw, 256px\" \/><\/figure>\n<\/div>\n\n\n\n<div class=\"wp-block-column is-layout-flow wp-block-column-is-layout-flow\">\n<figure class=\"wp-block-image size-full is-resized\"><img loading=\"lazy\" decoding=\"async\" src=\"https:\/\/musique-equilibre.com\/me\/wp-content\/uploads\/2024\/02\/Logo_Orleans_Mairie_Part.jpg\" alt=\"\" class=\"wp-image-14027\" width=\"230\" height=\"76\" srcset=\"https:\/\/musique-equilibre.com\/me\/wp-content\/uploads\/2024\/02\/Logo_Orleans_Mairie_Part.jpg 918w, https:\/\/musique-equilibre.com\/me\/wp-content\/uploads\/2024\/02\/Logo_Orleans_Mairie_Part-300x100.jpg 300w, https:\/\/musique-equilibre.com\/me\/wp-content\/uploads\/2024\/02\/Logo_Orleans_Mairie_Part-150x50.jpg 150w, https:\/\/musique-equilibre.com\/me\/wp-content\/uploads\/2024\/02\/Logo_Orleans_Mairie_Part-768x255.jpg 768w\" sizes=\"(max-width: 230px) 100vw, 230px\" \/><\/figure>\n<\/div>\n\n\n\n<div class=\"wp-block-column is-layout-flow wp-block-column-is-layout-flow\">\n<figure class=\"wp-block-image size-full is-resized\"><img loading=\"lazy\" decoding=\"async\" src=\"https:\/\/musique-equilibre.com\/me\/wp-content\/uploads\/2024\/02\/logo-aml-sans-fond-ecriture-fine.jpg\" alt=\"\" class=\"wp-image-14025\" width=\"138\" height=\"102\" srcset=\"https:\/\/musique-equilibre.com\/me\/wp-content\/uploads\/2024\/02\/logo-aml-sans-fond-ecriture-fine.jpg 553w, https:\/\/musique-equilibre.com\/me\/wp-content\/uploads\/2024\/02\/logo-aml-sans-fond-ecriture-fine-300x221.jpg 300w, https:\/\/musique-equilibre.com\/me\/wp-content\/uploads\/2024\/02\/logo-aml-sans-fond-ecriture-fine-150x111.jpg 150w\" sizes=\"(max-width: 138px) 100vw, 138px\" \/><\/figure>\n<\/div>\n\n\n\n<div class=\"wp-block-column is-layout-flow wp-block-column-is-layout-flow\">\n<figure class=\"wp-block-image size-full is-resized\"><img loading=\"lazy\" decoding=\"async\" src=\"https:\/\/musique-equilibre.com\/me\/wp-content\/uploads\/2024\/02\/logotype-footer.png\" alt=\"\" class=\"wp-image-14028\" width=\"135\" height=\"45\" srcset=\"https:\/\/musique-equilibre.com\/me\/wp-content\/uploads\/2024\/02\/logotype-footer.png 540w, https:\/\/musique-equilibre.com\/me\/wp-content\/uploads\/2024\/02\/logotype-footer-300x100.png 300w, https:\/\/musique-equilibre.com\/me\/wp-content\/uploads\/2024\/02\/logotype-footer-150x50.png 150w, https:\/\/musique-equilibre.com\/me\/wp-content\/uploads\/2024\/02\/logotype-footer-528x180.png 528w\" sizes=\"(max-width: 135px) 100vw, 135px\" \/><\/figure>\n<\/div>\n\n\n\n<div class=\"wp-block-column is-layout-flow wp-block-column-is-layout-flow\">\n<figure class=\"wp-block-image size-large is-resized\"><img loading=\"lazy\" decoding=\"async\" src=\"https:\/\/musique-equilibre.com\/me\/wp-content\/uploads\/2024\/02\/Soutenu_MC1-1024x609.png\" alt=\"\" class=\"wp-image-14029\" width=\"256\" height=\"152\" srcset=\"https:\/\/musique-equilibre.com\/me\/wp-content\/uploads\/2024\/02\/Soutenu_MC1-1024x609.png 1024w, https:\/\/musique-equilibre.com\/me\/wp-content\/uploads\/2024\/02\/Soutenu_MC1-300x178.png 300w, https:\/\/musique-equilibre.com\/me\/wp-content\/uploads\/2024\/02\/Soutenu_MC1-150x89.png 150w, https:\/\/musique-equilibre.com\/me\/wp-content\/uploads\/2024\/02\/Soutenu_MC1-768x457.png 768w, https:\/\/musique-equilibre.com\/me\/wp-content\/uploads\/2024\/02\/Soutenu_MC1-1536x913.png 1536w, https:\/\/musique-equilibre.com\/me\/wp-content\/uploads\/2024\/02\/Soutenu_MC1.png 1902w\" sizes=\"(max-width: 256px) 100vw, 256px\" \/><\/figure>\n<\/div>\n<\/div>\n","protected":false},"excerpt":{"rendered":"<p>festival les mosa\u00efques 7 VENDREDI 31 MAI \/ 20H En premi\u00e8re partie, le groupe&nbsp;Coffees &amp; Cigarettes&nbsp;(hop\u2019n roll) est accompagn\u00e9 d\u2019un ch\u0153ur d\u2019adultes, un ch\u0153ur d\u2019enfants et d\u2019\u00e9l\u00e8ves instrumentistes (violon, piano, fl\u00fbte, guitare\u2026) de Musique et \u00c9quilibre. Cette formation hors du commun nous interpr\u00e8te quelques titres phares du groupe qui poss\u00e8de le subtil secret d\u2019allier \u00e0 [&hellip;]<\/p>\n","protected":false},"author":1,"featured_media":14199,"parent":0,"menu_order":0,"comment_status":"closed","ping_status":"closed","template":"","meta":{"footnotes":""},"class_list":["post-14022","page","type-page","status-publish","has-post-thumbnail","czr-hentry"],"yoast_head":"<!-- This site is optimized with the Yoast SEO plugin v26.8 - https:\/\/yoast.com\/product\/yoast-seo-wordpress\/ -->\n<title>festival les mosa\u00efques 7<\/title>\n<meta name=\"description\" content=\"Le festival Les Mosa\u00efques 7 d\u00e9barque aux th\u00e9\u00e2tre G\u00e9rard Philipe ! Rock, Hip hop, Blues sont au c\u0153ur de cette 7eme \u00e9dition.\" \/>\n<meta name=\"robots\" content=\"index, follow, max-snippet:-1, max-image-preview:large, max-video-preview:-1\" \/>\n<link rel=\"canonical\" href=\"https:\/\/musique-equilibre.com\/me\/index.php\/festival-les-mosaiques-7\/\" \/>\n<meta property=\"og:locale\" content=\"fr_FR\" \/>\n<meta property=\"og:type\" content=\"article\" \/>\n<meta property=\"og:title\" content=\"festival les mosa\u00efques 7\" \/>\n<meta property=\"og:description\" content=\"Le festival Les Mosa\u00efques 7 d\u00e9barque aux th\u00e9\u00e2tre G\u00e9rard Philipe ! Rock, Hip hop, Blues sont au c\u0153ur de cette 7eme \u00e9dition.\" \/>\n<meta property=\"og:url\" content=\"https:\/\/musique-equilibre.com\/me\/index.php\/festival-les-mosaiques-7\/\" \/>\n<meta property=\"og:site_name\" content=\"Musique et Equilibre\" \/>\n<meta property=\"article:publisher\" content=\"https:\/\/www.facebook.com\/MusiqueetEquilibre45\" \/>\n<meta property=\"article:modified_time\" content=\"2024-05-07T12:52:48+00:00\" \/>\n<meta property=\"og:image\" content=\"https:\/\/musique-equilibre.com\/me\/wp-content\/uploads\/2024\/04\/Bandeau-2-dates-1.png\" \/>\n\t<meta property=\"og:image:width\" content=\"1200\" \/>\n\t<meta property=\"og:image:height\" content=\"628\" \/>\n\t<meta property=\"og:image:type\" content=\"image\/png\" \/>\n<meta name=\"twitter:card\" content=\"summary_large_image\" \/>\n<meta name=\"twitter:site\" content=\"@Musiquequilibre\" \/>\n<meta name=\"twitter:label1\" content=\"Dur\u00e9e de lecture estim\u00e9e\" \/>\n\t<meta name=\"twitter:data1\" content=\"4 minutes\" \/>\n<script type=\"application\/ld+json\" class=\"yoast-schema-graph\">{\"@context\":\"https:\/\/schema.org\",\"@graph\":[{\"@type\":\"WebPage\",\"@id\":\"https:\/\/musique-equilibre.com\/me\/index.php\/festival-les-mosaiques-7\/\",\"url\":\"https:\/\/musique-equilibre.com\/me\/index.php\/festival-les-mosaiques-7\/\",\"name\":\"festival les mosa\u00efques 7\",\"isPartOf\":{\"@id\":\"https:\/\/musique-equilibre.com\/me\/#website\"},\"primaryImageOfPage\":{\"@id\":\"https:\/\/musique-equilibre.com\/me\/index.php\/festival-les-mosaiques-7\/#primaryimage\"},\"image\":{\"@id\":\"https:\/\/musique-equilibre.com\/me\/index.php\/festival-les-mosaiques-7\/#primaryimage\"},\"thumbnailUrl\":\"https:\/\/musique-equilibre.com\/me\/wp-content\/uploads\/2024\/04\/Bandeau-2-dates-1.png\",\"datePublished\":\"2024-02-27T12:34:19+00:00\",\"dateModified\":\"2024-05-07T12:52:48+00:00\",\"description\":\"Le festival Les Mosa\u00efques 7 d\u00e9barque aux th\u00e9\u00e2tre G\u00e9rard Philipe ! Rock, Hip hop, Blues sont au c\u0153ur de cette 7eme \u00e9dition.\",\"breadcrumb\":{\"@id\":\"https:\/\/musique-equilibre.com\/me\/index.php\/festival-les-mosaiques-7\/#breadcrumb\"},\"inLanguage\":\"fr-FR\",\"potentialAction\":[{\"@type\":\"ReadAction\",\"target\":[\"https:\/\/musique-equilibre.com\/me\/index.php\/festival-les-mosaiques-7\/\"]}]},{\"@type\":\"ImageObject\",\"inLanguage\":\"fr-FR\",\"@id\":\"https:\/\/musique-equilibre.com\/me\/index.php\/festival-les-mosaiques-7\/#primaryimage\",\"url\":\"https:\/\/musique-equilibre.com\/me\/wp-content\/uploads\/2024\/04\/Bandeau-2-dates-1.png\",\"contentUrl\":\"https:\/\/musique-equilibre.com\/me\/wp-content\/uploads\/2024\/04\/Bandeau-2-dates-1.png\",\"width\":1200,\"height\":628},{\"@type\":\"BreadcrumbList\",\"@id\":\"https:\/\/musique-equilibre.com\/me\/index.php\/festival-les-mosaiques-7\/#breadcrumb\",\"itemListElement\":[{\"@type\":\"ListItem\",\"position\":1,\"name\":\"Accueil\",\"item\":\"https:\/\/musique-equilibre.com\/me\/\"},{\"@type\":\"ListItem\",\"position\":2,\"name\":\"Festival Les Mosa\u00efques #7\"}]},{\"@type\":\"WebSite\",\"@id\":\"https:\/\/musique-equilibre.com\/me\/#website\",\"url\":\"https:\/\/musique-equilibre.com\/me\/\",\"name\":\"Musique et Equilibre\",\"description\":\"\",\"publisher\":{\"@id\":\"https:\/\/musique-equilibre.com\/me\/#organization\"},\"potentialAction\":[{\"@type\":\"SearchAction\",\"target\":{\"@type\":\"EntryPoint\",\"urlTemplate\":\"https:\/\/musique-equilibre.com\/me\/?s={search_term_string}\"},\"query-input\":{\"@type\":\"PropertyValueSpecification\",\"valueRequired\":true,\"valueName\":\"search_term_string\"}}],\"inLanguage\":\"fr-FR\"},{\"@type\":\"Organization\",\"@id\":\"https:\/\/musique-equilibre.com\/me\/#organization\",\"name\":\"Musique et Equilibre\",\"alternateName\":\"\u00c9cole de musique et salle de concert \u00e0 Orl\u00e9ans\",\"url\":\"https:\/\/musique-equilibre.com\/me\/\",\"logo\":{\"@type\":\"ImageObject\",\"inLanguage\":\"fr-FR\",\"@id\":\"https:\/\/musique-equilibre.com\/me\/#\/schema\/logo\/image\/\",\"url\":\"https:\/\/musique-equilibre.com\/me\/wp-content\/uploads\/2022\/11\/cropped-Logo_orange_texture-1.png\",\"contentUrl\":\"https:\/\/musique-equilibre.com\/me\/wp-content\/uploads\/2022\/11\/cropped-Logo_orange_texture-1.png\",\"width\":512,\"height\":512,\"caption\":\"Musique et Equilibre\"},\"image\":{\"@id\":\"https:\/\/musique-equilibre.com\/me\/#\/schema\/logo\/image\/\"},\"sameAs\":[\"https:\/\/www.facebook.com\/MusiqueetEquilibre45\",\"https:\/\/x.com\/Musiquequilibre\",\"https:\/\/www.instagram.com\/musique_et_equilibre_\/\",\"https:\/\/www.linkedin.com\/company\/musique-&amp;-equilibre\/\",\"https:\/\/www.youtube.com\/c\/MusiqueEquilibreOrleans\/\"]}]}<\/script>\n<!-- \/ Yoast SEO plugin. -->","yoast_head_json":{"title":"festival les mosa\u00efques 7","description":"Le festival Les Mosa\u00efques 7 d\u00e9barque aux th\u00e9\u00e2tre G\u00e9rard Philipe ! Rock, Hip hop, Blues sont au c\u0153ur de cette 7eme \u00e9dition.","robots":{"index":"index","follow":"follow","max-snippet":"max-snippet:-1","max-image-preview":"max-image-preview:large","max-video-preview":"max-video-preview:-1"},"canonical":"https:\/\/musique-equilibre.com\/me\/index.php\/festival-les-mosaiques-7\/","og_locale":"fr_FR","og_type":"article","og_title":"festival les mosa\u00efques 7","og_description":"Le festival Les Mosa\u00efques 7 d\u00e9barque aux th\u00e9\u00e2tre G\u00e9rard Philipe ! Rock, Hip hop, Blues sont au c\u0153ur de cette 7eme \u00e9dition.","og_url":"https:\/\/musique-equilibre.com\/me\/index.php\/festival-les-mosaiques-7\/","og_site_name":"Musique et Equilibre","article_publisher":"https:\/\/www.facebook.com\/MusiqueetEquilibre45","article_modified_time":"2024-05-07T12:52:48+00:00","og_image":[{"width":1200,"height":628,"url":"https:\/\/musique-equilibre.com\/me\/wp-content\/uploads\/2024\/04\/Bandeau-2-dates-1.png","type":"image\/png"}],"twitter_card":"summary_large_image","twitter_site":"@Musiquequilibre","twitter_misc":{"Dur\u00e9e de lecture estim\u00e9e":"4 minutes"},"schema":{"@context":"https:\/\/schema.org","@graph":[{"@type":"WebPage","@id":"https:\/\/musique-equilibre.com\/me\/index.php\/festival-les-mosaiques-7\/","url":"https:\/\/musique-equilibre.com\/me\/index.php\/festival-les-mosaiques-7\/","name":"festival les mosa\u00efques 7","isPartOf":{"@id":"https:\/\/musique-equilibre.com\/me\/#website"},"primaryImageOfPage":{"@id":"https:\/\/musique-equilibre.com\/me\/index.php\/festival-les-mosaiques-7\/#primaryimage"},"image":{"@id":"https:\/\/musique-equilibre.com\/me\/index.php\/festival-les-mosaiques-7\/#primaryimage"},"thumbnailUrl":"https:\/\/musique-equilibre.com\/me\/wp-content\/uploads\/2024\/04\/Bandeau-2-dates-1.png","datePublished":"2024-02-27T12:34:19+00:00","dateModified":"2024-05-07T12:52:48+00:00","description":"Le festival Les Mosa\u00efques 7 d\u00e9barque aux th\u00e9\u00e2tre G\u00e9rard Philipe ! Rock, Hip hop, Blues sont au c\u0153ur de cette 7eme \u00e9dition.","breadcrumb":{"@id":"https:\/\/musique-equilibre.com\/me\/index.php\/festival-les-mosaiques-7\/#breadcrumb"},"inLanguage":"fr-FR","potentialAction":[{"@type":"ReadAction","target":["https:\/\/musique-equilibre.com\/me\/index.php\/festival-les-mosaiques-7\/"]}]},{"@type":"ImageObject","inLanguage":"fr-FR","@id":"https:\/\/musique-equilibre.com\/me\/index.php\/festival-les-mosaiques-7\/#primaryimage","url":"https:\/\/musique-equilibre.com\/me\/wp-content\/uploads\/2024\/04\/Bandeau-2-dates-1.png","contentUrl":"https:\/\/musique-equilibre.com\/me\/wp-content\/uploads\/2024\/04\/Bandeau-2-dates-1.png","width":1200,"height":628},{"@type":"BreadcrumbList","@id":"https:\/\/musique-equilibre.com\/me\/index.php\/festival-les-mosaiques-7\/#breadcrumb","itemListElement":[{"@type":"ListItem","position":1,"name":"Accueil","item":"https:\/\/musique-equilibre.com\/me\/"},{"@type":"ListItem","position":2,"name":"Festival Les Mosa\u00efques #7"}]},{"@type":"WebSite","@id":"https:\/\/musique-equilibre.com\/me\/#website","url":"https:\/\/musique-equilibre.com\/me\/","name":"Musique et Equilibre","description":"","publisher":{"@id":"https:\/\/musique-equilibre.com\/me\/#organization"},"potentialAction":[{"@type":"SearchAction","target":{"@type":"EntryPoint","urlTemplate":"https:\/\/musique-equilibre.com\/me\/?s={search_term_string}"},"query-input":{"@type":"PropertyValueSpecification","valueRequired":true,"valueName":"search_term_string"}}],"inLanguage":"fr-FR"},{"@type":"Organization","@id":"https:\/\/musique-equilibre.com\/me\/#organization","name":"Musique et Equilibre","alternateName":"\u00c9cole de musique et salle de concert \u00e0 Orl\u00e9ans","url":"https:\/\/musique-equilibre.com\/me\/","logo":{"@type":"ImageObject","inLanguage":"fr-FR","@id":"https:\/\/musique-equilibre.com\/me\/#\/schema\/logo\/image\/","url":"https:\/\/musique-equilibre.com\/me\/wp-content\/uploads\/2022\/11\/cropped-Logo_orange_texture-1.png","contentUrl":"https:\/\/musique-equilibre.com\/me\/wp-content\/uploads\/2022\/11\/cropped-Logo_orange_texture-1.png","width":512,"height":512,"caption":"Musique et Equilibre"},"image":{"@id":"https:\/\/musique-equilibre.com\/me\/#\/schema\/logo\/image\/"},"sameAs":["https:\/\/www.facebook.com\/MusiqueetEquilibre45","https:\/\/x.com\/Musiquequilibre","https:\/\/www.instagram.com\/musique_et_equilibre_\/","https:\/\/www.linkedin.com\/company\/musique-&amp;-equilibre\/","https:\/\/www.youtube.com\/c\/MusiqueEquilibreOrleans\/"]}]}},"_links":{"self":[{"href":"https:\/\/musique-equilibre.com\/me\/index.php\/wp-json\/wp\/v2\/pages\/14022","targetHints":{"allow":["GET"]}}],"collection":[{"href":"https:\/\/musique-equilibre.com\/me\/index.php\/wp-json\/wp\/v2\/pages"}],"about":[{"href":"https:\/\/musique-equilibre.com\/me\/index.php\/wp-json\/wp\/v2\/types\/page"}],"author":[{"embeddable":true,"href":"https:\/\/musique-equilibre.com\/me\/index.php\/wp-json\/wp\/v2\/users\/1"}],"replies":[{"embeddable":true,"href":"https:\/\/musique-equilibre.com\/me\/index.php\/wp-json\/wp\/v2\/comments?post=14022"}],"version-history":[{"count":22,"href":"https:\/\/musique-equilibre.com\/me\/index.php\/wp-json\/wp\/v2\/pages\/14022\/revisions"}],"predecessor-version":[{"id":14409,"href":"https:\/\/musique-equilibre.com\/me\/index.php\/wp-json\/wp\/v2\/pages\/14022\/revisions\/14409"}],"wp:featuredmedia":[{"embeddable":true,"href":"https:\/\/musique-equilibre.com\/me\/index.php\/wp-json\/wp\/v2\/media\/14199"}],"wp:attachment":[{"href":"https:\/\/musique-equilibre.com\/me\/index.php\/wp-json\/wp\/v2\/media?parent=14022"}],"curies":[{"name":"wp","href":"https:\/\/api.w.org\/{rel}","templated":true}]}}