{"id":12510,"date":"2023-09-11T15:41:33","date_gmt":"2023-09-11T13:41:33","guid":{"rendered":"https:\/\/musique-equilibre.com\/me\/?page_id=12510"},"modified":"2024-06-20T17:07:38","modified_gmt":"2024-06-20T15:07:38","slug":"agenda-concerts-evenements-2023-2024","status":"publish","type":"page","link":"https:\/\/musique-equilibre.com\/me\/index.php\/agenda-concerts-evenements-2023-2024\/","title":{"rendered":"Agenda 2023-2024"},"content":{"rendered":"\n<p class=\"has-white-color has-text-color has-small-font-size\">agenda concerts \u00e9v\u00e8nements<\/p>\n\n\n<h2 style=\"text-align: center;\"><span style=\"font-family: coves-light;\">Agenda : concerts, \u00e9v\u00e8nements&#8230;<\/span><\/h2>\n<p style=\"text-align: center;\"><strong><span style=\"font-family: coves-light;\">D\u00e9couvrez tous les <span style=\"font-size: 14pt;\"><span style=\"font-size: 12pt;\">prochains<\/span>,<\/span> \u00e9v\u00e8nements, stages, masterclass de <a href=\"https:\/\/musique-equilibre.com\/me\/index.php\/ecole-de-musique-associative-orleans\/\" target=\"_blank\" rel=\"noreferrer noopener\">Musique et \u00c9quilibre<\/a> !<\/span><\/strong><br data-rich-text-line-break=\"true\"><strong><span style=\"font-family: coves-light;\">Des concerts chaque mois, avec un LIVE, JAM, LIVE ATELIER et 2TIMES.<\/span><\/strong><br data-rich-text-line-break=\"true\"><strong><span style=\"font-family: coves-light;\">Sauf mention contraire et \u00e9v\u00e8nement particulier, tous nos \u00e9v\u00e8nements se passent \u00e0 l&rsquo;<a href=\"https:\/\/www.orleans-metropole.fr\/sport\/etablissements-et-lieux-de-pratique\/largonaute\" target=\"_blank\" rel=\"noreferrer noopener\">Argonaute<\/a>.<\/span><\/strong><\/p>\n<p style=\"text-align: center;\"><strong><span style=\"font-family: coves-light;\">Argonaute, 73 boulevard Marie Stuart<\/span><\/strong><\/p>\n\n\n<p class=\"has-white-color has-text-color\">Agenda : concerts, \u00e9v\u00e8nements&#8230;<\/p>\n\n\n<h3 style=\"text-align: center;\"><span style=\"font-family: coves-light;\">Prochains \u00e9v\u00e8nements : \u00e0 la rentr\u00e9e 2024-2025<\/span><\/h3>\n\n\n<h6 class=\"has-white-color has-text-color wp-block-heading\">Agenda :manifestation<\/h6>\n\n\n<h2 style=\"text-align: center;\"><strong><span style=\"font-family: coves-light;\">JUIN<br><\/span><\/strong><\/h2>\n\n\n<div class=\"wp-block-columns is-layout-flex wp-container-core-columns-is-layout-9d6595d7 wp-block-columns-is-layout-flex\">\n<div class=\"wp-block-column is-layout-flow wp-block-column-is-layout-flow\">\n<figure class=\"wp-block-gallery has-nested-images columns-default is-cropped wp-block-gallery-1 is-layout-flex wp-block-gallery-is-layout-flex\">\n<figure class=\"wp-block-image size-large\"><img fetchpriority=\"high\" decoding=\"async\" width=\"1024\" height=\"1024\" data-id=\"14417\" src=\"https:\/\/musique-equilibre.com\/me\/wp-content\/uploads\/2024\/06\/Carre-portes-ouvertes-1024x1024.png\" alt=\"portes ouverte \u00e9cole de musique cours de musique cours d'instrument ateliers orl\u00e9ans loiret\" class=\"wp-image-14417\" srcset=\"https:\/\/musique-equilibre.com\/me\/wp-content\/uploads\/2024\/06\/Carre-portes-ouvertes-1024x1024.png 1024w, https:\/\/musique-equilibre.com\/me\/wp-content\/uploads\/2024\/06\/Carre-portes-ouvertes-300x300.png 300w, https:\/\/musique-equilibre.com\/me\/wp-content\/uploads\/2024\/06\/Carre-portes-ouvertes-150x150.png 150w, https:\/\/musique-equilibre.com\/me\/wp-content\/uploads\/2024\/06\/Carre-portes-ouvertes-768x768.png 768w, https:\/\/musique-equilibre.com\/me\/wp-content\/uploads\/2024\/06\/Carre-portes-ouvertes-510x510.png 510w, https:\/\/musique-equilibre.com\/me\/wp-content\/uploads\/2024\/06\/Carre-portes-ouvertes.png 1080w\" sizes=\"(max-width: 1024px) 100vw, 1024px\" \/><\/figure>\n<\/figure>\n\n\n\n<h2 class=\"has-text-align-center has-white-color has-black-background-color has-text-color has-background has-medium-font-size wp-block-heading\">PORTES OUVERTES<\/h2>\n\n\n\n<div class=\"wp-block-buttons is-layout-flex wp-block-buttons-is-layout-flex\">\n<div class=\"wp-block-button aligncenter\"><a class=\"wp-block-button__link has-white-color has-text-color has-background wp-element-button\" href=\"https:\/\/musique-equilibre.com\/me\/index.php\/2024\/06\/03\/portes-ouvertes-ecole-de-musique\/\" style=\"background-color:#e25417\" target=\"_blank\" rel=\"noreferrer noopener\">En savoir plus<\/a><\/div>\n<\/div>\n<\/div>\n\n\n\n<div class=\"wp-block-column is-layout-flow wp-block-column-is-layout-flow\">\n<figure class=\"wp-block-gallery has-nested-images columns-default is-cropped wp-block-gallery-2 is-layout-flex wp-block-gallery-is-layout-flex\">\n<figure class=\"wp-block-image size-large\"><img decoding=\"async\" width=\"1024\" height=\"1024\" data-id=\"14414\" src=\"https:\/\/musique-equilibre.com\/me\/wp-content\/uploads\/2024\/06\/carre-live-juin-1024x1024.jpg\" alt=\"Live basse accord\u00e9on guitare chant accord\u00e9on batterie\" class=\"wp-image-14414\" srcset=\"https:\/\/musique-equilibre.com\/me\/wp-content\/uploads\/2024\/06\/carre-live-juin-1024x1024.jpg 1024w, https:\/\/musique-equilibre.com\/me\/wp-content\/uploads\/2024\/06\/carre-live-juin-300x300.jpg 300w, https:\/\/musique-equilibre.com\/me\/wp-content\/uploads\/2024\/06\/carre-live-juin-150x150.jpg 150w, https:\/\/musique-equilibre.com\/me\/wp-content\/uploads\/2024\/06\/carre-live-juin-768x768.jpg 768w, https:\/\/musique-equilibre.com\/me\/wp-content\/uploads\/2024\/06\/carre-live-juin-1536x1536.jpg 1536w, https:\/\/musique-equilibre.com\/me\/wp-content\/uploads\/2024\/06\/carre-live-juin-510x510.jpg 510w, https:\/\/musique-equilibre.com\/me\/wp-content\/uploads\/2024\/06\/carre-live-juin.jpg 2001w\" sizes=\"(max-width: 1024px) 100vw, 1024px\" \/><\/figure>\n<\/figure>\n\n\n\n<h2 class=\"has-text-align-center has-white-color has-black-background-color has-text-color has-background has-medium-font-size wp-block-heading\">LIVE<\/h2>\n\n\n\n<p style=\"text-align: center;\"><span style=\"font-family: coves-light;\">Avec les \u00e9l\u00e8ves de basse, guitare, batterie, accord\u00e9on et chant<\/span><\/p>\n\n\n\n<div class=\"wp-block-buttons is-layout-flex wp-block-buttons-is-layout-flex\">\n<div class=\"wp-block-button aligncenter\"><a class=\"wp-block-button__link has-white-color has-text-color has-background wp-element-button\" href=\"https:\/\/musique-equilibre.com\/me\/index.php\/2024\/03\/25\/rock-enfants-musiques-saturees\/\" style=\"background-color:#e25417\" target=\"_blank\" rel=\"noreferrer noopener\">En savoir plus<\/a><\/div>\n<\/div>\n<\/div>\n\n\n\n<div class=\"wp-block-column is-layout-flow wp-block-column-is-layout-flow\">\n<figure class=\"wp-block-gallery has-nested-images columns-default is-cropped wp-block-gallery-3 is-layout-flex wp-block-gallery-is-layout-flex\">\n<figure class=\"wp-block-image size-large\"><img decoding=\"async\" width=\"1024\" height=\"1024\" data-id=\"14415\" src=\"https:\/\/musique-equilibre.com\/me\/wp-content\/uploads\/2024\/06\/carre-scene-ouverte-juin-1024x1024.jpg\" alt=\"sc\u00e8ne ouverte argonaute orl\u00e9ans\" class=\"wp-image-14415\" srcset=\"https:\/\/musique-equilibre.com\/me\/wp-content\/uploads\/2024\/06\/carre-scene-ouverte-juin-1024x1024.jpg 1024w, https:\/\/musique-equilibre.com\/me\/wp-content\/uploads\/2024\/06\/carre-scene-ouverte-juin-300x300.jpg 300w, https:\/\/musique-equilibre.com\/me\/wp-content\/uploads\/2024\/06\/carre-scene-ouverte-juin-150x150.jpg 150w, https:\/\/musique-equilibre.com\/me\/wp-content\/uploads\/2024\/06\/carre-scene-ouverte-juin-768x768.jpg 768w, https:\/\/musique-equilibre.com\/me\/wp-content\/uploads\/2024\/06\/carre-scene-ouverte-juin-1536x1536.jpg 1536w, https:\/\/musique-equilibre.com\/me\/wp-content\/uploads\/2024\/06\/carre-scene-ouverte-juin-510x510.jpg 510w, https:\/\/musique-equilibre.com\/me\/wp-content\/uploads\/2024\/06\/carre-scene-ouverte-juin.jpg 2001w\" sizes=\"(max-width: 1024px) 100vw, 1024px\" \/><\/figure>\n<\/figure>\n\n\n\n<h2 class=\"has-text-align-center has-white-color has-black-background-color has-text-color has-background has-medium-font-size wp-block-heading\">SC<strong>\u00c8<\/strong>NE OUVERTE<\/h2>\n\n\n\n<div class=\"wp-block-buttons is-layout-flex wp-block-buttons-is-layout-flex\">\n<div class=\"wp-block-button aligncenter\"><a class=\"wp-block-button__link has-white-color has-text-color has-background wp-element-button\" href=\"https:\/\/musique-equilibre.com\/me\/index.php\/2024\/06\/03\/scene-ouverte-5\/\" style=\"background-color:#e25417\" target=\"_blank\" rel=\"noreferrer noopener\">En savoir plus<\/a><\/div>\n<\/div>\n<\/div>\n<\/div>\n\n\n\n<div class=\"wp-block-columns is-layout-flex wp-container-core-columns-is-layout-9d6595d7 wp-block-columns-is-layout-flex\">\n<div class=\"wp-block-column is-layout-flow wp-block-column-is-layout-flow\">\n<figure class=\"wp-block-gallery has-nested-images columns-default is-cropped wp-block-gallery-4 is-layout-flex wp-block-gallery-is-layout-flex\">\n<figure class=\"wp-block-image size-large\"><img loading=\"lazy\" decoding=\"async\" width=\"1024\" height=\"1024\" data-id=\"14416\" src=\"https:\/\/musique-equilibre.com\/me\/wp-content\/uploads\/2024\/06\/carre-live-ateliers-juin-1024x1024.jpg\" alt=\"atelier percussions afro cubaines chant et rythme de la R\u00e9union\" class=\"wp-image-14416\" srcset=\"https:\/\/musique-equilibre.com\/me\/wp-content\/uploads\/2024\/06\/carre-live-ateliers-juin-1024x1024.jpg 1024w, https:\/\/musique-equilibre.com\/me\/wp-content\/uploads\/2024\/06\/carre-live-ateliers-juin-300x300.jpg 300w, https:\/\/musique-equilibre.com\/me\/wp-content\/uploads\/2024\/06\/carre-live-ateliers-juin-150x150.jpg 150w, https:\/\/musique-equilibre.com\/me\/wp-content\/uploads\/2024\/06\/carre-live-ateliers-juin-768x768.jpg 768w, https:\/\/musique-equilibre.com\/me\/wp-content\/uploads\/2024\/06\/carre-live-ateliers-juin-1536x1536.jpg 1536w, https:\/\/musique-equilibre.com\/me\/wp-content\/uploads\/2024\/06\/carre-live-ateliers-juin-510x510.jpg 510w, https:\/\/musique-equilibre.com\/me\/wp-content\/uploads\/2024\/06\/carre-live-ateliers-juin.jpg 2001w\" sizes=\"(max-width: 1024px) 100vw, 1024px\" \/><\/figure>\n<\/figure>\n\n\n\n<h2 class=\"has-text-align-center has-white-color has-black-background-color has-text-color has-background has-medium-font-size wp-block-heading\">LIVE ATELIER<\/h2>\n\n\n\n<p style=\"text-align: center;\"><span style=\"font-family: coves-light;\">Avec l&rsquo;atelier percu Afro-cubaines + chant et rythmes de La R\u00e9union<\/span><\/p>\n\n\n\n<div class=\"wp-block-buttons is-layout-flex wp-block-buttons-is-layout-flex\">\n<div class=\"wp-block-button aligncenter\"><a class=\"wp-block-button__link has-white-color has-text-color has-background wp-element-button\" href=\"https:\/\/musique-equilibre.com\/me\/index.php\/2024\/06\/03\/percussions-afro-cubaines-chant-de-la-reunion\/\" style=\"background-color:#e25417\" target=\"_blank\" rel=\"noreferrer noopener\">En savoir plus<\/a><\/div>\n<\/div>\n<\/div>\n\n\n\n<div class=\"wp-block-column is-layout-flow wp-block-column-is-layout-flow\">\n<figure class=\"wp-block-gallery has-nested-images columns-default is-cropped wp-block-gallery-5 is-layout-flex wp-block-gallery-is-layout-flex\">\n<figure class=\"wp-block-image size-large\"><img loading=\"lazy\" decoding=\"async\" width=\"1024\" height=\"1024\" data-id=\"14418\" src=\"https:\/\/musique-equilibre.com\/me\/wp-content\/uploads\/2024\/06\/carre-petit-grand-bazar-1024x1024.jpg\" alt=\"\" class=\"wp-image-14418\" srcset=\"https:\/\/musique-equilibre.com\/me\/wp-content\/uploads\/2024\/06\/carre-petit-grand-bazar-1024x1024.jpg 1024w, https:\/\/musique-equilibre.com\/me\/wp-content\/uploads\/2024\/06\/carre-petit-grand-bazar-300x300.jpg 300w, https:\/\/musique-equilibre.com\/me\/wp-content\/uploads\/2024\/06\/carre-petit-grand-bazar-150x150.jpg 150w, https:\/\/musique-equilibre.com\/me\/wp-content\/uploads\/2024\/06\/carre-petit-grand-bazar-768x768.jpg 768w, https:\/\/musique-equilibre.com\/me\/wp-content\/uploads\/2024\/06\/carre-petit-grand-bazar-1536x1536.jpg 1536w, https:\/\/musique-equilibre.com\/me\/wp-content\/uploads\/2024\/06\/carre-petit-grand-bazar-510x510.jpg 510w, https:\/\/musique-equilibre.com\/me\/wp-content\/uploads\/2024\/06\/carre-petit-grand-bazar.jpg 2001w\" sizes=\"(max-width: 1024px) 100vw, 1024px\" \/><\/figure>\n<\/figure>\n\n\n\n<h2 class=\"has-text-align-center has-white-color has-black-background-color has-text-color has-background has-medium-font-size wp-block-heading\">PETIT ET GRAND BAZAR<\/h2>\n\n\n\n<p style=\"text-align: center;\"><span style=\"font-family: coves-light;\">Avec l&rsquo;ensemble de \u00e9l\u00e8ves et nos ateliers<\/span><\/p>\n\n\n\n<div class=\"wp-block-buttons is-layout-flex wp-block-buttons-is-layout-flex\">\n<div class=\"wp-block-button aligncenter\"><a class=\"wp-block-button__link has-white-color has-text-color has-background wp-element-button\" href=\"https:\/\/musique-equilibre.com\/me\/index.php\/2024\/06\/03\/petit-bazar-grand-bazar\/\" style=\"background-color:#e25417\" target=\"_blank\" rel=\"noreferrer noopener\">En savoir plus<\/a><\/div>\n<\/div>\n<\/div>\n<\/div>\n\n\n<h2 style=\"text-align: center;\"><strong><span style=\"font-family: coves-light;\">MAI<br><\/span><\/strong><\/h2>\n\n<div class=\"wp-block-image\">\n<figure class=\"aligncenter size-large\"><img loading=\"lazy\" decoding=\"async\" width=\"724\" height=\"1024\" src=\"https:\/\/musique-equilibre.com\/me\/wp-content\/uploads\/2024\/03\/Affiche-1-724x1024.png\" alt=\"festival les mosa\u00efques 7 orl\u00e9ans musiques actuelles concert orl\u00e9ans loiret\" class=\"wp-image-14104\" srcset=\"https:\/\/musique-equilibre.com\/me\/wp-content\/uploads\/2024\/03\/Affiche-1-724x1024.png 724w, https:\/\/musique-equilibre.com\/me\/wp-content\/uploads\/2024\/03\/Affiche-1-212x300.png 212w, https:\/\/musique-equilibre.com\/me\/wp-content\/uploads\/2024\/03\/Affiche-1-106x150.png 106w, https:\/\/musique-equilibre.com\/me\/wp-content\/uploads\/2024\/03\/Affiche-1-768x1086.png 768w, https:\/\/musique-equilibre.com\/me\/wp-content\/uploads\/2024\/03\/Affiche-1-1086x1536.png 1086w, https:\/\/musique-equilibre.com\/me\/wp-content\/uploads\/2024\/03\/Affiche-1-1448x2048.png 1448w\" sizes=\"(max-width: 724px) 100vw, 724px\" \/><\/figure><\/div>\n\n\n<h2 class=\"has-text-align-center has-background has-medium-font-size wp-block-heading\" style=\"background:linear-gradient(95deg,rgb(255,87,127) 0%,rgb(255,136,75) 31%,rgb(255,199,100) 66%,rgb(205,255,252) 100%)\">FESTIVA LES MOSA\u00cfQUES<\/h2>\n\n\n<p style=\"text-align: center;\"><span style=\"font-family: coves-light;\">Avec les \u00e9l\u00e8ves et ateliers de Musique et \u00c9quilibre, deux orchestre de l&rsquo;\u00e9cole de musique de Saint-Jean de Braye et Coffees &amp; Cigarettes<\/span><\/p>\n\n\n<div class=\"wp-block-buttons is-layout-flex wp-block-buttons-is-layout-flex\">\n<div class=\"wp-block-button aligncenter\"><a class=\"wp-block-button__link has-background wp-element-button\" href=\"https:\/\/musique-equilibre.com\/me\/?page_id=14022\" style=\"background:linear-gradient(95deg,rgb(255,87,127) 0%,rgb(255,136,75) 29%,rgb(255,199,100) 66%,rgb(205,255,252) 94%)\" target=\"_blank\" rel=\"noreferrer noopener\">En savoir plus<\/a><\/div>\n<\/div>\n\n\n<h2 style=\"text-align: center;\"><strong><span style=\"font-family: coves-light;\">AVRIL<br><em>Concerts<\/em><\/span><\/strong><\/h2>\n\n\n<div class=\"wp-block-columns is-layout-flex wp-container-core-columns-is-layout-9d6595d7 wp-block-columns-is-layout-flex\">\n<div class=\"wp-block-column is-layout-flow wp-block-column-is-layout-flow\">\n<figure class=\"wp-block-gallery has-nested-images columns-default is-cropped wp-block-gallery-6 is-layout-flex wp-block-gallery-is-layout-flex\">\n<figure class=\"wp-block-image size-large\"><img loading=\"lazy\" decoding=\"async\" width=\"1024\" height=\"1024\" data-id=\"14118\" src=\"https:\/\/musique-equilibre.com\/me\/wp-content\/uploads\/2024\/03\/carre-scene-ouverte-avril-vf-1024x1024.jpg\" alt=\"\" class=\"wp-image-14118\" srcset=\"https:\/\/musique-equilibre.com\/me\/wp-content\/uploads\/2024\/03\/carre-scene-ouverte-avril-vf-1024x1024.jpg 1024w, https:\/\/musique-equilibre.com\/me\/wp-content\/uploads\/2024\/03\/carre-scene-ouverte-avril-vf-300x300.jpg 300w, https:\/\/musique-equilibre.com\/me\/wp-content\/uploads\/2024\/03\/carre-scene-ouverte-avril-vf-150x150.jpg 150w, https:\/\/musique-equilibre.com\/me\/wp-content\/uploads\/2024\/03\/carre-scene-ouverte-avril-vf-768x768.jpg 768w, https:\/\/musique-equilibre.com\/me\/wp-content\/uploads\/2024\/03\/carre-scene-ouverte-avril-vf-1536x1536.jpg 1536w, https:\/\/musique-equilibre.com\/me\/wp-content\/uploads\/2024\/03\/carre-scene-ouverte-avril-vf-510x510.jpg 510w, https:\/\/musique-equilibre.com\/me\/wp-content\/uploads\/2024\/03\/carre-scene-ouverte-avril-vf.jpg 2001w\" sizes=\"(max-width: 1024px) 100vw, 1024px\" \/><\/figure>\n<\/figure>\n\n\n\n<h2 class=\"has-text-align-center has-white-color has-black-background-color has-text-color has-background has-medium-font-size wp-block-heading\">SC<strong>\u00c8<\/strong>NE OUVERTE<\/h2>\n\n\n\n<div class=\"wp-block-buttons is-layout-flex wp-block-buttons-is-layout-flex\">\n<div class=\"wp-block-button aligncenter\"><a class=\"wp-block-button__link has-white-color has-text-color has-background wp-element-button\" href=\"https:\/\/musique-equilibre.com\/me\/index.php\/2024\/03\/25\/scene-ouverte-3-2\/\" style=\"background-color:#e25417\" target=\"_blank\" rel=\"noreferrer noopener\">En savoir plus<\/a><\/div>\n<\/div>\n<\/div>\n\n\n\n<div class=\"wp-block-column is-layout-flow wp-block-column-is-layout-flow\">\n<figure class=\"wp-block-gallery has-nested-images columns-default is-cropped wp-block-gallery-7 is-layout-flex wp-block-gallery-is-layout-flex\">\n<figure class=\"wp-block-image size-large\"><img loading=\"lazy\" decoding=\"async\" width=\"1024\" height=\"1024\" data-id=\"14119\" src=\"https:\/\/musique-equilibre.com\/me\/wp-content\/uploads\/2024\/03\/carre-live-atelier-avril-vf-1024x1024.jpg\" alt=\"\" class=\"wp-image-14119\" srcset=\"https:\/\/musique-equilibre.com\/me\/wp-content\/uploads\/2024\/03\/carre-live-atelier-avril-vf-1024x1024.jpg 1024w, https:\/\/musique-equilibre.com\/me\/wp-content\/uploads\/2024\/03\/carre-live-atelier-avril-vf-300x300.jpg 300w, https:\/\/musique-equilibre.com\/me\/wp-content\/uploads\/2024\/03\/carre-live-atelier-avril-vf-150x150.jpg 150w, https:\/\/musique-equilibre.com\/me\/wp-content\/uploads\/2024\/03\/carre-live-atelier-avril-vf-768x768.jpg 768w, https:\/\/musique-equilibre.com\/me\/wp-content\/uploads\/2024\/03\/carre-live-atelier-avril-vf-1536x1536.jpg 1536w, https:\/\/musique-equilibre.com\/me\/wp-content\/uploads\/2024\/03\/carre-live-atelier-avril-vf-510x510.jpg 510w, https:\/\/musique-equilibre.com\/me\/wp-content\/uploads\/2024\/03\/carre-live-atelier-avril-vf.jpg 2000w\" sizes=\"(max-width: 1024px) 100vw, 1024px\" \/><\/figure>\n<\/figure>\n\n\n\n<h2 class=\"has-text-align-center has-white-color has-black-background-color has-text-color has-background has-medium-font-size wp-block-heading\">LIVE ATELIER<\/h2>\n\n\n\n<p style=\"text-align: center;\"><span style=\"font-family: coves-light;\">Avec l&rsquo;atelier Rock enfants et Musiques satur\u00e9es<\/span><\/p>\n\n\n\n<div class=\"wp-block-buttons is-layout-flex wp-block-buttons-is-layout-flex\">\n<div class=\"wp-block-button aligncenter\"><a class=\"wp-block-button__link has-white-color has-text-color has-background wp-element-button\" href=\"https:\/\/musique-equilibre.com\/me\/index.php\/2024\/03\/25\/rock-enfants-musiques-saturees\/\" style=\"background-color:#e25417\" target=\"_blank\" rel=\"noreferrer noopener\">En savoir plus<\/a><\/div>\n<\/div>\n<\/div>\n\n\n\n<div class=\"wp-block-column is-layout-flow wp-block-column-is-layout-flow\">\n<figure class=\"wp-block-gallery has-nested-images columns-default is-cropped wp-block-gallery-8 is-layout-flex wp-block-gallery-is-layout-flex\">\n<figure class=\"wp-block-image size-large\"><img loading=\"lazy\" decoding=\"async\" width=\"1024\" height=\"1024\" data-id=\"14131\" src=\"https:\/\/musique-equilibre.com\/me\/wp-content\/uploads\/2024\/03\/carre-insta-rep-2024-Recupere-bis-1-1024x1024.png\" alt=\"\" class=\"wp-image-14131\" srcset=\"https:\/\/musique-equilibre.com\/me\/wp-content\/uploads\/2024\/03\/carre-insta-rep-2024-Recupere-bis-1-1024x1024.png 1024w, https:\/\/musique-equilibre.com\/me\/wp-content\/uploads\/2024\/03\/carre-insta-rep-2024-Recupere-bis-1-300x300.png 300w, https:\/\/musique-equilibre.com\/me\/wp-content\/uploads\/2024\/03\/carre-insta-rep-2024-Recupere-bis-1-150x150.png 150w, https:\/\/musique-equilibre.com\/me\/wp-content\/uploads\/2024\/03\/carre-insta-rep-2024-Recupere-bis-1-768x768.png 768w, https:\/\/musique-equilibre.com\/me\/wp-content\/uploads\/2024\/03\/carre-insta-rep-2024-Recupere-bis-1-1536x1536.png 1536w, https:\/\/musique-equilibre.com\/me\/wp-content\/uploads\/2024\/03\/carre-insta-rep-2024-Recupere-bis-1-510x510.png 510w, https:\/\/musique-equilibre.com\/me\/wp-content\/uploads\/2024\/03\/carre-insta-rep-2024-Recupere-bis-1.png 2000w\" sizes=\"(max-width: 1024px) 100vw, 1024px\" \/><\/figure>\n<\/figure>\n\n\n\n<h2 class=\"has-text-align-center has-white-color has-black-background-color has-text-color has-background has-medium-font-size wp-block-heading\">PLACE DE LA R\u00c9PUBLIQUE<\/h2>\n\n\n\n<p style=\"text-align: center;\"><span style=\"font-family: coves-light;\">Avec l&rsquo;ensemble de nos ateliers<\/span><\/p>\n\n\n\n<div class=\"wp-block-buttons is-layout-flex wp-block-buttons-is-layout-flex\">\n<div class=\"wp-block-button aligncenter\"><a class=\"wp-block-button__link has-white-color has-text-color has-background wp-element-button\" href=\"https:\/\/musique-equilibre.com\/me\/index.php\/2024\/03\/25\/place-de-la-republique\/\" style=\"background-color:#e25417\" target=\"_blank\" rel=\"noreferrer noopener\">En savoir plus<\/a><\/div>\n<\/div>\n<\/div>\n<\/div>\n\n\n<h2 style=\"text-align: center;\"><strong><span style=\"font-family: coves-light;\"><em>Stages \/ Musique et transmissions<\/em><\/span><\/strong><\/h2>\n\n\n<div class=\"wp-block-columns is-layout-flex wp-container-core-columns-is-layout-9d6595d7 wp-block-columns-is-layout-flex\">\n<div class=\"wp-block-column is-layout-flow wp-block-column-is-layout-flow\">\n<figure class=\"wp-block-gallery has-nested-images columns-default is-cropped wp-block-gallery-9 is-layout-flex wp-block-gallery-is-layout-flex\">\n<figure class=\"wp-block-image size-large\"><img loading=\"lazy\" decoding=\"async\" width=\"601\" height=\"601\" data-id=\"13962\" src=\"https:\/\/musique-equilibre.com\/me\/wp-content\/uploads\/2024\/02\/carre-small.png\" alt=\"\" class=\"wp-image-13962\" srcset=\"https:\/\/musique-equilibre.com\/me\/wp-content\/uploads\/2024\/02\/carre-small.png 601w, https:\/\/musique-equilibre.com\/me\/wp-content\/uploads\/2024\/02\/carre-small-300x300.png 300w, https:\/\/musique-equilibre.com\/me\/wp-content\/uploads\/2024\/02\/carre-small-150x150.png 150w, https:\/\/musique-equilibre.com\/me\/wp-content\/uploads\/2024\/02\/carre-small-510x510.png 510w\" sizes=\"(max-width: 601px) 100vw, 601px\" \/><\/figure>\n<\/figure>\n\n\n\n<h2 class=\"has-text-align-center has-white-color has-black-background-color has-text-color has-background has-medium-font-size wp-block-heading\">Musique et transmissions<br>\u00c9CRIRE SA CHANSON<\/h2>\n\n\n\n<p style=\"text-align: center;\"><span style=\"font-family: coves-light;\">Avec Diane Borderieux<\/span><\/p>\n\n\n\n<div class=\"wp-block-buttons is-layout-flex wp-block-buttons-is-layout-flex\">\n<div class=\"wp-block-button aligncenter\"><a class=\"wp-block-button__link has-white-color has-text-color has-background wp-element-button\" href=\"https:\/\/musique-equilibre.com\/me\/index.php\/2024\/01\/18\/ecrire-sa-chanson\/\" style=\"background-color:#e25417\" target=\"_blank\" rel=\"noreferrer noopener\">En savoir plus<\/a><\/div>\n<\/div>\n<\/div>\n\n\n\n<div class=\"wp-block-column is-layout-flow wp-block-column-is-layout-flow\">\n<figure class=\"wp-block-gallery has-nested-images columns-default is-cropped wp-block-gallery-10 is-layout-flex wp-block-gallery-is-layout-flex\">\n<figure class=\"wp-block-image size-full\"><img loading=\"lazy\" decoding=\"async\" width=\"801\" height=\"801\" data-id=\"14078\" src=\"https:\/\/musique-equilibre.com\/me\/wp-content\/uploads\/2024\/03\/carre-david.png\" alt=\"improvisation improviser david sevestre\" class=\"wp-image-14078\" srcset=\"https:\/\/musique-equilibre.com\/me\/wp-content\/uploads\/2024\/03\/carre-david.png 801w, https:\/\/musique-equilibre.com\/me\/wp-content\/uploads\/2024\/03\/carre-david-300x300.png 300w, https:\/\/musique-equilibre.com\/me\/wp-content\/uploads\/2024\/03\/carre-david-150x150.png 150w, https:\/\/musique-equilibre.com\/me\/wp-content\/uploads\/2024\/03\/carre-david-768x768.png 768w, https:\/\/musique-equilibre.com\/me\/wp-content\/uploads\/2024\/03\/carre-david-510x510.png 510w\" sizes=\"(max-width: 801px) 100vw, 801px\" \/><\/figure>\n<\/figure>\n\n\n\n<h2 class=\"has-text-align-center has-white-color has-black-background-color has-text-color has-background has-medium-font-size wp-block-heading\">Musique et transmissions<br>IMPROVISATION<\/h2>\n\n\n\n<p style=\"text-align: center;\"><span style=\"font-family: coves-light;\">David Sevestre<\/span><\/p>\n\n\n\n<div class=\"wp-block-buttons is-layout-flex wp-block-buttons-is-layout-flex\">\n<div class=\"wp-block-button aligncenter\"><a class=\"wp-block-button__link has-white-color has-text-color has-background wp-element-button\" href=\"https:\/\/musique-equilibre.com\/me\/index.php\/2024\/02\/27\/improvisation\/\" style=\"background-color:#e25417\" target=\"_blank\" rel=\"noreferrer noopener\">En savoir plus<\/a><\/div>\n<\/div>\n<\/div>\n\n\n\n<div class=\"wp-block-column is-layout-flow wp-block-column-is-layout-flow\">\n<figure class=\"wp-block-gallery has-nested-images columns-default is-cropped wp-block-gallery-11 is-layout-flex wp-block-gallery-is-layout-flex\">\n<figure class=\"wp-block-image size-large\"><img loading=\"lazy\" decoding=\"async\" width=\"1024\" height=\"1024\" data-id=\"13969\" src=\"https:\/\/musique-equilibre.com\/me\/wp-content\/uploads\/2024\/02\/carre-thomas-1024x1024.png\" alt=\"\" class=\"wp-image-13969\" srcset=\"https:\/\/musique-equilibre.com\/me\/wp-content\/uploads\/2024\/02\/carre-thomas-1024x1024.png 1024w, https:\/\/musique-equilibre.com\/me\/wp-content\/uploads\/2024\/02\/carre-thomas-300x300.png 300w, https:\/\/musique-equilibre.com\/me\/wp-content\/uploads\/2024\/02\/carre-thomas-150x150.png 150w, https:\/\/musique-equilibre.com\/me\/wp-content\/uploads\/2024\/02\/carre-thomas-768x768.png 768w, https:\/\/musique-equilibre.com\/me\/wp-content\/uploads\/2024\/02\/carre-thomas-1536x1536.png 1536w, https:\/\/musique-equilibre.com\/me\/wp-content\/uploads\/2024\/02\/carre-thomas-510x510.png 510w, https:\/\/musique-equilibre.com\/me\/wp-content\/uploads\/2024\/02\/carre-thomas.png 2001w\" sizes=\"(max-width: 1024px) 100vw, 1024px\" \/><\/figure>\n<\/figure>\n\n\n\n<h2 class=\"has-text-align-center has-white-color has-black-background-color has-text-color has-background has-medium-font-size wp-block-heading\">Musique et transmissions \/ <br>LOOPWORKER &#8211; ELECTROLAB<\/h2>\n\n\n\n<p style=\"text-align: center;\"><span style=\"font-family: coves-light;\">Avec Thomas Duval<\/span><\/p>\n\n\n\n<div class=\"wp-block-buttons is-layout-flex wp-block-buttons-is-layout-flex\">\n<div class=\"wp-block-button aligncenter\"><a class=\"wp-block-button__link has-white-color has-text-color has-background wp-element-button\" href=\"https:\/\/musique-equilibre.com\/me\/index.php\/2024\/01\/18\/loopworker-electrolab\/\" style=\"background-color:#e25417\" target=\"_blank\" rel=\"noreferrer noopener\">En savoir plus<\/a><\/div>\n<\/div>\n<\/div>\n<\/div>\n\n\n\n<div class=\"wp-block-columns are-vertically-aligned-center is-layout-flex wp-container-core-columns-is-layout-9d6595d7 wp-block-columns-is-layout-flex\">\n<div class=\"wp-block-column is-layout-flow wp-block-column-is-layout-flow\"><\/div>\n\n\n\n<div class=\"wp-block-column is-vertically-aligned-center is-layout-flow wp-block-column-is-layout-flow\" style=\"flex-basis:400px\">\n<figure class=\"wp-block-gallery has-nested-images columns-default is-cropped wp-block-gallery-12 is-layout-flex wp-block-gallery-is-layout-flex\">\n<figure class=\"wp-block-image size-large\"><img loading=\"lazy\" decoding=\"async\" width=\"1024\" height=\"1024\" data-id=\"14069\" src=\"https:\/\/musique-equilibre.com\/me\/wp-content\/uploads\/2024\/03\/Stage-mixage-carre-avril-1024x1024.png\" alt=\"\" class=\"wp-image-14069\" srcset=\"https:\/\/musique-equilibre.com\/me\/wp-content\/uploads\/2024\/03\/Stage-mixage-carre-avril-1024x1024.png 1024w, https:\/\/musique-equilibre.com\/me\/wp-content\/uploads\/2024\/03\/Stage-mixage-carre-avril-300x300.png 300w, https:\/\/musique-equilibre.com\/me\/wp-content\/uploads\/2024\/03\/Stage-mixage-carre-avril-150x150.png 150w, https:\/\/musique-equilibre.com\/me\/wp-content\/uploads\/2024\/03\/Stage-mixage-carre-avril-768x768.png 768w, https:\/\/musique-equilibre.com\/me\/wp-content\/uploads\/2024\/03\/Stage-mixage-carre-avril-510x510.png 510w, https:\/\/musique-equilibre.com\/me\/wp-content\/uploads\/2024\/03\/Stage-mixage-carre-avril.png 1500w\" sizes=\"(max-width: 1024px) 100vw, 1024px\" \/><\/figure>\n<\/figure>\n\n\n\n<h2 class=\"has-text-align-center has-white-color has-black-background-color has-text-color has-background has-medium-font-size wp-block-heading\">STAGE<br>MIXAGE<\/h2>\n\n\n\n<p style=\"text-align: center;\"><span style=\"font-family: coves-light;\">Avec Romain Cl\u00e9ment<\/span><\/p>\n\n\n\n<div class=\"wp-block-buttons is-layout-flex wp-block-buttons-is-layout-flex\">\n<div class=\"wp-block-button aligncenter\"><a class=\"wp-block-button__link has-white-color has-text-color has-background wp-element-button\" href=\"https:\/\/musique-equilibre.com\/me\/index.php\/2024\/02\/21\/stage-mixage-avril\/\" style=\"background-color:#e25417\" target=\"_blank\" rel=\"noreferrer noopener\">En savoir plus<\/a><\/div>\n<\/div>\n<\/div>\n\n\n\n<div class=\"wp-block-column is-layout-flow wp-block-column-is-layout-flow\"><\/div>\n\n\n\n<div class=\"wp-block-column is-vertically-aligned-center is-layout-flow wp-block-column-is-layout-flow\" style=\"flex-basis:400px\">\n<figure class=\"wp-block-gallery has-nested-images columns-default is-cropped wp-block-gallery-13 is-layout-flex wp-block-gallery-is-layout-flex\">\n<figure class=\"wp-block-image size-large\"><img loading=\"lazy\" decoding=\"async\" width=\"1024\" height=\"1024\" data-id=\"14017\" src=\"https:\/\/musique-equilibre.com\/me\/wp-content\/uploads\/2024\/02\/Visuel-carre-avril-1024x1024.png\" alt=\"\" class=\"wp-image-14017\" srcset=\"https:\/\/musique-equilibre.com\/me\/wp-content\/uploads\/2024\/02\/Visuel-carre-avril-1024x1024.png 1024w, https:\/\/musique-equilibre.com\/me\/wp-content\/uploads\/2024\/02\/Visuel-carre-avril-300x300.png 300w, https:\/\/musique-equilibre.com\/me\/wp-content\/uploads\/2024\/02\/Visuel-carre-avril-150x150.png 150w, https:\/\/musique-equilibre.com\/me\/wp-content\/uploads\/2024\/02\/Visuel-carre-avril-768x768.png 768w, https:\/\/musique-equilibre.com\/me\/wp-content\/uploads\/2024\/02\/Visuel-carre-avril-1536x1536.png 1536w, https:\/\/musique-equilibre.com\/me\/wp-content\/uploads\/2024\/02\/Visuel-carre-avril-2048x2048.png 2048w, https:\/\/musique-equilibre.com\/me\/wp-content\/uploads\/2024\/02\/Visuel-carre-avril-510x510.png 510w\" sizes=\"(max-width: 1024px) 100vw, 1024px\" \/><\/figure>\n<\/figure>\n\n\n\n<h2 class=\"has-text-align-center has-white-color has-black-background-color has-text-color has-background has-medium-font-size wp-block-heading\">STAGE<br>MUSIQUE ENFANTS<\/h2>\n\n\n\n<p style=\"text-align: center;\"><span style=\"font-family: coves-light;\">Avec Julien Robillard<\/span><\/p>\n\n\n\n<div class=\"wp-block-buttons is-layout-flex wp-block-buttons-is-layout-flex\">\n<div class=\"wp-block-button aligncenter\"><a class=\"wp-block-button__link has-white-color has-text-color has-background wp-element-button\" href=\"https:\/\/musique-equilibre.com\/me\/index.php\/2024\/02\/21\/stage-musique-enfants-avril\/\" style=\"background-color:#e25417\" target=\"_blank\" rel=\"noreferrer noopener\">En savoir plus<\/a><\/div>\n<\/div>\n<\/div>\n\n\n\n<div class=\"wp-block-column is-vertically-aligned-center is-layout-flow wp-block-column-is-layout-flow\" style=\"flex-basis:400px\">\n<figure class=\"wp-block-gallery has-nested-images columns-default is-cropped wp-block-gallery-14 is-layout-flex wp-block-gallery-is-layout-flex\">\n<figure class=\"wp-block-image size-full\"><img loading=\"lazy\" decoding=\"async\" width=\"601\" height=\"601\" data-id=\"14079\" src=\"https:\/\/musique-equilibre.com\/me\/wp-content\/uploads\/2024\/03\/carre-valentin-2.png\" alt=\"\" class=\"wp-image-14079\" srcset=\"https:\/\/musique-equilibre.com\/me\/wp-content\/uploads\/2024\/03\/carre-valentin-2.png 601w, https:\/\/musique-equilibre.com\/me\/wp-content\/uploads\/2024\/03\/carre-valentin-2-300x300.png 300w, https:\/\/musique-equilibre.com\/me\/wp-content\/uploads\/2024\/03\/carre-valentin-2-150x150.png 150w, https:\/\/musique-equilibre.com\/me\/wp-content\/uploads\/2024\/03\/carre-valentin-2-510x510.png 510w\" sizes=\"(max-width: 601px) 100vw, 601px\" \/><\/figure>\n<\/figure>\n\n\n\n<h2 class=\"has-text-align-center has-white-color has-black-background-color has-text-color has-background has-medium-font-size wp-block-heading\">STAGE<br>PUNK HARDCORE<\/h2>\n\n\n\n<p style=\"text-align: center;\"><span style=\"font-family: coves-light;\">Avec Valentin Mirault<\/span><\/p>\n\n\n\n<div class=\"wp-block-buttons is-layout-flex wp-block-buttons-is-layout-flex\">\n<div class=\"wp-block-button aligncenter\"><a class=\"wp-block-button__link has-white-color has-text-color has-background wp-element-button\" href=\"https:\/\/musique-equilibre.com\/me\/index.php\/2024\/02\/07\/stage-punk-hardcore\/\" style=\"background-color:#e25417\" target=\"_blank\" rel=\"noreferrer noopener\">En savoir plus<\/a><\/div>\n<\/div>\n<\/div>\n<\/div>\n\n\n<h2 style=\"text-align: center;\"><strong><span style=\"font-family: coves-light;\">MARS<\/span><\/strong><\/h2>\n\n\n<div class=\"wp-block-columns is-layout-flex wp-container-core-columns-is-layout-9d6595d7 wp-block-columns-is-layout-flex\">\n<div class=\"wp-block-column is-layout-flow wp-block-column-is-layout-flow\">\n<figure class=\"wp-block-image size-full is-resized\"><img loading=\"lazy\" decoding=\"async\" src=\"https:\/\/musique-equilibre.com\/me\/wp-content\/uploads\/2024\/02\/carre-live-mars-small.png\" alt=\"live concert argonaute argonne sortir \u00e0 orl\u00e9ans loiret \u00e9cole de musique salle de concert\" class=\"wp-image-13917\" width=\"401\" height=\"401\" srcset=\"https:\/\/musique-equilibre.com\/me\/wp-content\/uploads\/2024\/02\/carre-live-mars-small.png 601w, https:\/\/musique-equilibre.com\/me\/wp-content\/uploads\/2024\/02\/carre-live-mars-small-300x300.png 300w, https:\/\/musique-equilibre.com\/me\/wp-content\/uploads\/2024\/02\/carre-live-mars-small-150x150.png 150w, https:\/\/musique-equilibre.com\/me\/wp-content\/uploads\/2024\/02\/carre-live-mars-small-510x510.png 510w\" sizes=\"(max-width: 401px) 100vw, 401px\" \/><\/figure>\n\n\n\n<h2 class=\"has-text-align-center has-white-color has-black-background-color has-text-color has-background has-medium-font-size wp-block-heading\">LIVE<\/h2>\n\n\n\n<p style=\"text-align: center;\"><span style=\"font-family: coves-light;\">Avec les classes de piano, guitare et chant.<\/span><\/p>\n\n\n\n<div class=\"wp-block-buttons is-layout-flex wp-block-buttons-is-layout-flex\">\n<div class=\"wp-block-button aligncenter\"><a class=\"wp-block-button__link has-background wp-element-button\" href=\"https:\/\/musique-equilibre.com\/me\/index.php\/2024\/02\/12\/live-guitare-piano-et-chant\/\" style=\"background-color:#e25417\" target=\"_blank\" rel=\"noreferrer noopener\">En savoir plus<\/a><\/div>\n<\/div>\n<\/div>\n\n\n\n<div class=\"wp-block-column is-layout-flow wp-block-column-is-layout-flow\">\n<figure class=\"wp-block-image size-full is-resized\"><img loading=\"lazy\" decoding=\"async\" src=\"https:\/\/musique-equilibre.com\/me\/wp-content\/uploads\/2024\/02\/cadre-insta-SO-mars-1.png\" alt=\"live concert argonaute argonne sortir \u00e0 orl\u00e9ans loiret \u00e9cole de musique salle de concert sc\u00e8ne ouverte\" class=\"wp-image-13918\" width=\"401\" height=\"401\" srcset=\"https:\/\/musique-equilibre.com\/me\/wp-content\/uploads\/2024\/02\/cadre-insta-SO-mars-1.png 601w, https:\/\/musique-equilibre.com\/me\/wp-content\/uploads\/2024\/02\/cadre-insta-SO-mars-1-300x300.png 300w, https:\/\/musique-equilibre.com\/me\/wp-content\/uploads\/2024\/02\/cadre-insta-SO-mars-1-150x150.png 150w, https:\/\/musique-equilibre.com\/me\/wp-content\/uploads\/2024\/02\/cadre-insta-SO-mars-1-510x510.png 510w\" sizes=\"(max-width: 401px) 100vw, 401px\" \/><\/figure>\n\n\n\n<h2 class=\"has-text-align-center has-white-color has-black-background-color has-text-color has-background has-medium-font-size wp-block-heading\">SC<strong>\u00c8<\/strong>NE OUVERTE<\/h2>\n\n\n\n<div class=\"wp-block-buttons is-layout-flex wp-block-buttons-is-layout-flex\">\n<div class=\"wp-block-button aligncenter\"><a class=\"wp-block-button__link has-background wp-element-button\" href=\"https:\/\/musique-equilibre.com\/me\/index.php\/2024\/02\/12\/scene-ouverte-3\/\" style=\"background-color:#e25417\" target=\"_blank\" rel=\"noreferrer noopener\">En savoir plus<\/a><\/div>\n<\/div>\n<\/div>\n\n\n\n<div class=\"wp-block-column is-layout-flow wp-block-column-is-layout-flow\">\n<figure class=\"wp-block-image size-full is-resized\"><img loading=\"lazy\" decoding=\"async\" src=\"https:\/\/musique-equilibre.com\/me\/wp-content\/uploads\/2024\/02\/carre-live-atelier-mars-small.jpg\" alt=\"\" class=\"wp-image-13973\" width=\"401\" height=\"401\" srcset=\"https:\/\/musique-equilibre.com\/me\/wp-content\/uploads\/2024\/02\/carre-live-atelier-mars-small.jpg 600w, https:\/\/musique-equilibre.com\/me\/wp-content\/uploads\/2024\/02\/carre-live-atelier-mars-small-300x300.jpg 300w, https:\/\/musique-equilibre.com\/me\/wp-content\/uploads\/2024\/02\/carre-live-atelier-mars-small-150x150.jpg 150w, https:\/\/musique-equilibre.com\/me\/wp-content\/uploads\/2024\/02\/carre-live-atelier-mars-small-510x510.jpg 510w\" sizes=\"(max-width: 401px) 100vw, 401px\" \/><\/figure>\n\n\n\n<h3 class=\"has-text-align-center has-white-color has-black-background-color has-text-color has-background has-medium-font-size wp-block-heading\">LIVE ATELIER<\/h3>\n\n\n\n<p style=\"text-align: center;\"><span style=\"font-family: coves-light;\">Avec l&rsquo;atelier Chant et Guitare et Chant.<\/span><\/p>\n\n\n\n<div class=\"wp-block-buttons is-layout-flex wp-block-buttons-is-layout-flex\">\n<div class=\"wp-block-button aligncenter\"><a class=\"wp-block-button__link has-background wp-element-button\" href=\"https:\/\/musique-equilibre.com\/me\/index.php\/2024\/02\/12\/live-atelier-chant-chant-et-guitare\/\" style=\"background-color:#e25417\" target=\"_blank\" rel=\"noreferrer noopener\">En savoir plus<\/a><\/div>\n<\/div>\n<\/div>\n<\/div>\n\n\n\n<div class=\"wp-block-columns is-layout-flex wp-container-core-columns-is-layout-9d6595d7 wp-block-columns-is-layout-flex\">\n<div class=\"wp-block-column is-layout-flow wp-block-column-is-layout-flow\">\n<figure class=\"wp-block-image size-full is-resized\"><img loading=\"lazy\" decoding=\"async\" src=\"https:\/\/musique-equilibre.com\/me\/wp-content\/uploads\/2024\/02\/stage-punk-insta-small.png\" alt=\"\" class=\"wp-image-13883\" width=\"401\" height=\"401\" srcset=\"https:\/\/musique-equilibre.com\/me\/wp-content\/uploads\/2024\/02\/stage-punk-insta-small.png 601w, https:\/\/musique-equilibre.com\/me\/wp-content\/uploads\/2024\/02\/stage-punk-insta-small-300x300.png 300w, https:\/\/musique-equilibre.com\/me\/wp-content\/uploads\/2024\/02\/stage-punk-insta-small-150x150.png 150w, https:\/\/musique-equilibre.com\/me\/wp-content\/uploads\/2024\/02\/stage-punk-insta-small-510x510.png 510w\" sizes=\"(max-width: 401px) 100vw, 401px\" \/><\/figure>\n\n\n\n<h2 class=\"has-text-align-center has-white-color has-black-background-color has-text-color has-background has-medium-font-size wp-block-heading\">STAGE<br>Punk Hardcore<\/h2>\n\n\n\n<p style=\"text-align: center;\"><span style=\"font-family: coves-light;\">Avec Valentin Mirault<\/span><\/p>\n\n\n\n<div class=\"wp-block-buttons is-layout-flex wp-block-buttons-is-layout-flex\">\n<div class=\"wp-block-button aligncenter\"><a class=\"wp-block-button__link has-white-color has-text-color has-background wp-element-button\" href=\"https:\/\/musique-equilibre.com\/me\/index.php\/2024\/02\/07\/stage-punk-hardcore\/\" style=\"background-color:#e25417\" target=\"_blank\" rel=\"noreferrer noopener\">En savoir plus<\/a><\/div>\n<\/div>\n<\/div>\n\n\n\n<div class=\"wp-block-column is-layout-flow wp-block-column-is-layout-flow\">\n<figure class=\"wp-block-image size-full is-resized\"><img loading=\"lazy\" decoding=\"async\" src=\"https:\/\/musique-equilibre.com\/me\/wp-content\/uploads\/2024\/02\/Rythme-et-chanson-guinee-carre-small.png\" alt=\"\" class=\"wp-image-13910\" width=\"401\" height=\"401\" srcset=\"https:\/\/musique-equilibre.com\/me\/wp-content\/uploads\/2024\/02\/Rythme-et-chanson-guinee-carre-small.png 601w, https:\/\/musique-equilibre.com\/me\/wp-content\/uploads\/2024\/02\/Rythme-et-chanson-guinee-carre-small-300x300.png 300w, https:\/\/musique-equilibre.com\/me\/wp-content\/uploads\/2024\/02\/Rythme-et-chanson-guinee-carre-small-150x150.png 150w, https:\/\/musique-equilibre.com\/me\/wp-content\/uploads\/2024\/02\/Rythme-et-chanson-guinee-carre-small-510x510.png 510w\" sizes=\"(max-width: 401px) 100vw, 401px\" \/><\/figure>\n\n\n\n<h2 class=\"has-text-align-center has-white-color has-black-background-color has-text-color has-background has-medium-font-size wp-block-heading\">Musique et transmissions<br>RYTHMES ET CHANSONS DE LA GUIN\u00c9E<\/h2>\n\n\n\n<p style=\"text-align: center;\"><span style=\"font-family: coves-light;\">Avec \u00c9ric L&rsquo;Heud\u00e9<\/span><\/p>\n\n\n\n<div class=\"wp-block-buttons is-layout-flex wp-block-buttons-is-layout-flex\">\n<div class=\"wp-block-button aligncenter\"><a class=\"wp-block-button__link has-white-color has-text-color has-background wp-element-button\" href=\"https:\/\/musique-equilibre.com\/me\/index.php\/2024\/02\/07\/rythmes-et-chansons-de-la-guinee\/\" style=\"background-color:#e25417\" target=\"_blank\" rel=\"noreferrer noopener\">En savoir plus<\/a><\/div>\n<\/div>\n<\/div>\n<\/div>\n\n\n<h2 style=\"text-align: center;\"><strong><span style=\"font-family: coves-light;\">F\u00c9VRIER<\/span><\/strong><\/h2>\n\n\n<div class=\"wp-block-columns is-layout-flex wp-container-core-columns-is-layout-9d6595d7 wp-block-columns-is-layout-flex\">\n<div class=\"wp-block-column is-layout-flow wp-block-column-is-layout-flow\">\n<figure class=\"wp-block-image size-full is-resized\"><img loading=\"lazy\" decoding=\"async\" src=\"https:\/\/musique-equilibre.com\/me\/wp-content\/uploads\/2024\/01\/carre-live-fevrier-SMALL.png\" alt=\"\" class=\"wp-image-13721\" width=\"401\" height=\"401\" srcset=\"https:\/\/musique-equilibre.com\/me\/wp-content\/uploads\/2024\/01\/carre-live-fevrier-SMALL.png 1001w, https:\/\/musique-equilibre.com\/me\/wp-content\/uploads\/2024\/01\/carre-live-fevrier-SMALL-300x300.png 300w, https:\/\/musique-equilibre.com\/me\/wp-content\/uploads\/2024\/01\/carre-live-fevrier-SMALL-150x150.png 150w, https:\/\/musique-equilibre.com\/me\/wp-content\/uploads\/2024\/01\/carre-live-fevrier-SMALL-768x768.png 768w, https:\/\/musique-equilibre.com\/me\/wp-content\/uploads\/2024\/01\/carre-live-fevrier-SMALL-510x510.png 510w\" sizes=\"(max-width: 401px) 100vw, 401px\" \/><\/figure>\n\n\n\n<h2 class=\"has-text-align-center has-white-color has-black-background-color has-text-color has-background has-medium-font-size wp-block-heading\">LIVE<\/h2>\n\n\n\n<p style=\"text-align: center;\"><span style=\"font-family: coves-light;\">Avec les classes de violon, guitare, batterie, basse\/contrebasse et chant.<\/span><\/p>\n\n\n\n<div class=\"wp-block-buttons is-layout-flex wp-block-buttons-is-layout-flex\">\n<div class=\"wp-block-button aligncenter\"><a class=\"wp-block-button__link has-background wp-element-button\" href=\"https:\/\/musique-equilibre.com\/me\/index.php\/2024\/01\/22\/violon-batterie-guitare-basse-contrebasse-chant\/\" style=\"background-color:#e25417\" target=\"_blank\" rel=\"noreferrer noopener\">En savoir plus<\/a><\/div>\n<\/div>\n<\/div>\n\n\n\n<div class=\"wp-block-column is-layout-flow wp-block-column-is-layout-flow\">\n<figure class=\"wp-block-image size-large is-resized\"><img loading=\"lazy\" decoding=\"async\" src=\"https:\/\/musique-equilibre.com\/me\/wp-content\/uploads\/2024\/01\/cadre-insta-Scene-ouverte-fevrier-1024x1024.png\" alt=\"\" class=\"wp-image-13722\" width=\"401\" height=\"401\" srcset=\"https:\/\/musique-equilibre.com\/me\/wp-content\/uploads\/2024\/01\/cadre-insta-Scene-ouverte-fevrier-1024x1024.png 1024w, https:\/\/musique-equilibre.com\/me\/wp-content\/uploads\/2024\/01\/cadre-insta-Scene-ouverte-fevrier-300x300.png 300w, https:\/\/musique-equilibre.com\/me\/wp-content\/uploads\/2024\/01\/cadre-insta-Scene-ouverte-fevrier-150x150.png 150w, https:\/\/musique-equilibre.com\/me\/wp-content\/uploads\/2024\/01\/cadre-insta-Scene-ouverte-fevrier-768x768.png 768w, https:\/\/musique-equilibre.com\/me\/wp-content\/uploads\/2024\/01\/cadre-insta-Scene-ouverte-fevrier-1536x1536.png 1536w, https:\/\/musique-equilibre.com\/me\/wp-content\/uploads\/2024\/01\/cadre-insta-Scene-ouverte-fevrier-510x510.png 510w, https:\/\/musique-equilibre.com\/me\/wp-content\/uploads\/2024\/01\/cadre-insta-Scene-ouverte-fevrier.png 2001w\" sizes=\"(max-width: 401px) 100vw, 401px\" \/><\/figure>\n\n\n\n<h2 class=\"has-text-align-center has-white-color has-black-background-color has-text-color has-background has-medium-font-size wp-block-heading\">SC<strong>\u00c8<\/strong>NE OUVERTE<\/h2>\n\n\n\n<div class=\"wp-block-buttons is-layout-flex wp-block-buttons-is-layout-flex\">\n<div class=\"wp-block-button aligncenter\"><a class=\"wp-block-button__link has-background wp-element-button\" href=\"https:\/\/musique-equilibre.com\/me\/index.php\/2024\/01\/22\/scene-ouverte-2\/\" style=\"background-color:#e25417\" target=\"_blank\" rel=\"noreferrer noopener\">En savoir plus<\/a><\/div>\n<\/div>\n<\/div>\n\n\n\n<div class=\"wp-block-column is-layout-flow wp-block-column-is-layout-flow\">\n<figure class=\"wp-block-image size-full is-resized\"><img loading=\"lazy\" decoding=\"async\" src=\"https:\/\/musique-equilibre.com\/me\/wp-content\/uploads\/2024\/01\/carre-live-atelier-fevrier-small.png\" alt=\"\" class=\"wp-image-13723\" width=\"401\" height=\"401\" srcset=\"https:\/\/musique-equilibre.com\/me\/wp-content\/uploads\/2024\/01\/carre-live-atelier-fevrier-small.png 1000w, https:\/\/musique-equilibre.com\/me\/wp-content\/uploads\/2024\/01\/carre-live-atelier-fevrier-small-300x300.png 300w, https:\/\/musique-equilibre.com\/me\/wp-content\/uploads\/2024\/01\/carre-live-atelier-fevrier-small-150x150.png 150w, https:\/\/musique-equilibre.com\/me\/wp-content\/uploads\/2024\/01\/carre-live-atelier-fevrier-small-768x768.png 768w, https:\/\/musique-equilibre.com\/me\/wp-content\/uploads\/2024\/01\/carre-live-atelier-fevrier-small-510x510.png 510w\" sizes=\"(max-width: 401px) 100vw, 401px\" \/><\/figure>\n\n\n\n<h3 class=\"has-text-align-center has-white-color has-black-background-color has-text-color has-background has-medium-font-size wp-block-heading\">LIVE ATELIER<\/h3>\n\n\n\n<p style=\"text-align: center;\"><span style=\"font-family: coves-light;\">Avec l&rsquo;atelier \u00ab\u00a0\u00d4 Feeling\u00a0\u00bb et en guest : Voice Around (chorale urban pop)<\/span><\/p>\n\n\n\n<div class=\"wp-block-buttons is-layout-flex wp-block-buttons-is-layout-flex\">\n<div class=\"wp-block-button aligncenter\"><a class=\"wp-block-button__link has-background wp-element-button\" href=\"https:\/\/musique-equilibre.com\/me\/index.php\/2023\/12\/18\/live-chant-voice-around\/\" style=\"background-color:#e25417\" target=\"_blank\" rel=\"noreferrer noopener\">En savoir plus<\/a><\/div>\n<\/div>\n<\/div>\n<\/div>\n\n\n\n<div class=\"wp-block-columns is-layout-flex wp-container-core-columns-is-layout-9d6595d7 wp-block-columns-is-layout-flex\">\n<div class=\"wp-block-column is-layout-flow wp-block-column-is-layout-flow\">\n<figure class=\"wp-block-image size-full\"><img loading=\"lazy\" decoding=\"async\" width=\"900\" height=\"900\" src=\"https:\/\/musique-equilibre.com\/me\/wp-content\/uploads\/2023\/12\/Carre-stage-enfant-small.png\" alt=\"stage musique enfant \u00e9cole de musique argonaute vacances orl\u00e9ans loiret \u00e9veil musical sortie \" class=\"wp-image-13489\" srcset=\"https:\/\/musique-equilibre.com\/me\/wp-content\/uploads\/2023\/12\/Carre-stage-enfant-small.png 900w, https:\/\/musique-equilibre.com\/me\/wp-content\/uploads\/2023\/12\/Carre-stage-enfant-small-300x300.png 300w, https:\/\/musique-equilibre.com\/me\/wp-content\/uploads\/2023\/12\/Carre-stage-enfant-small-150x150.png 150w, https:\/\/musique-equilibre.com\/me\/wp-content\/uploads\/2023\/12\/Carre-stage-enfant-small-768x768.png 768w, https:\/\/musique-equilibre.com\/me\/wp-content\/uploads\/2023\/12\/Carre-stage-enfant-small-510x510.png 510w\" sizes=\"(max-width: 900px) 100vw, 900px\" \/><\/figure>\n\n\n\n<h2 class=\"has-text-align-center has-white-color has-black-background-color has-text-color has-background has-medium-font-size wp-block-heading\">STAGE MUSIQUE ENFANTS<\/h2>\n\n\n\n<p style=\"text-align: center;\"><span style=\"font-family: coves-light;\">Pendant les vacances d&rsquo;hiver avec Julien Robillard<\/span><\/p>\n\n\n\n<div class=\"wp-block-buttons is-layout-flex wp-block-buttons-is-layout-flex\">\n<div class=\"wp-block-button aligncenter\"><a class=\"wp-block-button__link has-background wp-element-button\" href=\"https:\/\/musique-equilibre.com\/me\/index.php\/2023\/11\/28\/stage-musique-enfants\/\" style=\"background-color:#e25417\" target=\"_blank\" rel=\"noreferrer noopener\">En savoir plus<\/a><\/div>\n<\/div>\n<\/div>\n\n\n\n<div class=\"wp-block-column is-layout-flow wp-block-column-is-layout-flow\">\n<figure class=\"wp-block-image size-full\"><img loading=\"lazy\" decoding=\"async\" width=\"960\" height=\"960\" src=\"https:\/\/musique-equilibre.com\/me\/wp-content\/uploads\/2023\/12\/Carre-stage-mixage-small.png\" alt=\"stage mixage in the box orl\u00e9ans 108 romain cl\u00e9ment musique et \u00e9quilibre loiret\" class=\"wp-image-13490\" srcset=\"https:\/\/musique-equilibre.com\/me\/wp-content\/uploads\/2023\/12\/Carre-stage-mixage-small.png 960w, https:\/\/musique-equilibre.com\/me\/wp-content\/uploads\/2023\/12\/Carre-stage-mixage-small-300x300.png 300w, https:\/\/musique-equilibre.com\/me\/wp-content\/uploads\/2023\/12\/Carre-stage-mixage-small-150x150.png 150w, https:\/\/musique-equilibre.com\/me\/wp-content\/uploads\/2023\/12\/Carre-stage-mixage-small-768x768.png 768w, https:\/\/musique-equilibre.com\/me\/wp-content\/uploads\/2023\/12\/Carre-stage-mixage-small-510x510.png 510w\" sizes=\"(max-width: 960px) 100vw, 960px\" \/><\/figure>\n\n\n\n<h2 class=\"has-text-align-center has-white-color has-black-background-color has-text-color has-background has-medium-font-size wp-block-heading\">STAGE MIXAGE<\/h2>\n\n\n\n<p style=\"text-align: center;\"><span style=\"font-family: coves-light;\">Pendant les vacances d&rsquo;hiver avec Romain Cl\u00e9ment<\/span><\/p>\n\n\n\n<div class=\"wp-block-buttons is-layout-flex wp-block-buttons-is-layout-flex\">\n<div class=\"wp-block-button aligncenter\"><a class=\"wp-block-button__link has-background wp-element-button\" href=\"https:\/\/musique-equilibre.com\/me\/index.php\/2023\/12\/06\/stage-mixage\/\" style=\"background-color:#e25417\" target=\"_blank\" rel=\"noreferrer noopener\">En savoir plus<\/a><\/div>\n<\/div>\n<\/div>\n<\/div>\n\n\n<h2 style=\"text-align: center;\"><strong><span style=\"font-family: coves-light;\">JANVIER<\/span><\/strong><\/h2>\n\n\n<div class=\"wp-block-columns is-layout-flex wp-container-core-columns-is-layout-9d6595d7 wp-block-columns-is-layout-flex\">\n<div class=\"wp-block-column is-layout-flow wp-block-column-is-layout-flow\">\n<figure class=\"wp-block-image size-large is-resized\"><img loading=\"lazy\" decoding=\"async\" src=\"https:\/\/musique-equilibre.com\/me\/wp-content\/uploads\/2024\/01\/carre-live-janvier-small-1024x1024.png\" alt=\"\" class=\"wp-image-13662\" width=\"401\" height=\"401\" srcset=\"https:\/\/musique-equilibre.com\/me\/wp-content\/uploads\/2024\/01\/carre-live-janvier-small-1024x1024.png 1024w, https:\/\/musique-equilibre.com\/me\/wp-content\/uploads\/2024\/01\/carre-live-janvier-small-300x300.png 300w, https:\/\/musique-equilibre.com\/me\/wp-content\/uploads\/2024\/01\/carre-live-janvier-small-150x150.png 150w, https:\/\/musique-equilibre.com\/me\/wp-content\/uploads\/2024\/01\/carre-live-janvier-small-768x768.png 768w, https:\/\/musique-equilibre.com\/me\/wp-content\/uploads\/2024\/01\/carre-live-janvier-small-1536x1536.png 1536w, https:\/\/musique-equilibre.com\/me\/wp-content\/uploads\/2024\/01\/carre-live-janvier-small-510x510.png 510w, https:\/\/musique-equilibre.com\/me\/wp-content\/uploads\/2024\/01\/carre-live-janvier-small.png 2001w\" sizes=\"(max-width: 401px) 100vw, 401px\" \/><\/figure>\n\n\n\n<h2 class=\"has-text-align-center has-white-color has-black-background-color has-text-color has-background has-medium-font-size wp-block-heading\">LIVE<\/h2>\n\n\n\n<p style=\"text-align: center;\"><span style=\"font-family: coves-light;\">Avec les classes de fl\u00fbte, piano, batterie, guitare et chant<\/span><\/p>\n\n\n\n<div class=\"wp-block-buttons is-layout-flex wp-block-buttons-is-layout-flex\">\n<div class=\"wp-block-button aligncenter\"><a class=\"wp-block-button__link has-background wp-element-button\" href=\"https:\/\/musique-equilibre.com\/me\/index.php\/2023\/12\/18\/flute-basse-batterie-piano-guitare\/\" style=\"background-color:#e25417\" target=\"_blank\" rel=\"noreferrer noopener\">En savoir plus<\/a><\/div>\n<\/div>\n<\/div>\n\n\n\n<div class=\"wp-block-column is-layout-flow wp-block-column-is-layout-flow\">\n<figure class=\"wp-block-image size-full\"><img loading=\"lazy\" decoding=\"async\" width=\"401\" height=\"401\" src=\"https:\/\/musique-equilibre.com\/me\/wp-content\/uploads\/2023\/12\/cadre-insta-Scene-ouverte-Janvier-1-small.png\" alt=\"orl\u00e9ans argonaute loiret musique et \u00e9quilibre \u00e9cole de musique sortir \u00e0 orl\u00e9ans \u00e9v\u00e8nements live sc\u00e8ne ouverte\" class=\"wp-image-13468\" srcset=\"https:\/\/musique-equilibre.com\/me\/wp-content\/uploads\/2023\/12\/cadre-insta-Scene-ouverte-Janvier-1-small.png 401w, https:\/\/musique-equilibre.com\/me\/wp-content\/uploads\/2023\/12\/cadre-insta-Scene-ouverte-Janvier-1-small-300x300.png 300w, https:\/\/musique-equilibre.com\/me\/wp-content\/uploads\/2023\/12\/cadre-insta-Scene-ouverte-Janvier-1-small-150x150.png 150w\" sizes=\"(max-width: 401px) 100vw, 401px\" \/><\/figure>\n\n\n\n<h2 class=\"has-text-align-center has-white-color has-black-background-color has-text-color has-background has-medium-font-size wp-block-heading\">SC<strong>\u00c8<\/strong>NE OUVERTE<\/h2>\n\n\n\n<div class=\"wp-block-buttons is-layout-flex wp-block-buttons-is-layout-flex\">\n<div class=\"wp-block-button aligncenter\"><a class=\"wp-block-button__link has-background wp-element-button\" href=\"https:\/\/musique-equilibre.com\/me\/index.php\/2023\/12\/18\/scene-ouverte\/\" style=\"background-color:#e25417\" target=\"_blank\" rel=\"noreferrer noopener\">En savoir plus<\/a><\/div>\n<\/div>\n<\/div>\n\n\n\n<div class=\"wp-block-column is-layout-flow wp-block-column-is-layout-flow\">\n<figure class=\"wp-block-image size-full\"><img loading=\"lazy\" decoding=\"async\" width=\"600\" height=\"600\" src=\"https:\/\/musique-equilibre.com\/me\/wp-content\/uploads\/2023\/12\/carre-live-atelier-janvier-VF-small.png\" alt=\"live atelier concert rock m\u00e9tal orl\u00e9ans argonaute loiret musique et \u00e9quilibre \u00e9cole de musique sortir \u00e0 orl\u00e9ans \u00e9v\u00e8nements live\" class=\"wp-image-13469\" srcset=\"https:\/\/musique-equilibre.com\/me\/wp-content\/uploads\/2023\/12\/carre-live-atelier-janvier-VF-small.png 600w, https:\/\/musique-equilibre.com\/me\/wp-content\/uploads\/2023\/12\/carre-live-atelier-janvier-VF-small-300x300.png 300w, https:\/\/musique-equilibre.com\/me\/wp-content\/uploads\/2023\/12\/carre-live-atelier-janvier-VF-small-150x150.png 150w, https:\/\/musique-equilibre.com\/me\/wp-content\/uploads\/2023\/12\/carre-live-atelier-janvier-VF-small-510x510.png 510w\" sizes=\"(max-width: 600px) 100vw, 600px\" \/><\/figure>\n\n\n\n<h3 class=\"has-text-align-center has-white-color has-black-background-color has-text-color has-background has-medium-font-size wp-block-heading\">LIVE ATELIER<\/h3>\n\n\n\n<p style=\"text-align: center;\"><span style=\"font-family: coves-light;\">Avec l&rsquo;atelier Musiques Satur\u00e9es \/ Rock \/ Composition Rock-M\u00e9tal<\/span><\/p>\n\n\n\n<div class=\"wp-block-buttons is-layout-flex wp-block-buttons-is-layout-flex\">\n<div class=\"wp-block-button aligncenter\"><a class=\"wp-block-button__link has-background wp-element-button\" href=\"https:\/\/musique-equilibre.com\/me\/index.php\/2024\/01\/25\/live-atelier-rock-metal\/\" style=\"background-color:#e25417\" target=\"_blank\" rel=\"noreferrer noopener\">En savoir plus<\/a><\/div>\n<\/div>\n<\/div>\n<\/div>\n\n\n<h2 style=\"text-align: center;\"><strong><span style=\"font-family: coves-light;\">D\u00c9CEMBRE<\/span><\/strong><\/h2>\n\n\n<div class=\"wp-block-columns is-layout-flex wp-container-core-columns-is-layout-9d6595d7 wp-block-columns-is-layout-flex\">\n<div class=\"wp-block-column is-layout-flow wp-block-column-is-layout-flow\">\n<figure class=\"wp-block-image size-full\"><img loading=\"lazy\" decoding=\"async\" width=\"601\" height=\"601\" src=\"https:\/\/musique-equilibre.com\/me\/wp-content\/uploads\/2023\/11\/carre-live-Decembre-blanc-SMALL.png\" alt=\"concert argonaute live musique orl\u00e9ans loiret musiques actuelles sortir \u00e0 orl\u00e9ans\" class=\"wp-image-13066\" srcset=\"https:\/\/musique-equilibre.com\/me\/wp-content\/uploads\/2023\/11\/carre-live-Decembre-blanc-SMALL.png 601w, https:\/\/musique-equilibre.com\/me\/wp-content\/uploads\/2023\/11\/carre-live-Decembre-blanc-SMALL-300x300.png 300w, https:\/\/musique-equilibre.com\/me\/wp-content\/uploads\/2023\/11\/carre-live-Decembre-blanc-SMALL-150x150.png 150w, https:\/\/musique-equilibre.com\/me\/wp-content\/uploads\/2023\/11\/carre-live-Decembre-blanc-SMALL-510x510.png 510w\" sizes=\"(max-width: 601px) 100vw, 601px\" \/><\/figure>\n\n\n\n<h2 class=\"has-text-align-center has-white-color has-black-background-color has-text-color has-background has-medium-font-size wp-block-heading\">LIVE<\/h2>\n\n\n\n<p style=\"text-align: center;\"><span style=\"font-family: coves-light;\">Avec les classes de chant, guitare, batterie et basse<\/span><\/p>\n\n\n\n<div class=\"wp-block-buttons is-layout-flex wp-block-buttons-is-layout-flex\">\n<div class=\"wp-block-button aligncenter\"><a class=\"wp-block-button__link has-background wp-element-button\" href=\"https:\/\/musique-equilibre.com\/me\/index.php\/2023\/11\/20\/live-chant-basse-batterie-piano-guitare\/\" style=\"background-color:#e25417\" target=\"_blank\" rel=\"noreferrer noopener\">En savoir plus<\/a><\/div>\n<\/div>\n<\/div>\n\n\n\n<div class=\"wp-block-column is-layout-flow wp-block-column-is-layout-flow\">\n<figure class=\"wp-block-image size-full\"><img loading=\"lazy\" decoding=\"async\" width=\"601\" height=\"601\" src=\"https:\/\/musique-equilibre.com\/me\/wp-content\/uploads\/2023\/11\/cadre-insta-jam-decembre-SMALL.png\" alt=\"concert argonaute live musique orl\u00e9ans loiret musiques actuelles sortir \u00e0 orl\u00e9ans jam \" class=\"wp-image-13067\" srcset=\"https:\/\/musique-equilibre.com\/me\/wp-content\/uploads\/2023\/11\/cadre-insta-jam-decembre-SMALL.png 601w, https:\/\/musique-equilibre.com\/me\/wp-content\/uploads\/2023\/11\/cadre-insta-jam-decembre-SMALL-300x300.png 300w, https:\/\/musique-equilibre.com\/me\/wp-content\/uploads\/2023\/11\/cadre-insta-jam-decembre-SMALL-150x150.png 150w, https:\/\/musique-equilibre.com\/me\/wp-content\/uploads\/2023\/11\/cadre-insta-jam-decembre-SMALL-510x510.png 510w\" sizes=\"(max-width: 601px) 100vw, 601px\" \/><\/figure>\n\n\n\n<h2 class=\"has-text-align-center has-white-color has-black-background-color has-text-color has-background has-medium-font-size wp-block-heading\">JAM<\/h2>\n\n\n\n<p style=\"text-align: center;\"><span style=\"font-family: coves-light;\">Avec David Sevestre<\/span><\/p>\n\n\n\n<div class=\"wp-block-buttons is-layout-flex wp-block-buttons-is-layout-flex\">\n<div class=\"wp-block-button aligncenter\"><a class=\"wp-block-button__link has-background wp-element-button\" href=\"https:\/\/musique-equilibre.com\/me\/index.php\/2023\/11\/20\/jam-david-sevestre\/\" style=\"background-color:#e25417\" target=\"_blank\" rel=\"noreferrer noopener\">En savoir plus<\/a><\/div>\n<\/div>\n<\/div>\n\n\n\n<div class=\"wp-block-column is-layout-flow wp-block-column-is-layout-flow\">\n<figure class=\"wp-block-image size-full\"><img loading=\"lazy\" decoding=\"async\" width=\"600\" height=\"600\" src=\"https:\/\/musique-equilibre.com\/me\/wp-content\/uploads\/2023\/11\/carre-live-atelier-decembre-SMALL.png\" alt=\"concert argonaute live musique orl\u00e9ans loiret musiques actuelles sortir \u00e0 orl\u00e9ans\" class=\"wp-image-13068\" srcset=\"https:\/\/musique-equilibre.com\/me\/wp-content\/uploads\/2023\/11\/carre-live-atelier-decembre-SMALL.png 600w, https:\/\/musique-equilibre.com\/me\/wp-content\/uploads\/2023\/11\/carre-live-atelier-decembre-SMALL-300x300.png 300w, https:\/\/musique-equilibre.com\/me\/wp-content\/uploads\/2023\/11\/carre-live-atelier-decembre-SMALL-150x150.png 150w, https:\/\/musique-equilibre.com\/me\/wp-content\/uploads\/2023\/11\/carre-live-atelier-decembre-SMALL-510x510.png 510w\" sizes=\"(max-width: 600px) 100vw, 600px\" \/><\/figure>\n\n\n\n<h3 class=\"has-text-align-center has-white-color has-black-background-color has-text-color has-background has-medium-font-size wp-block-heading\">LIVE ATELIER<\/h3>\n\n\n\n<p style=\"text-align: center;\"><span style=\"font-family: coves-light;\">Avec l&rsquo;atelier Celtique<\/span><\/p>\n\n\n\n<div class=\"wp-block-buttons is-layout-flex wp-block-buttons-is-layout-flex\">\n<div class=\"wp-block-button aligncenter\"><a class=\"wp-block-button__link has-background wp-element-button\" href=\"https:\/\/musique-equilibre.com\/me\/index.php\/2023\/11\/20\/live-atelier-celtique\/\" style=\"background-color:#e25417\" target=\"_blank\" rel=\"noreferrer noopener\">En savoir plus<\/a><\/div>\n<\/div>\n<\/div>\n\n\n\n<div class=\"wp-block-column is-layout-flow wp-block-column-is-layout-flow\">\n<figure class=\"wp-block-image size-full\"><img loading=\"lazy\" decoding=\"async\" width=\"2001\" height=\"2001\" src=\"https:\/\/musique-equilibre.com\/me\/wp-content\/uploads\/2023\/12\/cadre-insta-2times-52-V3.png\" alt=\"ORPHEUM BLACK LAJJAR CONCERT ROCK PROGRESSIF FOLK CONCERT ORLEANS loiret argonaute sortir \u00e0 orl\u00e9ans\" class=\"wp-image-13246\" srcset=\"https:\/\/musique-equilibre.com\/me\/wp-content\/uploads\/2023\/12\/cadre-insta-2times-52-V3.png 2001w, https:\/\/musique-equilibre.com\/me\/wp-content\/uploads\/2023\/12\/cadre-insta-2times-52-V3-300x300.png 300w, https:\/\/musique-equilibre.com\/me\/wp-content\/uploads\/2023\/12\/cadre-insta-2times-52-V3-1024x1024.png 1024w, https:\/\/musique-equilibre.com\/me\/wp-content\/uploads\/2023\/12\/cadre-insta-2times-52-V3-150x150.png 150w, https:\/\/musique-equilibre.com\/me\/wp-content\/uploads\/2023\/12\/cadre-insta-2times-52-V3-768x768.png 768w, https:\/\/musique-equilibre.com\/me\/wp-content\/uploads\/2023\/12\/cadre-insta-2times-52-V3-1536x1536.png 1536w, https:\/\/musique-equilibre.com\/me\/wp-content\/uploads\/2023\/12\/cadre-insta-2times-52-V3-510x510.png 510w\" sizes=\"(max-width: 2001px) 100vw, 2001px\" \/><\/figure>\n\n\n\n<h2 class=\"has-text-align-center has-white-color has-black-background-color has-text-color has-background has-medium-font-size wp-block-heading\">Concert<br><em>Rock alternatif<\/em><\/h2>\n\n\n\n<p style=\"text-align: center;\"><span style=\"font-family: coves-light;\">Lajjar et Orpheum Black<\/span><\/p>\n\n\n\n<div class=\"wp-block-buttons is-layout-flex wp-block-buttons-is-layout-flex\">\n<div class=\"wp-block-button aligncenter\"><a class=\"wp-block-button__link has-background wp-element-button\" href=\"https:\/\/musique-equilibre.com\/me\/index.php\/2023\/11\/20\/concert-hearts-on-the-run-orpheum-black\/\" style=\"background-color:#e25417\" target=\"_blank\" rel=\"noreferrer noopener\">En savoir plus<\/a><\/div>\n<\/div>\n<\/div>\n\n\n\n<div class=\"wp-block-column is-layout-flow wp-block-column-is-layout-flow\">\n<figure class=\"wp-block-image size-full\"><img loading=\"lazy\" decoding=\"async\" width=\"600\" height=\"600\" src=\"https:\/\/musique-equilibre.com\/me\/wp-content\/uploads\/2023\/11\/cadre-insta-Anai-et-le-fil-de-soi-VF-small-1.png\" alt=\"concert jeune public spectacle orl\u00e9ans argonaute loiret\" class=\"wp-image-13121\" srcset=\"https:\/\/musique-equilibre.com\/me\/wp-content\/uploads\/2023\/11\/cadre-insta-Anai-et-le-fil-de-soi-VF-small-1.png 600w, https:\/\/musique-equilibre.com\/me\/wp-content\/uploads\/2023\/11\/cadre-insta-Anai-et-le-fil-de-soi-VF-small-1-300x300.png 300w, https:\/\/musique-equilibre.com\/me\/wp-content\/uploads\/2023\/11\/cadre-insta-Anai-et-le-fil-de-soi-VF-small-1-150x150.png 150w, https:\/\/musique-equilibre.com\/me\/wp-content\/uploads\/2023\/11\/cadre-insta-Anai-et-le-fil-de-soi-VF-small-1-510x510.png 510w\" sizes=\"(max-width: 600px) 100vw, 600px\" \/><\/figure>\n\n\n\n<h3 class=\"has-text-align-center has-white-color has-black-background-color has-text-color has-background wp-block-heading\" style=\"font-size:19.5px\">Spectacle Jeune Public<\/h3>\n\n\n\n<p style=\"text-align: center;\"><span style=\"font-family: coves-light;\">Ana\u00ef et le fil de soi<br>(conte musical)<\/span><\/p>\n\n\n\n<div class=\"wp-block-buttons is-layout-flex wp-block-buttons-is-layout-flex\">\n<div class=\"wp-block-button aligncenter\"><a class=\"wp-block-button__link has-background wp-element-button\" href=\"https:\/\/musique-equilibre.com\/me\/index.php\/2023\/11\/20\/concert-spectacle-jeune-public\/\" style=\"background-color:#e25417\" target=\"_blank\" rel=\"noreferrer noopener\">En savoir plus<\/a><\/div>\n<\/div>\n<\/div>\n<\/div>\n\n\n<h2 style=\"text-align: center;\"><strong><span style=\"font-family: coves-light;\">NOVEMBRE<\/span><\/strong><\/h2>\n\n\n<div class=\"wp-block-columns is-layout-flex wp-container-core-columns-is-layout-9d6595d7 wp-block-columns-is-layout-flex\">\n<div class=\"wp-block-column is-layout-flow wp-block-column-is-layout-flow\">\n<figure class=\"wp-block-image size-large\"><img loading=\"lazy\" decoding=\"async\" width=\"1024\" height=\"1024\" src=\"https:\/\/musique-equilibre.com\/me\/wp-content\/uploads\/2023\/10\/carre-live-Novembre-AVEC-P-E-ET-PHILOU-2-1024x1024.png\" alt=\"live batterie chant saxophone guitare orl\u00e9ans argonaute live concert musique et \u00e9quilibre orl\u00e9ans loiret musique sortir \u00e0 orl\u00e9ans agenda concerts \u00e9v\u00e8nements\" class=\"wp-image-12838\" srcset=\"https:\/\/musique-equilibre.com\/me\/wp-content\/uploads\/2023\/10\/carre-live-Novembre-AVEC-P-E-ET-PHILOU-2-1024x1024.png 1024w, https:\/\/musique-equilibre.com\/me\/wp-content\/uploads\/2023\/10\/carre-live-Novembre-AVEC-P-E-ET-PHILOU-2-300x300.png 300w, https:\/\/musique-equilibre.com\/me\/wp-content\/uploads\/2023\/10\/carre-live-Novembre-AVEC-P-E-ET-PHILOU-2-150x150.png 150w, https:\/\/musique-equilibre.com\/me\/wp-content\/uploads\/2023\/10\/carre-live-Novembre-AVEC-P-E-ET-PHILOU-2-768x768.png 768w, https:\/\/musique-equilibre.com\/me\/wp-content\/uploads\/2023\/10\/carre-live-Novembre-AVEC-P-E-ET-PHILOU-2-1536x1536.png 1536w, https:\/\/musique-equilibre.com\/me\/wp-content\/uploads\/2023\/10\/carre-live-Novembre-AVEC-P-E-ET-PHILOU-2-510x510.png 510w, https:\/\/musique-equilibre.com\/me\/wp-content\/uploads\/2023\/10\/carre-live-Novembre-AVEC-P-E-ET-PHILOU-2.png 2000w\" sizes=\"(max-width: 1024px) 100vw, 1024px\" \/><\/figure>\n\n\n\n<h3 class=\"has-text-align-center has-white-color has-black-background-color has-text-color has-background has-medium-font-size wp-block-heading\">LIVE<\/h3>\n\n\n\n<p style=\"text-align: center;\"><span style=\"font-family: coves-light;\">Avec les classes de batterie, saxophone, chant et guitare<\/span><\/p>\n\n\n\n<div class=\"wp-block-buttons is-layout-flex wp-block-buttons-is-layout-flex\">\n<div class=\"wp-block-button aligncenter\"><a class=\"wp-block-button__link has-background wp-element-button\" href=\"https:\/\/musique-equilibre.com\/me\/index.php\/2023\/10\/16\/live-batterie-chant-saxophone-guitare\/\" style=\"background-color:#e25417\" target=\"_blank\" rel=\"noreferrer noopener\">En savoir plus<\/a><\/div>\n<\/div>\n<\/div>\n\n\n\n<div class=\"wp-block-column is-layout-flow wp-block-column-is-layout-flow\">\n<figure class=\"wp-block-image size-large\"><img loading=\"lazy\" decoding=\"async\" width=\"1024\" height=\"1024\" src=\"https:\/\/musique-equilibre.com\/me\/wp-content\/uploads\/2023\/10\/jam-Novembre-1024x1024.png\" alt=\"Thierry fanfant jam argonaute orl\u00e9ans loiret musique et \u00e9quilibre concert musique live agenda concerts \u00e9v\u00e8nements\" class=\"wp-image-12843\" srcset=\"https:\/\/musique-equilibre.com\/me\/wp-content\/uploads\/2023\/10\/jam-Novembre-1024x1024.png 1024w, https:\/\/musique-equilibre.com\/me\/wp-content\/uploads\/2023\/10\/jam-Novembre-300x300.png 300w, https:\/\/musique-equilibre.com\/me\/wp-content\/uploads\/2023\/10\/jam-Novembre-150x150.png 150w, https:\/\/musique-equilibre.com\/me\/wp-content\/uploads\/2023\/10\/jam-Novembre-768x768.png 768w, https:\/\/musique-equilibre.com\/me\/wp-content\/uploads\/2023\/10\/jam-Novembre-1536x1536.png 1536w, https:\/\/musique-equilibre.com\/me\/wp-content\/uploads\/2023\/10\/jam-Novembre-510x510.png 510w, https:\/\/musique-equilibre.com\/me\/wp-content\/uploads\/2023\/10\/jam-Novembre.png 2000w\" sizes=\"(max-width: 1024px) 100vw, 1024px\" \/><\/figure>\n\n\n\n<h3 class=\"has-text-align-center has-white-color has-black-background-color has-text-color has-background has-medium-font-size wp-block-heading\">JAM<\/h3>\n\n\n\n<p style=\"text-align: center;\"><span style=\"font-family: coves-light;\">Avec Thierry Fanfant<br><span style=\"color: #ffffff;\">Avec Thierry Fanfant<\/span><br><\/span><\/p>\n\n\n\n<div class=\"wp-block-buttons is-layout-flex wp-block-buttons-is-layout-flex\">\n<div class=\"wp-block-button aligncenter\"><a class=\"wp-block-button__link has-background wp-element-button\" href=\"https:\/\/musique-equilibre.com\/me\/index.php\/2023\/10\/16\/jam-thierry-fanfant\/\" style=\"background-color:#e25417\" target=\"_blank\" rel=\"noreferrer noopener\">En savoir plus<\/a><\/div>\n<\/div>\n<\/div>\n\n\n\n<div class=\"wp-block-column is-layout-flow wp-block-column-is-layout-flow\">\n<figure class=\"wp-block-image size-large\"><img loading=\"lazy\" decoding=\"async\" width=\"1024\" height=\"1024\" src=\"https:\/\/musique-equilibre.com\/me\/wp-content\/uploads\/2023\/10\/carre-live-atelier-Novembre-1024x1024.png\" alt=\"live atelier pop rock blues concert argonaute orl\u00e9ans loiret musique musique et \u00e9quilibre agenda concerts \u00e9v\u00e8nements\" class=\"wp-image-12801\" srcset=\"https:\/\/musique-equilibre.com\/me\/wp-content\/uploads\/2023\/10\/carre-live-atelier-Novembre-1024x1024.png 1024w, https:\/\/musique-equilibre.com\/me\/wp-content\/uploads\/2023\/10\/carre-live-atelier-Novembre-300x300.png 300w, https:\/\/musique-equilibre.com\/me\/wp-content\/uploads\/2023\/10\/carre-live-atelier-Novembre-150x150.png 150w, https:\/\/musique-equilibre.com\/me\/wp-content\/uploads\/2023\/10\/carre-live-atelier-Novembre-768x768.png 768w, https:\/\/musique-equilibre.com\/me\/wp-content\/uploads\/2023\/10\/carre-live-atelier-Novembre-1536x1536.png 1536w, https:\/\/musique-equilibre.com\/me\/wp-content\/uploads\/2023\/10\/carre-live-atelier-Novembre-510x510.png 510w, https:\/\/musique-equilibre.com\/me\/wp-content\/uploads\/2023\/10\/carre-live-atelier-Novembre.png 2000w\" sizes=\"(max-width: 1024px) 100vw, 1024px\" \/><\/figure>\n\n\n\n<h3 class=\"has-text-align-center has-white-color has-black-background-color has-text-color has-background has-medium-font-size wp-block-heading\">LIVE ATELIER<\/h3>\n\n\n\n<p style=\"text-align: center;\"><span style=\"font-family: coves-light;\">Avec l&rsquo;atelier Pop rock et Blues<br><span style=\"color: #ffffff;\">Avec l&rsquo;atelier Pop rock et Blues.<\/span><br><\/span><\/p>\n\n\n\n<div class=\"wp-block-buttons is-layout-flex wp-block-buttons-is-layout-flex\">\n<div class=\"wp-block-button aligncenter\"><a class=\"wp-block-button__link has-background wp-element-button\" href=\"https:\/\/musique-equilibre.com\/me\/index.php\/2023\/10\/16\/live-atelier\/\" style=\"background-color:#e25417\" target=\"_blank\" rel=\"noreferrer noopener\">En savoir plus<\/a><\/div>\n<\/div>\n<\/div>\n\n\n\n<div class=\"wp-block-column is-layout-flow wp-block-column-is-layout-flow\">\n<figure class=\"wp-block-image size-large\"><img loading=\"lazy\" decoding=\"async\" width=\"1024\" height=\"1024\" src=\"https:\/\/musique-equilibre.com\/me\/wp-content\/uploads\/2023\/10\/cadre-insta-2times-51-final-bleu-1-1024x1024.png\" alt=\"agenda concerts \u00e9v\u00e8nements bomka serge tamas concert live orl\u00e9ans loiret\" class=\"wp-image-12799\" srcset=\"https:\/\/musique-equilibre.com\/me\/wp-content\/uploads\/2023\/10\/cadre-insta-2times-51-final-bleu-1-1024x1024.png 1024w, https:\/\/musique-equilibre.com\/me\/wp-content\/uploads\/2023\/10\/cadre-insta-2times-51-final-bleu-1-300x300.png 300w, https:\/\/musique-equilibre.com\/me\/wp-content\/uploads\/2023\/10\/cadre-insta-2times-51-final-bleu-1-150x150.png 150w, https:\/\/musique-equilibre.com\/me\/wp-content\/uploads\/2023\/10\/cadre-insta-2times-51-final-bleu-1-768x768.png 768w, https:\/\/musique-equilibre.com\/me\/wp-content\/uploads\/2023\/10\/cadre-insta-2times-51-final-bleu-1-1536x1536.png 1536w, https:\/\/musique-equilibre.com\/me\/wp-content\/uploads\/2023\/10\/cadre-insta-2times-51-final-bleu-1-510x510.png 510w, https:\/\/musique-equilibre.com\/me\/wp-content\/uploads\/2023\/10\/cadre-insta-2times-51-final-bleu-1.png 2000w\" sizes=\"(max-width: 1024px) 100vw, 1024px\" \/><\/figure>\n\n\n\n<h4 class=\"has-text-align-center has-white-color has-black-background-color has-text-color has-background has-medium-font-size wp-block-heading\">Concert<br><em>Musiques du mond<\/em>e<\/h4>\n\n\n\n<p style=\"text-align: center;\"><span style=\"font-family: coves-light;\">Avec Serge Tamas et Bomka<\/span><\/p>\n\n\n\n<div class=\"wp-block-buttons is-layout-flex wp-block-buttons-is-layout-flex\">\n<div class=\"wp-block-button aligncenter\"><a class=\"wp-block-button__link has-background wp-element-button\" href=\"\" style=\"background-color:#e25417\" target=\"_blank\" rel=\"noreferrer noopener\">En savoir plus<\/a><\/div>\n<\/div>\n<\/div>\n<\/div>\n\n\n<h2 style=\"text-align: center;\"><strong><span style=\"font-family: coves-light;\">OCTOBRE<\/span><\/strong><\/h2>\n\n\n<div class=\"wp-block-columns is-layout-flex wp-container-core-columns-is-layout-9d6595d7 wp-block-columns-is-layout-flex\">\n\n<div class=\"wp-block-column is-layout-flow wp-block-column-is-layout-flow\">\n\n<figure class=\"wp-block-image size-full\"><img loading=\"lazy\" decoding=\"async\" width=\"900\" height=\"900\" src=\"https:\/\/musique-equilibre.com\/me\/wp-content\/uploads\/2023\/09\/AG-insta.jpg\" alt=\"\" class=\"wp-image-12511\" srcset=\"https:\/\/musique-equilibre.com\/me\/wp-content\/uploads\/2023\/09\/AG-insta.jpg 900w, https:\/\/musique-equilibre.com\/me\/wp-content\/uploads\/2023\/09\/AG-insta-300x300.jpg 300w, https:\/\/musique-equilibre.com\/me\/wp-content\/uploads\/2023\/09\/AG-insta-150x150.jpg 150w, https:\/\/musique-equilibre.com\/me\/wp-content\/uploads\/2023\/09\/AG-insta-768x768.jpg 768w, https:\/\/musique-equilibre.com\/me\/wp-content\/uploads\/2023\/09\/AG-insta-510x510.jpg 510w\" sizes=\"(max-width: 900px) 100vw, 900px\" \/><\/figure>\n\n\n<h3 class=\"has-text-align-center has-white-color has-black-background-color has-text-color has-background wp-block-heading\">Assembl\u00e9e g\u00e9n\u00e9rale<\/h3>\n\n\n<p>\n\n<\/p>\n<p class=\"has-text-align-center\"><span style=\"font-family: coves-light;\">Le vendredi 6 octobre \u00e0 18h30, retrouvez l&rsquo;\u00e9quipe de Musique et \u00c9quilibre et l&rsquo;ensemble du CA \u00e0 l&rsquo;Argonaute pour l&rsquo;assembl\u00e9e g\u00e9n\u00e9rale afin de faire le point sur l&rsquo;ann\u00e9e 2022-2023 !<\/span><\/p>\n<p>\n\n \n\n<\/p>\n<p class=\"has-text-align-center\"><span style=\"font-family: coves-light;\">Chaque adh\u00e9rent \u00e0 jour de sa cotisation de l&rsquo;association y est convi\u00e9.<\/span><\/p>\n<p>\n\n \n\n<\/p>\n<p class=\"has-text-align-center\"><span style=\"font-family: coves-light;\">Nous serons \u00e9galement l\u00e0 pour r\u00e9pondre \u00e0 vos \u00e9ventuelles questions, \u00e9changer, d\u00e9battre sur l&rsquo;avenir de l&rsquo;association&#8230;<\/span><\/p>\n<p>\n\n \n\n<\/p>\n<p class=\"has-text-align-center\"><span style=\"font-family: coves-light;\">Apr\u00e8s les diff\u00e9rents bilans, les votes et les \u00e9lections nous continuerons d&rsquo;\u00e9changer autour d&rsquo;un verre \u00e0 partager avec l&rsquo;\u00e9quipe salari\u00e9e et le Conseil d&rsquo;Administration.<\/span><\/p>\n\n<\/div>\n\n\n<div class=\"wp-block-column is-layout-flow wp-block-column-is-layout-flow\">\n\n<figure class=\"wp-block-image size-large\"><img loading=\"lazy\" decoding=\"async\" width=\"1024\" height=\"1024\" src=\"https:\/\/musique-equilibre.com\/me\/wp-content\/uploads\/2023\/09\/affiche-insta-a-tester-sur-tel-1024x1024.png\" alt=\"conf\u00e9rence musicale nouba en partage musique arabo andalouse musique alg\u00e9rienne argonaute diwan centre asla\" class=\"wp-image-12516\" srcset=\"https:\/\/musique-equilibre.com\/me\/wp-content\/uploads\/2023\/09\/affiche-insta-a-tester-sur-tel-1024x1024.png 1024w, https:\/\/musique-equilibre.com\/me\/wp-content\/uploads\/2023\/09\/affiche-insta-a-tester-sur-tel-300x300.png 300w, https:\/\/musique-equilibre.com\/me\/wp-content\/uploads\/2023\/09\/affiche-insta-a-tester-sur-tel-150x150.png 150w, https:\/\/musique-equilibre.com\/me\/wp-content\/uploads\/2023\/09\/affiche-insta-a-tester-sur-tel-768x768.png 768w, https:\/\/musique-equilibre.com\/me\/wp-content\/uploads\/2023\/09\/affiche-insta-a-tester-sur-tel-1536x1536.png 1536w, https:\/\/musique-equilibre.com\/me\/wp-content\/uploads\/2023\/09\/affiche-insta-a-tester-sur-tel-2048x2048.png 2048w, https:\/\/musique-equilibre.com\/me\/wp-content\/uploads\/2023\/09\/affiche-insta-a-tester-sur-tel-510x510.png 510w\" sizes=\"(max-width: 1024px) 100vw, 1024px\" \/><\/figure>\n\n\n<h3 class=\"has-text-align-center has-white-color has-black-background-color has-text-color has-background wp-block-heading\">Conf\u00e9rence musicale<\/h3>\n\n\n<p>\n\n<\/p>\n<p class=\"has-text-align-center\"><strong><span style=\"font-family: coves-light;\">\u00ab\u00a0Nouba en partage\u00a0\u00bb<\/span><\/strong><\/p>\n<p>\n\n \n\n<\/p>\n<p class=\"has-text-align-center\"><span style=\"font-family: coves-light;\">Conf\u00e9rence avec Fay\u00e7al El Mezouar (musicien et doctorant en musicologie) et Lynda-Nawel Tebbani (enseignante, docteure, chercheure en Lettres et \u00e9crivaine).<\/span><\/p>\n<p>\n\n<\/p>\n\n\n<div class=\"wp-block-buttons is-layout-flex wp-block-buttons-is-layout-flex\">\n\n<div class=\"wp-block-button aligncenter\"><a class=\"wp-block-button__link has-white-color has-text-color has-background wp-element-button\" href=\"https:\/\/musique-equilibre.com\/me\/index.php\/2023\/09\/11\/conference-musicale-nouba-en-partage-musique-arabo-andalouse\/\" style=\"background-color:#e25417\" target=\"_blank\" rel=\"noreferrer noopener\">En savoir plus<\/a><\/div>\n\n<\/div>\n\n<\/div>\n\n\n<div class=\"wp-block-column is-layout-flow wp-block-column-is-layout-flow\">\n\n<figure class=\"wp-block-image size-large\"><img loading=\"lazy\" decoding=\"async\" width=\"1024\" height=\"1024\" src=\"https:\/\/musique-equilibre.com\/me\/wp-content\/uploads\/2023\/09\/cadre-insta-2times-50-1024x1024.png\" alt=\"\" class=\"wp-image-12609\" srcset=\"https:\/\/musique-equilibre.com\/me\/wp-content\/uploads\/2023\/09\/cadre-insta-2times-50-1024x1024.png 1024w, https:\/\/musique-equilibre.com\/me\/wp-content\/uploads\/2023\/09\/cadre-insta-2times-50-300x300.png 300w, https:\/\/musique-equilibre.com\/me\/wp-content\/uploads\/2023\/09\/cadre-insta-2times-50-150x150.png 150w, https:\/\/musique-equilibre.com\/me\/wp-content\/uploads\/2023\/09\/cadre-insta-2times-50-768x768.png 768w, https:\/\/musique-equilibre.com\/me\/wp-content\/uploads\/2023\/09\/cadre-insta-2times-50-1536x1536.png 1536w, https:\/\/musique-equilibre.com\/me\/wp-content\/uploads\/2023\/09\/cadre-insta-2times-50-2048x2048.png 2048w, https:\/\/musique-equilibre.com\/me\/wp-content\/uploads\/2023\/09\/cadre-insta-2times-50-510x510.png 510w\" sizes=\"(max-width: 1024px) 100vw, 1024px\" \/><\/figure>\n\n\n<h4 class=\"has-text-align-center has-white-color has-black-background-color has-text-color has-background wp-block-heading\">Concert<br><em>Musiques du monde<\/em><\/h4>\n\n\n<p style=\"text-align: center;\"><span style=\"font-family: coves-light;\">Avec Moher BZH et Najar<\/span><br \/><span style=\"font-family: coves-light;\">20h30<\/span><\/p>\n\n\n<div class=\"wp-block-buttons is-layout-flex wp-block-buttons-is-layout-flex\">\n\n<div class=\"wp-block-button aligncenter\"><a class=\"wp-block-button__link has-white-color has-text-color has-background wp-element-button\" href=\"https:\/\/musique-equilibre.com\/me\/index.php\/2023\/09\/14\/concert-moher-bzh-najar\/\" style=\"background-color:#e25417\" target=\"_blank\" rel=\"noreferrer noopener\">En savoir plus<\/a><\/div>\n\n<\/div>\n\n<\/div>\n\n<\/div>\n\n","protected":false},"excerpt":{"rendered":"<p>agenda concerts \u00e9v\u00e8nements Agenda : concerts, \u00e9v\u00e8nements&#8230; D\u00e9couvrez tous les prochains, \u00e9v\u00e8nements, stages, masterclass de Musique et \u00c9quilibre !Des concerts chaque mois, avec un LIVE, JAM, LIVE ATELIER et 2TIMES.Sauf mention contraire et \u00e9v\u00e8nement particulier, tous nos \u00e9v\u00e8nements se passent \u00e0 l&rsquo;Argonaute. Argonaute, 73 boulevard Marie Stuart Agenda : concerts, \u00e9v\u00e8nements&#8230; Prochains \u00e9v\u00e8nements : \u00e0 [&hellip;]<\/p>\n","protected":false},"author":1,"featured_media":0,"parent":0,"menu_order":0,"comment_status":"closed","ping_status":"closed","template":"","meta":{"footnotes":""},"class_list":["post-12510","page","type-page","status-publish","czr-hentry"],"yoast_head":"<!-- This site is optimized with the Yoast SEO plugin v26.8 - https:\/\/yoast.com\/product\/yoast-seo-wordpress\/ -->\n<title>Agenda 2023-2024 - Musique et Equilibre<\/title>\n<meta name=\"description\" content=\"Agenda 23-24 des concerts, \u00e9v\u00e8nements de Musique et \u00c9quilibre. Des concerts chaque mois \u00e0 l&#039;Argonaute, 73 boulevard Marie Stuart, Orl\u00e9ans.\" \/>\n<meta name=\"robots\" content=\"index, follow, max-snippet:-1, max-image-preview:large, max-video-preview:-1\" \/>\n<link rel=\"canonical\" href=\"https:\/\/musique-equilibre.com\/me\/index.php\/agenda-concerts-evenements-2023-2024\/\" \/>\n<meta property=\"og:locale\" content=\"fr_FR\" \/>\n<meta property=\"og:type\" content=\"article\" \/>\n<meta property=\"og:title\" content=\"Agenda 2023-2024 - Musique et Equilibre\" \/>\n<meta property=\"og:description\" content=\"Agenda 23-24 des concerts, \u00e9v\u00e8nements de Musique et \u00c9quilibre. Des concerts chaque mois \u00e0 l&#039;Argonaute, 73 boulevard Marie Stuart, Orl\u00e9ans.\" \/>\n<meta property=\"og:url\" content=\"https:\/\/musique-equilibre.com\/me\/index.php\/agenda-concerts-evenements-2023-2024\/\" \/>\n<meta property=\"og:site_name\" content=\"Musique et Equilibre\" \/>\n<meta property=\"article:publisher\" content=\"https:\/\/www.facebook.com\/MusiqueetEquilibre45\" \/>\n<meta property=\"article:modified_time\" content=\"2024-06-20T15:07:38+00:00\" \/>\n<meta property=\"og:image\" content=\"https:\/\/musique-equilibre.com\/me\/wp-content\/uploads\/2024\/06\/Carre-portes-ouvertes-1024x1024.png\" \/>\n<meta name=\"twitter:card\" content=\"summary_large_image\" \/>\n<meta name=\"twitter:site\" content=\"@Musiquequilibre\" \/>\n<meta name=\"twitter:label1\" content=\"Dur\u00e9e de lecture estim\u00e9e\" \/>\n\t<meta name=\"twitter:data1\" content=\"12 minutes\" \/>\n<script type=\"application\/ld+json\" class=\"yoast-schema-graph\">{\"@context\":\"https:\/\/schema.org\",\"@graph\":[{\"@type\":\"WebPage\",\"@id\":\"https:\/\/musique-equilibre.com\/me\/index.php\/agenda-concerts-evenements-2023-2024\/\",\"url\":\"https:\/\/musique-equilibre.com\/me\/index.php\/agenda-concerts-evenements-2023-2024\/\",\"name\":\"Agenda 2023-2024 - Musique et Equilibre\",\"isPartOf\":{\"@id\":\"https:\/\/musique-equilibre.com\/me\/#website\"},\"primaryImageOfPage\":{\"@id\":\"https:\/\/musique-equilibre.com\/me\/index.php\/agenda-concerts-evenements-2023-2024\/#primaryimage\"},\"image\":{\"@id\":\"https:\/\/musique-equilibre.com\/me\/index.php\/agenda-concerts-evenements-2023-2024\/#primaryimage\"},\"thumbnailUrl\":\"https:\/\/musique-equilibre.com\/me\/wp-content\/uploads\/2024\/06\/Carre-portes-ouvertes-1024x1024.png\",\"datePublished\":\"2023-09-11T13:41:33+00:00\",\"dateModified\":\"2024-06-20T15:07:38+00:00\",\"description\":\"Agenda 23-24 des concerts, \u00e9v\u00e8nements de Musique et \u00c9quilibre. Des concerts chaque mois \u00e0 l'Argonaute, 73 boulevard Marie Stuart, Orl\u00e9ans.\",\"breadcrumb\":{\"@id\":\"https:\/\/musique-equilibre.com\/me\/index.php\/agenda-concerts-evenements-2023-2024\/#breadcrumb\"},\"inLanguage\":\"fr-FR\",\"potentialAction\":[{\"@type\":\"ReadAction\",\"target\":[\"https:\/\/musique-equilibre.com\/me\/index.php\/agenda-concerts-evenements-2023-2024\/\"]}]},{\"@type\":\"ImageObject\",\"inLanguage\":\"fr-FR\",\"@id\":\"https:\/\/musique-equilibre.com\/me\/index.php\/agenda-concerts-evenements-2023-2024\/#primaryimage\",\"url\":\"https:\/\/musique-equilibre.com\/me\/wp-content\/uploads\/2024\/06\/Carre-portes-ouvertes.png\",\"contentUrl\":\"https:\/\/musique-equilibre.com\/me\/wp-content\/uploads\/2024\/06\/Carre-portes-ouvertes.png\",\"width\":1080,\"height\":1080,\"caption\":\"portes ouverte \u00e9cole de musique cours de musique cours d'instrument ateliers orl\u00e9ans loiret\"},{\"@type\":\"BreadcrumbList\",\"@id\":\"https:\/\/musique-equilibre.com\/me\/index.php\/agenda-concerts-evenements-2023-2024\/#breadcrumb\",\"itemListElement\":[{\"@type\":\"ListItem\",\"position\":1,\"name\":\"Accueil\",\"item\":\"https:\/\/musique-equilibre.com\/me\/\"},{\"@type\":\"ListItem\",\"position\":2,\"name\":\"Agenda 2023-2024\"}]},{\"@type\":\"WebSite\",\"@id\":\"https:\/\/musique-equilibre.com\/me\/#website\",\"url\":\"https:\/\/musique-equilibre.com\/me\/\",\"name\":\"Musique et Equilibre\",\"description\":\"\",\"publisher\":{\"@id\":\"https:\/\/musique-equilibre.com\/me\/#organization\"},\"potentialAction\":[{\"@type\":\"SearchAction\",\"target\":{\"@type\":\"EntryPoint\",\"urlTemplate\":\"https:\/\/musique-equilibre.com\/me\/?s={search_term_string}\"},\"query-input\":{\"@type\":\"PropertyValueSpecification\",\"valueRequired\":true,\"valueName\":\"search_term_string\"}}],\"inLanguage\":\"fr-FR\"},{\"@type\":\"Organization\",\"@id\":\"https:\/\/musique-equilibre.com\/me\/#organization\",\"name\":\"Musique et Equilibre\",\"alternateName\":\"\u00c9cole de musique et salle de concert \u00e0 Orl\u00e9ans\",\"url\":\"https:\/\/musique-equilibre.com\/me\/\",\"logo\":{\"@type\":\"ImageObject\",\"inLanguage\":\"fr-FR\",\"@id\":\"https:\/\/musique-equilibre.com\/me\/#\/schema\/logo\/image\/\",\"url\":\"https:\/\/musique-equilibre.com\/me\/wp-content\/uploads\/2022\/11\/cropped-Logo_orange_texture-1.png\",\"contentUrl\":\"https:\/\/musique-equilibre.com\/me\/wp-content\/uploads\/2022\/11\/cropped-Logo_orange_texture-1.png\",\"width\":512,\"height\":512,\"caption\":\"Musique et Equilibre\"},\"image\":{\"@id\":\"https:\/\/musique-equilibre.com\/me\/#\/schema\/logo\/image\/\"},\"sameAs\":[\"https:\/\/www.facebook.com\/MusiqueetEquilibre45\",\"https:\/\/x.com\/Musiquequilibre\",\"https:\/\/www.instagram.com\/musique_et_equilibre_\/\",\"https:\/\/www.linkedin.com\/company\/musique-&amp;-equilibre\/\",\"https:\/\/www.youtube.com\/c\/MusiqueEquilibreOrleans\/\"]}]}<\/script>\n<!-- \/ Yoast SEO plugin. -->","yoast_head_json":{"title":"Agenda 2023-2024 - Musique et Equilibre","description":"Agenda 23-24 des concerts, \u00e9v\u00e8nements de Musique et \u00c9quilibre. Des concerts chaque mois \u00e0 l'Argonaute, 73 boulevard Marie Stuart, Orl\u00e9ans.","robots":{"index":"index","follow":"follow","max-snippet":"max-snippet:-1","max-image-preview":"max-image-preview:large","max-video-preview":"max-video-preview:-1"},"canonical":"https:\/\/musique-equilibre.com\/me\/index.php\/agenda-concerts-evenements-2023-2024\/","og_locale":"fr_FR","og_type":"article","og_title":"Agenda 2023-2024 - Musique et Equilibre","og_description":"Agenda 23-24 des concerts, \u00e9v\u00e8nements de Musique et \u00c9quilibre. Des concerts chaque mois \u00e0 l'Argonaute, 73 boulevard Marie Stuart, Orl\u00e9ans.","og_url":"https:\/\/musique-equilibre.com\/me\/index.php\/agenda-concerts-evenements-2023-2024\/","og_site_name":"Musique et Equilibre","article_publisher":"https:\/\/www.facebook.com\/MusiqueetEquilibre45","article_modified_time":"2024-06-20T15:07:38+00:00","og_image":[{"url":"https:\/\/musique-equilibre.com\/me\/wp-content\/uploads\/2024\/06\/Carre-portes-ouvertes-1024x1024.png","type":"","width":"","height":""}],"twitter_card":"summary_large_image","twitter_site":"@Musiquequilibre","twitter_misc":{"Dur\u00e9e de lecture estim\u00e9e":"12 minutes"},"schema":{"@context":"https:\/\/schema.org","@graph":[{"@type":"WebPage","@id":"https:\/\/musique-equilibre.com\/me\/index.php\/agenda-concerts-evenements-2023-2024\/","url":"https:\/\/musique-equilibre.com\/me\/index.php\/agenda-concerts-evenements-2023-2024\/","name":"Agenda 2023-2024 - Musique et Equilibre","isPartOf":{"@id":"https:\/\/musique-equilibre.com\/me\/#website"},"primaryImageOfPage":{"@id":"https:\/\/musique-equilibre.com\/me\/index.php\/agenda-concerts-evenements-2023-2024\/#primaryimage"},"image":{"@id":"https:\/\/musique-equilibre.com\/me\/index.php\/agenda-concerts-evenements-2023-2024\/#primaryimage"},"thumbnailUrl":"https:\/\/musique-equilibre.com\/me\/wp-content\/uploads\/2024\/06\/Carre-portes-ouvertes-1024x1024.png","datePublished":"2023-09-11T13:41:33+00:00","dateModified":"2024-06-20T15:07:38+00:00","description":"Agenda 23-24 des concerts, \u00e9v\u00e8nements de Musique et \u00c9quilibre. Des concerts chaque mois \u00e0 l'Argonaute, 73 boulevard Marie Stuart, Orl\u00e9ans.","breadcrumb":{"@id":"https:\/\/musique-equilibre.com\/me\/index.php\/agenda-concerts-evenements-2023-2024\/#breadcrumb"},"inLanguage":"fr-FR","potentialAction":[{"@type":"ReadAction","target":["https:\/\/musique-equilibre.com\/me\/index.php\/agenda-concerts-evenements-2023-2024\/"]}]},{"@type":"ImageObject","inLanguage":"fr-FR","@id":"https:\/\/musique-equilibre.com\/me\/index.php\/agenda-concerts-evenements-2023-2024\/#primaryimage","url":"https:\/\/musique-equilibre.com\/me\/wp-content\/uploads\/2024\/06\/Carre-portes-ouvertes.png","contentUrl":"https:\/\/musique-equilibre.com\/me\/wp-content\/uploads\/2024\/06\/Carre-portes-ouvertes.png","width":1080,"height":1080,"caption":"portes ouverte \u00e9cole de musique cours de musique cours d'instrument ateliers orl\u00e9ans loiret"},{"@type":"BreadcrumbList","@id":"https:\/\/musique-equilibre.com\/me\/index.php\/agenda-concerts-evenements-2023-2024\/#breadcrumb","itemListElement":[{"@type":"ListItem","position":1,"name":"Accueil","item":"https:\/\/musique-equilibre.com\/me\/"},{"@type":"ListItem","position":2,"name":"Agenda 2023-2024"}]},{"@type":"WebSite","@id":"https:\/\/musique-equilibre.com\/me\/#website","url":"https:\/\/musique-equilibre.com\/me\/","name":"Musique et Equilibre","description":"","publisher":{"@id":"https:\/\/musique-equilibre.com\/me\/#organization"},"potentialAction":[{"@type":"SearchAction","target":{"@type":"EntryPoint","urlTemplate":"https:\/\/musique-equilibre.com\/me\/?s={search_term_string}"},"query-input":{"@type":"PropertyValueSpecification","valueRequired":true,"valueName":"search_term_string"}}],"inLanguage":"fr-FR"},{"@type":"Organization","@id":"https:\/\/musique-equilibre.com\/me\/#organization","name":"Musique et Equilibre","alternateName":"\u00c9cole de musique et salle de concert \u00e0 Orl\u00e9ans","url":"https:\/\/musique-equilibre.com\/me\/","logo":{"@type":"ImageObject","inLanguage":"fr-FR","@id":"https:\/\/musique-equilibre.com\/me\/#\/schema\/logo\/image\/","url":"https:\/\/musique-equilibre.com\/me\/wp-content\/uploads\/2022\/11\/cropped-Logo_orange_texture-1.png","contentUrl":"https:\/\/musique-equilibre.com\/me\/wp-content\/uploads\/2022\/11\/cropped-Logo_orange_texture-1.png","width":512,"height":512,"caption":"Musique et Equilibre"},"image":{"@id":"https:\/\/musique-equilibre.com\/me\/#\/schema\/logo\/image\/"},"sameAs":["https:\/\/www.facebook.com\/MusiqueetEquilibre45","https:\/\/x.com\/Musiquequilibre","https:\/\/www.instagram.com\/musique_et_equilibre_\/","https:\/\/www.linkedin.com\/company\/musique-&amp;-equilibre\/","https:\/\/www.youtube.com\/c\/MusiqueEquilibreOrleans\/"]}]}},"_links":{"self":[{"href":"https:\/\/musique-equilibre.com\/me\/index.php\/wp-json\/wp\/v2\/pages\/12510","targetHints":{"allow":["GET"]}}],"collection":[{"href":"https:\/\/musique-equilibre.com\/me\/index.php\/wp-json\/wp\/v2\/pages"}],"about":[{"href":"https:\/\/musique-equilibre.com\/me\/index.php\/wp-json\/wp\/v2\/types\/page"}],"author":[{"embeddable":true,"href":"https:\/\/musique-equilibre.com\/me\/index.php\/wp-json\/wp\/v2\/users\/1"}],"replies":[{"embeddable":true,"href":"https:\/\/musique-equilibre.com\/me\/index.php\/wp-json\/wp\/v2\/comments?post=12510"}],"version-history":[{"count":91,"href":"https:\/\/musique-equilibre.com\/me\/index.php\/wp-json\/wp\/v2\/pages\/12510\/revisions"}],"predecessor-version":[{"id":14620,"href":"https:\/\/musique-equilibre.com\/me\/index.php\/wp-json\/wp\/v2\/pages\/12510\/revisions\/14620"}],"wp:attachment":[{"href":"https:\/\/musique-equilibre.com\/me\/index.php\/wp-json\/wp\/v2\/media?parent=12510"}],"curies":[{"name":"wp","href":"https:\/\/api.w.org\/{rel}","templated":true}]}}