{"id":10100,"date":"2022-08-22T09:00:08","date_gmt":"2022-08-22T07:00:08","guid":{"rendered":"http:\/\/musique-equilibre.com\/me\/index.php\/revue-de-presse-2021-22-copy\/"},"modified":"2023-10-26T16:16:07","modified_gmt":"2023-10-26T14:16:07","slug":"revue-de-presse-2022-23","status":"publish","type":"page","link":"https:\/\/musique-equilibre.com\/me\/index.php\/revue-de-presse-2022-23\/","title":{"rendered":"<span style=\"font-family: coves;\">2022-2023"},"content":{"rendered":"\n<p><span style=\"font-family: nexa rust sans;\"><\/span><\/p>\n\n\n\n<hr class=\"wp-block-separator has-css-opacity\"\/>\n\n\n\n<span style=\"font-family: nexa rust sans;\"><font size=\"5\"><font color=\"e25417\">Musique et \u00c9quilibre<\/font><\/font>\n<br>\n<\/span><p><\/p><p><\/p><p><span style=\"font-family: nexa rust sans;\">PRESSE <span style=\"font-family: coves;\">\/ <span style=\"font-family: nexa rust sans;\">La Rep <span style=\"font-family: coves;\"><span style=\"font-family: nexa rust sans;\"> <span style=\"font-family: coves;\">&#8211;<span style=\"font-family: nexa rust sans;\"> <a href=\"https:\/\/musique-equilibre.com\/me\/wp-content\/uploads\/2023\/10\/La-Rep-20-sept-22.jpg\"> Septembre 2022<\/a>\n<\/span><\/span><\/span><\/span><\/span><\/span><\/span><\/p><p><\/p><p><span style=\"font-family: nexa rust sans;\">RADIO <span style=\"font-family: coves;\">\/ <span style=\"font-family: nexa rust sans;\">RCF Loiret <span style=\"font-family: coves;\"><span style=\"font-family: nexa rust sans;\"> <span style=\"font-family: coves;\">&#8211;<span style=\"font-family: nexa rust sans;\"> <a href=\"https:\/\/musique-equilibre.com\/me\/wp-content\/uploads\/2022\/12\/Radio-RCF-21-septembre-22.mp3\"> Septembre 2022<\/a>\n<\/span><\/span><\/span><\/span><\/span><\/span><\/span><\/p>\n<p><\/p><p><\/p><p><span style=\"font-family: nexa rust sans;\">WEB <span style=\"font-family: coves;\">\/ <span style=\"font-family: nexa rust sans;\">Mag Centre <span style=\"font-family: coves;\"><span style=\"font-family: nexa rust sans;\"> <span style=\"font-family: coves;\">&#8211;<span style=\"font-family: nexa rust sans;\"> <a href=\"https:\/\/www.magcentre.fr\/239110-musique-et-equilibre-orleans-cest-la-rentree\/\"> Septembre 2022<\/a>\n<\/span><\/span><\/span><\/span><\/span><\/span><\/span><\/p><p><\/p><p><span style=\"font-family: nexa rust sans;\">RADIO <span style=\"font-family: coves;\">\/ <span style=\"font-family: nexa rust sans;\">RCF<span style=\"font-family: coves;\"><span style=\"font-family: nexa rust sans;\"> <span style=\"font-family: coves;\">&#8211;<span style=\"font-family: nexa rust sans;\"> <a href=\"https:\/\/www.rcf.fr\/culture-et-societe\/le-casque-et-lenclume?episode=327473\"> Janvier 2023<\/a>\n<\/span><\/span><\/span><\/span><\/span><\/span><\/span><\/p><p><\/p><p><span style=\"font-family: nexa rust sans;\">PRESSE <span style=\"font-family: coves;\">\/ <span style=\"font-family: nexa rust sans;\">La Rep<span style=\"font-family: coves;\"><span style=\"font-family: nexa rust sans;\"> <span style=\"font-family: coves;\">&#8211;<span style=\"font-family: nexa rust sans;\"> <a href=\"https:\/\/www.larep.fr\/orleans-45000\/actualites\/musique-et-equilibre-un-pas-vers-lequilibre_14254014\/?fbclid=IwAR0WNSdOhad666LSYJoI3z4PuXzRsLebMWe2x-OkdS3BR8XS9UT32E_fNjc\"> Janvier 2023<\/a>\n<\/span><\/span><\/span><\/span><\/span><\/span><\/span><\/p><p><\/p><p><span style=\"font-family: nexa rust sans;\">PRESSE <span style=\"font-family: coves;\">\/ <span style=\"font-family: nexa rust sans;\">MAG CENTRE<span style=\"font-family: coves;\"><span style=\"font-family: nexa rust sans;\"> <span style=\"font-family: coves;\">&#8211;<span style=\"font-family: nexa rust sans;\"> <a href=\"https:\/\/www.magcentre.fr\/250495-ca-chauffe-a-musique-et-equilibre-orleans\/\"> F\u00e9vrier 2023<\/a>\n<\/span><\/span><\/span><\/span><\/span><\/span><\/span><\/p>\n<p><\/p><p><span style=\"font-family: nexa rust sans;\">PRESSE <span style=\"font-family: coves;\">\/ <span style=\"font-family: nexa rust sans;\">La Rep <span style=\"font-family: coves;\"><span style=\"font-family: nexa rust sans;\"> <span style=\"font-family: coves;\">&#8211;<span style=\"font-family: nexa rust sans;\"> <a href=\"https:\/\/www.larep.fr\/orleans-45000\/actualites\/musique-et-equilibre-en-concert-sur-la-place-du-martroi_14318465\/\"> Juin 2023<\/a>\n<br>\n<span style=\"font-family: nexa rust sans;\"><font size=\"5\"><font color=\"e25417\">Celtik raic<\/font><\/font>\n<br>\n<\/span><\/span><\/span><\/span><\/span><\/span><\/span><\/span><\/p><p><\/p><p><span style=\"font-family: nexa rust sans;\">PRESSE <span style=\"font-family: coves;\">\/ <span style=\"font-family: nexa rust sans;\">Mag Centre <span style=\"font-family: coves;\"><span style=\"font-family: nexa rust sans;\"> <span style=\"font-family: coves;\">&#8211;<span style=\"font-family: nexa rust sans;\"> <a href=\"https:\/\/www.magcentre.fr\/237263-orleans-celtikraic-enthousiasme-le-parc-de-loire\/&quot;\"> Ao\u00fbt 2022<\/a>\n<\/span><\/span><\/span><\/span><\/span><\/span><\/span><\/p>\n<p><\/p><p><span style=\"font-family: nexa rust sans;\">RADIO <span style=\"font-family: coves;\">\/ <span style=\"font-family: nexa rust sans;\">Arc en Ciel <span style=\"font-family: coves;\"><span style=\"font-family: nexa rust sans;\"> <span style=\"font-family: coves;\">&#8211;<span style=\"font-family: nexa rust sans;\"> <a href=\"https:\/\/musique-equilibre.com\/me\/wp-content\/uploads\/2023\/10\/Radio-Arc-en-ciel-septembre-22.mp3\"> Septembre 2022<\/a><\/span><\/span><\/span><\/span><\/span><\/span><\/span><\/p>\n\n\n\n<hr class=\"wp-block-separator has-css-opacity\"\/>\n\n\n\n<p><\/p>\n","protected":false},"excerpt":{"rendered":"<p>Musique et \u00c9quilibre PRESSE \/ La Rep &#8211; Septembre 2022 RADIO \/ RCF Loiret &#8211; Septembre 2022 WEB \/ Mag Centre &#8211; Septembre 2022 RADIO \/ RCF &#8211; Janvier 2023 PRESSE \/ La Rep &#8211; Janvier 2023 PRESSE \/ MAG CENTRE &#8211; F\u00e9vrier 2023 PRESSE \/ La Rep &#8211; Juin 2023 Celtik raic PRESSE \/ [&hellip;]<\/p>\n","protected":false},"author":1,"featured_media":0,"parent":0,"menu_order":0,"comment_status":"closed","ping_status":"closed","template":"","meta":{"footnotes":""},"class_list":["post-10100","page","type-page","status-publish","czr-hentry"],"yoast_head":"<!-- This site is optimized with the Yoast SEO plugin v26.8 - https:\/\/yoast.com\/product\/yoast-seo-wordpress\/ -->\n<title>2022-2023 - Musique et Equilibre<\/title>\n<meta name=\"description\" content=\"Revue de presse sur Musique et \u00c9quilibre, ses \u00e9v\u00e8nements, les artistes de son label... de l&#039;ann\u00e9e 2022-2023\" \/>\n<meta name=\"robots\" content=\"index, follow, max-snippet:-1, max-image-preview:large, max-video-preview:-1\" \/>\n<link rel=\"canonical\" href=\"https:\/\/musique-equilibre.com\/me\/index.php\/revue-de-presse-2022-23\/\" \/>\n<meta property=\"og:locale\" content=\"fr_FR\" \/>\n<meta property=\"og:type\" content=\"article\" \/>\n<meta property=\"og:title\" content=\"2022-2023 - Musique et Equilibre\" \/>\n<meta property=\"og:description\" content=\"Revue de presse sur Musique et \u00c9quilibre, ses \u00e9v\u00e8nements, les artistes de son label... de l&#039;ann\u00e9e 2022-2023\" \/>\n<meta property=\"og:url\" content=\"https:\/\/musique-equilibre.com\/me\/index.php\/revue-de-presse-2022-23\/\" \/>\n<meta property=\"og:site_name\" content=\"Musique et Equilibre\" \/>\n<meta property=\"article:publisher\" content=\"https:\/\/www.facebook.com\/MusiqueetEquilibre45\" \/>\n<meta property=\"article:modified_time\" content=\"2023-10-26T14:16:07+00:00\" \/>\n<meta name=\"twitter:card\" content=\"summary_large_image\" \/>\n<meta name=\"twitter:site\" content=\"@Musiquequilibre\" \/>\n<meta name=\"twitter:label1\" content=\"Dur\u00e9e de lecture estim\u00e9e\" \/>\n\t<meta name=\"twitter:data1\" content=\"1 minute\" \/>\n<script type=\"application\/ld+json\" class=\"yoast-schema-graph\">{\"@context\":\"https:\/\/schema.org\",\"@graph\":[{\"@type\":\"WebPage\",\"@id\":\"https:\/\/musique-equilibre.com\/me\/index.php\/revue-de-presse-2022-23\/\",\"url\":\"https:\/\/musique-equilibre.com\/me\/index.php\/revue-de-presse-2022-23\/\",\"name\":\"2022-2023 - Musique et Equilibre\",\"isPartOf\":{\"@id\":\"https:\/\/musique-equilibre.com\/me\/#website\"},\"datePublished\":\"2022-08-22T07:00:08+00:00\",\"dateModified\":\"2023-10-26T14:16:07+00:00\",\"description\":\"Revue de presse sur Musique et \u00c9quilibre, ses \u00e9v\u00e8nements, les artistes de son label... de l'ann\u00e9e 2022-2023\",\"breadcrumb\":{\"@id\":\"https:\/\/musique-equilibre.com\/me\/index.php\/revue-de-presse-2022-23\/#breadcrumb\"},\"inLanguage\":\"fr-FR\",\"potentialAction\":[{\"@type\":\"ReadAction\",\"target\":[\"https:\/\/musique-equilibre.com\/me\/index.php\/revue-de-presse-2022-23\/\"]}]},{\"@type\":\"BreadcrumbList\",\"@id\":\"https:\/\/musique-equilibre.com\/me\/index.php\/revue-de-presse-2022-23\/#breadcrumb\",\"itemListElement\":[{\"@type\":\"ListItem\",\"position\":1,\"name\":\"Accueil\",\"item\":\"https:\/\/musique-equilibre.com\/me\/\"},{\"@type\":\"ListItem\",\"position\":2,\"name\":\"2022-2023\"}]},{\"@type\":\"WebSite\",\"@id\":\"https:\/\/musique-equilibre.com\/me\/#website\",\"url\":\"https:\/\/musique-equilibre.com\/me\/\",\"name\":\"Musique et Equilibre\",\"description\":\"\",\"publisher\":{\"@id\":\"https:\/\/musique-equilibre.com\/me\/#organization\"},\"potentialAction\":[{\"@type\":\"SearchAction\",\"target\":{\"@type\":\"EntryPoint\",\"urlTemplate\":\"https:\/\/musique-equilibre.com\/me\/?s={search_term_string}\"},\"query-input\":{\"@type\":\"PropertyValueSpecification\",\"valueRequired\":true,\"valueName\":\"search_term_string\"}}],\"inLanguage\":\"fr-FR\"},{\"@type\":\"Organization\",\"@id\":\"https:\/\/musique-equilibre.com\/me\/#organization\",\"name\":\"Musique et Equilibre\",\"alternateName\":\"\u00c9cole de musique et salle de concert \u00e0 Orl\u00e9ans\",\"url\":\"https:\/\/musique-equilibre.com\/me\/\",\"logo\":{\"@type\":\"ImageObject\",\"inLanguage\":\"fr-FR\",\"@id\":\"https:\/\/musique-equilibre.com\/me\/#\/schema\/logo\/image\/\",\"url\":\"https:\/\/musique-equilibre.com\/me\/wp-content\/uploads\/2022\/11\/cropped-Logo_orange_texture-1.png\",\"contentUrl\":\"https:\/\/musique-equilibre.com\/me\/wp-content\/uploads\/2022\/11\/cropped-Logo_orange_texture-1.png\",\"width\":512,\"height\":512,\"caption\":\"Musique et Equilibre\"},\"image\":{\"@id\":\"https:\/\/musique-equilibre.com\/me\/#\/schema\/logo\/image\/\"},\"sameAs\":[\"https:\/\/www.facebook.com\/MusiqueetEquilibre45\",\"https:\/\/x.com\/Musiquequilibre\",\"https:\/\/www.instagram.com\/musique_et_equilibre_\/\",\"https:\/\/www.linkedin.com\/company\/musique-&amp;-equilibre\/\",\"https:\/\/www.youtube.com\/c\/MusiqueEquilibreOrleans\/\"]}]}<\/script>\n<!-- \/ Yoast SEO plugin. -->","yoast_head_json":{"title":"2022-2023 - Musique et Equilibre","description":"Revue de presse sur Musique et \u00c9quilibre, ses \u00e9v\u00e8nements, les artistes de son label... de l'ann\u00e9e 2022-2023","robots":{"index":"index","follow":"follow","max-snippet":"max-snippet:-1","max-image-preview":"max-image-preview:large","max-video-preview":"max-video-preview:-1"},"canonical":"https:\/\/musique-equilibre.com\/me\/index.php\/revue-de-presse-2022-23\/","og_locale":"fr_FR","og_type":"article","og_title":"2022-2023 - Musique et Equilibre","og_description":"Revue de presse sur Musique et \u00c9quilibre, ses \u00e9v\u00e8nements, les artistes de son label... de l'ann\u00e9e 2022-2023","og_url":"https:\/\/musique-equilibre.com\/me\/index.php\/revue-de-presse-2022-23\/","og_site_name":"Musique et Equilibre","article_publisher":"https:\/\/www.facebook.com\/MusiqueetEquilibre45","article_modified_time":"2023-10-26T14:16:07+00:00","twitter_card":"summary_large_image","twitter_site":"@Musiquequilibre","twitter_misc":{"Dur\u00e9e de lecture estim\u00e9e":"1 minute"},"schema":{"@context":"https:\/\/schema.org","@graph":[{"@type":"WebPage","@id":"https:\/\/musique-equilibre.com\/me\/index.php\/revue-de-presse-2022-23\/","url":"https:\/\/musique-equilibre.com\/me\/index.php\/revue-de-presse-2022-23\/","name":"2022-2023 - Musique et Equilibre","isPartOf":{"@id":"https:\/\/musique-equilibre.com\/me\/#website"},"datePublished":"2022-08-22T07:00:08+00:00","dateModified":"2023-10-26T14:16:07+00:00","description":"Revue de presse sur Musique et \u00c9quilibre, ses \u00e9v\u00e8nements, les artistes de son label... de l'ann\u00e9e 2022-2023","breadcrumb":{"@id":"https:\/\/musique-equilibre.com\/me\/index.php\/revue-de-presse-2022-23\/#breadcrumb"},"inLanguage":"fr-FR","potentialAction":[{"@type":"ReadAction","target":["https:\/\/musique-equilibre.com\/me\/index.php\/revue-de-presse-2022-23\/"]}]},{"@type":"BreadcrumbList","@id":"https:\/\/musique-equilibre.com\/me\/index.php\/revue-de-presse-2022-23\/#breadcrumb","itemListElement":[{"@type":"ListItem","position":1,"name":"Accueil","item":"https:\/\/musique-equilibre.com\/me\/"},{"@type":"ListItem","position":2,"name":"2022-2023"}]},{"@type":"WebSite","@id":"https:\/\/musique-equilibre.com\/me\/#website","url":"https:\/\/musique-equilibre.com\/me\/","name":"Musique et Equilibre","description":"","publisher":{"@id":"https:\/\/musique-equilibre.com\/me\/#organization"},"potentialAction":[{"@type":"SearchAction","target":{"@type":"EntryPoint","urlTemplate":"https:\/\/musique-equilibre.com\/me\/?s={search_term_string}"},"query-input":{"@type":"PropertyValueSpecification","valueRequired":true,"valueName":"search_term_string"}}],"inLanguage":"fr-FR"},{"@type":"Organization","@id":"https:\/\/musique-equilibre.com\/me\/#organization","name":"Musique et Equilibre","alternateName":"\u00c9cole de musique et salle de concert \u00e0 Orl\u00e9ans","url":"https:\/\/musique-equilibre.com\/me\/","logo":{"@type":"ImageObject","inLanguage":"fr-FR","@id":"https:\/\/musique-equilibre.com\/me\/#\/schema\/logo\/image\/","url":"https:\/\/musique-equilibre.com\/me\/wp-content\/uploads\/2022\/11\/cropped-Logo_orange_texture-1.png","contentUrl":"https:\/\/musique-equilibre.com\/me\/wp-content\/uploads\/2022\/11\/cropped-Logo_orange_texture-1.png","width":512,"height":512,"caption":"Musique et Equilibre"},"image":{"@id":"https:\/\/musique-equilibre.com\/me\/#\/schema\/logo\/image\/"},"sameAs":["https:\/\/www.facebook.com\/MusiqueetEquilibre45","https:\/\/x.com\/Musiquequilibre","https:\/\/www.instagram.com\/musique_et_equilibre_\/","https:\/\/www.linkedin.com\/company\/musique-&amp;-equilibre\/","https:\/\/www.youtube.com\/c\/MusiqueEquilibreOrleans\/"]}]}},"_links":{"self":[{"href":"https:\/\/musique-equilibre.com\/me\/index.php\/wp-json\/wp\/v2\/pages\/10100","targetHints":{"allow":["GET"]}}],"collection":[{"href":"https:\/\/musique-equilibre.com\/me\/index.php\/wp-json\/wp\/v2\/pages"}],"about":[{"href":"https:\/\/musique-equilibre.com\/me\/index.php\/wp-json\/wp\/v2\/types\/page"}],"author":[{"embeddable":true,"href":"https:\/\/musique-equilibre.com\/me\/index.php\/wp-json\/wp\/v2\/users\/1"}],"replies":[{"embeddable":true,"href":"https:\/\/musique-equilibre.com\/me\/index.php\/wp-json\/wp\/v2\/comments?post=10100"}],"version-history":[{"count":14,"href":"https:\/\/musique-equilibre.com\/me\/index.php\/wp-json\/wp\/v2\/pages\/10100\/revisions"}],"predecessor-version":[{"id":13035,"href":"https:\/\/musique-equilibre.com\/me\/index.php\/wp-json\/wp\/v2\/pages\/10100\/revisions\/13035"}],"wp:attachment":[{"href":"https:\/\/musique-equilibre.com\/me\/index.php\/wp-json\/wp\/v2\/media?parent=10100"}],"curies":[{"name":"wp","href":"https:\/\/api.w.org\/{rel}","templated":true}]}}